{"id":61,"date":"2026-02-10T00:00:36","date_gmt":"2026-02-09T23:00:36","guid":{"rendered":"http:\/\/www.event-fotos.net\/Wordpress\/?page_id=61"},"modified":"2026-04-22T22:10:40","modified_gmt":"2026-04-22T20:10:40","slug":"in-planung","status":"publish","type":"page","link":"https:\/\/www.event-fotos.net\/Wordpress\/in-planung","title":{"rendered":"In Planung"},"content":{"rendered":"\n<p class=\"has-text-align-center\"><strong>F\u00fcr folgende Events laufen derzeit <em><span style=\"color: #0000ff;\"><mark style=\"background-color:rgba(0, 0, 0, 0)\" class=\"has-inline-color has-vivid-red-color\">PLANUNGEN<\/mark><\/span><\/em><\/strong><\/p>\n\n\n\n<p class=\"has-text-align-center\"><span style=\"color: #ff00ff;\"><strong><mark style=\"background-color:rgba(0, 0, 0, 0);color:#0914f1\" class=\"has-inline-color\">Klick aufs Bild oder die rote Schrift = Link zum Event<\/mark><\/strong><\/span><\/p>\n\n\n\n<p class=\"has-text-align-center\"><em>(keine Garantie, dass ich vor Ort sein werde<\/em>)<\/p>\n\n\n\n<p class=\"has-text-align-center\"><\/p>\n\n\n<div class=\"wp-block-image\">\n<figure class=\"aligncenter size-medium\"><a href=\"https:\/\/zandsculpturen.nl\/de\/het-romeinse-rijk-in-zand\/\" target=\"_blank\" rel=\" noreferrer noopener\"><img loading=\"lazy\" decoding=\"async\" width=\"300\" height=\"252\" src=\"https:\/\/www.event-fotos.net\/Wordpress\/wp-content\/uploads\/2026\/01\/d1a5921172eea83b9af269735ce206bebd137fc5-zandsculpturen-festijn-garderen-2024-thema-boeken2024-0-300x252.png\" alt=\"\" class=\"wp-image-12060\" srcset=\"https:\/\/www.event-fotos.net\/Wordpress\/wp-content\/uploads\/2026\/01\/d1a5921172eea83b9af269735ce206bebd137fc5-zandsculpturen-festijn-garderen-2024-thema-boeken2024-0-300x252.png 300w, https:\/\/www.event-fotos.net\/Wordpress\/wp-content\/uploads\/2026\/01\/d1a5921172eea83b9af269735ce206bebd137fc5-zandsculpturen-festijn-garderen-2024-thema-boeken2024-0-768x644.png 768w, https:\/\/www.event-fotos.net\/Wordpress\/wp-content\/uploads\/2026\/01\/d1a5921172eea83b9af269735ce206bebd137fc5-zandsculpturen-festijn-garderen-2024-thema-boeken2024-0.png 857w\" sizes=\"auto, (max-width: 300px) 100vw, 300px\" \/><\/a><\/figure>\n<\/div>\n\n\n<p class=\"has-text-align-center\"><strong>19.03.26 &#8211; 02.01.27, Garderen (NL) &#8211; <a href=\"https:\/\/zandsculpturen.nl\/de\/het-romeinse-rijk-in-zand\/\" target=\"_blank\" rel=\"noreferrer noopener\">Sandskulpturen<\/a><\/strong><\/p>\n\n\n<div class=\"wp-block-image\">\n<figure class=\"aligncenter size-medium\"><a href=\"https:\/\/www.event-fotos.net\/Wordpress\/wp-content\/uploads\/2026\/04\/Bildschirmfoto-2026-04-22-um-22.08.57.png\"><img loading=\"lazy\" decoding=\"async\" width=\"300\" height=\"167\" src=\"https:\/\/www.event-fotos.net\/Wordpress\/wp-content\/uploads\/2026\/04\/Bildschirmfoto-2026-04-22-um-22.08.57-300x167.png\" alt=\"\" class=\"wp-image-12311\" srcset=\"https:\/\/www.event-fotos.net\/Wordpress\/wp-content\/uploads\/2026\/04\/Bildschirmfoto-2026-04-22-um-22.08.57-300x167.png 300w, https:\/\/www.event-fotos.net\/Wordpress\/wp-content\/uploads\/2026\/04\/Bildschirmfoto-2026-04-22-um-22.08.57.png 670w\" sizes=\"auto, (max-width: 300px) 100vw, 300px\" \/><\/a><\/figure>\n<\/div>\n\n\n<p class=\"has-text-align-center\"><strong>23.04. &#8211; 11.10.2026, Leinefelde &#8211; <a href=\"https:\/\/www.lgs-leinefelde-worbis.de\/\">Landesgartenschau<\/a><\/strong><\/p>\n\n\n<div class=\"wp-block-image\">\n<figure class=\"aligncenter size-medium\"><a href=\"https:\/\/www.nationalpark-harz.de\/\" target=\"_blank\" rel=\" noreferrer noopener\"><img loading=\"lazy\" decoding=\"async\" width=\"300\" height=\"225\" src=\"https:\/\/www.event-fotos.net\/Wordpress\/wp-content\/uploads\/2025\/10\/Harz-300x225.jpg\" alt=\"\" class=\"wp-image-11574\" srcset=\"https:\/\/www.event-fotos.net\/Wordpress\/wp-content\/uploads\/2025\/10\/Harz-300x225.jpg 300w, https:\/\/www.event-fotos.net\/Wordpress\/wp-content\/uploads\/2025\/10\/Harz-768x576.jpg 768w, https:\/\/www.event-fotos.net\/Wordpress\/wp-content\/uploads\/2025\/10\/Harz.jpg 1000w\" sizes=\"auto, (max-width: 300px) 100vw, 300px\" \/><\/a><\/figure>\n<\/div>\n\n\n<p class=\"has-text-align-center\"><strong>Fr\u00fchjahr 2026, Nationalpark Harz &#8211; <a href=\"https:\/\/www.nationalpark-harz.de\/\" target=\"_blank\" rel=\"noreferrer noopener\">Sightseeing<\/a><\/strong><\/p>\n\n\n<div class=\"wp-block-image\">\n<figure class=\"aligncenter size-thumbnail\"><a href=\"https:\/\/www.allgaeu.de\/\" target=\"_blank\" rel=\" noreferrer noopener\"><img loading=\"lazy\" decoding=\"async\" width=\"150\" height=\"150\" src=\"https:\/\/www.event-fotos.net\/Wordpress\/wp-content\/uploads\/2025\/10\/Allgaeu-150x150.png\" alt=\"\" class=\"wp-image-11578\"\/><\/a><\/figure>\n<\/div>\n\n\n<p class=\"has-text-align-center\"><strong>Fr\u00fchjahr 2026, Allg\u00e4u &#8211; <a href=\"https:\/\/www.allgaeu.de\/\" target=\"_blank\" rel=\"noreferrer noopener\">Sightseeing<\/a><\/strong><\/p>\n\n\n<div class=\"wp-block-image\">\n<figure class=\"aligncenter size-medium\"><a href=\"https:\/\/fulda-hessentag.de\/\" target=\"_blank\" rel=\" noreferrer noopener\"><img loading=\"lazy\" decoding=\"async\" width=\"300\" height=\"200\" src=\"https:\/\/www.event-fotos.net\/Wordpress\/wp-content\/uploads\/2024\/11\/Hessentag_2026_Logo_mit_Rand_kl-300x200.webp\" alt=\"\" class=\"wp-image-10323\" srcset=\"https:\/\/www.event-fotos.net\/Wordpress\/wp-content\/uploads\/2024\/11\/Hessentag_2026_Logo_mit_Rand_kl-300x200.webp 300w, https:\/\/www.event-fotos.net\/Wordpress\/wp-content\/uploads\/2024\/11\/Hessentag_2026_Logo_mit_Rand_kl-768x511.webp 768w, https:\/\/www.event-fotos.net\/Wordpress\/wp-content\/uploads\/2024\/11\/Hessentag_2026_Logo_mit_Rand_kl.webp 1000w\" sizes=\"auto, (max-width: 300px) 100vw, 300px\" \/><\/a><\/figure>\n<\/div>\n\n\n<p class=\"has-text-align-center\"><strong>12. &#8211; 21.06.2026, Fulda &#8211; <a href=\"https:\/\/fulda-hessentag.de\/\" target=\"_blank\" rel=\"noreferrer noopener\">Hessentag<\/a><\/strong><\/p>\n\n\n<div class=\"wp-block-image\">\n<figure class=\"aligncenter size-full\"><a href=\"https:\/\/www.fussballmuseum.de\/\" target=\"_blank\" rel=\" noreferrer noopener\"><img loading=\"lazy\" decoding=\"async\" width=\"300\" height=\"225\" src=\"https:\/\/www.event-fotos.net\/Wordpress\/wp-content\/uploads\/2023\/09\/image-1.png\" alt=\"\" class=\"wp-image-5420\"\/><\/a><\/figure>\n<\/div>\n\n\n<p class=\"has-text-align-center\"><strong>Sommer 2026, Dortmund &#8211; <a href=\"https:\/\/www.fussballmuseum.de\/\" target=\"_blank\" rel=\"noreferrer noopener\">Deutsches Fu\u00dfballmuseum<\/a><\/strong><\/p>\n\n\n<div class=\"wp-block-image\">\n<figure class=\"aligncenter size-full\"><a href=\"https:\/\/www.weltvogelpark.de\/\" target=\"_blank\" rel=\" noreferrer noopener\"><img loading=\"lazy\" decoding=\"async\" width=\"300\" height=\"226\" src=\"https:\/\/www.event-fotos.net\/Wordpress\/wp-content\/uploads\/2023\/09\/image.png\" alt=\"\" class=\"wp-image-5419\"\/><\/a><\/figure>\n<\/div>\n\n\n<p class=\"has-text-align-center\"><strong>Sommer 2026, Walsrode &#8211; <a href=\"https:\/\/www.weltvogelpark.de\/\" target=\"_blank\" rel=\"noreferrer noopener\">Vogelpark<\/a><\/strong><\/p>\n\n\n<div class=\"wp-block-image\">\n<figure class=\"aligncenter size-medium is-resized\"><a href=\"https:\/\/www.muehlen-museum-gifhorn.de\/\" target=\"_blank\" rel=\" noreferrer noopener\"><img loading=\"lazy\" decoding=\"async\" width=\"300\" height=\"244\" src=\"https:\/\/www.event-fotos.net\/Wordpress\/wp-content\/uploads\/2024\/06\/Screenshot-2024-06-05-171209-300x244.jpg\" alt=\"\" class=\"wp-image-8342\" style=\"width:294px;height:auto\" srcset=\"https:\/\/www.event-fotos.net\/Wordpress\/wp-content\/uploads\/2024\/06\/Screenshot-2024-06-05-171209-300x244.jpg 300w, https:\/\/www.event-fotos.net\/Wordpress\/wp-content\/uploads\/2024\/06\/Screenshot-2024-06-05-171209-1024x833.jpg 1024w, https:\/\/www.event-fotos.net\/Wordpress\/wp-content\/uploads\/2024\/06\/Screenshot-2024-06-05-171209-768x625.jpg 768w, https:\/\/www.event-fotos.net\/Wordpress\/wp-content\/uploads\/2024\/06\/Screenshot-2024-06-05-171209.jpg 1053w\" sizes=\"auto, (max-width: 300px) 100vw, 300px\" \/><\/a><\/figure>\n<\/div>\n\n\n<p class=\"has-text-align-center\"><strong><strong>Sommer 2026, Gifhorn &#8211; <a href=\"https:\/\/www.muehlen-museum-gifhorn.de\/\" target=\"_blank\" rel=\"noreferrer noopener\">Int. M\u00fchlenmuseum<\/a><\/strong><\/strong><\/p>\n\n\n<div class=\"wp-block-image\">\n<figure class=\"aligncenter size-medium\"><a href=\"https:\/\/www.park-der-gaerten.de\/programm\/angebote\/illumination-lichtzauber-im-park\" target=\"_blank\" rel=\" noreferrer noopener\"><img loading=\"lazy\" decoding=\"async\" width=\"300\" height=\"169\" src=\"https:\/\/www.event-fotos.net\/Wordpress\/wp-content\/uploads\/2026\/01\/csm_Schriftzug_Park_der_Gaerten_7d8a465781-300x169.jpg\" alt=\"\" class=\"wp-image-12065\" srcset=\"https:\/\/www.event-fotos.net\/Wordpress\/wp-content\/uploads\/2026\/01\/csm_Schriftzug_Park_der_Gaerten_7d8a465781-300x169.jpg 300w, https:\/\/www.event-fotos.net\/Wordpress\/wp-content\/uploads\/2026\/01\/csm_Schriftzug_Park_der_Gaerten_7d8a465781-1024x576.jpg 1024w, https:\/\/www.event-fotos.net\/Wordpress\/wp-content\/uploads\/2026\/01\/csm_Schriftzug_Park_der_Gaerten_7d8a465781-768x432.jpg 768w, https:\/\/www.event-fotos.net\/Wordpress\/wp-content\/uploads\/2026\/01\/csm_Schriftzug_Park_der_Gaerten_7d8a465781-1536x864.jpg 1536w, https:\/\/www.event-fotos.net\/Wordpress\/wp-content\/uploads\/2026\/01\/csm_Schriftzug_Park_der_Gaerten_7d8a465781-2048x1151.jpg 2048w\" sizes=\"auto, (max-width: 300px) 100vw, 300px\" \/><\/a><\/figure>\n<\/div>\n\n\n<p class=\"has-text-align-center\"><strong>07.08. &#8211; 13.09.2026, Bad Zwischenahn &#8211; <a href=\"https:\/\/www.park-der-gaerten.de\/programm\/angebote\/illumination-lichtzauber-im-park\" target=\"_blank\" rel=\"noreferrer noopener\">Lichtzauber im Park<\/a><\/strong><\/p>\n\n\n<div class=\"wp-block-image\">\n<figure class=\"aligncenter size-full\"><a href=\"https:\/\/festival-of-lights.de\/de\/\" target=\"_blank\" rel=\" noreferrer noopener\"><img loading=\"lazy\" decoding=\"async\" width=\"225\" height=\"225\" src=\"https:\/\/www.event-fotos.net\/Wordpress\/wp-content\/uploads\/2026\/01\/images.jpeg\" alt=\"\" class=\"wp-image-12063\" srcset=\"https:\/\/www.event-fotos.net\/Wordpress\/wp-content\/uploads\/2026\/01\/images.jpeg 225w, https:\/\/www.event-fotos.net\/Wordpress\/wp-content\/uploads\/2026\/01\/images-150x150.jpeg 150w\" sizes=\"auto, (max-width: 225px) 100vw, 225px\" \/><\/a><\/figure>\n<\/div>\n\n\n<p class=\"has-text-align-center\"><strong>09. &#8211; 18.10.2026, Berlin<\/strong> &#8211; <a href=\"https:\/\/festival-of-lights.de\/de\/\" target=\"_blank\" rel=\"noreferrer noopener\"><strong>Festival of Lights<\/strong><\/a><\/p>\n\n\n<div class=\"wp-block-image\">\n<figure class=\"aligncenter size-medium\"><a href=\"https:\/\/www.iga2027.ruhr\/\" target=\"_blank\" rel=\" noreferrer noopener\"><img loading=\"lazy\" decoding=\"async\" width=\"300\" height=\"192\" src=\"https:\/\/www.event-fotos.net\/Wordpress\/wp-content\/uploads\/2024\/06\/Screenshot-2024-06-05-163234-300x192.jpg\" alt=\"\" class=\"wp-image-8340\" srcset=\"https:\/\/www.event-fotos.net\/Wordpress\/wp-content\/uploads\/2024\/06\/Screenshot-2024-06-05-163234-300x192.jpg 300w, https:\/\/www.event-fotos.net\/Wordpress\/wp-content\/uploads\/2024\/06\/Screenshot-2024-06-05-163234-1024x654.jpg 1024w, https:\/\/www.event-fotos.net\/Wordpress\/wp-content\/uploads\/2024\/06\/Screenshot-2024-06-05-163234-768x490.jpg 768w, https:\/\/www.event-fotos.net\/Wordpress\/wp-content\/uploads\/2024\/06\/Screenshot-2024-06-05-163234.jpg 1275w\" sizes=\"auto, (max-width: 300px) 100vw, 300px\" \/><\/a><\/figure>\n<\/div>\n\n\n<p class=\"has-text-align-center\"><strong>April &#8211; Oktober 2027, Ruhrgebiet &#8211; <a href=\"https:\/\/www.iga2027.ruhr\/\" target=\"_blank\" rel=\"noreferrer noopener\">Internationale Gartenausstellung<\/a><\/strong><\/p>\n\n\n<div class=\"wp-block-image\">\n<figure class=\"aligncenter size-medium\"><a href=\"https:\/\/www.event-fotos.net\/Wordpress\/wp-content\/uploads\/2025\/10\/1759315472238neue-documenta-leiterin-naomi-beckwith-112_v-16x9@2dL_-6c42aff4e68b43c7868c3240d3ebfa29867457da.webp\"><img loading=\"lazy\" decoding=\"async\" width=\"300\" height=\"169\" src=\"https:\/\/www.event-fotos.net\/Wordpress\/wp-content\/uploads\/2025\/10\/1759315472238neue-documenta-leiterin-naomi-beckwith-112_v-16x9@2dL_-6c42aff4e68b43c7868c3240d3ebfa29867457da-300x169.webp\" alt=\"\" class=\"wp-image-11559\" srcset=\"https:\/\/www.event-fotos.net\/Wordpress\/wp-content\/uploads\/2025\/10\/1759315472238neue-documenta-leiterin-naomi-beckwith-112_v-16x9@2dL_-6c42aff4e68b43c7868c3240d3ebfa29867457da-300x169.webp 300w, https:\/\/www.event-fotos.net\/Wordpress\/wp-content\/uploads\/2025\/10\/1759315472238neue-documenta-leiterin-naomi-beckwith-112_v-16x9@2dL_-6c42aff4e68b43c7868c3240d3ebfa29867457da-1024x576.webp 1024w, https:\/\/www.event-fotos.net\/Wordpress\/wp-content\/uploads\/2025\/10\/1759315472238neue-documenta-leiterin-naomi-beckwith-112_v-16x9@2dL_-6c42aff4e68b43c7868c3240d3ebfa29867457da-768x432.webp 768w, https:\/\/www.event-fotos.net\/Wordpress\/wp-content\/uploads\/2025\/10\/1759315472238neue-documenta-leiterin-naomi-beckwith-112_v-16x9@2dL_-6c42aff4e68b43c7868c3240d3ebfa29867457da.webp 1440w\" sizes=\"auto, (max-width: 300px) 100vw, 300px\" \/><\/a><\/figure>\n<\/div>\n\n\n<p class=\"has-text-align-center\"><strong>12.06. &#8211; 19.09.2027, Kassel &#8211; <a href=\"https:\/\/www.documenta.de\/de\/pages\/3208\/documenta-16#3208_documenta_16\" target=\"_blank\" rel=\"noreferrer noopener\">Documenta 16<\/a><\/strong><\/p>\n\n\n<div class=\"wp-block-image\">\n<figure class=\"aligncenter size-medium\"><a href=\"https:\/\/www.visitlondon.com\/de\/\" target=\"_blank\" rel=\" noreferrer noopener\"><img loading=\"lazy\" decoding=\"async\" width=\"300\" height=\"98\" src=\"https:\/\/www.event-fotos.net\/Wordpress\/wp-content\/uploads\/2025\/10\/london-1-300x98.webp\" alt=\"\" class=\"wp-image-11576\" srcset=\"https:\/\/www.event-fotos.net\/Wordpress\/wp-content\/uploads\/2025\/10\/london-1-300x98.webp 300w, https:\/\/www.event-fotos.net\/Wordpress\/wp-content\/uploads\/2025\/10\/london-1-1024x336.webp 1024w, https:\/\/www.event-fotos.net\/Wordpress\/wp-content\/uploads\/2025\/10\/london-1-768x252.webp 768w, https:\/\/www.event-fotos.net\/Wordpress\/wp-content\/uploads\/2025\/10\/london-1.webp 1280w\" sizes=\"auto, (max-width: 300px) 100vw, 300px\" \/><\/a><\/figure>\n<\/div>\n\n\n<p class=\"has-text-align-center\"><strong>Unbekannter Zeitraum, London (GB)  &#8211; <a href=\"https:\/\/www.visitlondon.com\/de\/\" target=\"_blank\" rel=\"noreferrer noopener\">Sightseeing<\/a><\/strong><\/p>\n\n\n<div class=\"wp-block-image\">\n<figure class=\"aligncenter size-medium\"><a href=\"https:\/\/www.event-fotos.net\/Wordpress\/wp-content\/uploads\/2023\/10\/czech-republic-prague-vltava-river-charles-bridge.jpg\"><img loading=\"lazy\" decoding=\"async\" width=\"300\" height=\"200\" src=\"https:\/\/www.event-fotos.net\/Wordpress\/wp-content\/uploads\/2023\/10\/czech-republic-prague-vltava-river-charles-bridge-300x200.jpg\" alt=\"\" class=\"wp-image-5612\" srcset=\"https:\/\/www.event-fotos.net\/Wordpress\/wp-content\/uploads\/2023\/10\/czech-republic-prague-vltava-river-charles-bridge-300x200.jpg 300w, https:\/\/www.event-fotos.net\/Wordpress\/wp-content\/uploads\/2023\/10\/czech-republic-prague-vltava-river-charles-bridge.jpg 660w\" sizes=\"auto, (max-width: 300px) 100vw, 300px\" \/><\/a><\/figure>\n<\/div>\n\n\n<p class=\"has-text-align-center\"><strong><strong>Unbekannter Zeitraum, Prag (CZ)  &#8211; <a href=\"https:\/\/www.prague.eu\/de\" target=\"_blank\" rel=\"noreferrer noopener\">Sightseeing<\/a><\/strong><\/strong><\/p>\n\n\n<div class=\"wp-block-image\">\n<figure class=\"aligncenter size-medium\"><a href=\"https:\/\/www.visitmalta.com\/de\/\" target=\"_blank\" rel=\" noreferrer noopener\"><img loading=\"lazy\" decoding=\"async\" width=\"300\" height=\"240\" src=\"https:\/\/www.event-fotos.net\/Wordpress\/wp-content\/uploads\/2026\/01\/35242209_2097066937218415_7156584231571816448_n-300x240.jpg\" alt=\"\" class=\"wp-image-12069\" srcset=\"https:\/\/www.event-fotos.net\/Wordpress\/wp-content\/uploads\/2026\/01\/35242209_2097066937218415_7156584231571816448_n-300x240.jpg 300w, https:\/\/www.event-fotos.net\/Wordpress\/wp-content\/uploads\/2026\/01\/35242209_2097066937218415_7156584231571816448_n-768x614.jpg 768w, https:\/\/www.event-fotos.net\/Wordpress\/wp-content\/uploads\/2026\/01\/35242209_2097066937218415_7156584231571816448_n.jpg 945w\" sizes=\"auto, (max-width: 300px) 100vw, 300px\" \/><\/a><\/figure>\n<\/div>\n\n\n<p class=\"has-text-align-center\"><strong>Unbekannter Zeitraum, Malta (MT) &#8211; <a href=\"https:\/\/www.visitmalta.com\/de\/\" target=\"_blank\" rel=\"noreferrer noopener\">Sightseeing<\/a><\/strong><\/p>\n\n\n<div class=\"wp-block-image\">\n<figure class=\"aligncenter size-medium\"><a href=\"https:\/\/www.event-fotos.net\/Wordpress\/wp-content\/uploads\/2023\/10\/Dubai_20221104170023.jpg\"><img loading=\"lazy\" decoding=\"async\" width=\"300\" height=\"170\" src=\"https:\/\/www.event-fotos.net\/Wordpress\/wp-content\/uploads\/2023\/10\/Dubai_20221104170023-300x170.jpg\" alt=\"\" class=\"wp-image-5613\" srcset=\"https:\/\/www.event-fotos.net\/Wordpress\/wp-content\/uploads\/2023\/10\/Dubai_20221104170023-300x170.jpg 300w, https:\/\/www.event-fotos.net\/Wordpress\/wp-content\/uploads\/2023\/10\/Dubai_20221104170023-1024x581.jpg 1024w, https:\/\/www.event-fotos.net\/Wordpress\/wp-content\/uploads\/2023\/10\/Dubai_20221104170023-768x436.jpg 768w, https:\/\/www.event-fotos.net\/Wordpress\/wp-content\/uploads\/2023\/10\/Dubai_20221104170023.jpg 1413w\" sizes=\"auto, (max-width: 300px) 100vw, 300px\" \/><\/a><\/figure>\n<\/div>\n\n\n<p class=\"has-text-align-center\"><strong>Unbekannter Zeitraum, Dubai (VAE)  &#8211; <a href=\"https:\/\/www.visitdubai.com\/de\/\" target=\"_blank\" rel=\"noreferrer noopener\">Sightseeing<\/a><\/strong><\/p>\n\n\n<div class=\"wp-block-image\">\n<figure class=\"aligncenter size-medium\"><a href=\"https:\/\/www.event-fotos.net\/Wordpress\/wp-content\/uploads\/2023\/10\/EDI01999B_W23_4.jpg\"><img loading=\"lazy\" decoding=\"async\" width=\"300\" height=\"203\" src=\"https:\/\/www.event-fotos.net\/Wordpress\/wp-content\/uploads\/2023\/10\/EDI01999B_W23_4-300x203.jpg\" alt=\"\" class=\"wp-image-5614\" srcset=\"https:\/\/www.event-fotos.net\/Wordpress\/wp-content\/uploads\/2023\/10\/EDI01999B_W23_4-300x203.jpg 300w, https:\/\/www.event-fotos.net\/Wordpress\/wp-content\/uploads\/2023\/10\/EDI01999B_W23_4.jpg 712w\" sizes=\"auto, (max-width: 300px) 100vw, 300px\" \/><\/a><\/figure>\n<\/div>\n\n\n<p class=\"has-text-align-center\"><strong>Unbekannter Zeitraum, Edinburgh (SCO)  &#8211; <a href=\"https:\/\/www.visitscotland.com\/de-de\/places-to-go\/edinburgh\" target=\"_blank\" rel=\"noreferrer noopener\">Sightseeing<\/a><\/strong><\/p>\n\n\n<div class=\"wp-block-image\">\n<figure class=\"aligncenter size-medium\"><a href=\"https:\/\/www.event-fotos.net\/Wordpress\/wp-content\/uploads\/2023\/10\/hjorundfjord.jpg\"><img loading=\"lazy\" decoding=\"async\" width=\"300\" height=\"169\" src=\"https:\/\/www.event-fotos.net\/Wordpress\/wp-content\/uploads\/2023\/10\/hjorundfjord-300x169.jpg\" alt=\"\" class=\"wp-image-5615\" srcset=\"https:\/\/www.event-fotos.net\/Wordpress\/wp-content\/uploads\/2023\/10\/hjorundfjord-300x169.jpg 300w, https:\/\/www.event-fotos.net\/Wordpress\/wp-content\/uploads\/2023\/10\/hjorundfjord-1024x575.jpg 1024w, https:\/\/www.event-fotos.net\/Wordpress\/wp-content\/uploads\/2023\/10\/hjorundfjord-768x431.jpg 768w, https:\/\/www.event-fotos.net\/Wordpress\/wp-content\/uploads\/2023\/10\/hjorundfjord.jpg 1440w\" sizes=\"auto, (max-width: 300px) 100vw, 300px\" \/><\/a><\/figure>\n<\/div>\n\n\n<p class=\"has-text-align-center\"><strong>Unbekannter Zeitraum, Hurtigruten (N)  &#8211; <a href=\"https:\/\/www.hurtigruten.de\/\" target=\"_blank\" rel=\"noreferrer noopener\">Kreuzfahrt<\/a><\/strong><\/p>\n\n\n<div class=\"wp-block-image\">\n<figure class=\"aligncenter size-medium\"><a href=\"https:\/\/www.event-fotos.net\/Wordpress\/wp-content\/uploads\/2023\/10\/Mont-Saint-Michel-GettyImages-818591066-scaled.webp\"><img loading=\"lazy\" decoding=\"async\" width=\"300\" height=\"225\" src=\"https:\/\/www.event-fotos.net\/Wordpress\/wp-content\/uploads\/2023\/10\/Mont-Saint-Michel-GettyImages-818591066-300x225.webp\" alt=\"\" class=\"wp-image-5616\" srcset=\"https:\/\/www.event-fotos.net\/Wordpress\/wp-content\/uploads\/2023\/10\/Mont-Saint-Michel-GettyImages-818591066-300x225.webp 300w, https:\/\/www.event-fotos.net\/Wordpress\/wp-content\/uploads\/2023\/10\/Mont-Saint-Michel-GettyImages-818591066-1024x768.webp 1024w, https:\/\/www.event-fotos.net\/Wordpress\/wp-content\/uploads\/2023\/10\/Mont-Saint-Michel-GettyImages-818591066-768x576.webp 768w, https:\/\/www.event-fotos.net\/Wordpress\/wp-content\/uploads\/2023\/10\/Mont-Saint-Michel-GettyImages-818591066-1536x1152.webp 1536w, https:\/\/www.event-fotos.net\/Wordpress\/wp-content\/uploads\/2023\/10\/Mont-Saint-Michel-GettyImages-818591066-2048x1536.webp 2048w\" sizes=\"auto, (max-width: 300px) 100vw, 300px\" \/><\/a><\/figure>\n<\/div>\n\n\n<p class=\"has-text-align-center\"><strong>Unbekannter Zeitraum, Mont Saint Michel (F)  &#8211; <a href=\"https:\/\/de.normandie-tourisme.fr\/absolut-sehenswert\/mont-saint-michel\/\" target=\"_blank\" rel=\"noreferrer noopener\">Sightseeing<\/a><\/strong><\/p>\n\n\n\n<p class=\"has-text-align-center\"><\/p>\n","protected":false},"excerpt":{"rendered":"<p>F\u00fcr folgende Events laufen derzeit PLANUNGEN Klick aufs Bild oder die rote Schrift = Link zum Event (keine Garantie, dass ich vor Ort sein werde) 19.03.26 &#8211; 02.01.27, Garderen (NL) &#8211; Sandskulpturen 23.04. &#8211; 11.10.2026, Leinefelde &#8211; Landesgartenschau Fr\u00fchjahr 2026, Nationalpark Harz &#8211; Sightseeing Fr\u00fchjahr 2026, Allg\u00e4u &#8211; Sightseeing 12. &#8211; 21.06.2026, Fulda &#8211; Hessentag [&hellip;]<\/p>\n","protected":false},"author":1,"featured_media":0,"parent":0,"menu_order":1,"comment_status":"closed","ping_status":"closed","template":"","meta":{"_monsterinsights_skip_tracking":false,"_monsterinsights_sitenote_active":false,"_monsterinsights_sitenote_note":"","_monsterinsights_sitenote_category":0,"pgc_sgb_lightbox_settings":"","footnotes":""},"class_list":["post-61","page","type-page","status-publish","hentry"],"_links":{"self":[{"href":"https:\/\/www.event-fotos.net\/Wordpress\/wp-json\/wp\/v2\/pages\/61","targetHints":{"allow":["GET"]}}],"collection":[{"href":"https:\/\/www.event-fotos.net\/Wordpress\/wp-json\/wp\/v2\/pages"}],"about":[{"href":"https:\/\/www.event-fotos.net\/Wordpress\/wp-json\/wp\/v2\/types\/page"}],"author":[{"embeddable":true,"href":"https:\/\/www.event-fotos.net\/Wordpress\/wp-json\/wp\/v2\/users\/1"}],"replies":[{"embeddable":true,"href":"https:\/\/www.event-fotos.net\/Wordpress\/wp-json\/wp\/v2\/comments?post=61"}],"version-history":[{"count":352,"href":"https:\/\/www.event-fotos.net\/Wordpress\/wp-json\/wp\/v2\/pages\/61\/revisions"}],"predecessor-version":[{"id":12312,"href":"https:\/\/www.event-fotos.net\/Wordpress\/wp-json\/wp\/v2\/pages\/61\/revisions\/12312"}],"wp:attachment":[{"href":"https:\/\/www.event-fotos.net\/Wordpress\/wp-json\/wp\/v2\/media?parent=61"}],"curies":[{"name":"wp","href":"https:\/\/api.w.org\/{rel}","templated":true}]}}