{"id":11663,"date":"2025-12-05T21:11:12","date_gmt":"2025-12-05T20:11:12","guid":{"rendered":"https:\/\/www.event-fotos.net\/Wordpress\/?post_type=pgc_simply_gallery&#038;p=11663"},"modified":"2025-12-13T21:06:30","modified_gmt":"2025-12-13T20:06:30","slug":"weihnachtsmarkt-kassel-2025","status":"publish","type":"pgc_simply_gallery","link":"https:\/\/www.event-fotos.net\/Wordpress\/pgc_simply_gallery\/weihnachtsmarkt-kassel-2025","title":{"rendered":"M\u00e4rchen-Weihnachtsmarkt, Kassel (2025)"},"content":{"rendered":"<div class=\"pgc-sgb-cb wp-block-pgcsimplygalleryblock-viewer \" data-gallery-id=\"7be86930\"><div class=\"sgb-preloader\" id=\"pr_7be86930\">\n\t<div class=\"sgb-square\" style=\"background:#d4d4d4\"><\/div>\n\t<div class=\"sgb-square\" style=\"background:#d4d4d4\"><\/div>\n\t<div class=\"sgb-square\" style=\"background:#d4d4d4\"><\/div>\n\t<div class=\"sgb-square\" style=\"background:#d4d4d4\"><\/div><\/div><div class=\"simply-gallery-amp pgc_sgb_slider \"><noscript><div class=\"sgb-gallery\"><div class=\"sgb-item\"><a href=\"https:\/\/www.event-fotos.net\/Wordpress\/pgc_simply_gallery\/weihnachtsmarkt-kassel-2025\/20251212_163304\" target=\"_blank\"><img decoding=\"async\" alt=\"\" width=\"220\" height=\"300\" loading=\"lazy\" src=\"https:\/\/www.event-fotos.net\/Wordpress\/wp-content\/uploads\/2025\/12\/20251212_163304-220x300.jpg\" srcset=\"https:\/\/www.event-fotos.net\/Wordpress\/wp-content\/uploads\/2025\/12\/20251212_163304-220x300.jpg 220w,https:\/\/www.event-fotos.net\/Wordpress\/wp-content\/uploads\/2025\/12\/20251212_163304.jpg 733w\" sizes=\"auto, 250px\"\/><\/a><\/div><div class=\"sgb-item\"><a href=\"https:\/\/www.event-fotos.net\/Wordpress\/pgc_simply_gallery\/weihnachtsmarkt-kassel-2025\/20251212_163320\" target=\"_blank\"><img decoding=\"async\" alt=\"\" width=\"300\" height=\"226\" loading=\"lazy\" src=\"https:\/\/www.event-fotos.net\/Wordpress\/wp-content\/uploads\/2025\/12\/20251212_163320-300x226.jpg\" srcset=\"https:\/\/www.event-fotos.net\/Wordpress\/wp-content\/uploads\/2025\/12\/20251212_163320-300x226.jpg 300w,https:\/\/www.event-fotos.net\/Wordpress\/wp-content\/uploads\/2025\/12\/20251212_163320.jpg 1000w\" sizes=\"auto, 250px\"\/><\/a><\/div><div class=\"sgb-item\"><a href=\"https:\/\/www.event-fotos.net\/Wordpress\/pgc_simply_gallery\/weihnachtsmarkt-kassel-2025\/20251212_163533\" target=\"_blank\"><img decoding=\"async\" alt=\"\" width=\"300\" height=\"218\" loading=\"lazy\" src=\"https:\/\/www.event-fotos.net\/Wordpress\/wp-content\/uploads\/2025\/12\/20251212_163533-300x218.jpg\" srcset=\"https:\/\/www.event-fotos.net\/Wordpress\/wp-content\/uploads\/2025\/12\/20251212_163533-300x218.jpg 300w,https:\/\/www.event-fotos.net\/Wordpress\/wp-content\/uploads\/2025\/12\/20251212_163533.jpg 1000w\" sizes=\"auto, 250px\"\/><\/a><\/div><div class=\"sgb-item\"><a href=\"https:\/\/www.event-fotos.net\/Wordpress\/pgc_simply_gallery\/weihnachtsmarkt-kassel-2025\/20251212_163749\" target=\"_blank\"><img decoding=\"async\" alt=\"\" width=\"300\" height=\"211\" loading=\"lazy\" src=\"https:\/\/www.event-fotos.net\/Wordpress\/wp-content\/uploads\/2025\/12\/20251212_163749-300x211.jpg\" srcset=\"https:\/\/www.event-fotos.net\/Wordpress\/wp-content\/uploads\/2025\/12\/20251212_163749-300x211.jpg 300w,https:\/\/www.event-fotos.net\/Wordpress\/wp-content\/uploads\/2025\/12\/20251212_163749.jpg 1000w\" sizes=\"auto, 250px\"\/><\/a><\/div><div class=\"sgb-item\"><a href=\"https:\/\/www.event-fotos.net\/Wordpress\/pgc_simply_gallery\/weihnachtsmarkt-kassel-2025\/20251212_163725\" target=\"_blank\"><img decoding=\"async\" alt=\"\" width=\"300\" height=\"204\" loading=\"lazy\" src=\"https:\/\/www.event-fotos.net\/Wordpress\/wp-content\/uploads\/2025\/12\/20251212_163725-300x204.jpg\" srcset=\"https:\/\/www.event-fotos.net\/Wordpress\/wp-content\/uploads\/2025\/12\/20251212_163725-300x204.jpg 300w,https:\/\/www.event-fotos.net\/Wordpress\/wp-content\/uploads\/2025\/12\/20251212_163725.jpg 1000w\" sizes=\"auto, 250px\"\/><\/a><\/div><div class=\"sgb-item\"><a href=\"https:\/\/www.event-fotos.net\/Wordpress\/pgc_simply_gallery\/weihnachtsmarkt-kassel-2025\/20251124_162450\" target=\"_blank\"><img decoding=\"async\" alt=\"\" width=\"199\" height=\"300\" loading=\"lazy\" src=\"https:\/\/www.event-fotos.net\/Wordpress\/wp-content\/uploads\/2025\/12\/20251124_162450-199x300.jpg\" srcset=\"https:\/\/www.event-fotos.net\/Wordpress\/wp-content\/uploads\/2025\/12\/20251124_162450-199x300.jpg 199w,https:\/\/www.event-fotos.net\/Wordpress\/wp-content\/uploads\/2025\/12\/20251124_162450.jpg 663w\" sizes=\"auto, 250px\"\/><\/a><\/div><div class=\"sgb-item\"><a href=\"https:\/\/www.event-fotos.net\/Wordpress\/pgc_simply_gallery\/weihnachtsmarkt-kassel-2025\/20251124_161108\" target=\"_blank\"><img decoding=\"async\" alt=\"\" width=\"300\" height=\"197\" loading=\"lazy\" src=\"https:\/\/www.event-fotos.net\/Wordpress\/wp-content\/uploads\/2025\/12\/20251124_161108-300x197.jpg\" srcset=\"https:\/\/www.event-fotos.net\/Wordpress\/wp-content\/uploads\/2025\/12\/20251124_161108-300x197.jpg 300w,https:\/\/www.event-fotos.net\/Wordpress\/wp-content\/uploads\/2025\/12\/20251124_161108.jpg 1000w\" sizes=\"auto, 250px\"\/><\/a><\/div><div class=\"sgb-item\"><a href=\"https:\/\/www.event-fotos.net\/Wordpress\/pgc_simply_gallery\/weihnachtsmarkt-kassel-2025\/20251124_163451\" target=\"_blank\"><img decoding=\"async\" alt=\"\" width=\"179\" height=\"300\" loading=\"lazy\" src=\"https:\/\/www.event-fotos.net\/Wordpress\/wp-content\/uploads\/2025\/12\/20251124_163451-179x300.jpg\" srcset=\"https:\/\/www.event-fotos.net\/Wordpress\/wp-content\/uploads\/2025\/12\/20251124_163451-179x300.jpg 179w,https:\/\/www.event-fotos.net\/Wordpress\/wp-content\/uploads\/2025\/12\/20251124_163451.jpg 597w\" sizes=\"auto, 250px\"\/><\/a><\/div><div class=\"sgb-item\"><a href=\"https:\/\/www.event-fotos.net\/Wordpress\/pgc_simply_gallery\/weihnachtsmarkt-kassel-2025\/20251124_162001\" target=\"_blank\"><img decoding=\"async\" alt=\"\" width=\"195\" height=\"300\" loading=\"lazy\" src=\"https:\/\/www.event-fotos.net\/Wordpress\/wp-content\/uploads\/2025\/12\/20251124_162001-195x300.jpg\" srcset=\"https:\/\/www.event-fotos.net\/Wordpress\/wp-content\/uploads\/2025\/12\/20251124_162001-195x300.jpg 195w,https:\/\/www.event-fotos.net\/Wordpress\/wp-content\/uploads\/2025\/12\/20251124_162001.jpg 650w\" sizes=\"auto, 250px\"\/><\/a><\/div><div class=\"sgb-item\"><a href=\"https:\/\/www.event-fotos.net\/Wordpress\/pgc_simply_gallery\/weihnachtsmarkt-kassel-2025\/20251124_164554\" target=\"_blank\"><img decoding=\"async\" alt=\"\" width=\"300\" height=\"206\" loading=\"lazy\" src=\"https:\/\/www.event-fotos.net\/Wordpress\/wp-content\/uploads\/2025\/12\/20251124_164554-300x206.jpg\" srcset=\"https:\/\/www.event-fotos.net\/Wordpress\/wp-content\/uploads\/2025\/12\/20251124_164554-300x206.jpg 300w,https:\/\/www.event-fotos.net\/Wordpress\/wp-content\/uploads\/2025\/12\/20251124_164554.jpg 1000w\" sizes=\"auto, 250px\"\/><\/a><\/div><div class=\"sgb-item\"><a href=\"https:\/\/www.event-fotos.net\/Wordpress\/pgc_simply_gallery\/weihnachtsmarkt-kassel-2025\/20251124_164610\" target=\"_blank\"><img decoding=\"async\" alt=\"\" width=\"200\" height=\"300\" loading=\"lazy\" src=\"https:\/\/www.event-fotos.net\/Wordpress\/wp-content\/uploads\/2025\/12\/20251124_164610-200x300.jpg\" srcset=\"https:\/\/www.event-fotos.net\/Wordpress\/wp-content\/uploads\/2025\/12\/20251124_164610-200x300.jpg 200w,https:\/\/www.event-fotos.net\/Wordpress\/wp-content\/uploads\/2025\/12\/20251124_164610.jpg 668w\" sizes=\"auto, 250px\"\/><\/a><\/div><div class=\"sgb-item\"><a href=\"https:\/\/www.event-fotos.net\/Wordpress\/pgc_simply_gallery\/weihnachtsmarkt-kassel-2025\/20251124_160255\" target=\"_blank\"><img decoding=\"async\" alt=\"\" width=\"300\" height=\"218\" loading=\"lazy\" src=\"https:\/\/www.event-fotos.net\/Wordpress\/wp-content\/uploads\/2025\/12\/20251124_160255-300x218.jpg\" srcset=\"https:\/\/www.event-fotos.net\/Wordpress\/wp-content\/uploads\/2025\/12\/20251124_160255-300x218.jpg 300w,https:\/\/www.event-fotos.net\/Wordpress\/wp-content\/uploads\/2025\/12\/20251124_160255.jpg 1000w\" sizes=\"auto, 250px\"\/><\/a><\/div><div class=\"sgb-item\"><a href=\"https:\/\/www.event-fotos.net\/Wordpress\/pgc_simply_gallery\/weihnachtsmarkt-kassel-2025\/20251124_164945\" target=\"_blank\"><img decoding=\"async\" alt=\"\" width=\"300\" height=\"197\" loading=\"lazy\" src=\"https:\/\/www.event-fotos.net\/Wordpress\/wp-content\/uploads\/2025\/12\/20251124_164945-300x197.jpg\" srcset=\"https:\/\/www.event-fotos.net\/Wordpress\/wp-content\/uploads\/2025\/12\/20251124_164945-300x197.jpg 300w,https:\/\/www.event-fotos.net\/Wordpress\/wp-content\/uploads\/2025\/12\/20251124_164945.jpg 1000w\" sizes=\"auto, 250px\"\/><\/a><\/div><div class=\"sgb-item\"><a href=\"https:\/\/www.event-fotos.net\/Wordpress\/pgc_simply_gallery\/weihnachtsmarkt-kassel-2025\/20251124_165117\" target=\"_blank\"><img decoding=\"async\" alt=\"\" width=\"300\" height=\"206\" loading=\"lazy\" src=\"https:\/\/www.event-fotos.net\/Wordpress\/wp-content\/uploads\/2025\/12\/20251124_165117-300x206.jpg\" srcset=\"https:\/\/www.event-fotos.net\/Wordpress\/wp-content\/uploads\/2025\/12\/20251124_165117-300x206.jpg 300w,https:\/\/www.event-fotos.net\/Wordpress\/wp-content\/uploads\/2025\/12\/20251124_165117.jpg 1000w\" sizes=\"auto, 250px\"\/><\/a><\/div><div class=\"sgb-item\"><a href=\"https:\/\/www.event-fotos.net\/Wordpress\/pgc_simply_gallery\/weihnachtsmarkt-kassel-2025\/20251124_165139111\" target=\"_blank\"><img decoding=\"async\" alt=\"\" width=\"300\" height=\"225\" loading=\"lazy\" src=\"https:\/\/www.event-fotos.net\/Wordpress\/wp-content\/uploads\/2025\/12\/20251124_165139111-300x225.jpg\" srcset=\"https:\/\/www.event-fotos.net\/Wordpress\/wp-content\/uploads\/2025\/12\/20251124_165139111-300x225.jpg 300w,https:\/\/www.event-fotos.net\/Wordpress\/wp-content\/uploads\/2025\/12\/20251124_165139111.jpg 1000w\" sizes=\"auto, 250px\"\/><\/a><\/div><div class=\"sgb-item\"><a href=\"https:\/\/www.event-fotos.net\/Wordpress\/pgc_simply_gallery\/weihnachtsmarkt-kassel-2025\/20251124_165311\" target=\"_blank\"><img decoding=\"async\" alt=\"\" width=\"213\" height=\"300\" loading=\"lazy\" src=\"https:\/\/www.event-fotos.net\/Wordpress\/wp-content\/uploads\/2025\/12\/20251124_165311-213x300.jpg\" srcset=\"https:\/\/www.event-fotos.net\/Wordpress\/wp-content\/uploads\/2025\/12\/20251124_165311-213x300.jpg 213w,https:\/\/www.event-fotos.net\/Wordpress\/wp-content\/uploads\/2025\/12\/20251124_165311.jpg 711w\" sizes=\"auto, 250px\"\/><\/a><\/div><div class=\"sgb-item\"><a href=\"https:\/\/www.event-fotos.net\/Wordpress\/pgc_simply_gallery\/weihnachtsmarkt-kassel-2025\/20251124_170017\" target=\"_blank\"><img decoding=\"async\" alt=\"\" width=\"300\" height=\"202\" loading=\"lazy\" src=\"https:\/\/www.event-fotos.net\/Wordpress\/wp-content\/uploads\/2025\/12\/20251124_170017-300x202.jpg\" srcset=\"https:\/\/www.event-fotos.net\/Wordpress\/wp-content\/uploads\/2025\/12\/20251124_170017-300x202.jpg 300w,https:\/\/www.event-fotos.net\/Wordpress\/wp-content\/uploads\/2025\/12\/20251124_170017.jpg 1000w\" sizes=\"auto, 250px\"\/><\/a><\/div><div class=\"sgb-item\"><a href=\"https:\/\/www.event-fotos.net\/Wordpress\/pgc_simply_gallery\/weihnachtsmarkt-kassel-2025\/20251124_164922\" target=\"_blank\"><img decoding=\"async\" alt=\"\" width=\"300\" height=\"189\" loading=\"lazy\" src=\"https:\/\/www.event-fotos.net\/Wordpress\/wp-content\/uploads\/2025\/12\/20251124_164922-300x189.jpg\" srcset=\"https:\/\/www.event-fotos.net\/Wordpress\/wp-content\/uploads\/2025\/12\/20251124_164922-300x189.jpg 300w,https:\/\/www.event-fotos.net\/Wordpress\/wp-content\/uploads\/2025\/12\/20251124_164922.jpg 1000w\" sizes=\"auto, 250px\"\/><\/a><\/div><div class=\"sgb-item\"><a href=\"https:\/\/www.event-fotos.net\/Wordpress\/pgc_simply_gallery\/weihnachtsmarkt-kassel-2025\/20251124_155825\" target=\"_blank\"><img decoding=\"async\" alt=\"\" width=\"188\" height=\"300\" loading=\"lazy\" src=\"https:\/\/www.event-fotos.net\/Wordpress\/wp-content\/uploads\/2025\/12\/20251124_155825-188x300.jpg\" srcset=\"https:\/\/www.event-fotos.net\/Wordpress\/wp-content\/uploads\/2025\/12\/20251124_155825-188x300.jpg 188w,https:\/\/www.event-fotos.net\/Wordpress\/wp-content\/uploads\/2025\/12\/20251124_155825.jpg 626w\" sizes=\"auto, 250px\"\/><\/a><\/div><div class=\"sgb-item\"><a href=\"https:\/\/www.event-fotos.net\/Wordpress\/pgc_simply_gallery\/weihnachtsmarkt-kassel-2025\/20251125_175048\" target=\"_blank\"><img decoding=\"async\" alt=\"\" width=\"300\" height=\"220\" loading=\"lazy\" src=\"https:\/\/www.event-fotos.net\/Wordpress\/wp-content\/uploads\/2025\/12\/20251125_175048-300x220.jpg\" srcset=\"https:\/\/www.event-fotos.net\/Wordpress\/wp-content\/uploads\/2025\/12\/20251125_175048-300x220.jpg 300w,https:\/\/www.event-fotos.net\/Wordpress\/wp-content\/uploads\/2025\/12\/20251125_175048.jpg 1000w\" sizes=\"auto, 250px\"\/><\/a><\/div><div class=\"sgb-item\"><a href=\"https:\/\/www.event-fotos.net\/Wordpress\/pgc_simply_gallery\/weihnachtsmarkt-kassel-2025\/20251124_170624\" target=\"_blank\"><img decoding=\"async\" alt=\"\" width=\"194\" height=\"300\" loading=\"lazy\" src=\"https:\/\/www.event-fotos.net\/Wordpress\/wp-content\/uploads\/2025\/12\/20251124_170624-194x300.jpg\" srcset=\"https:\/\/www.event-fotos.net\/Wordpress\/wp-content\/uploads\/2025\/12\/20251124_170624-194x300.jpg 194w,https:\/\/www.event-fotos.net\/Wordpress\/wp-content\/uploads\/2025\/12\/20251124_170624.jpg 648w\" sizes=\"auto, 250px\"\/><\/a><\/div><div class=\"sgb-item\"><a href=\"https:\/\/www.event-fotos.net\/Wordpress\/pgc_simply_gallery\/weihnachtsmarkt-kassel-2025\/20251124_170032\" target=\"_blank\"><img decoding=\"async\" alt=\"\" width=\"207\" height=\"300\" loading=\"lazy\" src=\"https:\/\/www.event-fotos.net\/Wordpress\/wp-content\/uploads\/2025\/12\/20251124_170032-207x300.jpg\" srcset=\"https:\/\/www.event-fotos.net\/Wordpress\/wp-content\/uploads\/2025\/12\/20251124_170032-207x300.jpg 207w,https:\/\/www.event-fotos.net\/Wordpress\/wp-content\/uploads\/2025\/12\/20251124_170032.jpg 689w\" sizes=\"auto, 250px\"\/><\/a><\/div><div class=\"sgb-item\"><a href=\"https:\/\/www.event-fotos.net\/Wordpress\/pgc_simply_gallery\/weihnachtsmarkt-kassel-2025\/20251212_170028\" target=\"_blank\"><img decoding=\"async\" alt=\"\" width=\"204\" height=\"300\" loading=\"lazy\" src=\"https:\/\/www.event-fotos.net\/Wordpress\/wp-content\/uploads\/2025\/12\/20251212_170028-204x300.jpg\" srcset=\"https:\/\/www.event-fotos.net\/Wordpress\/wp-content\/uploads\/2025\/12\/20251212_170028-204x300.jpg 204w,https:\/\/www.event-fotos.net\/Wordpress\/wp-content\/uploads\/2025\/12\/20251212_170028.jpg 679w\" sizes=\"auto, 250px\"\/><\/a><\/div><div class=\"sgb-item\"><a href=\"https:\/\/www.event-fotos.net\/Wordpress\/pgc_simply_gallery\/weihnachtsmarkt-kassel-2025\/20251124_170243\" target=\"_blank\"><img decoding=\"async\" alt=\"\" width=\"300\" height=\"212\" loading=\"lazy\" src=\"https:\/\/www.event-fotos.net\/Wordpress\/wp-content\/uploads\/2025\/12\/20251124_170243-300x212.jpg\" srcset=\"https:\/\/www.event-fotos.net\/Wordpress\/wp-content\/uploads\/2025\/12\/20251124_170243-300x212.jpg 300w,https:\/\/www.event-fotos.net\/Wordpress\/wp-content\/uploads\/2025\/12\/20251124_170243.jpg 1000w\" sizes=\"auto, 250px\"\/><\/a><\/div><div class=\"sgb-item\"><a href=\"https:\/\/www.event-fotos.net\/Wordpress\/pgc_simply_gallery\/weihnachtsmarkt-kassel-2025\/20251125_175731\" target=\"_blank\"><img decoding=\"async\" alt=\"\" width=\"300\" height=\"205\" loading=\"lazy\" src=\"https:\/\/www.event-fotos.net\/Wordpress\/wp-content\/uploads\/2025\/12\/20251125_175731-300x205.jpg\" srcset=\"https:\/\/www.event-fotos.net\/Wordpress\/wp-content\/uploads\/2025\/12\/20251125_175731-300x205.jpg 300w,https:\/\/www.event-fotos.net\/Wordpress\/wp-content\/uploads\/2025\/12\/20251125_175731.jpg 1000w\" sizes=\"auto, 250px\"\/><\/a><\/div><div class=\"sgb-item\"><a href=\"https:\/\/www.event-fotos.net\/Wordpress\/pgc_simply_gallery\/weihnachtsmarkt-kassel-2025\/20251125_175941\" target=\"_blank\"><img decoding=\"async\" alt=\"\" width=\"209\" height=\"300\" loading=\"lazy\" src=\"https:\/\/www.event-fotos.net\/Wordpress\/wp-content\/uploads\/2025\/12\/20251125_175941-209x300.jpg\" srcset=\"https:\/\/www.event-fotos.net\/Wordpress\/wp-content\/uploads\/2025\/12\/20251125_175941-209x300.jpg 209w,https:\/\/www.event-fotos.net\/Wordpress\/wp-content\/uploads\/2025\/12\/20251125_175941.jpg 698w\" sizes=\"auto, 250px\"\/><\/a><\/div><div class=\"sgb-item\"><a href=\"https:\/\/www.event-fotos.net\/Wordpress\/pgc_simply_gallery\/weihnachtsmarkt-kassel-2025\/20251212_165459\" target=\"_blank\"><img decoding=\"async\" alt=\"\" width=\"196\" height=\"300\" loading=\"lazy\" src=\"https:\/\/www.event-fotos.net\/Wordpress\/wp-content\/uploads\/2025\/12\/20251212_165459-196x300.jpg\" srcset=\"https:\/\/www.event-fotos.net\/Wordpress\/wp-content\/uploads\/2025\/12\/20251212_165459-196x300.jpg 196w,https:\/\/www.event-fotos.net\/Wordpress\/wp-content\/uploads\/2025\/12\/20251212_165459.jpg 654w\" sizes=\"auto, 250px\"\/><\/a><\/div><div class=\"sgb-item\"><a href=\"https:\/\/www.event-fotos.net\/Wordpress\/pgc_simply_gallery\/weihnachtsmarkt-kassel-2025\/20251125_181112\" target=\"_blank\"><img decoding=\"async\" alt=\"\" width=\"206\" height=\"300\" loading=\"lazy\" src=\"https:\/\/www.event-fotos.net\/Wordpress\/wp-content\/uploads\/2025\/12\/20251125_181112-206x300.jpg\" srcset=\"https:\/\/www.event-fotos.net\/Wordpress\/wp-content\/uploads\/2025\/12\/20251125_181112-206x300.jpg 206w,https:\/\/www.event-fotos.net\/Wordpress\/wp-content\/uploads\/2025\/12\/20251125_181112.jpg 685w\" sizes=\"auto, 250px\"\/><\/a><\/div><div class=\"sgb-item\"><a href=\"https:\/\/www.event-fotos.net\/Wordpress\/pgc_simply_gallery\/weihnachtsmarkt-kassel-2025\/20251125_181436\" target=\"_blank\"><img decoding=\"async\" alt=\"\" width=\"300\" height=\"202\" loading=\"lazy\" src=\"https:\/\/www.event-fotos.net\/Wordpress\/wp-content\/uploads\/2025\/12\/20251125_181436-300x202.jpg\" srcset=\"https:\/\/www.event-fotos.net\/Wordpress\/wp-content\/uploads\/2025\/12\/20251125_181436-300x202.jpg 300w,https:\/\/www.event-fotos.net\/Wordpress\/wp-content\/uploads\/2025\/12\/20251125_181436.jpg 1000w\" sizes=\"auto, 250px\"\/><\/a><\/div><div class=\"sgb-item\"><a href=\"https:\/\/www.event-fotos.net\/Wordpress\/pgc_simply_gallery\/weihnachtsmarkt-kassel-2025\/20251125_181555\" target=\"_blank\"><img decoding=\"async\" alt=\"\" width=\"300\" height=\"216\" loading=\"lazy\" src=\"https:\/\/www.event-fotos.net\/Wordpress\/wp-content\/uploads\/2025\/12\/20251125_181555-300x216.jpg\" srcset=\"https:\/\/www.event-fotos.net\/Wordpress\/wp-content\/uploads\/2025\/12\/20251125_181555-300x216.jpg 300w,https:\/\/www.event-fotos.net\/Wordpress\/wp-content\/uploads\/2025\/12\/20251125_181555.jpg 1000w\" sizes=\"auto, 250px\"\/><\/a><\/div><div class=\"sgb-item\"><a href=\"https:\/\/www.event-fotos.net\/Wordpress\/pgc_simply_gallery\/weihnachtsmarkt-kassel-2025\/20251125_182433\" target=\"_blank\"><img decoding=\"async\" alt=\"\" width=\"213\" height=\"300\" loading=\"lazy\" src=\"https:\/\/www.event-fotos.net\/Wordpress\/wp-content\/uploads\/2025\/12\/20251125_182433-213x300.jpg\" srcset=\"https:\/\/www.event-fotos.net\/Wordpress\/wp-content\/uploads\/2025\/12\/20251125_182433-213x300.jpg 213w,https:\/\/www.event-fotos.net\/Wordpress\/wp-content\/uploads\/2025\/12\/20251125_182433.jpg 710w\" sizes=\"auto, 250px\"\/><\/a><\/div><div class=\"sgb-item\"><a href=\"https:\/\/www.event-fotos.net\/Wordpress\/pgc_simply_gallery\/weihnachtsmarkt-kassel-2025\/20251125_181019\" target=\"_blank\"><img decoding=\"async\" alt=\"\" width=\"300\" height=\"206\" loading=\"lazy\" src=\"https:\/\/www.event-fotos.net\/Wordpress\/wp-content\/uploads\/2025\/12\/20251125_181019-300x206.jpg\" srcset=\"https:\/\/www.event-fotos.net\/Wordpress\/wp-content\/uploads\/2025\/12\/20251125_181019-300x206.jpg 300w,https:\/\/www.event-fotos.net\/Wordpress\/wp-content\/uploads\/2025\/12\/20251125_181019.jpg 1000w\" sizes=\"auto, 250px\"\/><\/a><\/div><div class=\"sgb-item\"><a href=\"https:\/\/www.event-fotos.net\/Wordpress\/pgc_simply_gallery\/weihnachtsmarkt-kassel-2025\/20251125_182651\" target=\"_blank\"><img decoding=\"async\" alt=\"\" width=\"300\" height=\"197\" loading=\"lazy\" src=\"https:\/\/www.event-fotos.net\/Wordpress\/wp-content\/uploads\/2025\/12\/20251125_182651-300x197.jpg\" srcset=\"https:\/\/www.event-fotos.net\/Wordpress\/wp-content\/uploads\/2025\/12\/20251125_182651-300x197.jpg 300w,https:\/\/www.event-fotos.net\/Wordpress\/wp-content\/uploads\/2025\/12\/20251125_182651.jpg 1000w\" sizes=\"auto, 250px\"\/><\/a><\/div><div class=\"sgb-item\"><a href=\"https:\/\/www.event-fotos.net\/Wordpress\/pgc_simply_gallery\/weihnachtsmarkt-kassel-2025\/20251125_1827231\" target=\"_blank\"><img decoding=\"async\" alt=\"\" width=\"300\" height=\"214\" loading=\"lazy\" src=\"https:\/\/www.event-fotos.net\/Wordpress\/wp-content\/uploads\/2025\/12\/20251125_1827231-300x214.jpg\" srcset=\"https:\/\/www.event-fotos.net\/Wordpress\/wp-content\/uploads\/2025\/12\/20251125_1827231-300x214.jpg 300w,https:\/\/www.event-fotos.net\/Wordpress\/wp-content\/uploads\/2025\/12\/20251125_1827231.jpg 1000w\" sizes=\"auto, 250px\"\/><\/a><\/div><div class=\"sgb-item\"><a href=\"https:\/\/www.event-fotos.net\/Wordpress\/pgc_simply_gallery\/weihnachtsmarkt-kassel-2025\/20251125_175140\" target=\"_blank\"><img decoding=\"async\" alt=\"\" width=\"300\" height=\"206\" loading=\"lazy\" src=\"https:\/\/www.event-fotos.net\/Wordpress\/wp-content\/uploads\/2025\/12\/20251125_175140-300x206.jpg\" srcset=\"https:\/\/www.event-fotos.net\/Wordpress\/wp-content\/uploads\/2025\/12\/20251125_175140-300x206.jpg 300w,https:\/\/www.event-fotos.net\/Wordpress\/wp-content\/uploads\/2025\/12\/20251125_175140.jpg 1000w\" sizes=\"auto, 250px\"\/><\/a><\/div><div class=\"sgb-item\"><a href=\"https:\/\/www.event-fotos.net\/Wordpress\/pgc_simply_gallery\/weihnachtsmarkt-kassel-2025\/20251125_184059\" target=\"_blank\"><img decoding=\"async\" alt=\"\" width=\"300\" height=\"208\" loading=\"lazy\" src=\"https:\/\/www.event-fotos.net\/Wordpress\/wp-content\/uploads\/2025\/12\/20251125_184059-300x208.jpg\" srcset=\"https:\/\/www.event-fotos.net\/Wordpress\/wp-content\/uploads\/2025\/12\/20251125_184059-300x208.jpg 300w,https:\/\/www.event-fotos.net\/Wordpress\/wp-content\/uploads\/2025\/12\/20251125_184059.jpg 1000w\" sizes=\"auto, 250px\"\/><\/a><\/div><div class=\"sgb-item\"><a href=\"https:\/\/www.event-fotos.net\/Wordpress\/pgc_simply_gallery\/weihnachtsmarkt-kassel-2025\/20251125_185152\" target=\"_blank\"><img decoding=\"async\" alt=\"\" width=\"207\" height=\"300\" loading=\"lazy\" src=\"https:\/\/www.event-fotos.net\/Wordpress\/wp-content\/uploads\/2025\/12\/20251125_185152-207x300.jpg\" srcset=\"https:\/\/www.event-fotos.net\/Wordpress\/wp-content\/uploads\/2025\/12\/20251125_185152-207x300.jpg 207w,https:\/\/www.event-fotos.net\/Wordpress\/wp-content\/uploads\/2025\/12\/20251125_185152.jpg 691w\" sizes=\"auto, 250px\"\/><\/a><\/div><div class=\"sgb-item\"><a href=\"https:\/\/www.event-fotos.net\/Wordpress\/pgc_simply_gallery\/weihnachtsmarkt-kassel-2025\/20251125_200334\" target=\"_blank\"><img decoding=\"async\" alt=\"\" width=\"204\" height=\"300\" loading=\"lazy\" src=\"https:\/\/www.event-fotos.net\/Wordpress\/wp-content\/uploads\/2025\/12\/20251125_200334-204x300.jpg\" srcset=\"https:\/\/www.event-fotos.net\/Wordpress\/wp-content\/uploads\/2025\/12\/20251125_200334-204x300.jpg 204w,https:\/\/www.event-fotos.net\/Wordpress\/wp-content\/uploads\/2025\/12\/20251125_200334.jpg 680w\" sizes=\"auto, 250px\"\/><\/a><\/div><div class=\"sgb-item\"><a href=\"https:\/\/www.event-fotos.net\/Wordpress\/pgc_simply_gallery\/weihnachtsmarkt-kassel-2025\/20251125_191119\" target=\"_blank\"><img decoding=\"async\" alt=\"\" width=\"300\" height=\"191\" loading=\"lazy\" src=\"https:\/\/www.event-fotos.net\/Wordpress\/wp-content\/uploads\/2025\/12\/20251125_191119-300x191.jpg\" srcset=\"https:\/\/www.event-fotos.net\/Wordpress\/wp-content\/uploads\/2025\/12\/20251125_191119-300x191.jpg 300w,https:\/\/www.event-fotos.net\/Wordpress\/wp-content\/uploads\/2025\/12\/20251125_191119.jpg 1000w\" sizes=\"auto, 250px\"\/><\/a><\/div><div class=\"sgb-item\"><a href=\"https:\/\/www.event-fotos.net\/Wordpress\/pgc_simply_gallery\/weihnachtsmarkt-kassel-2025\/20251212_173859\" target=\"_blank\"><img decoding=\"async\" alt=\"\" width=\"185\" height=\"300\" loading=\"lazy\" src=\"https:\/\/www.event-fotos.net\/Wordpress\/wp-content\/uploads\/2025\/12\/20251212_173859-185x300.jpg\" srcset=\"https:\/\/www.event-fotos.net\/Wordpress\/wp-content\/uploads\/2025\/12\/20251212_173859-185x300.jpg 185w,https:\/\/www.event-fotos.net\/Wordpress\/wp-content\/uploads\/2025\/12\/20251212_173859.jpg 617w\" sizes=\"auto, 250px\"\/><\/a><\/div><div class=\"sgb-item\"><a href=\"https:\/\/www.event-fotos.net\/Wordpress\/pgc_simply_gallery\/weihnachtsmarkt-kassel-2025\/20251124_165058\" target=\"_blank\"><img decoding=\"async\" alt=\"\" width=\"193\" height=\"300\" loading=\"lazy\" src=\"https:\/\/www.event-fotos.net\/Wordpress\/wp-content\/uploads\/2025\/12\/20251124_165058-193x300.jpg\" srcset=\"https:\/\/www.event-fotos.net\/Wordpress\/wp-content\/uploads\/2025\/12\/20251124_165058-193x300.jpg 193w,https:\/\/www.event-fotos.net\/Wordpress\/wp-content\/uploads\/2025\/12\/20251124_165058.jpg 643w\" sizes=\"auto, 250px\"\/><\/a><\/div><div class=\"sgb-item\"><a href=\"https:\/\/www.event-fotos.net\/Wordpress\/pgc_simply_gallery\/weihnachtsmarkt-kassel-2025\/20251124_16522511\" target=\"_blank\"><img decoding=\"async\" alt=\"\" width=\"300\" height=\"188\" loading=\"lazy\" src=\"https:\/\/www.event-fotos.net\/Wordpress\/wp-content\/uploads\/2025\/12\/20251124_16522511-300x188.jpg\" srcset=\"https:\/\/www.event-fotos.net\/Wordpress\/wp-content\/uploads\/2025\/12\/20251124_16522511-300x188.jpg 300w,https:\/\/www.event-fotos.net\/Wordpress\/wp-content\/uploads\/2025\/12\/20251124_16522511.jpg 1000w\" sizes=\"auto, 250px\"\/><\/a><\/div><div class=\"sgb-item\"><a href=\"https:\/\/www.event-fotos.net\/Wordpress\/pgc_simply_gallery\/weihnachtsmarkt-kassel-2025\/20251125_192000\" target=\"_blank\"><img decoding=\"async\" alt=\"\" width=\"232\" height=\"300\" loading=\"lazy\" src=\"https:\/\/www.event-fotos.net\/Wordpress\/wp-content\/uploads\/2025\/12\/20251125_192000-232x300.jpg\" srcset=\"https:\/\/www.event-fotos.net\/Wordpress\/wp-content\/uploads\/2025\/12\/20251125_192000-232x300.jpg 232w,https:\/\/www.event-fotos.net\/Wordpress\/wp-content\/uploads\/2025\/12\/20251125_192000.jpg 774w\" sizes=\"auto, 250px\"\/><\/a><\/div><div class=\"sgb-item\"><a href=\"https:\/\/www.event-fotos.net\/Wordpress\/pgc_simply_gallery\/weihnachtsmarkt-kassel-2025\/20251125_190207\" target=\"_blank\"><img decoding=\"async\" alt=\"\" width=\"300\" height=\"203\" loading=\"lazy\" src=\"https:\/\/www.event-fotos.net\/Wordpress\/wp-content\/uploads\/2025\/12\/20251125_190207-300x203.jpg\" srcset=\"https:\/\/www.event-fotos.net\/Wordpress\/wp-content\/uploads\/2025\/12\/20251125_190207-300x203.jpg 300w,https:\/\/www.event-fotos.net\/Wordpress\/wp-content\/uploads\/2025\/12\/20251125_190207.jpg 1000w\" sizes=\"auto, 250px\"\/><\/a><\/div><div class=\"sgb-item\"><a href=\"https:\/\/www.event-fotos.net\/Wordpress\/pgc_simply_gallery\/weihnachtsmarkt-kassel-2025\/20251125_194942\" target=\"_blank\"><img decoding=\"async\" alt=\"\" width=\"300\" height=\"204\" loading=\"lazy\" src=\"https:\/\/www.event-fotos.net\/Wordpress\/wp-content\/uploads\/2025\/12\/20251125_194942-300x204.jpg\" srcset=\"https:\/\/www.event-fotos.net\/Wordpress\/wp-content\/uploads\/2025\/12\/20251125_194942-300x204.jpg 300w,https:\/\/www.event-fotos.net\/Wordpress\/wp-content\/uploads\/2025\/12\/20251125_194942.jpg 1000w\" sizes=\"auto, 250px\"\/><\/a><\/div><div class=\"sgb-item\"><a href=\"https:\/\/www.event-fotos.net\/Wordpress\/pgc_simply_gallery\/weihnachtsmarkt-kassel-2025\/20251125_195120\" target=\"_blank\"><img decoding=\"async\" alt=\"\" width=\"300\" height=\"215\" loading=\"lazy\" src=\"https:\/\/www.event-fotos.net\/Wordpress\/wp-content\/uploads\/2025\/12\/20251125_195120-300x215.jpg\" srcset=\"https:\/\/www.event-fotos.net\/Wordpress\/wp-content\/uploads\/2025\/12\/20251125_195120-300x215.jpg 300w,https:\/\/www.event-fotos.net\/Wordpress\/wp-content\/uploads\/2025\/12\/20251125_195120.jpg 1000w\" sizes=\"auto, 250px\"\/><\/a><\/div><div class=\"sgb-item\"><a href=\"https:\/\/www.event-fotos.net\/Wordpress\/pgc_simply_gallery\/weihnachtsmarkt-kassel-2025\/20251125_194425\" target=\"_blank\"><img decoding=\"async\" alt=\"\" width=\"300\" height=\"217\" loading=\"lazy\" src=\"https:\/\/www.event-fotos.net\/Wordpress\/wp-content\/uploads\/2025\/12\/20251125_194425-300x217.jpg\" srcset=\"https:\/\/www.event-fotos.net\/Wordpress\/wp-content\/uploads\/2025\/12\/20251125_194425-300x217.jpg 300w,https:\/\/www.event-fotos.net\/Wordpress\/wp-content\/uploads\/2025\/12\/20251125_194425.jpg 1000w\" sizes=\"auto, 250px\"\/><\/a><\/div><div class=\"sgb-item\"><a href=\"https:\/\/www.event-fotos.net\/Wordpress\/pgc_simply_gallery\/weihnachtsmarkt-kassel-2025\/20251125_195002\" target=\"_blank\"><img decoding=\"async\" alt=\"\" width=\"300\" height=\"221\" loading=\"lazy\" src=\"https:\/\/www.event-fotos.net\/Wordpress\/wp-content\/uploads\/2025\/12\/20251125_195002-300x221.jpg\" srcset=\"https:\/\/www.event-fotos.net\/Wordpress\/wp-content\/uploads\/2025\/12\/20251125_195002-300x221.jpg 300w,https:\/\/www.event-fotos.net\/Wordpress\/wp-content\/uploads\/2025\/12\/20251125_195002.jpg 1000w\" sizes=\"auto, 250px\"\/><\/a><\/div><div class=\"sgb-item\"><a href=\"https:\/\/www.event-fotos.net\/Wordpress\/pgc_simply_gallery\/weihnachtsmarkt-kassel-2025\/20251212_1718430\" target=\"_blank\"><img decoding=\"async\" alt=\"\" width=\"195\" height=\"300\" loading=\"lazy\" src=\"https:\/\/www.event-fotos.net\/Wordpress\/wp-content\/uploads\/2025\/12\/20251212_1718430-195x300.jpg\" srcset=\"https:\/\/www.event-fotos.net\/Wordpress\/wp-content\/uploads\/2025\/12\/20251212_1718430-195x300.jpg 195w,https:\/\/www.event-fotos.net\/Wordpress\/wp-content\/uploads\/2025\/12\/20251212_1718430.jpg 651w\" sizes=\"auto, 250px\"\/><\/a><\/div><div class=\"sgb-item\"><a href=\"https:\/\/www.event-fotos.net\/Wordpress\/pgc_simply_gallery\/weihnachtsmarkt-kassel-2025\/20251125_193751\" target=\"_blank\"><img decoding=\"async\" alt=\"\" width=\"196\" height=\"300\" loading=\"lazy\" src=\"https:\/\/www.event-fotos.net\/Wordpress\/wp-content\/uploads\/2025\/12\/20251125_193751-196x300.jpg\" srcset=\"https:\/\/www.event-fotos.net\/Wordpress\/wp-content\/uploads\/2025\/12\/20251125_193751-196x300.jpg 196w,https:\/\/www.event-fotos.net\/Wordpress\/wp-content\/uploads\/2025\/12\/20251125_193751.jpg 654w\" sizes=\"auto, 250px\"\/><\/a><\/div><div class=\"sgb-item\"><a href=\"https:\/\/www.event-fotos.net\/Wordpress\/pgc_simply_gallery\/weihnachtsmarkt-kassel-2025\/20251212_173413\" target=\"_blank\"><img decoding=\"async\" alt=\"\" width=\"191\" height=\"300\" loading=\"lazy\" src=\"https:\/\/www.event-fotos.net\/Wordpress\/wp-content\/uploads\/2025\/12\/20251212_173413-191x300.jpg\" srcset=\"https:\/\/www.event-fotos.net\/Wordpress\/wp-content\/uploads\/2025\/12\/20251212_173413-191x300.jpg 191w,https:\/\/www.event-fotos.net\/Wordpress\/wp-content\/uploads\/2025\/12\/20251212_173413.jpg 635w\" sizes=\"auto, 250px\"\/><\/a><\/div><div class=\"sgb-item\"><a href=\"https:\/\/www.event-fotos.net\/Wordpress\/pgc_simply_gallery\/weihnachtsmarkt-kassel-2025\/bildschirmfoto-2025-12-12-um-22-37-44\" target=\"_blank\"><img decoding=\"async\" alt=\"\" width=\"300\" height=\"202\" loading=\"lazy\" src=\"https:\/\/www.event-fotos.net\/Wordpress\/wp-content\/uploads\/2025\/12\/Bildschirmfoto-2025-12-12-um-22.37.44-300x202.png\" srcset=\"https:\/\/www.event-fotos.net\/Wordpress\/wp-content\/uploads\/2025\/12\/Bildschirmfoto-2025-12-12-um-22.37.44-300x202.png 300w,https:\/\/www.event-fotos.net\/Wordpress\/wp-content\/uploads\/2025\/12\/Bildschirmfoto-2025-12-12-um-22.37.44.png 1000w\" sizes=\"auto, 250px\"\/><\/a><\/div><div class=\"sgb-item\"><a href=\"https:\/\/www.event-fotos.net\/Wordpress\/pgc_simply_gallery\/weihnachtsmarkt-kassel-2025\/bildschirmfoto-2025-12-12-um-22-38-12\" target=\"_blank\"><img decoding=\"async\" alt=\"\" width=\"300\" height=\"204\" loading=\"lazy\" src=\"https:\/\/www.event-fotos.net\/Wordpress\/wp-content\/uploads\/2025\/12\/Bildschirmfoto-2025-12-12-um-22.38.12-300x204.png\" srcset=\"https:\/\/www.event-fotos.net\/Wordpress\/wp-content\/uploads\/2025\/12\/Bildschirmfoto-2025-12-12-um-22.38.12-300x204.png 300w,https:\/\/www.event-fotos.net\/Wordpress\/wp-content\/uploads\/2025\/12\/Bildschirmfoto-2025-12-12-um-22.38.12.png 1000w\" sizes=\"auto, 250px\"\/><\/a><\/div><div class=\"sgb-item\"><a href=\"https:\/\/www.event-fotos.net\/Wordpress\/pgc_simply_gallery\/weihnachtsmarkt-kassel-2025\/bildschirmfoto-2025-12-12-um-22-39-56\" target=\"_blank\"><img decoding=\"async\" alt=\"\" width=\"198\" height=\"300\" loading=\"lazy\" src=\"https:\/\/www.event-fotos.net\/Wordpress\/wp-content\/uploads\/2025\/12\/Bildschirmfoto-2025-12-12-um-22.39.56-198x300.png\" srcset=\"https:\/\/www.event-fotos.net\/Wordpress\/wp-content\/uploads\/2025\/12\/Bildschirmfoto-2025-12-12-um-22.39.56-198x300.png 198w,https:\/\/www.event-fotos.net\/Wordpress\/wp-content\/uploads\/2025\/12\/Bildschirmfoto-2025-12-12-um-22.39.56.png 659w\" sizes=\"auto, 250px\"\/><\/a><\/div><\/div><\/noscript><\/div><script type=\"application\/json\" class=\"sgb-data\">{\"galleryType\":\"pgc_sgb_viewer\",\"galleryId\":\"7be86930\",\"images\":[{\"id\":11760,\"title\":\"Der fliegende Weihnachtsmann startet - t\u00e4glich um 16:30 Uhr\",\"url\":\"https:\/\/www.event-fotos.net\/Wordpress\/wp-content\/uploads\/2025\/12\/20251212_163304.jpg\",\"link\":\"https:\/\/www.event-fotos.net\/Wordpress\/pgc_simply_gallery\/weihnachtsmarkt-kassel-2025\/20251212_163304\",\"alt\":\"\",\"description\":\"\",\"caption\":\"\",\"mime\":\"image\/jpeg\",\"type\":\"image\",\"width\":733,\"height\":1000,\"sizes\":{\"thumbnail\":{\"height\":150,\"width\":150,\"url\":\"https:\/\/www.event-fotos.net\/Wordpress\/wp-content\/uploads\/2025\/12\/20251212_163304-150x150.jpg\",\"orientation\":\"landscape\"},\"medium\":{\"height\":300,\"width\":220,\"url\":\"https:\/\/www.event-fotos.net\/Wordpress\/wp-content\/uploads\/2025\/12\/20251212_163304-220x300.jpg\",\"orientation\":\"portrait\"},\"full\":{\"url\":\"https:\/\/www.event-fotos.net\/Wordpress\/wp-content\/uploads\/2025\/12\/20251212_163304.jpg\",\"height\":1000,\"width\":733,\"orientation\":\"portrait\"}},\"imageMeta\":{\"aperture\":\"0\",\"credit\":\"\",\"camera\":\"\",\"caption\":\"\",\"created_timestamp\":\"0\",\"copyright\":\"\",\"focal_length\":\"0\",\"iso\":\"0\",\"shutter_speed\":\"0\",\"title\":\"\",\"orientation\":\"0\",\"keywords\":[]},\"meta\":false,\"postlink\":\"https:\/\/www.event-fotos.net\/Wordpress\/pgc_simply_gallery\/weihnachtsmarkt-kassel-2025\/20251212_163304\"},{\"id\":11761,\"title\":\"Der fliegende Weihnachtsmann - Highlight des Weihnachtsmarkts\",\"url\":\"https:\/\/www.event-fotos.net\/Wordpress\/wp-content\/uploads\/2025\/12\/20251212_163320.jpg\",\"link\":\"https:\/\/www.event-fotos.net\/Wordpress\/pgc_simply_gallery\/weihnachtsmarkt-kassel-2025\/20251212_163320\",\"alt\":\"\",\"description\":\"\",\"caption\":\"\",\"mime\":\"image\/jpeg\",\"type\":\"image\",\"width\":1000,\"height\":753,\"sizes\":{\"thumbnail\":{\"height\":150,\"width\":150,\"url\":\"https:\/\/www.event-fotos.net\/Wordpress\/wp-content\/uploads\/2025\/12\/20251212_163320-150x150.jpg\",\"orientation\":\"landscape\"},\"medium\":{\"height\":226,\"width\":300,\"url\":\"https:\/\/www.event-fotos.net\/Wordpress\/wp-content\/uploads\/2025\/12\/20251212_163320-300x226.jpg\",\"orientation\":\"landscape\"},\"full\":{\"url\":\"https:\/\/www.event-fotos.net\/Wordpress\/wp-content\/uploads\/2025\/12\/20251212_163320.jpg\",\"height\":753,\"width\":1000,\"orientation\":\"landscape\"}},\"imageMeta\":{\"aperture\":\"0\",\"credit\":\"\",\"camera\":\"\",\"caption\":\"\",\"created_timestamp\":\"0\",\"copyright\":\"\",\"focal_length\":\"0\",\"iso\":\"0\",\"shutter_speed\":\"0\",\"title\":\"\",\"orientation\":\"0\",\"keywords\":[]},\"meta\":false,\"postlink\":\"https:\/\/www.event-fotos.net\/Wordpress\/pgc_simply_gallery\/weihnachtsmarkt-kassel-2025\/20251212_163320\"},{\"id\":11762,\"title\":\"Der fliegende Weihnachtsmann unterwegs in Kassel\",\"url\":\"https:\/\/www.event-fotos.net\/Wordpress\/wp-content\/uploads\/2025\/12\/20251212_163533.jpg\",\"link\":\"https:\/\/www.event-fotos.net\/Wordpress\/pgc_simply_gallery\/weihnachtsmarkt-kassel-2025\/20251212_163533\",\"alt\":\"\",\"description\":\"\",\"caption\":\"\",\"mime\":\"image\/jpeg\",\"type\":\"image\",\"width\":1000,\"height\":725,\"sizes\":{\"thumbnail\":{\"height\":150,\"width\":150,\"url\":\"https:\/\/www.event-fotos.net\/Wordpress\/wp-content\/uploads\/2025\/12\/20251212_163533-150x150.jpg\",\"orientation\":\"landscape\"},\"medium\":{\"height\":218,\"width\":300,\"url\":\"https:\/\/www.event-fotos.net\/Wordpress\/wp-content\/uploads\/2025\/12\/20251212_163533-300x218.jpg\",\"orientation\":\"landscape\"},\"full\":{\"url\":\"https:\/\/www.event-fotos.net\/Wordpress\/wp-content\/uploads\/2025\/12\/20251212_163533.jpg\",\"height\":725,\"width\":1000,\"orientation\":\"landscape\"}},\"imageMeta\":{\"aperture\":\"0\",\"credit\":\"\",\"camera\":\"\",\"caption\":\"\",\"created_timestamp\":\"0\",\"copyright\":\"\",\"focal_length\":\"0\",\"iso\":\"0\",\"shutter_speed\":\"0\",\"title\":\"\",\"orientation\":\"0\",\"keywords\":[]},\"meta\":false,\"postlink\":\"https:\/\/www.event-fotos.net\/Wordpress\/pgc_simply_gallery\/weihnachtsmarkt-kassel-2025\/20251212_163533\"},{\"id\":11764,\"title\":\"Der fliegende Weihnachtsmann zu Besuch in Kassel\",\"url\":\"https:\/\/www.event-fotos.net\/Wordpress\/wp-content\/uploads\/2025\/12\/20251212_163749.jpg\",\"link\":\"https:\/\/www.event-fotos.net\/Wordpress\/pgc_simply_gallery\/weihnachtsmarkt-kassel-2025\/20251212_163749\",\"alt\":\"\",\"description\":\"\",\"caption\":\"\",\"mime\":\"image\/jpeg\",\"type\":\"image\",\"width\":1000,\"height\":702,\"sizes\":{\"thumbnail\":{\"height\":150,\"width\":150,\"url\":\"https:\/\/www.event-fotos.net\/Wordpress\/wp-content\/uploads\/2025\/12\/20251212_163749-150x150.jpg\",\"orientation\":\"landscape\"},\"medium\":{\"height\":211,\"width\":300,\"url\":\"https:\/\/www.event-fotos.net\/Wordpress\/wp-content\/uploads\/2025\/12\/20251212_163749-300x211.jpg\",\"orientation\":\"landscape\"},\"full\":{\"url\":\"https:\/\/www.event-fotos.net\/Wordpress\/wp-content\/uploads\/2025\/12\/20251212_163749.jpg\",\"height\":702,\"width\":1000,\"orientation\":\"landscape\"}},\"imageMeta\":{\"aperture\":\"0\",\"credit\":\"\",\"camera\":\"\",\"caption\":\"\",\"created_timestamp\":\"0\",\"copyright\":\"\",\"focal_length\":\"0\",\"iso\":\"0\",\"shutter_speed\":\"0\",\"title\":\"\",\"orientation\":\"0\",\"keywords\":[]},\"meta\":false,\"postlink\":\"https:\/\/www.event-fotos.net\/Wordpress\/pgc_simply_gallery\/weihnachtsmarkt-kassel-2025\/20251212_163749\"},{\"id\":11763,\"title\":\"Der fliegende Weihnachtsmann \u00fcber dem Friedrichsplatz\",\"url\":\"https:\/\/www.event-fotos.net\/Wordpress\/wp-content\/uploads\/2025\/12\/20251212_163725.jpg\",\"link\":\"https:\/\/www.event-fotos.net\/Wordpress\/pgc_simply_gallery\/weihnachtsmarkt-kassel-2025\/20251212_163725\",\"alt\":\"\",\"description\":\"\",\"caption\":\"\",\"mime\":\"image\/jpeg\",\"type\":\"image\",\"width\":1000,\"height\":680,\"sizes\":{\"thumbnail\":{\"height\":150,\"width\":150,\"url\":\"https:\/\/www.event-fotos.net\/Wordpress\/wp-content\/uploads\/2025\/12\/20251212_163725-150x150.jpg\",\"orientation\":\"landscape\"},\"medium\":{\"height\":204,\"width\":300,\"url\":\"https:\/\/www.event-fotos.net\/Wordpress\/wp-content\/uploads\/2025\/12\/20251212_163725-300x204.jpg\",\"orientation\":\"landscape\"},\"full\":{\"url\":\"https:\/\/www.event-fotos.net\/Wordpress\/wp-content\/uploads\/2025\/12\/20251212_163725.jpg\",\"height\":680,\"width\":1000,\"orientation\":\"landscape\"}},\"imageMeta\":{\"aperture\":\"0\",\"credit\":\"\",\"camera\":\"\",\"caption\":\"\",\"created_timestamp\":\"0\",\"copyright\":\"\",\"focal_length\":\"0\",\"iso\":\"0\",\"shutter_speed\":\"0\",\"title\":\"\",\"orientation\":\"0\",\"keywords\":[]},\"meta\":false,\"postlink\":\"https:\/\/www.event-fotos.net\/Wordpress\/pgc_simply_gallery\/weihnachtsmarkt-kassel-2025\/20251212_163725\"},{\"id\":11712,\"title\":\"Marie - der gespendete Weihnachtsbaum\",\"url\":\"https:\/\/www.event-fotos.net\/Wordpress\/wp-content\/uploads\/2025\/12\/20251124_162450.jpg\",\"link\":\"https:\/\/www.event-fotos.net\/Wordpress\/pgc_simply_gallery\/weihnachtsmarkt-kassel-2025\/20251124_162450\",\"alt\":\"\",\"description\":\"\",\"caption\":\"\",\"mime\":\"image\/jpeg\",\"type\":\"image\",\"width\":663,\"height\":1000,\"sizes\":{\"thumbnail\":{\"height\":150,\"width\":150,\"url\":\"https:\/\/www.event-fotos.net\/Wordpress\/wp-content\/uploads\/2025\/12\/20251124_162450-150x150.jpg\",\"orientation\":\"landscape\"},\"medium\":{\"height\":300,\"width\":199,\"url\":\"https:\/\/www.event-fotos.net\/Wordpress\/wp-content\/uploads\/2025\/12\/20251124_162450-199x300.jpg\",\"orientation\":\"portrait\"},\"full\":{\"url\":\"https:\/\/www.event-fotos.net\/Wordpress\/wp-content\/uploads\/2025\/12\/20251124_162450.jpg\",\"height\":1000,\"width\":663,\"orientation\":\"portrait\"}},\"imageMeta\":{\"aperture\":\"0\",\"credit\":\"\",\"camera\":\"\",\"caption\":\"\",\"created_timestamp\":\"0\",\"copyright\":\"\",\"focal_length\":\"0\",\"iso\":\"0\",\"shutter_speed\":\"0\",\"title\":\"\",\"orientation\":\"0\",\"keywords\":[]},\"meta\":false,\"postlink\":\"https:\/\/www.event-fotos.net\/Wordpress\/pgc_simply_gallery\/weihnachtsmarkt-kassel-2025\/20251124_162450\"},{\"id\":11710,\"title\":\"\\u0022Sound of Cooperation\\u0022 spielen zur Er\u00f6ffnung\",\"url\":\"https:\/\/www.event-fotos.net\/Wordpress\/wp-content\/uploads\/2025\/12\/20251124_161108.jpg\",\"link\":\"https:\/\/www.event-fotos.net\/Wordpress\/pgc_simply_gallery\/weihnachtsmarkt-kassel-2025\/20251124_161108\",\"alt\":\"\",\"description\":\"\",\"caption\":\"\",\"mime\":\"image\/jpeg\",\"type\":\"image\",\"width\":1000,\"height\":655,\"sizes\":{\"thumbnail\":{\"height\":150,\"width\":150,\"url\":\"https:\/\/www.event-fotos.net\/Wordpress\/wp-content\/uploads\/2025\/12\/20251124_161108-150x150.jpg\",\"orientation\":\"landscape\"},\"medium\":{\"height\":197,\"width\":300,\"url\":\"https:\/\/www.event-fotos.net\/Wordpress\/wp-content\/uploads\/2025\/12\/20251124_161108-300x197.jpg\",\"orientation\":\"landscape\"},\"full\":{\"url\":\"https:\/\/www.event-fotos.net\/Wordpress\/wp-content\/uploads\/2025\/12\/20251124_161108.jpg\",\"height\":655,\"width\":1000,\"orientation\":\"landscape\"}},\"imageMeta\":{\"aperture\":\"0\",\"credit\":\"\",\"camera\":\"\",\"caption\":\"\",\"created_timestamp\":\"0\",\"copyright\":\"\",\"focal_length\":\"0\",\"iso\":\"0\",\"shutter_speed\":\"0\",\"title\":\"\",\"orientation\":\"0\",\"keywords\":[]},\"meta\":false,\"postlink\":\"https:\/\/www.event-fotos.net\/Wordpress\/pgc_simply_gallery\/weihnachtsmarkt-kassel-2025\/20251124_161108\"},{\"id\":11713,\"title\":\"Kassels Oberb\u00fcrgermeister Sven Sch\u00f6ller\",\"url\":\"https:\/\/www.event-fotos.net\/Wordpress\/wp-content\/uploads\/2025\/12\/20251124_163451.jpg\",\"link\":\"https:\/\/www.event-fotos.net\/Wordpress\/pgc_simply_gallery\/weihnachtsmarkt-kassel-2025\/20251124_163451\",\"alt\":\"\",\"description\":\"\",\"caption\":\"\",\"mime\":\"image\/jpeg\",\"type\":\"image\",\"width\":597,\"height\":1000,\"sizes\":{\"thumbnail\":{\"height\":150,\"width\":150,\"url\":\"https:\/\/www.event-fotos.net\/Wordpress\/wp-content\/uploads\/2025\/12\/20251124_163451-150x150.jpg\",\"orientation\":\"landscape\"},\"medium\":{\"height\":300,\"width\":179,\"url\":\"https:\/\/www.event-fotos.net\/Wordpress\/wp-content\/uploads\/2025\/12\/20251124_163451-179x300.jpg\",\"orientation\":\"portrait\"},\"full\":{\"url\":\"https:\/\/www.event-fotos.net\/Wordpress\/wp-content\/uploads\/2025\/12\/20251124_163451.jpg\",\"height\":1000,\"width\":597,\"orientation\":\"portrait\"}},\"imageMeta\":{\"aperture\":\"0\",\"credit\":\"\",\"camera\":\"\",\"caption\":\"\",\"created_timestamp\":\"0\",\"copyright\":\"\",\"focal_length\":\"0\",\"iso\":\"0\",\"shutter_speed\":\"0\",\"title\":\"\",\"orientation\":\"0\",\"keywords\":[]},\"meta\":false,\"postlink\":\"https:\/\/www.event-fotos.net\/Wordpress\/pgc_simply_gallery\/weihnachtsmarkt-kassel-2025\/20251124_163451\"},{\"id\":11711,\"title\":\"Angelika Achtzinger als \\u0022Frau Holle\\u0022 - dem Motto 2025\",\"url\":\"https:\/\/www.event-fotos.net\/Wordpress\/wp-content\/uploads\/2025\/12\/20251124_162001.jpg\",\"link\":\"https:\/\/www.event-fotos.net\/Wordpress\/pgc_simply_gallery\/weihnachtsmarkt-kassel-2025\/20251124_162001\",\"alt\":\"\",\"description\":\"\",\"caption\":\"\",\"mime\":\"image\/jpeg\",\"type\":\"image\",\"width\":650,\"height\":1000,\"sizes\":{\"thumbnail\":{\"height\":150,\"width\":150,\"url\":\"https:\/\/www.event-fotos.net\/Wordpress\/wp-content\/uploads\/2025\/12\/20251124_162001-150x150.jpg\",\"orientation\":\"landscape\"},\"medium\":{\"height\":300,\"width\":195,\"url\":\"https:\/\/www.event-fotos.net\/Wordpress\/wp-content\/uploads\/2025\/12\/20251124_162001-195x300.jpg\",\"orientation\":\"portrait\"},\"full\":{\"url\":\"https:\/\/www.event-fotos.net\/Wordpress\/wp-content\/uploads\/2025\/12\/20251124_162001.jpg\",\"height\":1000,\"width\":650,\"orientation\":\"portrait\"}},\"imageMeta\":{\"aperture\":\"0\",\"credit\":\"\",\"camera\":\"\",\"caption\":\"\",\"created_timestamp\":\"0\",\"copyright\":\"\",\"focal_length\":\"0\",\"iso\":\"0\",\"shutter_speed\":\"0\",\"title\":\"\",\"orientation\":\"0\",\"keywords\":[]},\"meta\":false,\"postlink\":\"https:\/\/www.event-fotos.net\/Wordpress\/pgc_simply_gallery\/weihnachtsmarkt-kassel-2025\/20251124_162001\"},{\"id\":11714,\"title\":\"O.H\u00f6ppner (Kassel Marketing), S.Sch\u00f6ller (Kassels OB), Frau Holle, N.Wett (Kassel Tourismus) und A.Wild (City-Kaufleute) er\u00f6ffnen den Kasseler M\u00e4rchenweihnachtsmarkt 2025\",\"url\":\"https:\/\/www.event-fotos.net\/Wordpress\/wp-content\/uploads\/2025\/12\/20251124_164554.jpg\",\"link\":\"https:\/\/www.event-fotos.net\/Wordpress\/pgc_simply_gallery\/weihnachtsmarkt-kassel-2025\/20251124_164554\",\"alt\":\"\",\"description\":\"\",\"caption\":\"\",\"mime\":\"image\/jpeg\",\"type\":\"image\",\"width\":1000,\"height\":687,\"sizes\":{\"thumbnail\":{\"height\":150,\"width\":150,\"url\":\"https:\/\/www.event-fotos.net\/Wordpress\/wp-content\/uploads\/2025\/12\/20251124_164554-150x150.jpg\",\"orientation\":\"landscape\"},\"medium\":{\"height\":206,\"width\":300,\"url\":\"https:\/\/www.event-fotos.net\/Wordpress\/wp-content\/uploads\/2025\/12\/20251124_164554-300x206.jpg\",\"orientation\":\"landscape\"},\"full\":{\"url\":\"https:\/\/www.event-fotos.net\/Wordpress\/wp-content\/uploads\/2025\/12\/20251124_164554.jpg\",\"height\":687,\"width\":1000,\"orientation\":\"landscape\"}},\"imageMeta\":{\"aperture\":\"0\",\"credit\":\"\",\"camera\":\"\",\"caption\":\"\",\"created_timestamp\":\"0\",\"copyright\":\"\",\"focal_length\":\"0\",\"iso\":\"0\",\"shutter_speed\":\"0\",\"title\":\"\",\"orientation\":\"0\",\"keywords\":[]},\"meta\":false,\"postlink\":\"https:\/\/www.event-fotos.net\/Wordpress\/pgc_simply_gallery\/weihnachtsmarkt-kassel-2025\/20251124_164554\"},{\"id\":11715,\"title\":\"Marie - der gespendete Weihnachtsbaum\",\"url\":\"https:\/\/www.event-fotos.net\/Wordpress\/wp-content\/uploads\/2025\/12\/20251124_164610.jpg\",\"link\":\"https:\/\/www.event-fotos.net\/Wordpress\/pgc_simply_gallery\/weihnachtsmarkt-kassel-2025\/20251124_164610\",\"alt\":\"\",\"description\":\"\",\"caption\":\"\",\"mime\":\"image\/jpeg\",\"type\":\"image\",\"width\":668,\"height\":1000,\"sizes\":{\"thumbnail\":{\"height\":150,\"width\":150,\"url\":\"https:\/\/www.event-fotos.net\/Wordpress\/wp-content\/uploads\/2025\/12\/20251124_164610-150x150.jpg\",\"orientation\":\"landscape\"},\"medium\":{\"height\":300,\"width\":200,\"url\":\"https:\/\/www.event-fotos.net\/Wordpress\/wp-content\/uploads\/2025\/12\/20251124_164610-200x300.jpg\",\"orientation\":\"portrait\"},\"full\":{\"url\":\"https:\/\/www.event-fotos.net\/Wordpress\/wp-content\/uploads\/2025\/12\/20251124_164610.jpg\",\"height\":1000,\"width\":668,\"orientation\":\"portrait\"}},\"imageMeta\":{\"aperture\":\"0\",\"credit\":\"\",\"camera\":\"\",\"caption\":\"\",\"created_timestamp\":\"0\",\"copyright\":\"\",\"focal_length\":\"0\",\"iso\":\"0\",\"shutter_speed\":\"0\",\"title\":\"\",\"orientation\":\"0\",\"keywords\":[]},\"meta\":false,\"postlink\":\"https:\/\/www.event-fotos.net\/Wordpress\/pgc_simply_gallery\/weihnachtsmarkt-kassel-2025\/20251124_164610\"},{\"id\":11709,\"title\":\"Fahrgesch\u00e4ft auf dem K\u00f6nigsplatz\",\"url\":\"https:\/\/www.event-fotos.net\/Wordpress\/wp-content\/uploads\/2025\/12\/20251124_160255.jpg\",\"link\":\"https:\/\/www.event-fotos.net\/Wordpress\/pgc_simply_gallery\/weihnachtsmarkt-kassel-2025\/20251124_160255\",\"alt\":\"\",\"description\":\"\",\"caption\":\"\",\"mime\":\"image\/jpeg\",\"type\":\"image\",\"width\":1000,\"height\":726,\"sizes\":{\"thumbnail\":{\"height\":150,\"width\":150,\"url\":\"https:\/\/www.event-fotos.net\/Wordpress\/wp-content\/uploads\/2025\/12\/20251124_160255-150x150.jpg\",\"orientation\":\"landscape\"},\"medium\":{\"height\":218,\"width\":300,\"url\":\"https:\/\/www.event-fotos.net\/Wordpress\/wp-content\/uploads\/2025\/12\/20251124_160255-300x218.jpg\",\"orientation\":\"landscape\"},\"full\":{\"url\":\"https:\/\/www.event-fotos.net\/Wordpress\/wp-content\/uploads\/2025\/12\/20251124_160255.jpg\",\"height\":726,\"width\":1000,\"orientation\":\"landscape\"}},\"imageMeta\":{\"aperture\":\"0\",\"credit\":\"\",\"camera\":\"\",\"caption\":\"\",\"created_timestamp\":\"0\",\"copyright\":\"\",\"focal_length\":\"0\",\"iso\":\"0\",\"shutter_speed\":\"0\",\"title\":\"\",\"orientation\":\"0\",\"keywords\":[]},\"meta\":false,\"postlink\":\"https:\/\/www.event-fotos.net\/Wordpress\/pgc_simply_gallery\/weihnachtsmarkt-kassel-2025\/20251124_160255\"},{\"id\":11718,\"title\":\"K\u00e4the Wohlfahrt auf dem K\u00f6nigsplatz\",\"url\":\"https:\/\/www.event-fotos.net\/Wordpress\/wp-content\/uploads\/2025\/12\/20251124_164945.jpg\",\"link\":\"https:\/\/www.event-fotos.net\/Wordpress\/pgc_simply_gallery\/weihnachtsmarkt-kassel-2025\/20251124_164945\",\"alt\":\"\",\"description\":\"\",\"caption\":\"\",\"mime\":\"image\/jpeg\",\"type\":\"image\",\"width\":1000,\"height\":657,\"sizes\":{\"thumbnail\":{\"height\":150,\"width\":150,\"url\":\"https:\/\/www.event-fotos.net\/Wordpress\/wp-content\/uploads\/2025\/12\/20251124_164945-150x150.jpg\",\"orientation\":\"landscape\"},\"medium\":{\"height\":197,\"width\":300,\"url\":\"https:\/\/www.event-fotos.net\/Wordpress\/wp-content\/uploads\/2025\/12\/20251124_164945-300x197.jpg\",\"orientation\":\"landscape\"},\"full\":{\"url\":\"https:\/\/www.event-fotos.net\/Wordpress\/wp-content\/uploads\/2025\/12\/20251124_164945.jpg\",\"height\":657,\"width\":1000,\"orientation\":\"landscape\"}},\"imageMeta\":{\"aperture\":\"0\",\"credit\":\"\",\"camera\":\"\",\"caption\":\"\",\"created_timestamp\":\"0\",\"copyright\":\"\",\"focal_length\":\"0\",\"iso\":\"0\",\"shutter_speed\":\"0\",\"title\":\"\",\"orientation\":\"0\",\"keywords\":[]},\"meta\":false,\"postlink\":\"https:\/\/www.event-fotos.net\/Wordpress\/pgc_simply_gallery\/weihnachtsmarkt-kassel-2025\/20251124_164945\"},{\"id\":11720,\"title\":\"K\u00f6nigsalm auf dem K\u00f6nigsplatz\",\"url\":\"https:\/\/www.event-fotos.net\/Wordpress\/wp-content\/uploads\/2025\/12\/20251124_165117.jpg\",\"link\":\"https:\/\/www.event-fotos.net\/Wordpress\/pgc_simply_gallery\/weihnachtsmarkt-kassel-2025\/20251124_165117\",\"alt\":\"\",\"description\":\"\",\"caption\":\"\",\"mime\":\"image\/jpeg\",\"type\":\"image\",\"width\":1000,\"height\":688,\"sizes\":{\"thumbnail\":{\"height\":150,\"width\":150,\"url\":\"https:\/\/www.event-fotos.net\/Wordpress\/wp-content\/uploads\/2025\/12\/20251124_165117-150x150.jpg\",\"orientation\":\"landscape\"},\"medium\":{\"height\":206,\"width\":300,\"url\":\"https:\/\/www.event-fotos.net\/Wordpress\/wp-content\/uploads\/2025\/12\/20251124_165117-300x206.jpg\",\"orientation\":\"landscape\"},\"full\":{\"url\":\"https:\/\/www.event-fotos.net\/Wordpress\/wp-content\/uploads\/2025\/12\/20251124_165117.jpg\",\"height\":688,\"width\":1000,\"orientation\":\"landscape\"}},\"imageMeta\":{\"aperture\":\"0\",\"credit\":\"\",\"camera\":\"\",\"caption\":\"\",\"created_timestamp\":\"0\",\"copyright\":\"\",\"focal_length\":\"0\",\"iso\":\"0\",\"shutter_speed\":\"0\",\"title\":\"\",\"orientation\":\"0\",\"keywords\":[]},\"meta\":false,\"postlink\":\"https:\/\/www.event-fotos.net\/Wordpress\/pgc_simply_gallery\/weihnachtsmarkt-kassel-2025\/20251124_165117\"},{\"id\":11721,\"title\":\"Karussell\",\"url\":\"https:\/\/www.event-fotos.net\/Wordpress\/wp-content\/uploads\/2025\/12\/20251124_165139111.jpg\",\"link\":\"https:\/\/www.event-fotos.net\/Wordpress\/pgc_simply_gallery\/weihnachtsmarkt-kassel-2025\/20251124_165139111\",\"alt\":\"\",\"description\":\"\",\"caption\":\"\",\"mime\":\"image\/jpeg\",\"type\":\"image\",\"width\":1000,\"height\":750,\"sizes\":{\"thumbnail\":{\"height\":150,\"width\":150,\"url\":\"https:\/\/www.event-fotos.net\/Wordpress\/wp-content\/uploads\/2025\/12\/20251124_165139111-150x150.jpg\",\"orientation\":\"landscape\"},\"medium\":{\"height\":225,\"width\":300,\"url\":\"https:\/\/www.event-fotos.net\/Wordpress\/wp-content\/uploads\/2025\/12\/20251124_165139111-300x225.jpg\",\"orientation\":\"landscape\"},\"full\":{\"url\":\"https:\/\/www.event-fotos.net\/Wordpress\/wp-content\/uploads\/2025\/12\/20251124_165139111.jpg\",\"height\":750,\"width\":1000,\"orientation\":\"landscape\"}},\"imageMeta\":{\"aperture\":\"0\",\"credit\":\"\",\"camera\":\"\",\"caption\":\"\",\"created_timestamp\":\"0\",\"copyright\":\"\",\"focal_length\":\"0\",\"iso\":\"0\",\"shutter_speed\":\"0\",\"title\":\"\",\"orientation\":\"0\",\"keywords\":[]},\"meta\":false,\"postlink\":\"https:\/\/www.event-fotos.net\/Wordpress\/pgc_simply_gallery\/weihnachtsmarkt-kassel-2025\/20251124_165139111\"},{\"id\":11723,\"title\":\"Die Kasseler K\u00f6nigsstra\u00dfe\",\"url\":\"https:\/\/www.event-fotos.net\/Wordpress\/wp-content\/uploads\/2025\/12\/20251124_165311.jpg\",\"link\":\"https:\/\/www.event-fotos.net\/Wordpress\/pgc_simply_gallery\/weihnachtsmarkt-kassel-2025\/20251124_165311\",\"alt\":\"\",\"description\":\"\",\"caption\":\"\",\"mime\":\"image\/jpeg\",\"type\":\"image\",\"width\":711,\"height\":1000,\"sizes\":{\"thumbnail\":{\"height\":150,\"width\":150,\"url\":\"https:\/\/www.event-fotos.net\/Wordpress\/wp-content\/uploads\/2025\/12\/20251124_165311-150x150.jpg\",\"orientation\":\"landscape\"},\"medium\":{\"height\":300,\"width\":213,\"url\":\"https:\/\/www.event-fotos.net\/Wordpress\/wp-content\/uploads\/2025\/12\/20251124_165311-213x300.jpg\",\"orientation\":\"portrait\"},\"full\":{\"url\":\"https:\/\/www.event-fotos.net\/Wordpress\/wp-content\/uploads\/2025\/12\/20251124_165311.jpg\",\"height\":1000,\"width\":711,\"orientation\":\"portrait\"}},\"imageMeta\":{\"aperture\":\"0\",\"credit\":\"\",\"camera\":\"\",\"caption\":\"\",\"created_timestamp\":\"0\",\"copyright\":\"\",\"focal_length\":\"0\",\"iso\":\"0\",\"shutter_speed\":\"0\",\"title\":\"\",\"orientation\":\"0\",\"keywords\":[]},\"meta\":false,\"postlink\":\"https:\/\/www.event-fotos.net\/Wordpress\/pgc_simply_gallery\/weihnachtsmarkt-kassel-2025\/20251124_165311\"},{\"id\":11724,\"title\":\"Schlitten\",\"url\":\"https:\/\/www.event-fotos.net\/Wordpress\/wp-content\/uploads\/2025\/12\/20251124_170017.jpg\",\"link\":\"https:\/\/www.event-fotos.net\/Wordpress\/pgc_simply_gallery\/weihnachtsmarkt-kassel-2025\/20251124_170017\",\"alt\":\"\",\"description\":\"\",\"caption\":\"\",\"mime\":\"image\/jpeg\",\"type\":\"image\",\"width\":1000,\"height\":673,\"sizes\":{\"thumbnail\":{\"height\":150,\"width\":150,\"url\":\"https:\/\/www.event-fotos.net\/Wordpress\/wp-content\/uploads\/2025\/12\/20251124_170017-150x150.jpg\",\"orientation\":\"landscape\"},\"medium\":{\"height\":202,\"width\":300,\"url\":\"https:\/\/www.event-fotos.net\/Wordpress\/wp-content\/uploads\/2025\/12\/20251124_170017-300x202.jpg\",\"orientation\":\"landscape\"},\"full\":{\"url\":\"https:\/\/www.event-fotos.net\/Wordpress\/wp-content\/uploads\/2025\/12\/20251124_170017.jpg\",\"height\":673,\"width\":1000,\"orientation\":\"landscape\"}},\"imageMeta\":{\"aperture\":\"0\",\"credit\":\"\",\"camera\":\"\",\"caption\":\"\",\"created_timestamp\":\"0\",\"copyright\":\"\",\"focal_length\":\"0\",\"iso\":\"0\",\"shutter_speed\":\"0\",\"title\":\"\",\"orientation\":\"0\",\"keywords\":[]},\"meta\":false,\"postlink\":\"https:\/\/www.event-fotos.net\/Wordpress\/pgc_simply_gallery\/weihnachtsmarkt-kassel-2025\/20251124_170017\"},{\"id\":11717,\"title\":\"Stand auf dem K\u00f6nigsplatz\",\"url\":\"https:\/\/www.event-fotos.net\/Wordpress\/wp-content\/uploads\/2025\/12\/20251124_164922.jpg\",\"link\":\"https:\/\/www.event-fotos.net\/Wordpress\/pgc_simply_gallery\/weihnachtsmarkt-kassel-2025\/20251124_164922\",\"alt\":\"\",\"description\":\"\",\"caption\":\"\",\"mime\":\"image\/jpeg\",\"type\":\"image\",\"width\":1000,\"height\":631,\"sizes\":{\"thumbnail\":{\"height\":150,\"width\":150,\"url\":\"https:\/\/www.event-fotos.net\/Wordpress\/wp-content\/uploads\/2025\/12\/20251124_164922-150x150.jpg\",\"orientation\":\"landscape\"},\"medium\":{\"height\":189,\"width\":300,\"url\":\"https:\/\/www.event-fotos.net\/Wordpress\/wp-content\/uploads\/2025\/12\/20251124_164922-300x189.jpg\",\"orientation\":\"landscape\"},\"full\":{\"url\":\"https:\/\/www.event-fotos.net\/Wordpress\/wp-content\/uploads\/2025\/12\/20251124_164922.jpg\",\"height\":631,\"width\":1000,\"orientation\":\"landscape\"}},\"imageMeta\":{\"aperture\":\"0\",\"credit\":\"\",\"camera\":\"\",\"caption\":\"\",\"created_timestamp\":\"0\",\"copyright\":\"\",\"focal_length\":\"0\",\"iso\":\"0\",\"shutter_speed\":\"0\",\"title\":\"\",\"orientation\":\"0\",\"keywords\":[]},\"meta\":false,\"postlink\":\"https:\/\/www.event-fotos.net\/Wordpress\/pgc_simply_gallery\/weihnachtsmarkt-kassel-2025\/20251124_164922\"},{\"id\":11708,\"title\":\"Weihnachtspyramide Friedrichsplatz\",\"url\":\"https:\/\/www.event-fotos.net\/Wordpress\/wp-content\/uploads\/2025\/12\/20251124_155825.jpg\",\"link\":\"https:\/\/www.event-fotos.net\/Wordpress\/pgc_simply_gallery\/weihnachtsmarkt-kassel-2025\/20251124_155825\",\"alt\":\"\",\"description\":\"\",\"caption\":\"\",\"mime\":\"image\/jpeg\",\"type\":\"image\",\"width\":626,\"height\":1000,\"sizes\":{\"thumbnail\":{\"height\":150,\"width\":150,\"url\":\"https:\/\/www.event-fotos.net\/Wordpress\/wp-content\/uploads\/2025\/12\/20251124_155825-150x150.jpg\",\"orientation\":\"landscape\"},\"medium\":{\"height\":300,\"width\":188,\"url\":\"https:\/\/www.event-fotos.net\/Wordpress\/wp-content\/uploads\/2025\/12\/20251124_155825-188x300.jpg\",\"orientation\":\"portrait\"},\"full\":{\"url\":\"https:\/\/www.event-fotos.net\/Wordpress\/wp-content\/uploads\/2025\/12\/20251124_155825.jpg\",\"height\":1000,\"width\":626,\"orientation\":\"portrait\"}},\"imageMeta\":{\"aperture\":\"0\",\"credit\":\"\",\"camera\":\"\",\"caption\":\"\",\"created_timestamp\":\"0\",\"copyright\":\"\",\"focal_length\":\"0\",\"iso\":\"0\",\"shutter_speed\":\"0\",\"title\":\"\",\"orientation\":\"0\",\"keywords\":[]},\"meta\":false,\"postlink\":\"https:\/\/www.event-fotos.net\/Wordpress\/pgc_simply_gallery\/weihnachtsmarkt-kassel-2025\/20251124_155825\"},{\"id\":11728,\"title\":\"Das \\u0022Nahl\u00b4sche Haus\\u0022 mit Geschenkschleife\",\"url\":\"https:\/\/www.event-fotos.net\/Wordpress\/wp-content\/uploads\/2025\/12\/20251125_175048.jpg\",\"link\":\"https:\/\/www.event-fotos.net\/Wordpress\/pgc_simply_gallery\/weihnachtsmarkt-kassel-2025\/20251125_175048\",\"alt\":\"\",\"description\":\"\",\"caption\":\"\",\"mime\":\"image\/jpeg\",\"type\":\"image\",\"width\":1000,\"height\":734,\"sizes\":{\"thumbnail\":{\"height\":150,\"width\":150,\"url\":\"https:\/\/www.event-fotos.net\/Wordpress\/wp-content\/uploads\/2025\/12\/20251125_175048-150x150.jpg\",\"orientation\":\"landscape\"},\"medium\":{\"height\":220,\"width\":300,\"url\":\"https:\/\/www.event-fotos.net\/Wordpress\/wp-content\/uploads\/2025\/12\/20251125_175048-300x220.jpg\",\"orientation\":\"landscape\"},\"full\":{\"url\":\"https:\/\/www.event-fotos.net\/Wordpress\/wp-content\/uploads\/2025\/12\/20251125_175048.jpg\",\"height\":734,\"width\":1000,\"orientation\":\"landscape\"}},\"imageMeta\":{\"aperture\":\"0\",\"credit\":\"\",\"camera\":\"\",\"caption\":\"\",\"created_timestamp\":\"0\",\"copyright\":\"\",\"focal_length\":\"0\",\"iso\":\"0\",\"shutter_speed\":\"0\",\"title\":\"\",\"orientation\":\"0\",\"keywords\":[]},\"meta\":false,\"postlink\":\"https:\/\/www.event-fotos.net\/Wordpress\/pgc_simply_gallery\/weihnachtsmarkt-kassel-2025\/20251125_175048\"},{\"id\":11727,\"title\":\"Weihnachtspyramide Friedrichsplatz\",\"url\":\"https:\/\/www.event-fotos.net\/Wordpress\/wp-content\/uploads\/2025\/12\/20251124_170624.jpg\",\"link\":\"https:\/\/www.event-fotos.net\/Wordpress\/pgc_simply_gallery\/weihnachtsmarkt-kassel-2025\/20251124_170624\",\"alt\":\"\",\"description\":\"\",\"caption\":\"\",\"mime\":\"image\/jpeg\",\"type\":\"image\",\"width\":648,\"height\":1000,\"sizes\":{\"thumbnail\":{\"height\":150,\"width\":150,\"url\":\"https:\/\/www.event-fotos.net\/Wordpress\/wp-content\/uploads\/2025\/12\/20251124_170624-150x150.jpg\",\"orientation\":\"landscape\"},\"medium\":{\"height\":300,\"width\":194,\"url\":\"https:\/\/www.event-fotos.net\/Wordpress\/wp-content\/uploads\/2025\/12\/20251124_170624-194x300.jpg\",\"orientation\":\"portrait\"},\"full\":{\"url\":\"https:\/\/www.event-fotos.net\/Wordpress\/wp-content\/uploads\/2025\/12\/20251124_170624.jpg\",\"height\":1000,\"width\":648,\"orientation\":\"portrait\"}},\"imageMeta\":{\"aperture\":\"0\",\"credit\":\"\",\"camera\":\"\",\"caption\":\"\",\"created_timestamp\":\"0\",\"copyright\":\"\",\"focal_length\":\"0\",\"iso\":\"0\",\"shutter_speed\":\"0\",\"title\":\"\",\"orientation\":\"0\",\"keywords\":[]},\"meta\":false,\"postlink\":\"https:\/\/www.event-fotos.net\/Wordpress\/pgc_simply_gallery\/weihnachtsmarkt-kassel-2025\/20251124_170624\"},{\"id\":11725,\"title\":\"M\u00e4rchendorf mit Documenta Obelisk\",\"url\":\"https:\/\/www.event-fotos.net\/Wordpress\/wp-content\/uploads\/2025\/12\/20251124_170032.jpg\",\"link\":\"https:\/\/www.event-fotos.net\/Wordpress\/pgc_simply_gallery\/weihnachtsmarkt-kassel-2025\/20251124_170032\",\"alt\":\"\",\"description\":\"\",\"caption\":\"\",\"mime\":\"image\/jpeg\",\"type\":\"image\",\"width\":689,\"height\":1000,\"sizes\":{\"thumbnail\":{\"height\":150,\"width\":150,\"url\":\"https:\/\/www.event-fotos.net\/Wordpress\/wp-content\/uploads\/2025\/12\/20251124_170032-150x150.jpg\",\"orientation\":\"landscape\"},\"medium\":{\"height\":300,\"width\":207,\"url\":\"https:\/\/www.event-fotos.net\/Wordpress\/wp-content\/uploads\/2025\/12\/20251124_170032-207x300.jpg\",\"orientation\":\"portrait\"},\"full\":{\"url\":\"https:\/\/www.event-fotos.net\/Wordpress\/wp-content\/uploads\/2025\/12\/20251124_170032.jpg\",\"height\":1000,\"width\":689,\"orientation\":\"portrait\"}},\"imageMeta\":{\"aperture\":\"0\",\"credit\":\"\",\"camera\":\"\",\"caption\":\"\",\"created_timestamp\":\"0\",\"copyright\":\"\",\"focal_length\":\"0\",\"iso\":\"0\",\"shutter_speed\":\"0\",\"title\":\"\",\"orientation\":\"0\",\"keywords\":[]},\"meta\":false,\"postlink\":\"https:\/\/www.event-fotos.net\/Wordpress\/pgc_simply_gallery\/weihnachtsmarkt-kassel-2025\/20251124_170032\"},{\"id\":11766,\"title\":\"Frau Holle bei der \\u0022Arbeit\\u0022\",\"url\":\"https:\/\/www.event-fotos.net\/Wordpress\/wp-content\/uploads\/2025\/12\/20251212_170028.jpg\",\"link\":\"https:\/\/www.event-fotos.net\/Wordpress\/pgc_simply_gallery\/weihnachtsmarkt-kassel-2025\/20251212_170028\",\"alt\":\"\",\"description\":\"\",\"caption\":\"\",\"mime\":\"image\/jpeg\",\"type\":\"image\",\"width\":679,\"height\":1000,\"sizes\":{\"thumbnail\":{\"height\":150,\"width\":150,\"url\":\"https:\/\/www.event-fotos.net\/Wordpress\/wp-content\/uploads\/2025\/12\/20251212_170028-150x150.jpg\",\"orientation\":\"landscape\"},\"medium\":{\"height\":300,\"width\":204,\"url\":\"https:\/\/www.event-fotos.net\/Wordpress\/wp-content\/uploads\/2025\/12\/20251212_170028-204x300.jpg\",\"orientation\":\"portrait\"},\"full\":{\"url\":\"https:\/\/www.event-fotos.net\/Wordpress\/wp-content\/uploads\/2025\/12\/20251212_170028.jpg\",\"height\":1000,\"width\":679,\"orientation\":\"portrait\"}},\"imageMeta\":{\"aperture\":\"0\",\"credit\":\"\",\"camera\":\"\",\"caption\":\"\",\"created_timestamp\":\"0\",\"copyright\":\"\",\"focal_length\":\"0\",\"iso\":\"0\",\"shutter_speed\":\"0\",\"title\":\"\",\"orientation\":\"0\",\"keywords\":[]},\"meta\":false,\"postlink\":\"https:\/\/www.event-fotos.net\/Wordpress\/pgc_simply_gallery\/weihnachtsmarkt-kassel-2025\/20251212_170028\"},{\"id\":11726,\"title\":\"Riesenrad auf dem Friedrichsplatz\",\"url\":\"https:\/\/www.event-fotos.net\/Wordpress\/wp-content\/uploads\/2025\/12\/20251124_170243.jpg\",\"link\":\"https:\/\/www.event-fotos.net\/Wordpress\/pgc_simply_gallery\/weihnachtsmarkt-kassel-2025\/20251124_170243\",\"alt\":\"\",\"description\":\"\",\"caption\":\"\",\"mime\":\"image\/jpeg\",\"type\":\"image\",\"width\":1000,\"height\":707,\"sizes\":{\"thumbnail\":{\"height\":150,\"width\":150,\"url\":\"https:\/\/www.event-fotos.net\/Wordpress\/wp-content\/uploads\/2025\/12\/20251124_170243-150x150.jpg\",\"orientation\":\"landscape\"},\"medium\":{\"height\":212,\"width\":300,\"url\":\"https:\/\/www.event-fotos.net\/Wordpress\/wp-content\/uploads\/2025\/12\/20251124_170243-300x212.jpg\",\"orientation\":\"landscape\"},\"full\":{\"url\":\"https:\/\/www.event-fotos.net\/Wordpress\/wp-content\/uploads\/2025\/12\/20251124_170243.jpg\",\"height\":707,\"width\":1000,\"orientation\":\"landscape\"}},\"imageMeta\":{\"aperture\":\"0\",\"credit\":\"\",\"camera\":\"\",\"caption\":\"\",\"created_timestamp\":\"0\",\"copyright\":\"\",\"focal_length\":\"0\",\"iso\":\"0\",\"shutter_speed\":\"0\",\"title\":\"\",\"orientation\":\"0\",\"keywords\":[]},\"meta\":false,\"postlink\":\"https:\/\/www.event-fotos.net\/Wordpress\/pgc_simply_gallery\/weihnachtsmarkt-kassel-2025\/20251124_170243\"},{\"id\":11730,\"title\":\"Blick von der Galeria auf den Friedrichsplatz\",\"url\":\"https:\/\/www.event-fotos.net\/Wordpress\/wp-content\/uploads\/2025\/12\/20251125_175731.jpg\",\"link\":\"https:\/\/www.event-fotos.net\/Wordpress\/pgc_simply_gallery\/weihnachtsmarkt-kassel-2025\/20251125_175731\",\"alt\":\"\",\"description\":\"\",\"caption\":\"\",\"mime\":\"image\/jpeg\",\"type\":\"image\",\"width\":1000,\"height\":682,\"sizes\":{\"thumbnail\":{\"height\":150,\"width\":150,\"url\":\"https:\/\/www.event-fotos.net\/Wordpress\/wp-content\/uploads\/2025\/12\/20251125_175731-150x150.jpg\",\"orientation\":\"landscape\"},\"medium\":{\"height\":205,\"width\":300,\"url\":\"https:\/\/www.event-fotos.net\/Wordpress\/wp-content\/uploads\/2025\/12\/20251125_175731-300x205.jpg\",\"orientation\":\"landscape\"},\"full\":{\"url\":\"https:\/\/www.event-fotos.net\/Wordpress\/wp-content\/uploads\/2025\/12\/20251125_175731.jpg\",\"height\":682,\"width\":1000,\"orientation\":\"landscape\"}},\"imageMeta\":{\"aperture\":\"0\",\"credit\":\"\",\"camera\":\"\",\"caption\":\"\",\"created_timestamp\":\"0\",\"copyright\":\"\",\"focal_length\":\"0\",\"iso\":\"0\",\"shutter_speed\":\"0\",\"title\":\"\",\"orientation\":\"0\",\"keywords\":[]},\"meta\":false,\"postlink\":\"https:\/\/www.event-fotos.net\/Wordpress\/pgc_simply_gallery\/weihnachtsmarkt-kassel-2025\/20251125_175731\"},{\"id\":11731,\"title\":\"Blick von der Galeria auf den Opernplatz\",\"url\":\"https:\/\/www.event-fotos.net\/Wordpress\/wp-content\/uploads\/2025\/12\/20251125_175941.jpg\",\"link\":\"https:\/\/www.event-fotos.net\/Wordpress\/pgc_simply_gallery\/weihnachtsmarkt-kassel-2025\/20251125_175941\",\"alt\":\"\",\"description\":\"\",\"caption\":\"\",\"mime\":\"image\/jpeg\",\"type\":\"image\",\"width\":698,\"height\":1000,\"sizes\":{\"thumbnail\":{\"height\":150,\"width\":150,\"url\":\"https:\/\/www.event-fotos.net\/Wordpress\/wp-content\/uploads\/2025\/12\/20251125_175941-150x150.jpg\",\"orientation\":\"landscape\"},\"medium\":{\"height\":300,\"width\":209,\"url\":\"https:\/\/www.event-fotos.net\/Wordpress\/wp-content\/uploads\/2025\/12\/20251125_175941-209x300.jpg\",\"orientation\":\"portrait\"},\"full\":{\"url\":\"https:\/\/www.event-fotos.net\/Wordpress\/wp-content\/uploads\/2025\/12\/20251125_175941.jpg\",\"height\":1000,\"width\":698,\"orientation\":\"portrait\"}},\"imageMeta\":{\"aperture\":\"0\",\"credit\":\"\",\"camera\":\"\",\"caption\":\"\",\"created_timestamp\":\"0\",\"copyright\":\"\",\"focal_length\":\"0\",\"iso\":\"0\",\"shutter_speed\":\"0\",\"title\":\"\",\"orientation\":\"0\",\"keywords\":[]},\"meta\":false,\"postlink\":\"https:\/\/www.event-fotos.net\/Wordpress\/pgc_simply_gallery\/weihnachtsmarkt-kassel-2025\/20251125_175941\"},{\"id\":11765,\"title\":\"Wilhelmstra\u00dfe Kassel\",\"url\":\"https:\/\/www.event-fotos.net\/Wordpress\/wp-content\/uploads\/2025\/12\/20251212_165459.jpg\",\"link\":\"https:\/\/www.event-fotos.net\/Wordpress\/pgc_simply_gallery\/weihnachtsmarkt-kassel-2025\/20251212_165459\",\"alt\":\"\",\"description\":\"\",\"caption\":\"\",\"mime\":\"image\/jpeg\",\"type\":\"image\",\"width\":654,\"height\":1000,\"sizes\":{\"thumbnail\":{\"height\":150,\"width\":150,\"url\":\"https:\/\/www.event-fotos.net\/Wordpress\/wp-content\/uploads\/2025\/12\/20251212_165459-150x150.jpg\",\"orientation\":\"landscape\"},\"medium\":{\"height\":300,\"width\":196,\"url\":\"https:\/\/www.event-fotos.net\/Wordpress\/wp-content\/uploads\/2025\/12\/20251212_165459-196x300.jpg\",\"orientation\":\"portrait\"},\"full\":{\"url\":\"https:\/\/www.event-fotos.net\/Wordpress\/wp-content\/uploads\/2025\/12\/20251212_165459.jpg\",\"height\":1000,\"width\":654,\"orientation\":\"portrait\"}},\"imageMeta\":{\"aperture\":\"0\",\"credit\":\"\",\"camera\":\"\",\"caption\":\"\",\"created_timestamp\":\"0\",\"copyright\":\"\",\"focal_length\":\"0\",\"iso\":\"0\",\"shutter_speed\":\"0\",\"title\":\"\",\"orientation\":\"0\",\"keywords\":[]},\"meta\":false,\"postlink\":\"https:\/\/www.event-fotos.net\/Wordpress\/pgc_simply_gallery\/weihnachtsmarkt-kassel-2025\/20251212_165459\"},{\"id\":11734,\"title\":\"Weihnachtsbaum vor dem Kasseler Rathaus\",\"url\":\"https:\/\/www.event-fotos.net\/Wordpress\/wp-content\/uploads\/2025\/12\/20251125_181112.jpg\",\"link\":\"https:\/\/www.event-fotos.net\/Wordpress\/pgc_simply_gallery\/weihnachtsmarkt-kassel-2025\/20251125_181112\",\"alt\":\"\",\"description\":\"\",\"caption\":\"\",\"mime\":\"image\/jpeg\",\"type\":\"image\",\"width\":685,\"height\":1000,\"sizes\":{\"thumbnail\":{\"height\":150,\"width\":150,\"url\":\"https:\/\/www.event-fotos.net\/Wordpress\/wp-content\/uploads\/2025\/12\/20251125_181112-150x150.jpg\",\"orientation\":\"landscape\"},\"medium\":{\"height\":300,\"width\":206,\"url\":\"https:\/\/www.event-fotos.net\/Wordpress\/wp-content\/uploads\/2025\/12\/20251125_181112-206x300.jpg\",\"orientation\":\"portrait\"},\"full\":{\"url\":\"https:\/\/www.event-fotos.net\/Wordpress\/wp-content\/uploads\/2025\/12\/20251125_181112.jpg\",\"height\":1000,\"width\":685,\"orientation\":\"portrait\"}},\"imageMeta\":{\"aperture\":\"0\",\"credit\":\"\",\"camera\":\"\",\"caption\":\"\",\"created_timestamp\":\"0\",\"copyright\":\"\",\"focal_length\":\"0\",\"iso\":\"0\",\"shutter_speed\":\"0\",\"title\":\"\",\"orientation\":\"0\",\"keywords\":[]},\"meta\":false,\"postlink\":\"https:\/\/www.event-fotos.net\/Wordpress\/pgc_simply_gallery\/weihnachtsmarkt-kassel-2025\/20251125_181112\"},{\"id\":11735,\"title\":\"Lebkuchenherzen\",\"url\":\"https:\/\/www.event-fotos.net\/Wordpress\/wp-content\/uploads\/2025\/12\/20251125_181436.jpg\",\"link\":\"https:\/\/www.event-fotos.net\/Wordpress\/pgc_simply_gallery\/weihnachtsmarkt-kassel-2025\/20251125_181436\",\"alt\":\"\",\"description\":\"\",\"caption\":\"\",\"mime\":\"image\/jpeg\",\"type\":\"image\",\"width\":1000,\"height\":674,\"sizes\":{\"thumbnail\":{\"height\":150,\"width\":150,\"url\":\"https:\/\/www.event-fotos.net\/Wordpress\/wp-content\/uploads\/2025\/12\/20251125_181436-150x150.jpg\",\"orientation\":\"landscape\"},\"medium\":{\"height\":202,\"width\":300,\"url\":\"https:\/\/www.event-fotos.net\/Wordpress\/wp-content\/uploads\/2025\/12\/20251125_181436-300x202.jpg\",\"orientation\":\"landscape\"},\"full\":{\"url\":\"https:\/\/www.event-fotos.net\/Wordpress\/wp-content\/uploads\/2025\/12\/20251125_181436.jpg\",\"height\":674,\"width\":1000,\"orientation\":\"landscape\"}},\"imageMeta\":{\"aperture\":\"0\",\"credit\":\"\",\"camera\":\"\",\"caption\":\"\",\"created_timestamp\":\"0\",\"copyright\":\"\",\"focal_length\":\"0\",\"iso\":\"0\",\"shutter_speed\":\"0\",\"title\":\"\",\"orientation\":\"0\",\"keywords\":[]},\"meta\":false,\"postlink\":\"https:\/\/www.event-fotos.net\/Wordpress\/pgc_simply_gallery\/weihnachtsmarkt-kassel-2025\/20251125_181436\"},{\"id\":11736,\"title\":\"Bienenwachskerzen\",\"url\":\"https:\/\/www.event-fotos.net\/Wordpress\/wp-content\/uploads\/2025\/12\/20251125_181555.jpg\",\"link\":\"https:\/\/www.event-fotos.net\/Wordpress\/pgc_simply_gallery\/weihnachtsmarkt-kassel-2025\/20251125_181555\",\"alt\":\"\",\"description\":\"\",\"caption\":\"\",\"mime\":\"image\/jpeg\",\"type\":\"image\",\"width\":1000,\"height\":720,\"sizes\":{\"thumbnail\":{\"height\":150,\"width\":150,\"url\":\"https:\/\/www.event-fotos.net\/Wordpress\/wp-content\/uploads\/2025\/12\/20251125_181555-150x150.jpg\",\"orientation\":\"landscape\"},\"medium\":{\"height\":216,\"width\":300,\"url\":\"https:\/\/www.event-fotos.net\/Wordpress\/wp-content\/uploads\/2025\/12\/20251125_181555-300x216.jpg\",\"orientation\":\"landscape\"},\"full\":{\"url\":\"https:\/\/www.event-fotos.net\/Wordpress\/wp-content\/uploads\/2025\/12\/20251125_181555.jpg\",\"height\":720,\"width\":1000,\"orientation\":\"landscape\"}},\"imageMeta\":{\"aperture\":\"0\",\"credit\":\"\",\"camera\":\"\",\"caption\":\"\",\"created_timestamp\":\"0\",\"copyright\":\"\",\"focal_length\":\"0\",\"iso\":\"0\",\"shutter_speed\":\"0\",\"title\":\"\",\"orientation\":\"0\",\"keywords\":[]},\"meta\":false,\"postlink\":\"https:\/\/www.event-fotos.net\/Wordpress\/pgc_simply_gallery\/weihnachtsmarkt-kassel-2025\/20251125_181555\"},{\"id\":11737,\"title\":\"Angebot an einem Stand\",\"url\":\"https:\/\/www.event-fotos.net\/Wordpress\/wp-content\/uploads\/2025\/12\/20251125_182433.jpg\",\"link\":\"https:\/\/www.event-fotos.net\/Wordpress\/pgc_simply_gallery\/weihnachtsmarkt-kassel-2025\/20251125_182433\",\"alt\":\"\",\"description\":\"\",\"caption\":\"\",\"mime\":\"image\/jpeg\",\"type\":\"image\",\"width\":710,\"height\":1000,\"sizes\":{\"thumbnail\":{\"height\":150,\"width\":150,\"url\":\"https:\/\/www.event-fotos.net\/Wordpress\/wp-content\/uploads\/2025\/12\/20251125_182433-150x150.jpg\",\"orientation\":\"landscape\"},\"medium\":{\"height\":300,\"width\":213,\"url\":\"https:\/\/www.event-fotos.net\/Wordpress\/wp-content\/uploads\/2025\/12\/20251125_182433-213x300.jpg\",\"orientation\":\"portrait\"},\"full\":{\"url\":\"https:\/\/www.event-fotos.net\/Wordpress\/wp-content\/uploads\/2025\/12\/20251125_182433.jpg\",\"height\":1000,\"width\":710,\"orientation\":\"portrait\"}},\"imageMeta\":{\"aperture\":\"0\",\"credit\":\"\",\"camera\":\"\",\"caption\":\"\",\"created_timestamp\":\"0\",\"copyright\":\"\",\"focal_length\":\"0\",\"iso\":\"0\",\"shutter_speed\":\"0\",\"title\":\"\",\"orientation\":\"0\",\"keywords\":[]},\"meta\":false,\"postlink\":\"https:\/\/www.event-fotos.net\/Wordpress\/pgc_simply_gallery\/weihnachtsmarkt-kassel-2025\/20251125_182433\"},{\"id\":11733,\"title\":\"Obere K\u00f6nigsstra\u00dfe\",\"url\":\"https:\/\/www.event-fotos.net\/Wordpress\/wp-content\/uploads\/2025\/12\/20251125_181019.jpg\",\"link\":\"https:\/\/www.event-fotos.net\/Wordpress\/pgc_simply_gallery\/weihnachtsmarkt-kassel-2025\/20251125_181019\",\"alt\":\"\",\"description\":\"\",\"caption\":\"\",\"mime\":\"image\/jpeg\",\"type\":\"image\",\"width\":1000,\"height\":686,\"sizes\":{\"thumbnail\":{\"height\":150,\"width\":150,\"url\":\"https:\/\/www.event-fotos.net\/Wordpress\/wp-content\/uploads\/2025\/12\/20251125_181019-150x150.jpg\",\"orientation\":\"landscape\"},\"medium\":{\"height\":206,\"width\":300,\"url\":\"https:\/\/www.event-fotos.net\/Wordpress\/wp-content\/uploads\/2025\/12\/20251125_181019-300x206.jpg\",\"orientation\":\"landscape\"},\"full\":{\"url\":\"https:\/\/www.event-fotos.net\/Wordpress\/wp-content\/uploads\/2025\/12\/20251125_181019.jpg\",\"height\":686,\"width\":1000,\"orientation\":\"landscape\"}},\"imageMeta\":{\"aperture\":\"0\",\"credit\":\"\",\"camera\":\"\",\"caption\":\"\",\"created_timestamp\":\"0\",\"copyright\":\"\",\"focal_length\":\"0\",\"iso\":\"0\",\"shutter_speed\":\"0\",\"title\":\"\",\"orientation\":\"0\",\"keywords\":[]},\"meta\":false,\"postlink\":\"https:\/\/www.event-fotos.net\/Wordpress\/pgc_simply_gallery\/weihnachtsmarkt-kassel-2025\/20251125_181019\"},{\"id\":11738,\"title\":\"Getr\u00e4nkestand\",\"url\":\"https:\/\/www.event-fotos.net\/Wordpress\/wp-content\/uploads\/2025\/12\/20251125_182651.jpg\",\"link\":\"https:\/\/www.event-fotos.net\/Wordpress\/pgc_simply_gallery\/weihnachtsmarkt-kassel-2025\/20251125_182651\",\"alt\":\"\",\"description\":\"\",\"caption\":\"\",\"mime\":\"image\/jpeg\",\"type\":\"image\",\"width\":1000,\"height\":658,\"sizes\":{\"thumbnail\":{\"height\":150,\"width\":150,\"url\":\"https:\/\/www.event-fotos.net\/Wordpress\/wp-content\/uploads\/2025\/12\/20251125_182651-150x150.jpg\",\"orientation\":\"landscape\"},\"medium\":{\"height\":197,\"width\":300,\"url\":\"https:\/\/www.event-fotos.net\/Wordpress\/wp-content\/uploads\/2025\/12\/20251125_182651-300x197.jpg\",\"orientation\":\"landscape\"},\"full\":{\"url\":\"https:\/\/www.event-fotos.net\/Wordpress\/wp-content\/uploads\/2025\/12\/20251125_182651.jpg\",\"height\":658,\"width\":1000,\"orientation\":\"landscape\"}},\"imageMeta\":{\"aperture\":\"0\",\"credit\":\"\",\"camera\":\"\",\"caption\":\"\",\"created_timestamp\":\"0\",\"copyright\":\"\",\"focal_length\":\"0\",\"iso\":\"0\",\"shutter_speed\":\"0\",\"title\":\"\",\"orientation\":\"0\",\"keywords\":[]},\"meta\":false,\"postlink\":\"https:\/\/www.event-fotos.net\/Wordpress\/pgc_simply_gallery\/weihnachtsmarkt-kassel-2025\/20251125_182651\"},{\"id\":11739,\"title\":\"Waldh\u00fctte\",\"url\":\"https:\/\/www.event-fotos.net\/Wordpress\/wp-content\/uploads\/2025\/12\/20251125_1827231.jpg\",\"link\":\"https:\/\/www.event-fotos.net\/Wordpress\/pgc_simply_gallery\/weihnachtsmarkt-kassel-2025\/20251125_1827231\",\"alt\":\"\",\"description\":\"\",\"caption\":\"\",\"mime\":\"image\/jpeg\",\"type\":\"image\",\"width\":1000,\"height\":712,\"sizes\":{\"thumbnail\":{\"height\":150,\"width\":150,\"url\":\"https:\/\/www.event-fotos.net\/Wordpress\/wp-content\/uploads\/2025\/12\/20251125_1827231-150x150.jpg\",\"orientation\":\"landscape\"},\"medium\":{\"height\":214,\"width\":300,\"url\":\"https:\/\/www.event-fotos.net\/Wordpress\/wp-content\/uploads\/2025\/12\/20251125_1827231-300x214.jpg\",\"orientation\":\"landscape\"},\"full\":{\"url\":\"https:\/\/www.event-fotos.net\/Wordpress\/wp-content\/uploads\/2025\/12\/20251125_1827231.jpg\",\"height\":712,\"width\":1000,\"orientation\":\"landscape\"}},\"imageMeta\":{\"aperture\":\"0\",\"credit\":\"\",\"camera\":\"\",\"caption\":\"\",\"created_timestamp\":\"0\",\"copyright\":\"\",\"focal_length\":\"0\",\"iso\":\"0\",\"shutter_speed\":\"0\",\"title\":\"\",\"orientation\":\"0\",\"keywords\":[]},\"meta\":false,\"postlink\":\"https:\/\/www.event-fotos.net\/Wordpress\/pgc_simply_gallery\/weihnachtsmarkt-kassel-2025\/20251125_1827231\"},{\"id\":11729,\"title\":\"Riesenrad auf dem Friedrichsplatz\",\"url\":\"https:\/\/www.event-fotos.net\/Wordpress\/wp-content\/uploads\/2025\/12\/20251125_175140.jpg\",\"link\":\"https:\/\/www.event-fotos.net\/Wordpress\/pgc_simply_gallery\/weihnachtsmarkt-kassel-2025\/20251125_175140\",\"alt\":\"\",\"description\":\"\",\"caption\":\"\",\"mime\":\"image\/jpeg\",\"type\":\"image\",\"width\":1000,\"height\":687,\"sizes\":{\"thumbnail\":{\"height\":150,\"width\":150,\"url\":\"https:\/\/www.event-fotos.net\/Wordpress\/wp-content\/uploads\/2025\/12\/20251125_175140-150x150.jpg\",\"orientation\":\"landscape\"},\"medium\":{\"height\":206,\"width\":300,\"url\":\"https:\/\/www.event-fotos.net\/Wordpress\/wp-content\/uploads\/2025\/12\/20251125_175140-300x206.jpg\",\"orientation\":\"landscape\"},\"full\":{\"url\":\"https:\/\/www.event-fotos.net\/Wordpress\/wp-content\/uploads\/2025\/12\/20251125_175140.jpg\",\"height\":687,\"width\":1000,\"orientation\":\"landscape\"}},\"imageMeta\":{\"aperture\":\"0\",\"credit\":\"\",\"camera\":\"\",\"caption\":\"\",\"created_timestamp\":\"0\",\"copyright\":\"\",\"focal_length\":\"0\",\"iso\":\"0\",\"shutter_speed\":\"0\",\"title\":\"\",\"orientation\":\"0\",\"keywords\":[]},\"meta\":false,\"postlink\":\"https:\/\/www.event-fotos.net\/Wordpress\/pgc_simply_gallery\/weihnachtsmarkt-kassel-2025\/20251125_175140\"},{\"id\":11740,\"title\":\"Weihnachtliche Deko\",\"url\":\"https:\/\/www.event-fotos.net\/Wordpress\/wp-content\/uploads\/2025\/12\/20251125_184059.jpg\",\"link\":\"https:\/\/www.event-fotos.net\/Wordpress\/pgc_simply_gallery\/weihnachtsmarkt-kassel-2025\/20251125_184059\",\"alt\":\"\",\"description\":\"\",\"caption\":\"\",\"mime\":\"image\/jpeg\",\"type\":\"image\",\"width\":1000,\"height\":694,\"sizes\":{\"thumbnail\":{\"height\":150,\"width\":150,\"url\":\"https:\/\/www.event-fotos.net\/Wordpress\/wp-content\/uploads\/2025\/12\/20251125_184059-150x150.jpg\",\"orientation\":\"landscape\"},\"medium\":{\"height\":208,\"width\":300,\"url\":\"https:\/\/www.event-fotos.net\/Wordpress\/wp-content\/uploads\/2025\/12\/20251125_184059-300x208.jpg\",\"orientation\":\"landscape\"},\"full\":{\"url\":\"https:\/\/www.event-fotos.net\/Wordpress\/wp-content\/uploads\/2025\/12\/20251125_184059.jpg\",\"height\":694,\"width\":1000,\"orientation\":\"landscape\"}},\"imageMeta\":{\"aperture\":\"0\",\"credit\":\"\",\"camera\":\"\",\"caption\":\"\",\"created_timestamp\":\"0\",\"copyright\":\"\",\"focal_length\":\"0\",\"iso\":\"0\",\"shutter_speed\":\"0\",\"title\":\"\",\"orientation\":\"0\",\"keywords\":[]},\"meta\":false,\"postlink\":\"https:\/\/www.event-fotos.net\/Wordpress\/pgc_simply_gallery\/weihnachtsmarkt-kassel-2025\/20251125_184059\"},{\"id\":11741,\"title\":\"Schlitten auf dem M\u00e4rchendorf\",\"url\":\"https:\/\/www.event-fotos.net\/Wordpress\/wp-content\/uploads\/2025\/12\/20251125_185152.jpg\",\"link\":\"https:\/\/www.event-fotos.net\/Wordpress\/pgc_simply_gallery\/weihnachtsmarkt-kassel-2025\/20251125_185152\",\"alt\":\"\",\"description\":\"\",\"caption\":\"\",\"mime\":\"image\/jpeg\",\"type\":\"image\",\"width\":691,\"height\":1000,\"sizes\":{\"thumbnail\":{\"height\":150,\"width\":150,\"url\":\"https:\/\/www.event-fotos.net\/Wordpress\/wp-content\/uploads\/2025\/12\/20251125_185152-150x150.jpg\",\"orientation\":\"landscape\"},\"medium\":{\"height\":300,\"width\":207,\"url\":\"https:\/\/www.event-fotos.net\/Wordpress\/wp-content\/uploads\/2025\/12\/20251125_185152-207x300.jpg\",\"orientation\":\"portrait\"},\"full\":{\"url\":\"https:\/\/www.event-fotos.net\/Wordpress\/wp-content\/uploads\/2025\/12\/20251125_185152.jpg\",\"height\":1000,\"width\":691,\"orientation\":\"portrait\"}},\"imageMeta\":{\"aperture\":\"0\",\"credit\":\"\",\"camera\":\"\",\"caption\":\"\",\"created_timestamp\":\"0\",\"copyright\":\"\",\"focal_length\":\"0\",\"iso\":\"0\",\"shutter_speed\":\"0\",\"title\":\"\",\"orientation\":\"0\",\"keywords\":[]},\"meta\":false,\"postlink\":\"https:\/\/www.event-fotos.net\/Wordpress\/pgc_simply_gallery\/weihnachtsmarkt-kassel-2025\/20251125_185152\"},{\"id\":11751,\"title\":\"Weihnachtspyramide Friedrichsplatz\",\"url\":\"https:\/\/www.event-fotos.net\/Wordpress\/wp-content\/uploads\/2025\/12\/20251125_200334.jpg\",\"link\":\"https:\/\/www.event-fotos.net\/Wordpress\/pgc_simply_gallery\/weihnachtsmarkt-kassel-2025\/20251125_200334\",\"alt\":\"\",\"description\":\"\",\"caption\":\"\",\"mime\":\"image\/jpeg\",\"type\":\"image\",\"width\":680,\"height\":1000,\"sizes\":{\"thumbnail\":{\"height\":150,\"width\":150,\"url\":\"https:\/\/www.event-fotos.net\/Wordpress\/wp-content\/uploads\/2025\/12\/20251125_200334-150x150.jpg\",\"orientation\":\"landscape\"},\"medium\":{\"height\":300,\"width\":204,\"url\":\"https:\/\/www.event-fotos.net\/Wordpress\/wp-content\/uploads\/2025\/12\/20251125_200334-204x300.jpg\",\"orientation\":\"portrait\"},\"full\":{\"url\":\"https:\/\/www.event-fotos.net\/Wordpress\/wp-content\/uploads\/2025\/12\/20251125_200334.jpg\",\"height\":1000,\"width\":680,\"orientation\":\"portrait\"}},\"imageMeta\":{\"aperture\":\"0\",\"credit\":\"\",\"camera\":\"\",\"caption\":\"\",\"created_timestamp\":\"0\",\"copyright\":\"\",\"focal_length\":\"0\",\"iso\":\"0\",\"shutter_speed\":\"0\",\"title\":\"\",\"orientation\":\"0\",\"keywords\":[]},\"meta\":false,\"postlink\":\"https:\/\/www.event-fotos.net\/Wordpress\/pgc_simply_gallery\/weihnachtsmarkt-kassel-2025\/20251125_200334\"},{\"id\":11743,\"title\":\"frische Waffeln\",\"url\":\"https:\/\/www.event-fotos.net\/Wordpress\/wp-content\/uploads\/2025\/12\/20251125_191119.jpg\",\"link\":\"https:\/\/www.event-fotos.net\/Wordpress\/pgc_simply_gallery\/weihnachtsmarkt-kassel-2025\/20251125_191119\",\"alt\":\"\",\"description\":\"\",\"caption\":\"\",\"mime\":\"image\/jpeg\",\"type\":\"image\",\"width\":1000,\"height\":637,\"sizes\":{\"thumbnail\":{\"height\":150,\"width\":150,\"url\":\"https:\/\/www.event-fotos.net\/Wordpress\/wp-content\/uploads\/2025\/12\/20251125_191119-150x150.jpg\",\"orientation\":\"landscape\"},\"medium\":{\"height\":191,\"width\":300,\"url\":\"https:\/\/www.event-fotos.net\/Wordpress\/wp-content\/uploads\/2025\/12\/20251125_191119-300x191.jpg\",\"orientation\":\"landscape\"},\"full\":{\"url\":\"https:\/\/www.event-fotos.net\/Wordpress\/wp-content\/uploads\/2025\/12\/20251125_191119.jpg\",\"height\":637,\"width\":1000,\"orientation\":\"landscape\"}},\"imageMeta\":{\"aperture\":\"0\",\"credit\":\"\",\"camera\":\"\",\"caption\":\"\",\"created_timestamp\":\"0\",\"copyright\":\"\",\"focal_length\":\"0\",\"iso\":\"0\",\"shutter_speed\":\"0\",\"title\":\"\",\"orientation\":\"0\",\"keywords\":[]},\"meta\":false,\"postlink\":\"https:\/\/www.event-fotos.net\/Wordpress\/pgc_simply_gallery\/weihnachtsmarkt-kassel-2025\/20251125_191119\"},{\"id\":11769,\"title\":\"Walking Act Teddy\",\"url\":\"https:\/\/www.event-fotos.net\/Wordpress\/wp-content\/uploads\/2025\/12\/20251212_173859.jpg\",\"link\":\"https:\/\/www.event-fotos.net\/Wordpress\/pgc_simply_gallery\/weihnachtsmarkt-kassel-2025\/20251212_173859\",\"alt\":\"\",\"description\":\"\",\"caption\":\"\",\"mime\":\"image\/jpeg\",\"type\":\"image\",\"width\":617,\"height\":1000,\"sizes\":{\"thumbnail\":{\"height\":150,\"width\":150,\"url\":\"https:\/\/www.event-fotos.net\/Wordpress\/wp-content\/uploads\/2025\/12\/20251212_173859-150x150.jpg\",\"orientation\":\"landscape\"},\"medium\":{\"height\":300,\"width\":185,\"url\":\"https:\/\/www.event-fotos.net\/Wordpress\/wp-content\/uploads\/2025\/12\/20251212_173859-185x300.jpg\",\"orientation\":\"portrait\"},\"full\":{\"url\":\"https:\/\/www.event-fotos.net\/Wordpress\/wp-content\/uploads\/2025\/12\/20251212_173859.jpg\",\"height\":1000,\"width\":617,\"orientation\":\"portrait\"}},\"imageMeta\":{\"aperture\":\"0\",\"credit\":\"\",\"camera\":\"\",\"caption\":\"\",\"created_timestamp\":\"0\",\"copyright\":\"\",\"focal_length\":\"0\",\"iso\":\"0\",\"shutter_speed\":\"0\",\"title\":\"\",\"orientation\":\"0\",\"keywords\":[]},\"meta\":false,\"postlink\":\"https:\/\/www.event-fotos.net\/Wordpress\/pgc_simply_gallery\/weihnachtsmarkt-kassel-2025\/20251212_173859\"},{\"id\":11719,\"title\":\"Der Kasseler Weihnachtsbaum\",\"url\":\"https:\/\/www.event-fotos.net\/Wordpress\/wp-content\/uploads\/2025\/12\/20251124_165058.jpg\",\"link\":\"https:\/\/www.event-fotos.net\/Wordpress\/pgc_simply_gallery\/weihnachtsmarkt-kassel-2025\/20251124_165058\",\"alt\":\"\",\"description\":\"\",\"caption\":\"\",\"mime\":\"image\/jpeg\",\"type\":\"image\",\"width\":643,\"height\":1000,\"sizes\":{\"thumbnail\":{\"height\":150,\"width\":150,\"url\":\"https:\/\/www.event-fotos.net\/Wordpress\/wp-content\/uploads\/2025\/12\/20251124_165058-150x150.jpg\",\"orientation\":\"landscape\"},\"medium\":{\"height\":300,\"width\":193,\"url\":\"https:\/\/www.event-fotos.net\/Wordpress\/wp-content\/uploads\/2025\/12\/20251124_165058-193x300.jpg\",\"orientation\":\"portrait\"},\"full\":{\"url\":\"https:\/\/www.event-fotos.net\/Wordpress\/wp-content\/uploads\/2025\/12\/20251124_165058.jpg\",\"height\":1000,\"width\":643,\"orientation\":\"portrait\"}},\"imageMeta\":{\"aperture\":\"0\",\"credit\":\"\",\"camera\":\"\",\"caption\":\"\",\"created_timestamp\":\"0\",\"copyright\":\"\",\"focal_length\":\"0\",\"iso\":\"0\",\"shutter_speed\":\"0\",\"title\":\"\",\"orientation\":\"0\",\"keywords\":[]},\"meta\":false,\"postlink\":\"https:\/\/www.event-fotos.net\/Wordpress\/pgc_simply_gallery\/weihnachtsmarkt-kassel-2025\/20251124_165058\"},{\"id\":11722,\"title\":\"K\u00e4the Wohlfahrt und Pyramide\",\"url\":\"https:\/\/www.event-fotos.net\/Wordpress\/wp-content\/uploads\/2025\/12\/20251124_16522511.jpg\",\"link\":\"https:\/\/www.event-fotos.net\/Wordpress\/pgc_simply_gallery\/weihnachtsmarkt-kassel-2025\/20251124_16522511\",\"alt\":\"\",\"description\":\"\",\"caption\":\"\",\"mime\":\"image\/jpeg\",\"type\":\"image\",\"width\":1000,\"height\":627,\"sizes\":{\"thumbnail\":{\"height\":150,\"width\":150,\"url\":\"https:\/\/www.event-fotos.net\/Wordpress\/wp-content\/uploads\/2025\/12\/20251124_16522511-150x150.jpg\",\"orientation\":\"landscape\"},\"medium\":{\"height\":188,\"width\":300,\"url\":\"https:\/\/www.event-fotos.net\/Wordpress\/wp-content\/uploads\/2025\/12\/20251124_16522511-300x188.jpg\",\"orientation\":\"landscape\"},\"full\":{\"url\":\"https:\/\/www.event-fotos.net\/Wordpress\/wp-content\/uploads\/2025\/12\/20251124_16522511.jpg\",\"height\":627,\"width\":1000,\"orientation\":\"landscape\"}},\"imageMeta\":{\"aperture\":\"0\",\"credit\":\"\",\"camera\":\"\",\"caption\":\"\",\"created_timestamp\":\"0\",\"copyright\":\"\",\"focal_length\":\"0\",\"iso\":\"0\",\"shutter_speed\":\"0\",\"title\":\"\",\"orientation\":\"0\",\"keywords\":[]},\"meta\":false,\"postlink\":\"https:\/\/www.event-fotos.net\/Wordpress\/pgc_simply_gallery\/weihnachtsmarkt-kassel-2025\/20251124_16522511\"},{\"id\":11744,\"title\":\"Pyramide auf dem K\u00f6nigsplatz\",\"url\":\"https:\/\/www.event-fotos.net\/Wordpress\/wp-content\/uploads\/2025\/12\/20251125_192000.jpg\",\"link\":\"https:\/\/www.event-fotos.net\/Wordpress\/pgc_simply_gallery\/weihnachtsmarkt-kassel-2025\/20251125_192000\",\"alt\":\"\",\"description\":\"\",\"caption\":\"\",\"mime\":\"image\/jpeg\",\"type\":\"image\",\"width\":774,\"height\":1000,\"sizes\":{\"thumbnail\":{\"height\":150,\"width\":150,\"url\":\"https:\/\/www.event-fotos.net\/Wordpress\/wp-content\/uploads\/2025\/12\/20251125_192000-150x150.jpg\",\"orientation\":\"landscape\"},\"medium\":{\"height\":300,\"width\":232,\"url\":\"https:\/\/www.event-fotos.net\/Wordpress\/wp-content\/uploads\/2025\/12\/20251125_192000-232x300.jpg\",\"orientation\":\"portrait\"},\"full\":{\"url\":\"https:\/\/www.event-fotos.net\/Wordpress\/wp-content\/uploads\/2025\/12\/20251125_192000.jpg\",\"height\":1000,\"width\":774,\"orientation\":\"portrait\"}},\"imageMeta\":{\"aperture\":\"0\",\"credit\":\"\",\"camera\":\"\",\"caption\":\"\",\"created_timestamp\":\"0\",\"copyright\":\"\",\"focal_length\":\"0\",\"iso\":\"0\",\"shutter_speed\":\"0\",\"title\":\"\",\"orientation\":\"0\",\"keywords\":[]},\"meta\":false,\"postlink\":\"https:\/\/www.event-fotos.net\/Wordpress\/pgc_simply_gallery\/weihnachtsmarkt-kassel-2025\/20251125_192000\"},{\"id\":11742,\"title\":\"K\u00f6nigsalm\",\"url\":\"https:\/\/www.event-fotos.net\/Wordpress\/wp-content\/uploads\/2025\/12\/20251125_190207.jpg\",\"link\":\"https:\/\/www.event-fotos.net\/Wordpress\/pgc_simply_gallery\/weihnachtsmarkt-kassel-2025\/20251125_190207\",\"alt\":\"\",\"description\":\"\",\"caption\":\"\",\"mime\":\"image\/jpeg\",\"type\":\"image\",\"width\":1000,\"height\":676,\"sizes\":{\"thumbnail\":{\"height\":150,\"width\":150,\"url\":\"https:\/\/www.event-fotos.net\/Wordpress\/wp-content\/uploads\/2025\/12\/20251125_190207-150x150.jpg\",\"orientation\":\"landscape\"},\"medium\":{\"height\":203,\"width\":300,\"url\":\"https:\/\/www.event-fotos.net\/Wordpress\/wp-content\/uploads\/2025\/12\/20251125_190207-300x203.jpg\",\"orientation\":\"landscape\"},\"full\":{\"url\":\"https:\/\/www.event-fotos.net\/Wordpress\/wp-content\/uploads\/2025\/12\/20251125_190207.jpg\",\"height\":676,\"width\":1000,\"orientation\":\"landscape\"}},\"imageMeta\":{\"aperture\":\"0\",\"credit\":\"\",\"camera\":\"\",\"caption\":\"\",\"created_timestamp\":\"0\",\"copyright\":\"\",\"focal_length\":\"0\",\"iso\":\"0\",\"shutter_speed\":\"0\",\"title\":\"\",\"orientation\":\"0\",\"keywords\":[]},\"meta\":false,\"postlink\":\"https:\/\/www.event-fotos.net\/Wordpress\/pgc_simply_gallery\/weihnachtsmarkt-kassel-2025\/20251125_190207\"},{\"id\":11747,\"title\":\"Aschenputtel\",\"url\":\"https:\/\/www.event-fotos.net\/Wordpress\/wp-content\/uploads\/2025\/12\/20251125_194942.jpg\",\"link\":\"https:\/\/www.event-fotos.net\/Wordpress\/pgc_simply_gallery\/weihnachtsmarkt-kassel-2025\/20251125_194942\",\"alt\":\"\",\"description\":\"\",\"caption\":\"\",\"mime\":\"image\/jpeg\",\"type\":\"image\",\"width\":1000,\"height\":681,\"sizes\":{\"thumbnail\":{\"height\":150,\"width\":150,\"url\":\"https:\/\/www.event-fotos.net\/Wordpress\/wp-content\/uploads\/2025\/12\/20251125_194942-150x150.jpg\",\"orientation\":\"landscape\"},\"medium\":{\"height\":204,\"width\":300,\"url\":\"https:\/\/www.event-fotos.net\/Wordpress\/wp-content\/uploads\/2025\/12\/20251125_194942-300x204.jpg\",\"orientation\":\"landscape\"},\"full\":{\"url\":\"https:\/\/www.event-fotos.net\/Wordpress\/wp-content\/uploads\/2025\/12\/20251125_194942.jpg\",\"height\":681,\"width\":1000,\"orientation\":\"landscape\"}},\"imageMeta\":{\"aperture\":\"0\",\"credit\":\"\",\"camera\":\"\",\"caption\":\"\",\"created_timestamp\":\"0\",\"copyright\":\"\",\"focal_length\":\"0\",\"iso\":\"0\",\"shutter_speed\":\"0\",\"title\":\"\",\"orientation\":\"0\",\"keywords\":[]},\"meta\":false,\"postlink\":\"https:\/\/www.event-fotos.net\/Wordpress\/pgc_simply_gallery\/weihnachtsmarkt-kassel-2025\/20251125_194942\"},{\"id\":11749,\"title\":\"Rotk\u00e4ppchen\",\"url\":\"https:\/\/www.event-fotos.net\/Wordpress\/wp-content\/uploads\/2025\/12\/20251125_195120.jpg\",\"link\":\"https:\/\/www.event-fotos.net\/Wordpress\/pgc_simply_gallery\/weihnachtsmarkt-kassel-2025\/20251125_195120\",\"alt\":\"\",\"description\":\"\",\"caption\":\"\",\"mime\":\"image\/jpeg\",\"type\":\"image\",\"width\":1000,\"height\":717,\"sizes\":{\"thumbnail\":{\"height\":150,\"width\":150,\"url\":\"https:\/\/www.event-fotos.net\/Wordpress\/wp-content\/uploads\/2025\/12\/20251125_195120-150x150.jpg\",\"orientation\":\"landscape\"},\"medium\":{\"height\":215,\"width\":300,\"url\":\"https:\/\/www.event-fotos.net\/Wordpress\/wp-content\/uploads\/2025\/12\/20251125_195120-300x215.jpg\",\"orientation\":\"landscape\"},\"full\":{\"url\":\"https:\/\/www.event-fotos.net\/Wordpress\/wp-content\/uploads\/2025\/12\/20251125_195120.jpg\",\"height\":717,\"width\":1000,\"orientation\":\"landscape\"}},\"imageMeta\":{\"aperture\":\"0\",\"credit\":\"\",\"camera\":\"\",\"caption\":\"\",\"created_timestamp\":\"0\",\"copyright\":\"\",\"focal_length\":\"0\",\"iso\":\"0\",\"shutter_speed\":\"0\",\"title\":\"\",\"orientation\":\"0\",\"keywords\":[]},\"meta\":false,\"postlink\":\"https:\/\/www.event-fotos.net\/Wordpress\/pgc_simply_gallery\/weihnachtsmarkt-kassel-2025\/20251125_195120\"},{\"id\":11746,\"title\":\"Angebote bei K\u00e4the Wohlfahrt\",\"url\":\"https:\/\/www.event-fotos.net\/Wordpress\/wp-content\/uploads\/2025\/12\/20251125_194425.jpg\",\"link\":\"https:\/\/www.event-fotos.net\/Wordpress\/pgc_simply_gallery\/weihnachtsmarkt-kassel-2025\/20251125_194425\",\"alt\":\"\",\"description\":\"\",\"caption\":\"\",\"mime\":\"image\/jpeg\",\"type\":\"image\",\"width\":1000,\"height\":723,\"sizes\":{\"thumbnail\":{\"height\":150,\"width\":150,\"url\":\"https:\/\/www.event-fotos.net\/Wordpress\/wp-content\/uploads\/2025\/12\/20251125_194425-150x150.jpg\",\"orientation\":\"landscape\"},\"medium\":{\"height\":217,\"width\":300,\"url\":\"https:\/\/www.event-fotos.net\/Wordpress\/wp-content\/uploads\/2025\/12\/20251125_194425-300x217.jpg\",\"orientation\":\"landscape\"},\"full\":{\"url\":\"https:\/\/www.event-fotos.net\/Wordpress\/wp-content\/uploads\/2025\/12\/20251125_194425.jpg\",\"height\":723,\"width\":1000,\"orientation\":\"landscape\"}},\"imageMeta\":{\"aperture\":\"0\",\"credit\":\"\",\"camera\":\"\",\"caption\":\"\",\"created_timestamp\":\"0\",\"copyright\":\"\",\"focal_length\":\"0\",\"iso\":\"0\",\"shutter_speed\":\"0\",\"title\":\"\",\"orientation\":\"0\",\"keywords\":[]},\"meta\":false,\"postlink\":\"https:\/\/www.event-fotos.net\/Wordpress\/pgc_simply_gallery\/weihnachtsmarkt-kassel-2025\/20251125_194425\"},{\"id\":11748,\"title\":\"gro\u00dfer Adventskalender\",\"url\":\"https:\/\/www.event-fotos.net\/Wordpress\/wp-content\/uploads\/2025\/12\/20251125_195002.jpg\",\"link\":\"https:\/\/www.event-fotos.net\/Wordpress\/pgc_simply_gallery\/weihnachtsmarkt-kassel-2025\/20251125_195002\",\"alt\":\"\",\"description\":\"\",\"caption\":\"\",\"mime\":\"image\/jpeg\",\"type\":\"image\",\"width\":1000,\"height\":737,\"sizes\":{\"thumbnail\":{\"height\":150,\"width\":150,\"url\":\"https:\/\/www.event-fotos.net\/Wordpress\/wp-content\/uploads\/2025\/12\/20251125_195002-150x150.jpg\",\"orientation\":\"landscape\"},\"medium\":{\"height\":221,\"width\":300,\"url\":\"https:\/\/www.event-fotos.net\/Wordpress\/wp-content\/uploads\/2025\/12\/20251125_195002-300x221.jpg\",\"orientation\":\"landscape\"},\"full\":{\"url\":\"https:\/\/www.event-fotos.net\/Wordpress\/wp-content\/uploads\/2025\/12\/20251125_195002.jpg\",\"height\":737,\"width\":1000,\"orientation\":\"landscape\"}},\"imageMeta\":{\"aperture\":\"0\",\"credit\":\"\",\"camera\":\"\",\"caption\":\"\",\"created_timestamp\":\"0\",\"copyright\":\"\",\"focal_length\":\"0\",\"iso\":\"0\",\"shutter_speed\":\"0\",\"title\":\"\",\"orientation\":\"0\",\"keywords\":[]},\"meta\":false,\"postlink\":\"https:\/\/www.event-fotos.net\/Wordpress\/pgc_simply_gallery\/weihnachtsmarkt-kassel-2025\/20251125_195002\"},{\"id\":11767,\"title\":\"Rentier-Eisenbahn\",\"url\":\"https:\/\/www.event-fotos.net\/Wordpress\/wp-content\/uploads\/2025\/12\/20251212_1718430.jpg\",\"link\":\"https:\/\/www.event-fotos.net\/Wordpress\/pgc_simply_gallery\/weihnachtsmarkt-kassel-2025\/20251212_1718430\",\"alt\":\"\",\"description\":\"\",\"caption\":\"\",\"mime\":\"image\/jpeg\",\"type\":\"image\",\"width\":651,\"height\":1000,\"sizes\":{\"thumbnail\":{\"height\":150,\"width\":150,\"url\":\"https:\/\/www.event-fotos.net\/Wordpress\/wp-content\/uploads\/2025\/12\/20251212_1718430-150x150.jpg\",\"orientation\":\"landscape\"},\"medium\":{\"height\":300,\"width\":195,\"url\":\"https:\/\/www.event-fotos.net\/Wordpress\/wp-content\/uploads\/2025\/12\/20251212_1718430-195x300.jpg\",\"orientation\":\"portrait\"},\"full\":{\"url\":\"https:\/\/www.event-fotos.net\/Wordpress\/wp-content\/uploads\/2025\/12\/20251212_1718430.jpg\",\"height\":1000,\"width\":651,\"orientation\":\"portrait\"}},\"imageMeta\":{\"aperture\":\"0\",\"credit\":\"\",\"camera\":\"\",\"caption\":\"\",\"created_timestamp\":\"0\",\"copyright\":\"\",\"focal_length\":\"0\",\"iso\":\"0\",\"shutter_speed\":\"0\",\"title\":\"\",\"orientation\":\"0\",\"keywords\":[]},\"meta\":false,\"postlink\":\"https:\/\/www.event-fotos.net\/Wordpress\/pgc_simply_gallery\/weihnachtsmarkt-kassel-2025\/20251212_1718430\"},{\"id\":11745,\"title\":\"Pyramide auf dem K\u00f6nigsplatz\",\"url\":\"https:\/\/www.event-fotos.net\/Wordpress\/wp-content\/uploads\/2025\/12\/20251125_193751.jpg\",\"link\":\"https:\/\/www.event-fotos.net\/Wordpress\/pgc_simply_gallery\/weihnachtsmarkt-kassel-2025\/20251125_193751\",\"alt\":\"\",\"description\":\"\",\"caption\":\"\",\"mime\":\"image\/jpeg\",\"type\":\"image\",\"width\":654,\"height\":1000,\"sizes\":{\"thumbnail\":{\"height\":150,\"width\":150,\"url\":\"https:\/\/www.event-fotos.net\/Wordpress\/wp-content\/uploads\/2025\/12\/20251125_193751-150x150.jpg\",\"orientation\":\"landscape\"},\"medium\":{\"height\":300,\"width\":196,\"url\":\"https:\/\/www.event-fotos.net\/Wordpress\/wp-content\/uploads\/2025\/12\/20251125_193751-196x300.jpg\",\"orientation\":\"portrait\"},\"full\":{\"url\":\"https:\/\/www.event-fotos.net\/Wordpress\/wp-content\/uploads\/2025\/12\/20251125_193751.jpg\",\"height\":1000,\"width\":654,\"orientation\":\"portrait\"}},\"imageMeta\":{\"aperture\":\"0\",\"credit\":\"\",\"camera\":\"\",\"caption\":\"\",\"created_timestamp\":\"0\",\"copyright\":\"\",\"focal_length\":\"0\",\"iso\":\"0\",\"shutter_speed\":\"0\",\"title\":\"\",\"orientation\":\"0\",\"keywords\":[]},\"meta\":false,\"postlink\":\"https:\/\/www.event-fotos.net\/Wordpress\/pgc_simply_gallery\/weihnachtsmarkt-kassel-2025\/20251125_193751\"},{\"id\":11768,\"title\":\"Der Weihnachtsmann auf dem City-Point Kassel\",\"url\":\"https:\/\/www.event-fotos.net\/Wordpress\/wp-content\/uploads\/2025\/12\/20251212_173413.jpg\",\"link\":\"https:\/\/www.event-fotos.net\/Wordpress\/pgc_simply_gallery\/weihnachtsmarkt-kassel-2025\/20251212_173413\",\"alt\":\"\",\"description\":\"\",\"caption\":\"\",\"mime\":\"image\/jpeg\",\"type\":\"image\",\"width\":635,\"height\":1000,\"sizes\":{\"thumbnail\":{\"height\":150,\"width\":150,\"url\":\"https:\/\/www.event-fotos.net\/Wordpress\/wp-content\/uploads\/2025\/12\/20251212_173413-150x150.jpg\",\"orientation\":\"landscape\"},\"medium\":{\"height\":300,\"width\":191,\"url\":\"https:\/\/www.event-fotos.net\/Wordpress\/wp-content\/uploads\/2025\/12\/20251212_173413-191x300.jpg\",\"orientation\":\"portrait\"},\"full\":{\"url\":\"https:\/\/www.event-fotos.net\/Wordpress\/wp-content\/uploads\/2025\/12\/20251212_173413.jpg\",\"height\":1000,\"width\":635,\"orientation\":\"portrait\"}},\"imageMeta\":{\"aperture\":\"0\",\"credit\":\"\",\"camera\":\"\",\"caption\":\"\",\"created_timestamp\":\"0\",\"copyright\":\"\",\"focal_length\":\"0\",\"iso\":\"0\",\"shutter_speed\":\"0\",\"title\":\"\",\"orientation\":\"0\",\"keywords\":[]},\"meta\":false,\"postlink\":\"https:\/\/www.event-fotos.net\/Wordpress\/pgc_simply_gallery\/weihnachtsmarkt-kassel-2025\/20251212_173413\"},{\"id\":11770,\"title\":\"Der Weihnachtsmann fliegt zu den Kindern\",\"url\":\"https:\/\/www.event-fotos.net\/Wordpress\/wp-content\/uploads\/2025\/12\/Bildschirmfoto-2025-12-12-um-22.37.44.png\",\"link\":\"https:\/\/www.event-fotos.net\/Wordpress\/pgc_simply_gallery\/weihnachtsmarkt-kassel-2025\/bildschirmfoto-2025-12-12-um-22-37-44\",\"alt\":\"\",\"description\":\"\",\"caption\":\"\",\"mime\":\"image\/png\",\"type\":\"image\",\"width\":1000,\"height\":673,\"sizes\":{\"thumbnail\":{\"height\":150,\"width\":150,\"url\":\"https:\/\/www.event-fotos.net\/Wordpress\/wp-content\/uploads\/2025\/12\/Bildschirmfoto-2025-12-12-um-22.37.44-150x150.png\",\"orientation\":\"landscape\"},\"medium\":{\"height\":202,\"width\":300,\"url\":\"https:\/\/www.event-fotos.net\/Wordpress\/wp-content\/uploads\/2025\/12\/Bildschirmfoto-2025-12-12-um-22.37.44-300x202.png\",\"orientation\":\"landscape\"},\"full\":{\"url\":\"https:\/\/www.event-fotos.net\/Wordpress\/wp-content\/uploads\/2025\/12\/Bildschirmfoto-2025-12-12-um-22.37.44.png\",\"height\":673,\"width\":1000,\"orientation\":\"landscape\"}},\"imageMeta\":{\"aperture\":\"0\",\"credit\":\"\",\"camera\":\"\",\"caption\":\"\",\"created_timestamp\":\"0\",\"copyright\":\"\",\"focal_length\":\"0\",\"iso\":\"0\",\"shutter_speed\":\"0\",\"title\":\"\",\"orientation\":\"0\",\"keywords\":[]},\"meta\":false,\"postlink\":\"https:\/\/www.event-fotos.net\/Wordpress\/pgc_simply_gallery\/weihnachtsmarkt-kassel-2025\/bildschirmfoto-2025-12-12-um-22-37-44\"},{\"id\":11771,\"title\":\"Der fliegende Weihnachtsmann \\u0022d\u00fcst\\u0022 auf den K\u00f6nigsplatz\",\"url\":\"https:\/\/www.event-fotos.net\/Wordpress\/wp-content\/uploads\/2025\/12\/Bildschirmfoto-2025-12-12-um-22.38.12.png\",\"link\":\"https:\/\/www.event-fotos.net\/Wordpress\/pgc_simply_gallery\/weihnachtsmarkt-kassel-2025\/bildschirmfoto-2025-12-12-um-22-38-12\",\"alt\":\"\",\"description\":\"\",\"caption\":\"\",\"mime\":\"image\/png\",\"type\":\"image\",\"width\":1000,\"height\":679,\"sizes\":{\"thumbnail\":{\"height\":150,\"width\":150,\"url\":\"https:\/\/www.event-fotos.net\/Wordpress\/wp-content\/uploads\/2025\/12\/Bildschirmfoto-2025-12-12-um-22.38.12-150x150.png\",\"orientation\":\"landscape\"},\"medium\":{\"height\":204,\"width\":300,\"url\":\"https:\/\/www.event-fotos.net\/Wordpress\/wp-content\/uploads\/2025\/12\/Bildschirmfoto-2025-12-12-um-22.38.12-300x204.png\",\"orientation\":\"landscape\"},\"full\":{\"url\":\"https:\/\/www.event-fotos.net\/Wordpress\/wp-content\/uploads\/2025\/12\/Bildschirmfoto-2025-12-12-um-22.38.12.png\",\"height\":679,\"width\":1000,\"orientation\":\"landscape\"}},\"imageMeta\":{\"aperture\":\"0\",\"credit\":\"\",\"camera\":\"\",\"caption\":\"\",\"created_timestamp\":\"0\",\"copyright\":\"\",\"focal_length\":\"0\",\"iso\":\"0\",\"shutter_speed\":\"0\",\"title\":\"\",\"orientation\":\"0\",\"keywords\":[]},\"meta\":false,\"postlink\":\"https:\/\/www.event-fotos.net\/Wordpress\/pgc_simply_gallery\/weihnachtsmarkt-kassel-2025\/bildschirmfoto-2025-12-12-um-22-38-12\"},{\"id\":11772,\"title\":\"Und da verschwindet er auch schon wieder\",\"url\":\"https:\/\/www.event-fotos.net\/Wordpress\/wp-content\/uploads\/2025\/12\/Bildschirmfoto-2025-12-12-um-22.39.56.png\",\"link\":\"https:\/\/www.event-fotos.net\/Wordpress\/pgc_simply_gallery\/weihnachtsmarkt-kassel-2025\/bildschirmfoto-2025-12-12-um-22-39-56\",\"alt\":\"\",\"description\":\"\",\"caption\":\"\",\"mime\":\"image\/png\",\"type\":\"image\",\"width\":659,\"height\":1000,\"sizes\":{\"thumbnail\":{\"height\":150,\"width\":150,\"url\":\"https:\/\/www.event-fotos.net\/Wordpress\/wp-content\/uploads\/2025\/12\/Bildschirmfoto-2025-12-12-um-22.39.56-150x150.png\",\"orientation\":\"landscape\"},\"medium\":{\"height\":300,\"width\":198,\"url\":\"https:\/\/www.event-fotos.net\/Wordpress\/wp-content\/uploads\/2025\/12\/Bildschirmfoto-2025-12-12-um-22.39.56-198x300.png\",\"orientation\":\"portrait\"},\"full\":{\"url\":\"https:\/\/www.event-fotos.net\/Wordpress\/wp-content\/uploads\/2025\/12\/Bildschirmfoto-2025-12-12-um-22.39.56.png\",\"height\":1000,\"width\":659,\"orientation\":\"portrait\"}},\"imageMeta\":{\"aperture\":\"0\",\"credit\":\"\",\"camera\":\"\",\"caption\":\"\",\"created_timestamp\":\"0\",\"copyright\":\"\",\"focal_length\":\"0\",\"iso\":\"0\",\"shutter_speed\":\"0\",\"title\":\"\",\"orientation\":\"0\",\"keywords\":[]},\"meta\":false,\"postlink\":\"https:\/\/www.event-fotos.net\/Wordpress\/pgc_simply_gallery\/weihnachtsmarkt-kassel-2025\/bildschirmfoto-2025-12-12-um-22-39-56\"}],\"sliderSocialShareEnabled\":false,\"sliderItemDownload\":false,\"pageControllerThumbsRows\":12,\"shareFacebook\":false,\"shareTwitter\":false,\"sharePinterest\":false,\"shareCopyLink\":false,\"itemsMetaDataCollection\":[]}<\/script><script>(function(){if(window.PGC_SGB && window.PGC_SGB.searcher){window.PGC_SGB.searcher.initBlocks()}})()<\/script><\/div>","protected":false},"featured_media":0,"comment_status":"closed","ping_status":"closed","template":"","pgc_simply_category":[],"class_list":["post-11663","pgc_simply_gallery","type-pgc_simply_gallery","status-publish","hentry"],"_links":{"self":[{"href":"https:\/\/www.event-fotos.net\/Wordpress\/wp-json\/wp\/v2\/pgc_simply_gallery\/11663","targetHints":{"allow":["GET"]}}],"collection":[{"href":"https:\/\/www.event-fotos.net\/Wordpress\/wp-json\/wp\/v2\/pgc_simply_gallery"}],"about":[{"href":"https:\/\/www.event-fotos.net\/Wordpress\/wp-json\/wp\/v2\/types\/pgc_simply_gallery"}],"replies":[{"embeddable":true,"href":"https:\/\/www.event-fotos.net\/Wordpress\/wp-json\/wp\/v2\/comments?post=11663"}],"wp:attachment":[{"href":"https:\/\/www.event-fotos.net\/Wordpress\/wp-json\/wp\/v2\/media?parent=11663"}],"wp:term":[{"taxonomy":"pgc_simply_category","embeddable":true,"href":"https:\/\/www.event-fotos.net\/Wordpress\/wp-json\/wp\/v2\/pgc_simply_category?post=11663"}],"curies":[{"name":"wp","href":"https:\/\/api.w.org\/{rel}","templated":true}]}}