{"id":3576,"date":"2023-06-27T23:33:49","date_gmt":"2023-06-27T21:33:49","guid":{"rendered":"https:\/\/www.event-fotos.net\/Wordpress\/?post_type=pgc_simply_gallery&#038;p=3576"},"modified":"2023-06-27T23:33:49","modified_gmt":"2023-06-27T21:33:49","slug":"bvb-familientag-saisoneroeffnung-dortmund-2011","status":"publish","type":"pgc_simply_gallery","link":"https:\/\/www.event-fotos.net\/Wordpress\/pgc_simply_gallery\/bvb-familientag-saisoneroeffnung-dortmund-2011","title":{"rendered":"BVB Familientag-Saisoner\u00f6ffnung, Dortmund (2011)"},"content":{"rendered":"<div class=\"pgc-sgb-cb wp-block-pgcsimplygalleryblock-viewer \" data-gallery-id=\"77961303\"><div class=\"sgb-preloader\" id=\"pr_77961303\">\n\t<div class=\"sgb-square\" style=\"background:#d4d4d4\"><\/div>\n\t<div class=\"sgb-square\" style=\"background:#d4d4d4\"><\/div>\n\t<div class=\"sgb-square\" style=\"background:#d4d4d4\"><\/div>\n\t<div class=\"sgb-square\" style=\"background:#d4d4d4\"><\/div><\/div><div class=\"simply-gallery-amp pgc_sgb_slider \"><noscript><div class=\"sgb-gallery\"><div class=\"sgb-item\"><a href=\"https:\/\/www.event-fotos.net\/Wordpress\/?attachment_id=3578\" target=\"_blank\"><img decoding=\"async\" alt=\"\" width=\"200\" height=\"300\" loading=\"lazy\" src=\"https:\/\/www.event-fotos.net\/Wordpress\/wp-content\/uploads\/2023\/06\/01-19-200x300.jpg\" srcset=\"https:\/\/www.event-fotos.net\/Wordpress\/wp-content\/uploads\/2023\/06\/01-19-200x300.jpg 200w,https:\/\/www.event-fotos.net\/Wordpress\/wp-content\/uploads\/2023\/06\/01-19.jpg 533w\" sizes=\"auto, 250px\"\/><\/a><\/div><div class=\"sgb-item\"><a href=\"https:\/\/www.event-fotos.net\/Wordpress\/?attachment_id=3579\" target=\"_blank\"><img decoding=\"async\" alt=\"\" width=\"300\" height=\"200\" loading=\"lazy\" src=\"https:\/\/www.event-fotos.net\/Wordpress\/wp-content\/uploads\/2023\/06\/02-19-300x200.jpg\" srcset=\"https:\/\/www.event-fotos.net\/Wordpress\/wp-content\/uploads\/2023\/06\/02-19-300x200.jpg 300w,https:\/\/www.event-fotos.net\/Wordpress\/wp-content\/uploads\/2023\/06\/02-19.jpg 800w\" sizes=\"auto, 250px\"\/><\/a><\/div><div class=\"sgb-item\"><a href=\"https:\/\/www.event-fotos.net\/Wordpress\/?attachment_id=3580\" target=\"_blank\"><img decoding=\"async\" alt=\"\" width=\"300\" height=\"194\" loading=\"lazy\" src=\"https:\/\/www.event-fotos.net\/Wordpress\/wp-content\/uploads\/2023\/06\/03-19-300x194.jpg\" srcset=\"https:\/\/www.event-fotos.net\/Wordpress\/wp-content\/uploads\/2023\/06\/03-19-300x194.jpg 300w,https:\/\/www.event-fotos.net\/Wordpress\/wp-content\/uploads\/2023\/06\/03-19.jpg 800w\" sizes=\"auto, 250px\"\/><\/a><\/div><div class=\"sgb-item\"><a href=\"https:\/\/www.event-fotos.net\/Wordpress\/?attachment_id=3581\" target=\"_blank\"><img decoding=\"async\" alt=\"\" width=\"300\" height=\"201\" loading=\"lazy\" src=\"https:\/\/www.event-fotos.net\/Wordpress\/wp-content\/uploads\/2023\/06\/04-19-300x201.jpg\" srcset=\"https:\/\/www.event-fotos.net\/Wordpress\/wp-content\/uploads\/2023\/06\/04-19-300x201.jpg 300w,https:\/\/www.event-fotos.net\/Wordpress\/wp-content\/uploads\/2023\/06\/04-19.jpg 800w\" sizes=\"auto, 250px\"\/><\/a><\/div><div class=\"sgb-item\"><a href=\"https:\/\/www.event-fotos.net\/Wordpress\/?attachment_id=3582\" target=\"_blank\"><img decoding=\"async\" alt=\"\" width=\"185\" height=\"300\" loading=\"lazy\" src=\"https:\/\/www.event-fotos.net\/Wordpress\/wp-content\/uploads\/2023\/06\/05-19-185x300.jpg\" srcset=\"https:\/\/www.event-fotos.net\/Wordpress\/wp-content\/uploads\/2023\/06\/05-19-185x300.jpg 185w,https:\/\/www.event-fotos.net\/Wordpress\/wp-content\/uploads\/2023\/06\/05-19.jpg 492w\" sizes=\"auto, 250px\"\/><\/a><\/div><div class=\"sgb-item\"><a href=\"https:\/\/www.event-fotos.net\/Wordpress\/?attachment_id=3583\" target=\"_blank\"><img decoding=\"async\" alt=\"\" width=\"200\" height=\"300\" loading=\"lazy\" src=\"https:\/\/www.event-fotos.net\/Wordpress\/wp-content\/uploads\/2023\/06\/06-20-200x300.jpg\" srcset=\"https:\/\/www.event-fotos.net\/Wordpress\/wp-content\/uploads\/2023\/06\/06-20-200x300.jpg 200w,https:\/\/www.event-fotos.net\/Wordpress\/wp-content\/uploads\/2023\/06\/06-20.jpg 533w\" sizes=\"auto, 250px\"\/><\/a><\/div><div class=\"sgb-item\"><a href=\"https:\/\/www.event-fotos.net\/Wordpress\/?attachment_id=3584\" target=\"_blank\"><img decoding=\"async\" alt=\"\" width=\"300\" height=\"200\" loading=\"lazy\" src=\"https:\/\/www.event-fotos.net\/Wordpress\/wp-content\/uploads\/2023\/06\/07-19-300x200.jpg\" srcset=\"https:\/\/www.event-fotos.net\/Wordpress\/wp-content\/uploads\/2023\/06\/07-19-300x200.jpg 300w,https:\/\/www.event-fotos.net\/Wordpress\/wp-content\/uploads\/2023\/06\/07-19.jpg 800w\" sizes=\"auto, 250px\"\/><\/a><\/div><div class=\"sgb-item\"><a href=\"https:\/\/www.event-fotos.net\/Wordpress\/?attachment_id=3585\" target=\"_blank\"><img decoding=\"async\" alt=\"\" width=\"300\" height=\"197\" loading=\"lazy\" src=\"https:\/\/www.event-fotos.net\/Wordpress\/wp-content\/uploads\/2023\/06\/08-19-300x197.jpg\" srcset=\"https:\/\/www.event-fotos.net\/Wordpress\/wp-content\/uploads\/2023\/06\/08-19-300x197.jpg 300w,https:\/\/www.event-fotos.net\/Wordpress\/wp-content\/uploads\/2023\/06\/08-19.jpg 800w\" sizes=\"auto, 250px\"\/><\/a><\/div><div class=\"sgb-item\"><a href=\"https:\/\/www.event-fotos.net\/Wordpress\/?attachment_id=3586\" target=\"_blank\"><img decoding=\"async\" alt=\"\" width=\"300\" height=\"196\" loading=\"lazy\" src=\"https:\/\/www.event-fotos.net\/Wordpress\/wp-content\/uploads\/2023\/06\/09-18-300x196.jpg\" srcset=\"https:\/\/www.event-fotos.net\/Wordpress\/wp-content\/uploads\/2023\/06\/09-18-300x196.jpg 300w,https:\/\/www.event-fotos.net\/Wordpress\/wp-content\/uploads\/2023\/06\/09-18.jpg 800w\" sizes=\"auto, 250px\"\/><\/a><\/div><div class=\"sgb-item\"><a href=\"https:\/\/www.event-fotos.net\/Wordpress\/?attachment_id=3587\" target=\"_blank\"><img decoding=\"async\" alt=\"\" width=\"300\" height=\"195\" loading=\"lazy\" src=\"https:\/\/www.event-fotos.net\/Wordpress\/wp-content\/uploads\/2023\/06\/10-18-300x195.jpg\" srcset=\"https:\/\/www.event-fotos.net\/Wordpress\/wp-content\/uploads\/2023\/06\/10-18-300x195.jpg 300w,https:\/\/www.event-fotos.net\/Wordpress\/wp-content\/uploads\/2023\/06\/10-18.jpg 800w\" sizes=\"auto, 250px\"\/><\/a><\/div><div class=\"sgb-item\"><a href=\"https:\/\/www.event-fotos.net\/Wordpress\/?attachment_id=3588\" target=\"_blank\"><img decoding=\"async\" alt=\"\" width=\"200\" height=\"300\" loading=\"lazy\" src=\"https:\/\/www.event-fotos.net\/Wordpress\/wp-content\/uploads\/2023\/06\/11-19-200x300.jpg\" srcset=\"https:\/\/www.event-fotos.net\/Wordpress\/wp-content\/uploads\/2023\/06\/11-19-200x300.jpg 200w,https:\/\/www.event-fotos.net\/Wordpress\/wp-content\/uploads\/2023\/06\/11-19.jpg 533w\" sizes=\"auto, 250px\"\/><\/a><\/div><div class=\"sgb-item\"><a href=\"https:\/\/www.event-fotos.net\/Wordpress\/?attachment_id=3589\" target=\"_blank\"><img decoding=\"async\" alt=\"\" width=\"198\" height=\"300\" loading=\"lazy\" src=\"https:\/\/www.event-fotos.net\/Wordpress\/wp-content\/uploads\/2023\/06\/12-19-198x300.jpg\" srcset=\"https:\/\/www.event-fotos.net\/Wordpress\/wp-content\/uploads\/2023\/06\/12-19-198x300.jpg 198w,https:\/\/www.event-fotos.net\/Wordpress\/wp-content\/uploads\/2023\/06\/12-19.jpg 529w\" sizes=\"auto, 250px\"\/><\/a><\/div><div class=\"sgb-item\"><a href=\"https:\/\/www.event-fotos.net\/Wordpress\/?attachment_id=3590\" target=\"_blank\"><img decoding=\"async\" alt=\"\" width=\"192\" height=\"300\" loading=\"lazy\" src=\"https:\/\/www.event-fotos.net\/Wordpress\/wp-content\/uploads\/2023\/06\/13-19-192x300.jpg\" srcset=\"https:\/\/www.event-fotos.net\/Wordpress\/wp-content\/uploads\/2023\/06\/13-19-192x300.jpg 192w,https:\/\/www.event-fotos.net\/Wordpress\/wp-content\/uploads\/2023\/06\/13-19.jpg 512w\" sizes=\"auto, 250px\"\/><\/a><\/div><div class=\"sgb-item\"><a href=\"https:\/\/www.event-fotos.net\/Wordpress\/?attachment_id=3591\" target=\"_blank\"><img decoding=\"async\" alt=\"\" width=\"189\" height=\"300\" loading=\"lazy\" src=\"https:\/\/www.event-fotos.net\/Wordpress\/wp-content\/uploads\/2023\/06\/14-19-189x300.jpg\" srcset=\"https:\/\/www.event-fotos.net\/Wordpress\/wp-content\/uploads\/2023\/06\/14-19-189x300.jpg 189w,https:\/\/www.event-fotos.net\/Wordpress\/wp-content\/uploads\/2023\/06\/14-19.jpg 505w\" sizes=\"auto, 250px\"\/><\/a><\/div><div class=\"sgb-item\"><a href=\"https:\/\/www.event-fotos.net\/Wordpress\/?attachment_id=3592\" target=\"_blank\"><img decoding=\"async\" alt=\"\" width=\"187\" height=\"300\" loading=\"lazy\" src=\"https:\/\/www.event-fotos.net\/Wordpress\/wp-content\/uploads\/2023\/06\/15-19-187x300.jpg\" srcset=\"https:\/\/www.event-fotos.net\/Wordpress\/wp-content\/uploads\/2023\/06\/15-19-187x300.jpg 187w,https:\/\/www.event-fotos.net\/Wordpress\/wp-content\/uploads\/2023\/06\/15-19.jpg 498w\" sizes=\"auto, 250px\"\/><\/a><\/div><div class=\"sgb-item\"><a href=\"https:\/\/www.event-fotos.net\/Wordpress\/?attachment_id=3593\" target=\"_blank\"><img decoding=\"async\" alt=\"\" width=\"193\" height=\"300\" loading=\"lazy\" src=\"https:\/\/www.event-fotos.net\/Wordpress\/wp-content\/uploads\/2023\/06\/16-19-193x300.jpg\" srcset=\"https:\/\/www.event-fotos.net\/Wordpress\/wp-content\/uploads\/2023\/06\/16-19-193x300.jpg 193w,https:\/\/www.event-fotos.net\/Wordpress\/wp-content\/uploads\/2023\/06\/16-19.jpg 514w\" sizes=\"auto, 250px\"\/><\/a><\/div><div class=\"sgb-item\"><a href=\"https:\/\/www.event-fotos.net\/Wordpress\/?attachment_id=3594\" target=\"_blank\"><img decoding=\"async\" alt=\"\" width=\"194\" height=\"300\" loading=\"lazy\" src=\"https:\/\/www.event-fotos.net\/Wordpress\/wp-content\/uploads\/2023\/06\/17-19-194x300.jpg\" srcset=\"https:\/\/www.event-fotos.net\/Wordpress\/wp-content\/uploads\/2023\/06\/17-19-194x300.jpg 194w,https:\/\/www.event-fotos.net\/Wordpress\/wp-content\/uploads\/2023\/06\/17-19.jpg 516w\" sizes=\"auto, 250px\"\/><\/a><\/div><div class=\"sgb-item\"><a href=\"https:\/\/www.event-fotos.net\/Wordpress\/?attachment_id=3595\" target=\"_blank\"><img decoding=\"async\" alt=\"\" width=\"183\" height=\"300\" loading=\"lazy\" src=\"https:\/\/www.event-fotos.net\/Wordpress\/wp-content\/uploads\/2023\/06\/18-18-183x300.jpg\" srcset=\"https:\/\/www.event-fotos.net\/Wordpress\/wp-content\/uploads\/2023\/06\/18-18-183x300.jpg 183w,https:\/\/www.event-fotos.net\/Wordpress\/wp-content\/uploads\/2023\/06\/18-18.jpg 488w\" sizes=\"auto, 250px\"\/><\/a><\/div><div class=\"sgb-item\"><a href=\"https:\/\/www.event-fotos.net\/Wordpress\/?attachment_id=3596\" target=\"_blank\"><img decoding=\"async\" alt=\"\" width=\"188\" height=\"300\" loading=\"lazy\" src=\"https:\/\/www.event-fotos.net\/Wordpress\/wp-content\/uploads\/2023\/06\/19-16-188x300.jpg\" srcset=\"https:\/\/www.event-fotos.net\/Wordpress\/wp-content\/uploads\/2023\/06\/19-16-188x300.jpg 188w,https:\/\/www.event-fotos.net\/Wordpress\/wp-content\/uploads\/2023\/06\/19-16.jpg 500w\" sizes=\"auto, 250px\"\/><\/a><\/div><div class=\"sgb-item\"><a href=\"https:\/\/www.event-fotos.net\/Wordpress\/?attachment_id=3597\" target=\"_blank\"><img decoding=\"async\" alt=\"\" width=\"195\" height=\"300\" loading=\"lazy\" src=\"https:\/\/www.event-fotos.net\/Wordpress\/wp-content\/uploads\/2023\/06\/21-16-195x300.jpg\" srcset=\"https:\/\/www.event-fotos.net\/Wordpress\/wp-content\/uploads\/2023\/06\/21-16-195x300.jpg 195w,https:\/\/www.event-fotos.net\/Wordpress\/wp-content\/uploads\/2023\/06\/21-16.jpg 520w\" sizes=\"auto, 250px\"\/><\/a><\/div><div class=\"sgb-item\"><a href=\"https:\/\/www.event-fotos.net\/Wordpress\/?attachment_id=3598\" target=\"_blank\"><img decoding=\"async\" alt=\"\" width=\"300\" height=\"192\" loading=\"lazy\" src=\"https:\/\/www.event-fotos.net\/Wordpress\/wp-content\/uploads\/2023\/06\/22-16-300x192.jpg\" srcset=\"https:\/\/www.event-fotos.net\/Wordpress\/wp-content\/uploads\/2023\/06\/22-16-300x192.jpg 300w,https:\/\/www.event-fotos.net\/Wordpress\/wp-content\/uploads\/2023\/06\/22-16.jpg 800w\" sizes=\"auto, 250px\"\/><\/a><\/div><div class=\"sgb-item\"><a href=\"https:\/\/www.event-fotos.net\/Wordpress\/?attachment_id=3599\" target=\"_blank\"><img decoding=\"async\" alt=\"\" width=\"186\" height=\"300\" loading=\"lazy\" src=\"https:\/\/www.event-fotos.net\/Wordpress\/wp-content\/uploads\/2023\/06\/23-15-186x300.jpg\" srcset=\"https:\/\/www.event-fotos.net\/Wordpress\/wp-content\/uploads\/2023\/06\/23-15-186x300.jpg 186w,https:\/\/www.event-fotos.net\/Wordpress\/wp-content\/uploads\/2023\/06\/23-15.jpg 496w\" sizes=\"auto, 250px\"\/><\/a><\/div><div class=\"sgb-item\"><a href=\"https:\/\/www.event-fotos.net\/Wordpress\/?attachment_id=3600\" target=\"_blank\"><img decoding=\"async\" alt=\"\" width=\"187\" height=\"300\" loading=\"lazy\" src=\"https:\/\/www.event-fotos.net\/Wordpress\/wp-content\/uploads\/2023\/06\/24-13-187x300.jpg\" srcset=\"https:\/\/www.event-fotos.net\/Wordpress\/wp-content\/uploads\/2023\/06\/24-13-187x300.jpg 187w,https:\/\/www.event-fotos.net\/Wordpress\/wp-content\/uploads\/2023\/06\/24-13.jpg 498w\" sizes=\"auto, 250px\"\/><\/a><\/div><div class=\"sgb-item\"><a href=\"https:\/\/www.event-fotos.net\/Wordpress\/?attachment_id=3601\" target=\"_blank\"><img decoding=\"async\" alt=\"\" width=\"188\" height=\"300\" loading=\"lazy\" src=\"https:\/\/www.event-fotos.net\/Wordpress\/wp-content\/uploads\/2023\/06\/25-12-188x300.jpg\" srcset=\"https:\/\/www.event-fotos.net\/Wordpress\/wp-content\/uploads\/2023\/06\/25-12-188x300.jpg 188w,https:\/\/www.event-fotos.net\/Wordpress\/wp-content\/uploads\/2023\/06\/25-12.jpg 500w\" sizes=\"auto, 250px\"\/><\/a><\/div><div class=\"sgb-item\"><a href=\"https:\/\/www.event-fotos.net\/Wordpress\/?attachment_id=3602\" target=\"_blank\"><img decoding=\"async\" alt=\"\" width=\"179\" height=\"300\" loading=\"lazy\" src=\"https:\/\/www.event-fotos.net\/Wordpress\/wp-content\/uploads\/2023\/06\/26-12-179x300.jpg\" srcset=\"https:\/\/www.event-fotos.net\/Wordpress\/wp-content\/uploads\/2023\/06\/26-12-179x300.jpg 179w,https:\/\/www.event-fotos.net\/Wordpress\/wp-content\/uploads\/2023\/06\/26-12.jpg 478w\" sizes=\"auto, 250px\"\/><\/a><\/div><div class=\"sgb-item\"><a href=\"https:\/\/www.event-fotos.net\/Wordpress\/?attachment_id=3603\" target=\"_blank\"><img decoding=\"async\" alt=\"\" width=\"184\" height=\"300\" loading=\"lazy\" src=\"https:\/\/www.event-fotos.net\/Wordpress\/wp-content\/uploads\/2023\/06\/27-12-184x300.jpg\" srcset=\"https:\/\/www.event-fotos.net\/Wordpress\/wp-content\/uploads\/2023\/06\/27-12-184x300.jpg 184w,https:\/\/www.event-fotos.net\/Wordpress\/wp-content\/uploads\/2023\/06\/27-12.jpg 490w\" sizes=\"auto, 250px\"\/><\/a><\/div><div class=\"sgb-item\"><a href=\"https:\/\/www.event-fotos.net\/Wordpress\/?attachment_id=3604\" target=\"_blank\"><img decoding=\"async\" alt=\"\" width=\"182\" height=\"300\" loading=\"lazy\" src=\"https:\/\/www.event-fotos.net\/Wordpress\/wp-content\/uploads\/2023\/06\/28-12-182x300.jpg\" srcset=\"https:\/\/www.event-fotos.net\/Wordpress\/wp-content\/uploads\/2023\/06\/28-12-182x300.jpg 182w,https:\/\/www.event-fotos.net\/Wordpress\/wp-content\/uploads\/2023\/06\/28-12.jpg 486w\" sizes=\"auto, 250px\"\/><\/a><\/div><div class=\"sgb-item\"><a href=\"https:\/\/www.event-fotos.net\/Wordpress\/?attachment_id=3605\" target=\"_blank\"><img decoding=\"async\" alt=\"\" width=\"182\" height=\"300\" loading=\"lazy\" src=\"https:\/\/www.event-fotos.net\/Wordpress\/wp-content\/uploads\/2023\/06\/29-12-182x300.jpg\" srcset=\"https:\/\/www.event-fotos.net\/Wordpress\/wp-content\/uploads\/2023\/06\/29-12-182x300.jpg 182w,https:\/\/www.event-fotos.net\/Wordpress\/wp-content\/uploads\/2023\/06\/29-12.jpg 485w\" sizes=\"auto, 250px\"\/><\/a><\/div><div class=\"sgb-item\"><a href=\"https:\/\/www.event-fotos.net\/Wordpress\/?attachment_id=3606\" target=\"_blank\"><img decoding=\"async\" alt=\"\" width=\"300\" height=\"201\" loading=\"lazy\" src=\"https:\/\/www.event-fotos.net\/Wordpress\/wp-content\/uploads\/2023\/06\/30-11-300x201.jpg\" srcset=\"https:\/\/www.event-fotos.net\/Wordpress\/wp-content\/uploads\/2023\/06\/30-11-300x201.jpg 300w,https:\/\/www.event-fotos.net\/Wordpress\/wp-content\/uploads\/2023\/06\/30-11.jpg 800w\" sizes=\"auto, 250px\"\/><\/a><\/div><div class=\"sgb-item\"><a href=\"https:\/\/www.event-fotos.net\/Wordpress\/?attachment_id=3607\" target=\"_blank\"><img decoding=\"async\" alt=\"\" width=\"300\" height=\"188\" loading=\"lazy\" src=\"https:\/\/www.event-fotos.net\/Wordpress\/wp-content\/uploads\/2023\/06\/31-10-300x188.jpg\" srcset=\"https:\/\/www.event-fotos.net\/Wordpress\/wp-content\/uploads\/2023\/06\/31-10-300x188.jpg 300w,https:\/\/www.event-fotos.net\/Wordpress\/wp-content\/uploads\/2023\/06\/31-10.jpg 800w\" sizes=\"auto, 250px\"\/><\/a><\/div><div class=\"sgb-item\"><a href=\"https:\/\/www.event-fotos.net\/Wordpress\/?attachment_id=3608\" target=\"_blank\"><img decoding=\"async\" alt=\"\" width=\"300\" height=\"194\" loading=\"lazy\" src=\"https:\/\/www.event-fotos.net\/Wordpress\/wp-content\/uploads\/2023\/06\/32-10-300x194.jpg\" srcset=\"https:\/\/www.event-fotos.net\/Wordpress\/wp-content\/uploads\/2023\/06\/32-10-300x194.jpg 300w,https:\/\/www.event-fotos.net\/Wordpress\/wp-content\/uploads\/2023\/06\/32-10.jpg 800w\" sizes=\"auto, 250px\"\/><\/a><\/div><div class=\"sgb-item\"><a href=\"https:\/\/www.event-fotos.net\/Wordpress\/?attachment_id=3609\" target=\"_blank\"><img decoding=\"async\" alt=\"\" width=\"300\" height=\"192\" loading=\"lazy\" src=\"https:\/\/www.event-fotos.net\/Wordpress\/wp-content\/uploads\/2023\/06\/33-9-300x192.jpg\" srcset=\"https:\/\/www.event-fotos.net\/Wordpress\/wp-content\/uploads\/2023\/06\/33-9-300x192.jpg 300w,https:\/\/www.event-fotos.net\/Wordpress\/wp-content\/uploads\/2023\/06\/33-9.jpg 800w\" sizes=\"auto, 250px\"\/><\/a><\/div><div class=\"sgb-item\"><a href=\"https:\/\/www.event-fotos.net\/Wordpress\/?attachment_id=3610\" target=\"_blank\"><img decoding=\"async\" alt=\"\" width=\"189\" height=\"300\" loading=\"lazy\" src=\"https:\/\/www.event-fotos.net\/Wordpress\/wp-content\/uploads\/2023\/06\/34-10-189x300.jpg\" srcset=\"https:\/\/www.event-fotos.net\/Wordpress\/wp-content\/uploads\/2023\/06\/34-10-189x300.jpg 189w,https:\/\/www.event-fotos.net\/Wordpress\/wp-content\/uploads\/2023\/06\/34-10.jpg 503w\" sizes=\"auto, 250px\"\/><\/a><\/div><div class=\"sgb-item\"><a href=\"https:\/\/www.event-fotos.net\/Wordpress\/?attachment_id=3611\" target=\"_blank\"><img decoding=\"async\" alt=\"\" width=\"189\" height=\"300\" loading=\"lazy\" src=\"https:\/\/www.event-fotos.net\/Wordpress\/wp-content\/uploads\/2023\/06\/35-10-189x300.jpg\" srcset=\"https:\/\/www.event-fotos.net\/Wordpress\/wp-content\/uploads\/2023\/06\/35-10-189x300.jpg 189w,https:\/\/www.event-fotos.net\/Wordpress\/wp-content\/uploads\/2023\/06\/35-10.jpg 504w\" sizes=\"auto, 250px\"\/><\/a><\/div><div class=\"sgb-item\"><a href=\"https:\/\/www.event-fotos.net\/Wordpress\/?attachment_id=3612\" target=\"_blank\"><img decoding=\"async\" alt=\"\" width=\"196\" height=\"300\" loading=\"lazy\" src=\"https:\/\/www.event-fotos.net\/Wordpress\/wp-content\/uploads\/2023\/06\/36-10-196x300.jpg\" srcset=\"https:\/\/www.event-fotos.net\/Wordpress\/wp-content\/uploads\/2023\/06\/36-10-196x300.jpg 196w,https:\/\/www.event-fotos.net\/Wordpress\/wp-content\/uploads\/2023\/06\/36-10.jpg 523w\" sizes=\"auto, 250px\"\/><\/a><\/div><div class=\"sgb-item\"><a href=\"https:\/\/www.event-fotos.net\/Wordpress\/?attachment_id=3613\" target=\"_blank\"><img decoding=\"async\" alt=\"\" width=\"300\" height=\"200\" loading=\"lazy\" src=\"https:\/\/www.event-fotos.net\/Wordpress\/wp-content\/uploads\/2023\/06\/37-9-300x200.jpg\" srcset=\"https:\/\/www.event-fotos.net\/Wordpress\/wp-content\/uploads\/2023\/06\/37-9-300x200.jpg 300w,https:\/\/www.event-fotos.net\/Wordpress\/wp-content\/uploads\/2023\/06\/37-9.jpg 800w\" sizes=\"auto, 250px\"\/><\/a><\/div><div class=\"sgb-item\"><a href=\"https:\/\/www.event-fotos.net\/Wordpress\/?attachment_id=3614\" target=\"_blank\"><img decoding=\"async\" alt=\"\" width=\"300\" height=\"196\" loading=\"lazy\" src=\"https:\/\/www.event-fotos.net\/Wordpress\/wp-content\/uploads\/2023\/06\/38-9-300x196.jpg\" srcset=\"https:\/\/www.event-fotos.net\/Wordpress\/wp-content\/uploads\/2023\/06\/38-9-300x196.jpg 300w,https:\/\/www.event-fotos.net\/Wordpress\/wp-content\/uploads\/2023\/06\/38-9.jpg 800w\" sizes=\"auto, 250px\"\/><\/a><\/div><div class=\"sgb-item\"><a href=\"https:\/\/www.event-fotos.net\/Wordpress\/?attachment_id=3615\" target=\"_blank\"><img decoding=\"async\" alt=\"\" width=\"300\" height=\"185\" loading=\"lazy\" src=\"https:\/\/www.event-fotos.net\/Wordpress\/wp-content\/uploads\/2023\/06\/39-9-300x185.jpg\" srcset=\"https:\/\/www.event-fotos.net\/Wordpress\/wp-content\/uploads\/2023\/06\/39-9-300x185.jpg 300w,https:\/\/www.event-fotos.net\/Wordpress\/wp-content\/uploads\/2023\/06\/39-9.jpg 800w\" sizes=\"auto, 250px\"\/><\/a><\/div><div class=\"sgb-item\"><a href=\"https:\/\/www.event-fotos.net\/Wordpress\/?attachment_id=3616\" target=\"_blank\"><img decoding=\"async\" alt=\"\" width=\"300\" height=\"196\" loading=\"lazy\" src=\"https:\/\/www.event-fotos.net\/Wordpress\/wp-content\/uploads\/2023\/06\/40-9-300x196.jpg\" srcset=\"https:\/\/www.event-fotos.net\/Wordpress\/wp-content\/uploads\/2023\/06\/40-9-300x196.jpg 300w,https:\/\/www.event-fotos.net\/Wordpress\/wp-content\/uploads\/2023\/06\/40-9.jpg 800w\" sizes=\"auto, 250px\"\/><\/a><\/div><div class=\"sgb-item\"><a href=\"https:\/\/www.event-fotos.net\/Wordpress\/?attachment_id=3617\" target=\"_blank\"><img decoding=\"async\" alt=\"\" width=\"207\" height=\"300\" loading=\"lazy\" src=\"https:\/\/www.event-fotos.net\/Wordpress\/wp-content\/uploads\/2023\/06\/41-9-207x300.jpg\" srcset=\"https:\/\/www.event-fotos.net\/Wordpress\/wp-content\/uploads\/2023\/06\/41-9-207x300.jpg 207w,https:\/\/www.event-fotos.net\/Wordpress\/wp-content\/uploads\/2023\/06\/41-9.jpg 553w\" sizes=\"auto, 250px\"\/><\/a><\/div><div class=\"sgb-item\"><a href=\"https:\/\/www.event-fotos.net\/Wordpress\/?attachment_id=3618\" target=\"_blank\"><img decoding=\"async\" alt=\"\" width=\"199\" height=\"300\" loading=\"lazy\" src=\"https:\/\/www.event-fotos.net\/Wordpress\/wp-content\/uploads\/2023\/06\/42-8-199x300.jpg\" srcset=\"https:\/\/www.event-fotos.net\/Wordpress\/wp-content\/uploads\/2023\/06\/42-8-199x300.jpg 199w,https:\/\/www.event-fotos.net\/Wordpress\/wp-content\/uploads\/2023\/06\/42-8.jpg 530w\" sizes=\"auto, 250px\"\/><\/a><\/div><div class=\"sgb-item\"><a href=\"https:\/\/www.event-fotos.net\/Wordpress\/?attachment_id=3619\" target=\"_blank\"><img decoding=\"async\" alt=\"\" width=\"189\" height=\"300\" loading=\"lazy\" src=\"https:\/\/www.event-fotos.net\/Wordpress\/wp-content\/uploads\/2023\/06\/43-8-189x300.jpg\" srcset=\"https:\/\/www.event-fotos.net\/Wordpress\/wp-content\/uploads\/2023\/06\/43-8-189x300.jpg 189w,https:\/\/www.event-fotos.net\/Wordpress\/wp-content\/uploads\/2023\/06\/43-8.jpg 504w\" sizes=\"auto, 250px\"\/><\/a><\/div><div class=\"sgb-item\"><a href=\"https:\/\/www.event-fotos.net\/Wordpress\/?attachment_id=3620\" target=\"_blank\"><img decoding=\"async\" alt=\"\" width=\"207\" height=\"300\" loading=\"lazy\" src=\"https:\/\/www.event-fotos.net\/Wordpress\/wp-content\/uploads\/2023\/06\/44-8-207x300.jpg\" srcset=\"https:\/\/www.event-fotos.net\/Wordpress\/wp-content\/uploads\/2023\/06\/44-8-207x300.jpg 207w,https:\/\/www.event-fotos.net\/Wordpress\/wp-content\/uploads\/2023\/06\/44-8.jpg 552w\" sizes=\"auto, 250px\"\/><\/a><\/div><div class=\"sgb-item\"><a href=\"https:\/\/www.event-fotos.net\/Wordpress\/?attachment_id=3621\" target=\"_blank\"><img decoding=\"async\" alt=\"\" width=\"186\" height=\"300\" loading=\"lazy\" src=\"https:\/\/www.event-fotos.net\/Wordpress\/wp-content\/uploads\/2023\/06\/45-8-186x300.jpg\" srcset=\"https:\/\/www.event-fotos.net\/Wordpress\/wp-content\/uploads\/2023\/06\/45-8-186x300.jpg 186w,https:\/\/www.event-fotos.net\/Wordpress\/wp-content\/uploads\/2023\/06\/45-8.jpg 496w\" sizes=\"auto, 250px\"\/><\/a><\/div><div class=\"sgb-item\"><a href=\"https:\/\/www.event-fotos.net\/Wordpress\/?attachment_id=3622\" target=\"_blank\"><img decoding=\"async\" alt=\"\" width=\"186\" height=\"300\" loading=\"lazy\" src=\"https:\/\/www.event-fotos.net\/Wordpress\/wp-content\/uploads\/2023\/06\/46-8-186x300.jpg\" srcset=\"https:\/\/www.event-fotos.net\/Wordpress\/wp-content\/uploads\/2023\/06\/46-8-186x300.jpg 186w,https:\/\/www.event-fotos.net\/Wordpress\/wp-content\/uploads\/2023\/06\/46-8.jpg 495w\" sizes=\"auto, 250px\"\/><\/a><\/div><\/div><\/noscript><\/div><script type=\"application\/json\" class=\"sgb-data\">{\"galleryType\":\"pgc_sgb_viewer\",\"galleryId\":\"77961303\",\"images\":[{\"id\":3578,\"title\":\"Das Signal-Iduna-Stadion Dortmund\",\"url\":\"https:\/\/www.event-fotos.net\/Wordpress\/wp-content\/uploads\/2023\/06\/01-19.jpg\",\"link\":\"https:\/\/www.event-fotos.net\/Wordpress\/?attachment_id=3578\",\"alt\":\"\",\"description\":\"\",\"caption\":\"\",\"mime\":\"image\/jpeg\",\"type\":\"image\",\"width\":533,\"height\":800,\"sizes\":{\"thumbnail\":{\"height\":150,\"width\":150,\"url\":\"https:\/\/www.event-fotos.net\/Wordpress\/wp-content\/uploads\/2023\/06\/01-19-150x150.jpg\",\"orientation\":\"landscape\"},\"medium\":{\"height\":300,\"width\":200,\"url\":\"https:\/\/www.event-fotos.net\/Wordpress\/wp-content\/uploads\/2023\/06\/01-19-200x300.jpg\",\"orientation\":\"portrait\"},\"full\":{\"url\":\"https:\/\/www.event-fotos.net\/Wordpress\/wp-content\/uploads\/2023\/06\/01-19.jpg\",\"height\":800,\"width\":533,\"orientation\":\"portrait\"}},\"imageMeta\":{\"aperture\":\"14\",\"credit\":\"\",\"camera\":\"Canon EOS 40D\",\"caption\":\"\",\"created_timestamp\":\"1309692754\",\"copyright\":\"\",\"focal_length\":\"17\",\"iso\":\"400\",\"shutter_speed\":\"0.003125\",\"title\":\"\",\"orientation\":\"1\",\"keywords\":[]},\"meta\":false,\"postlink\":\"https:\/\/www.event-fotos.net\/Wordpress\/?attachment_id=3578\"},{\"id\":3579,\"title\":\"Das Signal-Iduna-Stadion Dortmund\",\"url\":\"https:\/\/www.event-fotos.net\/Wordpress\/wp-content\/uploads\/2023\/06\/02-19.jpg\",\"link\":\"https:\/\/www.event-fotos.net\/Wordpress\/?attachment_id=3579\",\"alt\":\"\",\"description\":\"\",\"caption\":\"\",\"mime\":\"image\/jpeg\",\"type\":\"image\",\"width\":800,\"height\":533,\"sizes\":{\"thumbnail\":{\"height\":150,\"width\":150,\"url\":\"https:\/\/www.event-fotos.net\/Wordpress\/wp-content\/uploads\/2023\/06\/02-19-150x150.jpg\",\"orientation\":\"landscape\"},\"medium\":{\"height\":200,\"width\":300,\"url\":\"https:\/\/www.event-fotos.net\/Wordpress\/wp-content\/uploads\/2023\/06\/02-19-300x200.jpg\",\"orientation\":\"landscape\"},\"full\":{\"url\":\"https:\/\/www.event-fotos.net\/Wordpress\/wp-content\/uploads\/2023\/06\/02-19.jpg\",\"height\":533,\"width\":800,\"orientation\":\"landscape\"}},\"imageMeta\":{\"aperture\":\"10\",\"credit\":\"\",\"camera\":\"Canon EOS 40D\",\"caption\":\"\",\"created_timestamp\":\"1309708255\",\"copyright\":\"\",\"focal_length\":\"17\",\"iso\":\"400\",\"shutter_speed\":\"0.0025\",\"title\":\"\",\"orientation\":\"1\",\"keywords\":[]},\"meta\":false,\"postlink\":\"https:\/\/www.event-fotos.net\/Wordpress\/?attachment_id=3579\"},{\"id\":3580,\"title\":\"Das Stadion des deutschen Meisters 2011\",\"url\":\"https:\/\/www.event-fotos.net\/Wordpress\/wp-content\/uploads\/2023\/06\/03-19.jpg\",\"link\":\"https:\/\/www.event-fotos.net\/Wordpress\/?attachment_id=3580\",\"alt\":\"\",\"description\":\"\",\"caption\":\"\",\"mime\":\"image\/jpeg\",\"type\":\"image\",\"width\":800,\"height\":518,\"sizes\":{\"thumbnail\":{\"height\":150,\"width\":150,\"url\":\"https:\/\/www.event-fotos.net\/Wordpress\/wp-content\/uploads\/2023\/06\/03-19-150x150.jpg\",\"orientation\":\"landscape\"},\"medium\":{\"height\":194,\"width\":300,\"url\":\"https:\/\/www.event-fotos.net\/Wordpress\/wp-content\/uploads\/2023\/06\/03-19-300x194.jpg\",\"orientation\":\"landscape\"},\"full\":{\"url\":\"https:\/\/www.event-fotos.net\/Wordpress\/wp-content\/uploads\/2023\/06\/03-19.jpg\",\"height\":518,\"width\":800,\"orientation\":\"landscape\"}},\"imageMeta\":{\"aperture\":\"10\",\"credit\":\"\",\"camera\":\"Canon EOS 40D\",\"caption\":\"\",\"created_timestamp\":\"1309693221\",\"copyright\":\"\",\"focal_length\":\"17\",\"iso\":\"400\",\"shutter_speed\":\"0.005\",\"title\":\"\",\"orientation\":\"1\",\"keywords\":[]},\"meta\":false,\"postlink\":\"https:\/\/www.event-fotos.net\/Wordpress\/?attachment_id=3580\"},{\"id\":3581,\"title\":\"Die gr\u00f6\u00dfte Stehplatztrib\u00fcne Europas - Platz f\u00fcr 25.000 Zuschauer\",\"url\":\"https:\/\/www.event-fotos.net\/Wordpress\/wp-content\/uploads\/2023\/06\/04-19.jpg\",\"link\":\"https:\/\/www.event-fotos.net\/Wordpress\/?attachment_id=3581\",\"alt\":\"\",\"description\":\"\",\"caption\":\"\",\"mime\":\"image\/jpeg\",\"type\":\"image\",\"width\":800,\"height\":535,\"sizes\":{\"thumbnail\":{\"height\":150,\"width\":150,\"url\":\"https:\/\/www.event-fotos.net\/Wordpress\/wp-content\/uploads\/2023\/06\/04-19-150x150.jpg\",\"orientation\":\"landscape\"},\"medium\":{\"height\":201,\"width\":300,\"url\":\"https:\/\/www.event-fotos.net\/Wordpress\/wp-content\/uploads\/2023\/06\/04-19-300x201.jpg\",\"orientation\":\"landscape\"},\"full\":{\"url\":\"https:\/\/www.event-fotos.net\/Wordpress\/wp-content\/uploads\/2023\/06\/04-19.jpg\",\"height\":535,\"width\":800,\"orientation\":\"landscape\"}},\"imageMeta\":{\"aperture\":\"7.1\",\"credit\":\"\",\"camera\":\"Canon EOS 40D\",\"caption\":\"\",\"created_timestamp\":\"1309694075\",\"copyright\":\"\",\"focal_length\":\"17\",\"iso\":\"400\",\"shutter_speed\":\"0.01\",\"title\":\"\",\"orientation\":\"1\",\"keywords\":[]},\"meta\":false,\"postlink\":\"https:\/\/www.event-fotos.net\/Wordpress\/?attachment_id=3581\"},{\"id\":3582,\"title\":\"Mit diesem Kran ging es in 55m H\u00f6he\",\"url\":\"https:\/\/www.event-fotos.net\/Wordpress\/wp-content\/uploads\/2023\/06\/05-19.jpg\",\"link\":\"https:\/\/www.event-fotos.net\/Wordpress\/?attachment_id=3582\",\"alt\":\"\",\"description\":\"\",\"caption\":\"\",\"mime\":\"image\/jpeg\",\"type\":\"image\",\"width\":492,\"height\":800,\"sizes\":{\"thumbnail\":{\"height\":150,\"width\":150,\"url\":\"https:\/\/www.event-fotos.net\/Wordpress\/wp-content\/uploads\/2023\/06\/05-19-150x150.jpg\",\"orientation\":\"landscape\"},\"medium\":{\"height\":300,\"width\":185,\"url\":\"https:\/\/www.event-fotos.net\/Wordpress\/wp-content\/uploads\/2023\/06\/05-19-185x300.jpg\",\"orientation\":\"portrait\"},\"full\":{\"url\":\"https:\/\/www.event-fotos.net\/Wordpress\/wp-content\/uploads\/2023\/06\/05-19.jpg\",\"height\":800,\"width\":492,\"orientation\":\"portrait\"}},\"imageMeta\":{\"aperture\":\"16\",\"credit\":\"\",\"camera\":\"Canon EOS 40D\",\"caption\":\"\",\"created_timestamp\":\"1309695509\",\"copyright\":\"\",\"focal_length\":\"53\",\"iso\":\"400\",\"shutter_speed\":\"0.002\",\"title\":\"\",\"orientation\":\"1\",\"keywords\":[]},\"meta\":false,\"postlink\":\"https:\/\/www.event-fotos.net\/Wordpress\/?attachment_id=3582\"},{\"id\":3583,\"title\":\"Die Veranstaltungsfl\u00e4che au\u00dferhalb des Stadions von oben\",\"url\":\"https:\/\/www.event-fotos.net\/Wordpress\/wp-content\/uploads\/2023\/06\/06-20.jpg\",\"link\":\"https:\/\/www.event-fotos.net\/Wordpress\/?attachment_id=3583\",\"alt\":\"\",\"description\":\"\",\"caption\":\"\",\"mime\":\"image\/jpeg\",\"type\":\"image\",\"width\":533,\"height\":800,\"sizes\":{\"thumbnail\":{\"height\":150,\"width\":150,\"url\":\"https:\/\/www.event-fotos.net\/Wordpress\/wp-content\/uploads\/2023\/06\/06-20-150x150.jpg\",\"orientation\":\"landscape\"},\"medium\":{\"height\":300,\"width\":200,\"url\":\"https:\/\/www.event-fotos.net\/Wordpress\/wp-content\/uploads\/2023\/06\/06-20-200x300.jpg\",\"orientation\":\"portrait\"},\"full\":{\"url\":\"https:\/\/www.event-fotos.net\/Wordpress\/wp-content\/uploads\/2023\/06\/06-20.jpg\",\"height\":800,\"width\":533,\"orientation\":\"portrait\"}},\"imageMeta\":{\"aperture\":\"11\",\"credit\":\"\",\"camera\":\"Canon EOS 40D\",\"caption\":\"\",\"created_timestamp\":\"1309697715\",\"copyright\":\"\",\"focal_length\":\"17\",\"iso\":\"400\",\"shutter_speed\":\"0.004\",\"title\":\"\",\"orientation\":\"1\",\"keywords\":[]},\"meta\":false,\"postlink\":\"https:\/\/www.event-fotos.net\/Wordpress\/?attachment_id=3583\"},{\"id\":3584,\"title\":\"\u00dcber dem \\u0022Signal-Iduna-Stadion\\u0022\",\"url\":\"https:\/\/www.event-fotos.net\/Wordpress\/wp-content\/uploads\/2023\/06\/07-19.jpg\",\"link\":\"https:\/\/www.event-fotos.net\/Wordpress\/?attachment_id=3584\",\"alt\":\"\",\"description\":\"\",\"caption\":\"\",\"mime\":\"image\/jpeg\",\"type\":\"image\",\"width\":800,\"height\":533,\"sizes\":{\"thumbnail\":{\"height\":150,\"width\":150,\"url\":\"https:\/\/www.event-fotos.net\/Wordpress\/wp-content\/uploads\/2023\/06\/07-19-150x150.jpg\",\"orientation\":\"landscape\"},\"medium\":{\"height\":200,\"width\":300,\"url\":\"https:\/\/www.event-fotos.net\/Wordpress\/wp-content\/uploads\/2023\/06\/07-19-300x200.jpg\",\"orientation\":\"landscape\"},\"full\":{\"url\":\"https:\/\/www.event-fotos.net\/Wordpress\/wp-content\/uploads\/2023\/06\/07-19.jpg\",\"height\":533,\"width\":800,\"orientation\":\"landscape\"}},\"imageMeta\":{\"aperture\":\"13\",\"credit\":\"\",\"camera\":\"Canon EOS 40D\",\"caption\":\"\",\"created_timestamp\":\"1309697742\",\"copyright\":\"\",\"focal_length\":\"17\",\"iso\":\"400\",\"shutter_speed\":\"0.003125\",\"title\":\"\",\"orientation\":\"1\",\"keywords\":[]},\"meta\":false,\"postlink\":\"https:\/\/www.event-fotos.net\/Wordpress\/?attachment_id=3584\"},{\"id\":3585,\"title\":\"55 Meter k\u00f6nnen ganz sch\u00f6n hoch sein\",\"url\":\"https:\/\/www.event-fotos.net\/Wordpress\/wp-content\/uploads\/2023\/06\/08-19.jpg\",\"link\":\"https:\/\/www.event-fotos.net\/Wordpress\/?attachment_id=3585\",\"alt\":\"\",\"description\":\"\",\"caption\":\"\",\"mime\":\"image\/jpeg\",\"type\":\"image\",\"width\":800,\"height\":524,\"sizes\":{\"thumbnail\":{\"height\":150,\"width\":150,\"url\":\"https:\/\/www.event-fotos.net\/Wordpress\/wp-content\/uploads\/2023\/06\/08-19-150x150.jpg\",\"orientation\":\"landscape\"},\"medium\":{\"height\":197,\"width\":300,\"url\":\"https:\/\/www.event-fotos.net\/Wordpress\/wp-content\/uploads\/2023\/06\/08-19-300x197.jpg\",\"orientation\":\"landscape\"},\"full\":{\"url\":\"https:\/\/www.event-fotos.net\/Wordpress\/wp-content\/uploads\/2023\/06\/08-19.jpg\",\"height\":524,\"width\":800,\"orientation\":\"landscape\"}},\"imageMeta\":{\"aperture\":\"11\",\"credit\":\"\",\"camera\":\"Canon EOS 40D\",\"caption\":\"\",\"created_timestamp\":\"1309697797\",\"copyright\":\"\",\"focal_length\":\"17\",\"iso\":\"400\",\"shutter_speed\":\"0.004\",\"title\":\"\",\"orientation\":\"1\",\"keywords\":[]},\"meta\":false,\"postlink\":\"https:\/\/www.event-fotos.net\/Wordpress\/?attachment_id=3585\"},{\"id\":3586,\"title\":\"Die gro\u00dfe B\u00fchne im Stadion\",\"url\":\"https:\/\/www.event-fotos.net\/Wordpress\/wp-content\/uploads\/2023\/06\/09-18.jpg\",\"link\":\"https:\/\/www.event-fotos.net\/Wordpress\/?attachment_id=3586\",\"alt\":\"\",\"description\":\"\",\"caption\":\"\",\"mime\":\"image\/jpeg\",\"type\":\"image\",\"width\":800,\"height\":522,\"sizes\":{\"thumbnail\":{\"height\":150,\"width\":150,\"url\":\"https:\/\/www.event-fotos.net\/Wordpress\/wp-content\/uploads\/2023\/06\/09-18-150x150.jpg\",\"orientation\":\"landscape\"},\"medium\":{\"height\":196,\"width\":300,\"url\":\"https:\/\/www.event-fotos.net\/Wordpress\/wp-content\/uploads\/2023\/06\/09-18-300x196.jpg\",\"orientation\":\"landscape\"},\"full\":{\"url\":\"https:\/\/www.event-fotos.net\/Wordpress\/wp-content\/uploads\/2023\/06\/09-18.jpg\",\"height\":522,\"width\":800,\"orientation\":\"landscape\"}},\"imageMeta\":{\"aperture\":\"9\",\"credit\":\"\",\"camera\":\"Canon EOS 40D\",\"caption\":\"\",\"created_timestamp\":\"1309701321\",\"copyright\":\"\",\"focal_length\":\"17\",\"iso\":\"400\",\"shutter_speed\":\"0.00625\",\"title\":\"\",\"orientation\":\"1\",\"keywords\":[]},\"meta\":false,\"postlink\":\"https:\/\/www.event-fotos.net\/Wordpress\/?attachment_id=3586\"},{\"id\":3587,\"title\":\"Die Auswechselbank von Borussia Dortmund\",\"url\":\"https:\/\/www.event-fotos.net\/Wordpress\/wp-content\/uploads\/2023\/06\/10-18.jpg\",\"link\":\"https:\/\/www.event-fotos.net\/Wordpress\/?attachment_id=3587\",\"alt\":\"\",\"description\":\"\",\"caption\":\"\",\"mime\":\"image\/jpeg\",\"type\":\"image\",\"width\":800,\"height\":519,\"sizes\":{\"thumbnail\":{\"height\":150,\"width\":150,\"url\":\"https:\/\/www.event-fotos.net\/Wordpress\/wp-content\/uploads\/2023\/06\/10-18-150x150.jpg\",\"orientation\":\"landscape\"},\"medium\":{\"height\":195,\"width\":300,\"url\":\"https:\/\/www.event-fotos.net\/Wordpress\/wp-content\/uploads\/2023\/06\/10-18-300x195.jpg\",\"orientation\":\"landscape\"},\"full\":{\"url\":\"https:\/\/www.event-fotos.net\/Wordpress\/wp-content\/uploads\/2023\/06\/10-18.jpg\",\"height\":519,\"width\":800,\"orientation\":\"landscape\"}},\"imageMeta\":{\"aperture\":\"8\",\"credit\":\"\",\"camera\":\"Canon EOS 40D\",\"caption\":\"\",\"created_timestamp\":\"1309701423\",\"copyright\":\"\",\"focal_length\":\"66\",\"iso\":\"400\",\"shutter_speed\":\"0.01\",\"title\":\"\",\"orientation\":\"1\",\"keywords\":[]},\"meta\":false,\"postlink\":\"https:\/\/www.event-fotos.net\/Wordpress\/?attachment_id=3587\"},{\"id\":3588,\"title\":\"Patrick Owomoyela\",\"url\":\"https:\/\/www.event-fotos.net\/Wordpress\/wp-content\/uploads\/2023\/06\/11-19.jpg\",\"link\":\"https:\/\/www.event-fotos.net\/Wordpress\/?attachment_id=3588\",\"alt\":\"\",\"description\":\"\",\"caption\":\"\",\"mime\":\"image\/jpeg\",\"type\":\"image\",\"width\":533,\"height\":800,\"sizes\":{\"thumbnail\":{\"height\":150,\"width\":150,\"url\":\"https:\/\/www.event-fotos.net\/Wordpress\/wp-content\/uploads\/2023\/06\/11-19-150x150.jpg\",\"orientation\":\"landscape\"},\"medium\":{\"height\":300,\"width\":200,\"url\":\"https:\/\/www.event-fotos.net\/Wordpress\/wp-content\/uploads\/2023\/06\/11-19-200x300.jpg\",\"orientation\":\"portrait\"},\"full\":{\"url\":\"https:\/\/www.event-fotos.net\/Wordpress\/wp-content\/uploads\/2023\/06\/11-19.jpg\",\"height\":800,\"width\":533,\"orientation\":\"portrait\"}},\"imageMeta\":{\"aperture\":\"7.1\",\"credit\":\"\",\"camera\":\"Canon EOS 40D\",\"caption\":\"\",\"created_timestamp\":\"1309698617\",\"copyright\":\"\",\"focal_length\":\"30\",\"iso\":\"400\",\"shutter_speed\":\"0.004\",\"title\":\"\",\"orientation\":\"1\",\"keywords\":[]},\"meta\":false,\"postlink\":\"https:\/\/www.event-fotos.net\/Wordpress\/?attachment_id=3588\"},{\"id\":3589,\"title\":\"Sebastian Kehl\",\"url\":\"https:\/\/www.event-fotos.net\/Wordpress\/wp-content\/uploads\/2023\/06\/12-19.jpg\",\"link\":\"https:\/\/www.event-fotos.net\/Wordpress\/?attachment_id=3589\",\"alt\":\"\",\"description\":\"\",\"caption\":\"\",\"mime\":\"image\/jpeg\",\"type\":\"image\",\"width\":529,\"height\":800,\"sizes\":{\"thumbnail\":{\"height\":150,\"width\":150,\"url\":\"https:\/\/www.event-fotos.net\/Wordpress\/wp-content\/uploads\/2023\/06\/12-19-150x150.jpg\",\"orientation\":\"landscape\"},\"medium\":{\"height\":300,\"width\":198,\"url\":\"https:\/\/www.event-fotos.net\/Wordpress\/wp-content\/uploads\/2023\/06\/12-19-198x300.jpg\",\"orientation\":\"portrait\"},\"full\":{\"url\":\"https:\/\/www.event-fotos.net\/Wordpress\/wp-content\/uploads\/2023\/06\/12-19.jpg\",\"height\":800,\"width\":529,\"orientation\":\"portrait\"}},\"imageMeta\":{\"aperture\":\"6.3\",\"credit\":\"\",\"camera\":\"Canon EOS 40D\",\"caption\":\"\",\"created_timestamp\":\"1309698639\",\"copyright\":\"\",\"focal_length\":\"30\",\"iso\":\"400\",\"shutter_speed\":\"0.004\",\"title\":\"\",\"orientation\":\"1\",\"keywords\":[]},\"meta\":false,\"postlink\":\"https:\/\/www.event-fotos.net\/Wordpress\/?attachment_id=3589\"},{\"id\":3590,\"title\":\"Torwart Roman Weidenfeller\",\"url\":\"https:\/\/www.event-fotos.net\/Wordpress\/wp-content\/uploads\/2023\/06\/13-19.jpg\",\"link\":\"https:\/\/www.event-fotos.net\/Wordpress\/?attachment_id=3590\",\"alt\":\"\",\"description\":\"\",\"caption\":\"\",\"mime\":\"image\/jpeg\",\"type\":\"image\",\"width\":512,\"height\":800,\"sizes\":{\"thumbnail\":{\"height\":150,\"width\":150,\"url\":\"https:\/\/www.event-fotos.net\/Wordpress\/wp-content\/uploads\/2023\/06\/13-19-150x150.jpg\",\"orientation\":\"landscape\"},\"medium\":{\"height\":300,\"width\":192,\"url\":\"https:\/\/www.event-fotos.net\/Wordpress\/wp-content\/uploads\/2023\/06\/13-19-192x300.jpg\",\"orientation\":\"portrait\"},\"full\":{\"url\":\"https:\/\/www.event-fotos.net\/Wordpress\/wp-content\/uploads\/2023\/06\/13-19.jpg\",\"height\":800,\"width\":512,\"orientation\":\"portrait\"}},\"imageMeta\":{\"aperture\":\"6.3\",\"credit\":\"\",\"camera\":\"Canon EOS 40D\",\"caption\":\"\",\"created_timestamp\":\"1309698664\",\"copyright\":\"\",\"focal_length\":\"28\",\"iso\":\"400\",\"shutter_speed\":\"0.004\",\"title\":\"\",\"orientation\":\"1\",\"keywords\":[]},\"meta\":false,\"postlink\":\"https:\/\/www.event-fotos.net\/Wordpress\/?attachment_id=3590\"},{\"id\":3591,\"title\":\"Torwarttrainer und Legende Wolfgang \\u0022Teddy\\u0022 de Beer\",\"url\":\"https:\/\/www.event-fotos.net\/Wordpress\/wp-content\/uploads\/2023\/06\/14-19.jpg\",\"link\":\"https:\/\/www.event-fotos.net\/Wordpress\/?attachment_id=3591\",\"alt\":\"\",\"description\":\"\",\"caption\":\"\",\"mime\":\"image\/jpeg\",\"type\":\"image\",\"width\":505,\"height\":800,\"sizes\":{\"thumbnail\":{\"height\":150,\"width\":150,\"url\":\"https:\/\/www.event-fotos.net\/Wordpress\/wp-content\/uploads\/2023\/06\/14-19-150x150.jpg\",\"orientation\":\"landscape\"},\"medium\":{\"height\":300,\"width\":189,\"url\":\"https:\/\/www.event-fotos.net\/Wordpress\/wp-content\/uploads\/2023\/06\/14-19-189x300.jpg\",\"orientation\":\"portrait\"},\"full\":{\"url\":\"https:\/\/www.event-fotos.net\/Wordpress\/wp-content\/uploads\/2023\/06\/14-19.jpg\",\"height\":800,\"width\":505,\"orientation\":\"portrait\"}},\"imageMeta\":{\"aperture\":\"14\",\"credit\":\"\",\"camera\":\"Canon EOS 40D\",\"caption\":\"\",\"created_timestamp\":\"1309698711\",\"copyright\":\"\",\"focal_length\":\"26\",\"iso\":\"400\",\"shutter_speed\":\"0.004\",\"title\":\"\",\"orientation\":\"1\",\"keywords\":[]},\"meta\":false,\"postlink\":\"https:\/\/www.event-fotos.net\/Wordpress\/?attachment_id=3591\"},{\"id\":3592,\"title\":\"Florian Kringe\",\"url\":\"https:\/\/www.event-fotos.net\/Wordpress\/wp-content\/uploads\/2023\/06\/15-19.jpg\",\"link\":\"https:\/\/www.event-fotos.net\/Wordpress\/?attachment_id=3592\",\"alt\":\"\",\"description\":\"\",\"caption\":\"\",\"mime\":\"image\/jpeg\",\"type\":\"image\",\"width\":498,\"height\":800,\"sizes\":{\"thumbnail\":{\"height\":150,\"width\":150,\"url\":\"https:\/\/www.event-fotos.net\/Wordpress\/wp-content\/uploads\/2023\/06\/15-19-150x150.jpg\",\"orientation\":\"landscape\"},\"medium\":{\"height\":300,\"width\":187,\"url\":\"https:\/\/www.event-fotos.net\/Wordpress\/wp-content\/uploads\/2023\/06\/15-19-187x300.jpg\",\"orientation\":\"portrait\"},\"full\":{\"url\":\"https:\/\/www.event-fotos.net\/Wordpress\/wp-content\/uploads\/2023\/06\/15-19.jpg\",\"height\":800,\"width\":498,\"orientation\":\"portrait\"}},\"imageMeta\":{\"aperture\":\"10\",\"credit\":\"\",\"camera\":\"Canon EOS 40D\",\"caption\":\"\",\"created_timestamp\":\"1309698722\",\"copyright\":\"\",\"focal_length\":\"28\",\"iso\":\"400\",\"shutter_speed\":\"0.004\",\"title\":\"\",\"orientation\":\"1\",\"keywords\":[]},\"meta\":false,\"postlink\":\"https:\/\/www.event-fotos.net\/Wordpress\/?attachment_id=3592\"},{\"id\":3593,\"title\":\"Neven Subotic\",\"url\":\"https:\/\/www.event-fotos.net\/Wordpress\/wp-content\/uploads\/2023\/06\/16-19.jpg\",\"link\":\"https:\/\/www.event-fotos.net\/Wordpress\/?attachment_id=3593\",\"alt\":\"\",\"description\":\"\",\"caption\":\"\",\"mime\":\"image\/jpeg\",\"type\":\"image\",\"width\":514,\"height\":800,\"sizes\":{\"thumbnail\":{\"height\":150,\"width\":150,\"url\":\"https:\/\/www.event-fotos.net\/Wordpress\/wp-content\/uploads\/2023\/06\/16-19-150x150.jpg\",\"orientation\":\"landscape\"},\"medium\":{\"height\":300,\"width\":193,\"url\":\"https:\/\/www.event-fotos.net\/Wordpress\/wp-content\/uploads\/2023\/06\/16-19-193x300.jpg\",\"orientation\":\"portrait\"},\"full\":{\"url\":\"https:\/\/www.event-fotos.net\/Wordpress\/wp-content\/uploads\/2023\/06\/16-19.jpg\",\"height\":800,\"width\":514,\"orientation\":\"portrait\"}},\"imageMeta\":{\"aperture\":\"7.1\",\"credit\":\"\",\"camera\":\"Canon EOS 40D\",\"caption\":\"\",\"created_timestamp\":\"1309698843\",\"copyright\":\"\",\"focal_length\":\"17\",\"iso\":\"400\",\"shutter_speed\":\"0.004\",\"title\":\"\",\"orientation\":\"1\",\"keywords\":[]},\"meta\":false,\"postlink\":\"https:\/\/www.event-fotos.net\/Wordpress\/?attachment_id=3593\"},{\"id\":3594,\"title\":\"Shinji Kagawa\",\"url\":\"https:\/\/www.event-fotos.net\/Wordpress\/wp-content\/uploads\/2023\/06\/17-19.jpg\",\"link\":\"https:\/\/www.event-fotos.net\/Wordpress\/?attachment_id=3594\",\"alt\":\"\",\"description\":\"\",\"caption\":\"\",\"mime\":\"image\/jpeg\",\"type\":\"image\",\"width\":516,\"height\":800,\"sizes\":{\"thumbnail\":{\"height\":150,\"width\":150,\"url\":\"https:\/\/www.event-fotos.net\/Wordpress\/wp-content\/uploads\/2023\/06\/17-19-150x150.jpg\",\"orientation\":\"landscape\"},\"medium\":{\"height\":300,\"width\":194,\"url\":\"https:\/\/www.event-fotos.net\/Wordpress\/wp-content\/uploads\/2023\/06\/17-19-194x300.jpg\",\"orientation\":\"portrait\"},\"full\":{\"url\":\"https:\/\/www.event-fotos.net\/Wordpress\/wp-content\/uploads\/2023\/06\/17-19.jpg\",\"height\":800,\"width\":516,\"orientation\":\"portrait\"}},\"imageMeta\":{\"aperture\":\"5.6\",\"credit\":\"\",\"camera\":\"Canon EOS 40D\",\"caption\":\"\",\"created_timestamp\":\"1309698850\",\"copyright\":\"\",\"focal_length\":\"20\",\"iso\":\"400\",\"shutter_speed\":\"0.004\",\"title\":\"\",\"orientation\":\"1\",\"keywords\":[]},\"meta\":false,\"postlink\":\"https:\/\/www.event-fotos.net\/Wordpress\/?attachment_id=3594\"},{\"id\":3595,\"title\":\"Kevin Gro\u00dfkreutz\",\"url\":\"https:\/\/www.event-fotos.net\/Wordpress\/wp-content\/uploads\/2023\/06\/18-18.jpg\",\"link\":\"https:\/\/www.event-fotos.net\/Wordpress\/?attachment_id=3595\",\"alt\":\"\",\"description\":\"\",\"caption\":\"\",\"mime\":\"image\/jpeg\",\"type\":\"image\",\"width\":488,\"height\":800,\"sizes\":{\"thumbnail\":{\"height\":150,\"width\":150,\"url\":\"https:\/\/www.event-fotos.net\/Wordpress\/wp-content\/uploads\/2023\/06\/18-18-150x150.jpg\",\"orientation\":\"landscape\"},\"medium\":{\"height\":300,\"width\":183,\"url\":\"https:\/\/www.event-fotos.net\/Wordpress\/wp-content\/uploads\/2023\/06\/18-18-183x300.jpg\",\"orientation\":\"portrait\"},\"full\":{\"url\":\"https:\/\/www.event-fotos.net\/Wordpress\/wp-content\/uploads\/2023\/06\/18-18.jpg\",\"height\":800,\"width\":488,\"orientation\":\"portrait\"}},\"imageMeta\":{\"aperture\":\"7.1\",\"credit\":\"\",\"camera\":\"Canon EOS 40D\",\"caption\":\"\",\"created_timestamp\":\"1309698880\",\"copyright\":\"\",\"focal_length\":\"28\",\"iso\":\"400\",\"shutter_speed\":\"0.004\",\"title\":\"\",\"orientation\":\"1\",\"keywords\":[]},\"meta\":false,\"postlink\":\"https:\/\/www.event-fotos.net\/Wordpress\/?attachment_id=3595\"},{\"id\":3596,\"title\":\"Kulttrainer J\u00fcrgen \\u0022Kloppo\\u0022 Klopp\",\"url\":\"https:\/\/www.event-fotos.net\/Wordpress\/wp-content\/uploads\/2023\/06\/19-16.jpg\",\"link\":\"https:\/\/www.event-fotos.net\/Wordpress\/?attachment_id=3596\",\"alt\":\"\",\"description\":\"\",\"caption\":\"\",\"mime\":\"image\/jpeg\",\"type\":\"image\",\"width\":500,\"height\":800,\"sizes\":{\"thumbnail\":{\"height\":150,\"width\":150,\"url\":\"https:\/\/www.event-fotos.net\/Wordpress\/wp-content\/uploads\/2023\/06\/19-16-150x150.jpg\",\"orientation\":\"landscape\"},\"medium\":{\"height\":300,\"width\":188,\"url\":\"https:\/\/www.event-fotos.net\/Wordpress\/wp-content\/uploads\/2023\/06\/19-16-188x300.jpg\",\"orientation\":\"portrait\"},\"full\":{\"url\":\"https:\/\/www.event-fotos.net\/Wordpress\/wp-content\/uploads\/2023\/06\/19-16.jpg\",\"height\":800,\"width\":500,\"orientation\":\"portrait\"}},\"imageMeta\":{\"aperture\":\"8\",\"credit\":\"\",\"camera\":\"Canon EOS 40D\",\"caption\":\"\",\"created_timestamp\":\"1309698901\",\"copyright\":\"\",\"focal_length\":\"20\",\"iso\":\"400\",\"shutter_speed\":\"0.004\",\"title\":\"\",\"orientation\":\"1\",\"keywords\":[]},\"meta\":false,\"postlink\":\"https:\/\/www.event-fotos.net\/Wordpress\/?attachment_id=3596\"},{\"id\":3597,\"title\":\"Nach 3 Jahren bereits ein Denkmal f\u00fcr J.Klopp\",\"url\":\"https:\/\/www.event-fotos.net\/Wordpress\/wp-content\/uploads\/2023\/06\/21-16.jpg\",\"link\":\"https:\/\/www.event-fotos.net\/Wordpress\/?attachment_id=3597\",\"alt\":\"\",\"description\":\"\",\"caption\":\"\",\"mime\":\"image\/jpeg\",\"type\":\"image\",\"width\":520,\"height\":800,\"sizes\":{\"thumbnail\":{\"height\":150,\"width\":150,\"url\":\"https:\/\/www.event-fotos.net\/Wordpress\/wp-content\/uploads\/2023\/06\/21-16-150x150.jpg\",\"orientation\":\"landscape\"},\"medium\":{\"height\":300,\"width\":195,\"url\":\"https:\/\/www.event-fotos.net\/Wordpress\/wp-content\/uploads\/2023\/06\/21-16-195x300.jpg\",\"orientation\":\"portrait\"},\"full\":{\"url\":\"https:\/\/www.event-fotos.net\/Wordpress\/wp-content\/uploads\/2023\/06\/21-16.jpg\",\"height\":800,\"width\":520,\"orientation\":\"portrait\"}},\"imageMeta\":{\"aperture\":\"11\",\"credit\":\"\",\"camera\":\"Canon EOS 40D\",\"caption\":\"\",\"created_timestamp\":\"1309695567\",\"copyright\":\"\",\"focal_length\":\"17\",\"iso\":\"400\",\"shutter_speed\":\"0.004\",\"title\":\"\",\"orientation\":\"1\",\"keywords\":[]},\"meta\":false,\"postlink\":\"https:\/\/www.event-fotos.net\/Wordpress\/?attachment_id=3597\"},{\"id\":3598,\"title\":\"Die Meister-Startelf\",\"url\":\"https:\/\/www.event-fotos.net\/Wordpress\/wp-content\/uploads\/2023\/06\/22-16.jpg\",\"link\":\"https:\/\/www.event-fotos.net\/Wordpress\/?attachment_id=3598\",\"alt\":\"\",\"description\":\"\",\"caption\":\"\",\"mime\":\"image\/jpeg\",\"type\":\"image\",\"width\":800,\"height\":512,\"sizes\":{\"thumbnail\":{\"height\":150,\"width\":150,\"url\":\"https:\/\/www.event-fotos.net\/Wordpress\/wp-content\/uploads\/2023\/06\/22-16-150x150.jpg\",\"orientation\":\"landscape\"},\"medium\":{\"height\":192,\"width\":300,\"url\":\"https:\/\/www.event-fotos.net\/Wordpress\/wp-content\/uploads\/2023\/06\/22-16-300x192.jpg\",\"orientation\":\"landscape\"},\"full\":{\"url\":\"https:\/\/www.event-fotos.net\/Wordpress\/wp-content\/uploads\/2023\/06\/22-16.jpg\",\"height\":512,\"width\":800,\"orientation\":\"landscape\"}},\"imageMeta\":{\"aperture\":\"11\",\"credit\":\"\",\"camera\":\"Canon EOS 40D\",\"caption\":\"\",\"created_timestamp\":\"1309696349\",\"copyright\":\"\",\"focal_length\":\"17\",\"iso\":\"400\",\"shutter_speed\":\"0.004\",\"title\":\"\",\"orientation\":\"1\",\"keywords\":[]},\"meta\":false,\"postlink\":\"https:\/\/www.event-fotos.net\/Wordpress\/?attachment_id=3598\"},{\"id\":3599,\"title\":\"Torwart Roman Weidenfeller\",\"url\":\"https:\/\/www.event-fotos.net\/Wordpress\/wp-content\/uploads\/2023\/06\/23-15.jpg\",\"link\":\"https:\/\/www.event-fotos.net\/Wordpress\/?attachment_id=3599\",\"alt\":\"\",\"description\":\"\",\"caption\":\"\",\"mime\":\"image\/jpeg\",\"type\":\"image\",\"width\":496,\"height\":800,\"sizes\":{\"thumbnail\":{\"height\":150,\"width\":150,\"url\":\"https:\/\/www.event-fotos.net\/Wordpress\/wp-content\/uploads\/2023\/06\/23-15-150x150.jpg\",\"orientation\":\"landscape\"},\"medium\":{\"height\":300,\"width\":186,\"url\":\"https:\/\/www.event-fotos.net\/Wordpress\/wp-content\/uploads\/2023\/06\/23-15-186x300.jpg\",\"orientation\":\"portrait\"},\"full\":{\"url\":\"https:\/\/www.event-fotos.net\/Wordpress\/wp-content\/uploads\/2023\/06\/23-15.jpg\",\"height\":800,\"width\":496,\"orientation\":\"portrait\"}},\"imageMeta\":{\"aperture\":\"5.6\",\"credit\":\"\",\"camera\":\"Canon EOS 40D\",\"caption\":\"\",\"created_timestamp\":\"1309703726\",\"copyright\":\"\",\"focal_length\":\"50\",\"iso\":\"400\",\"shutter_speed\":\"0.001\",\"title\":\"\",\"orientation\":\"1\",\"keywords\":[]},\"meta\":false,\"postlink\":\"https:\/\/www.event-fotos.net\/Wordpress\/?attachment_id=3599\"},{\"id\":3600,\"title\":\"Patrick Owomoyela\",\"url\":\"https:\/\/www.event-fotos.net\/Wordpress\/wp-content\/uploads\/2023\/06\/24-13.jpg\",\"link\":\"https:\/\/www.event-fotos.net\/Wordpress\/?attachment_id=3600\",\"alt\":\"\",\"description\":\"\",\"caption\":\"\",\"mime\":\"image\/jpeg\",\"type\":\"image\",\"width\":498,\"height\":800,\"sizes\":{\"thumbnail\":{\"height\":150,\"width\":150,\"url\":\"https:\/\/www.event-fotos.net\/Wordpress\/wp-content\/uploads\/2023\/06\/24-13-150x150.jpg\",\"orientation\":\"landscape\"},\"medium\":{\"height\":300,\"width\":187,\"url\":\"https:\/\/www.event-fotos.net\/Wordpress\/wp-content\/uploads\/2023\/06\/24-13-187x300.jpg\",\"orientation\":\"portrait\"},\"full\":{\"url\":\"https:\/\/www.event-fotos.net\/Wordpress\/wp-content\/uploads\/2023\/06\/24-13.jpg\",\"height\":800,\"width\":498,\"orientation\":\"portrait\"}},\"imageMeta\":{\"aperture\":\"8\",\"credit\":\"\",\"camera\":\"Canon EOS 40D\",\"caption\":\"\",\"created_timestamp\":\"1309703865\",\"copyright\":\"\",\"focal_length\":\"64\",\"iso\":\"400\",\"shutter_speed\":\"0.004\",\"title\":\"\",\"orientation\":\"1\",\"keywords\":[]},\"meta\":false,\"postlink\":\"https:\/\/www.event-fotos.net\/Wordpress\/?attachment_id=3600\"},{\"id\":3601,\"title\":\"Sebsatian Kehl\",\"url\":\"https:\/\/www.event-fotos.net\/Wordpress\/wp-content\/uploads\/2023\/06\/25-12.jpg\",\"link\":\"https:\/\/www.event-fotos.net\/Wordpress\/?attachment_id=3601\",\"alt\":\"\",\"description\":\"\",\"caption\":\"\",\"mime\":\"image\/jpeg\",\"type\":\"image\",\"width\":500,\"height\":800,\"sizes\":{\"thumbnail\":{\"height\":150,\"width\":150,\"url\":\"https:\/\/www.event-fotos.net\/Wordpress\/wp-content\/uploads\/2023\/06\/25-12-150x150.jpg\",\"orientation\":\"landscape\"},\"medium\":{\"height\":300,\"width\":188,\"url\":\"https:\/\/www.event-fotos.net\/Wordpress\/wp-content\/uploads\/2023\/06\/25-12-188x300.jpg\",\"orientation\":\"portrait\"},\"full\":{\"url\":\"https:\/\/www.event-fotos.net\/Wordpress\/wp-content\/uploads\/2023\/06\/25-12.jpg\",\"height\":800,\"width\":500,\"orientation\":\"portrait\"}},\"imageMeta\":{\"aperture\":\"8\",\"credit\":\"\",\"camera\":\"Canon EOS 40D\",\"caption\":\"\",\"created_timestamp\":\"1309703947\",\"copyright\":\"\",\"focal_length\":\"85\",\"iso\":\"400\",\"shutter_speed\":\"0.004\",\"title\":\"\",\"orientation\":\"1\",\"keywords\":[]},\"meta\":false,\"postlink\":\"https:\/\/www.event-fotos.net\/Wordpress\/?attachment_id=3601\"},{\"id\":3602,\"title\":\"Mario G\u00f6tze\",\"url\":\"https:\/\/www.event-fotos.net\/Wordpress\/wp-content\/uploads\/2023\/06\/26-12.jpg\",\"link\":\"https:\/\/www.event-fotos.net\/Wordpress\/?attachment_id=3602\",\"alt\":\"\",\"description\":\"\",\"caption\":\"\",\"mime\":\"image\/jpeg\",\"type\":\"image\",\"width\":478,\"height\":800,\"sizes\":{\"thumbnail\":{\"height\":150,\"width\":150,\"url\":\"https:\/\/www.event-fotos.net\/Wordpress\/wp-content\/uploads\/2023\/06\/26-12-150x150.jpg\",\"orientation\":\"landscape\"},\"medium\":{\"height\":300,\"width\":179,\"url\":\"https:\/\/www.event-fotos.net\/Wordpress\/wp-content\/uploads\/2023\/06\/26-12-179x300.jpg\",\"orientation\":\"portrait\"},\"full\":{\"url\":\"https:\/\/www.event-fotos.net\/Wordpress\/wp-content\/uploads\/2023\/06\/26-12.jpg\",\"height\":800,\"width\":478,\"orientation\":\"portrait\"}},\"imageMeta\":{\"aperture\":\"6.3\",\"credit\":\"\",\"camera\":\"Canon EOS 40D\",\"caption\":\"\",\"created_timestamp\":\"1309704010\",\"copyright\":\"\",\"focal_length\":\"85\",\"iso\":\"400\",\"shutter_speed\":\"0.004\",\"title\":\"\",\"orientation\":\"1\",\"keywords\":[]},\"meta\":false,\"postlink\":\"https:\/\/www.event-fotos.net\/Wordpress\/?attachment_id=3602\"},{\"id\":3603,\"title\":\"Kevin Gro\u00dfkreutz\",\"url\":\"https:\/\/www.event-fotos.net\/Wordpress\/wp-content\/uploads\/2023\/06\/27-12.jpg\",\"link\":\"https:\/\/www.event-fotos.net\/Wordpress\/?attachment_id=3603\",\"alt\":\"\",\"description\":\"\",\"caption\":\"\",\"mime\":\"image\/jpeg\",\"type\":\"image\",\"width\":490,\"height\":800,\"sizes\":{\"thumbnail\":{\"height\":150,\"width\":150,\"url\":\"https:\/\/www.event-fotos.net\/Wordpress\/wp-content\/uploads\/2023\/06\/27-12-150x150.jpg\",\"orientation\":\"landscape\"},\"medium\":{\"height\":300,\"width\":184,\"url\":\"https:\/\/www.event-fotos.net\/Wordpress\/wp-content\/uploads\/2023\/06\/27-12-184x300.jpg\",\"orientation\":\"portrait\"},\"full\":{\"url\":\"https:\/\/www.event-fotos.net\/Wordpress\/wp-content\/uploads\/2023\/06\/27-12.jpg\",\"height\":800,\"width\":490,\"orientation\":\"portrait\"}},\"imageMeta\":{\"aperture\":\"9\",\"credit\":\"\",\"camera\":\"Canon EOS 40D\",\"caption\":\"\",\"created_timestamp\":\"1309704051\",\"copyright\":\"\",\"focal_length\":\"85\",\"iso\":\"400\",\"shutter_speed\":\"0.004\",\"title\":\"\",\"orientation\":\"1\",\"keywords\":[]},\"meta\":false,\"postlink\":\"https:\/\/www.event-fotos.net\/Wordpress\/?attachment_id=3603\"},{\"id\":3604,\"title\":\"J\u00fcrgen Klopp\",\"url\":\"https:\/\/www.event-fotos.net\/Wordpress\/wp-content\/uploads\/2023\/06\/28-12.jpg\",\"link\":\"https:\/\/www.event-fotos.net\/Wordpress\/?attachment_id=3604\",\"alt\":\"\",\"description\":\"\",\"caption\":\"\",\"mime\":\"image\/jpeg\",\"type\":\"image\",\"width\":486,\"height\":800,\"sizes\":{\"thumbnail\":{\"height\":150,\"width\":150,\"url\":\"https:\/\/www.event-fotos.net\/Wordpress\/wp-content\/uploads\/2023\/06\/28-12-150x150.jpg\",\"orientation\":\"landscape\"},\"medium\":{\"height\":300,\"width\":182,\"url\":\"https:\/\/www.event-fotos.net\/Wordpress\/wp-content\/uploads\/2023\/06\/28-12-182x300.jpg\",\"orientation\":\"portrait\"},\"full\":{\"url\":\"https:\/\/www.event-fotos.net\/Wordpress\/wp-content\/uploads\/2023\/06\/28-12.jpg\",\"height\":800,\"width\":486,\"orientation\":\"portrait\"}},\"imageMeta\":{\"aperture\":\"6.3\",\"credit\":\"\",\"camera\":\"Canon EOS 40D\",\"caption\":\"\",\"created_timestamp\":\"1309704235\",\"copyright\":\"\",\"focal_length\":\"66\",\"iso\":\"400\",\"shutter_speed\":\"0.004\",\"title\":\"\",\"orientation\":\"1\",\"keywords\":[]},\"meta\":false,\"postlink\":\"https:\/\/www.event-fotos.net\/Wordpress\/?attachment_id=3604\"},{\"id\":3605,\"title\":\"Neuzugang Ilkay G\u00fcndogan\",\"url\":\"https:\/\/www.event-fotos.net\/Wordpress\/wp-content\/uploads\/2023\/06\/29-12.jpg\",\"link\":\"https:\/\/www.event-fotos.net\/Wordpress\/?attachment_id=3605\",\"alt\":\"\",\"description\":\"\",\"caption\":\"\",\"mime\":\"image\/jpeg\",\"type\":\"image\",\"width\":485,\"height\":800,\"sizes\":{\"thumbnail\":{\"height\":150,\"width\":150,\"url\":\"https:\/\/www.event-fotos.net\/Wordpress\/wp-content\/uploads\/2023\/06\/29-12-150x150.jpg\",\"orientation\":\"landscape\"},\"medium\":{\"height\":300,\"width\":182,\"url\":\"https:\/\/www.event-fotos.net\/Wordpress\/wp-content\/uploads\/2023\/06\/29-12-182x300.jpg\",\"orientation\":\"portrait\"},\"full\":{\"url\":\"https:\/\/www.event-fotos.net\/Wordpress\/wp-content\/uploads\/2023\/06\/29-12.jpg\",\"height\":800,\"width\":485,\"orientation\":\"portrait\"}},\"imageMeta\":{\"aperture\":\"5.6\",\"credit\":\"\",\"camera\":\"Canon EOS 40D\",\"caption\":\"\",\"created_timestamp\":\"1309704556\",\"copyright\":\"\",\"focal_length\":\"85\",\"iso\":\"400\",\"shutter_speed\":\"0.002\",\"title\":\"\",\"orientation\":\"1\",\"keywords\":[]},\"meta\":false,\"postlink\":\"https:\/\/www.event-fotos.net\/Wordpress\/?attachment_id=3605\"},{\"id\":3606,\"title\":\"Die ECHTE Meisterschale vom DFB\",\"url\":\"https:\/\/www.event-fotos.net\/Wordpress\/wp-content\/uploads\/2023\/06\/30-11.jpg\",\"link\":\"https:\/\/www.event-fotos.net\/Wordpress\/?attachment_id=3606\",\"alt\":\"\",\"description\":\"\",\"caption\":\"\",\"mime\":\"image\/jpeg\",\"type\":\"image\",\"width\":800,\"height\":535,\"sizes\":{\"thumbnail\":{\"height\":150,\"width\":150,\"url\":\"https:\/\/www.event-fotos.net\/Wordpress\/wp-content\/uploads\/2023\/06\/30-11-150x150.jpg\",\"orientation\":\"landscape\"},\"medium\":{\"height\":201,\"width\":300,\"url\":\"https:\/\/www.event-fotos.net\/Wordpress\/wp-content\/uploads\/2023\/06\/30-11-300x201.jpg\",\"orientation\":\"landscape\"},\"full\":{\"url\":\"https:\/\/www.event-fotos.net\/Wordpress\/wp-content\/uploads\/2023\/06\/30-11.jpg\",\"height\":535,\"width\":800,\"orientation\":\"landscape\"}},\"imageMeta\":{\"aperture\":\"11\",\"credit\":\"\",\"camera\":\"Canon EOS 40D\",\"caption\":\"\",\"created_timestamp\":\"1309705011\",\"copyright\":\"\",\"focal_length\":\"33\",\"iso\":\"400\",\"shutter_speed\":\"0.0025\",\"title\":\"\",\"orientation\":\"1\",\"keywords\":[]},\"meta\":false,\"postlink\":\"https:\/\/www.event-fotos.net\/Wordpress\/?attachment_id=3606\"},{\"id\":3607,\"title\":\"Das goldene K - Die \\u0022Kicker\\u0022 Auszeichnung f\u00fcr die Spieler\/Trainer des Jahres\",\"url\":\"https:\/\/www.event-fotos.net\/Wordpress\/wp-content\/uploads\/2023\/06\/31-10.jpg\",\"link\":\"https:\/\/www.event-fotos.net\/Wordpress\/?attachment_id=3607\",\"alt\":\"\",\"description\":\"\",\"caption\":\"\",\"mime\":\"image\/jpeg\",\"type\":\"image\",\"width\":800,\"height\":500,\"sizes\":{\"thumbnail\":{\"height\":150,\"width\":150,\"url\":\"https:\/\/www.event-fotos.net\/Wordpress\/wp-content\/uploads\/2023\/06\/31-10-150x150.jpg\",\"orientation\":\"landscape\"},\"medium\":{\"height\":188,\"width\":300,\"url\":\"https:\/\/www.event-fotos.net\/Wordpress\/wp-content\/uploads\/2023\/06\/31-10-300x188.jpg\",\"orientation\":\"landscape\"},\"full\":{\"url\":\"https:\/\/www.event-fotos.net\/Wordpress\/wp-content\/uploads\/2023\/06\/31-10.jpg\",\"height\":500,\"width\":800,\"orientation\":\"landscape\"}},\"imageMeta\":{\"aperture\":\"5.6\",\"credit\":\"\",\"camera\":\"Canon EOS 40D\",\"caption\":\"\",\"created_timestamp\":\"1309704787\",\"copyright\":\"\",\"focal_length\":\"300\",\"iso\":\"400\",\"shutter_speed\":\"0.002\",\"title\":\"\",\"orientation\":\"1\",\"keywords\":[]},\"meta\":false,\"postlink\":\"https:\/\/www.event-fotos.net\/Wordpress\/?attachment_id=3607\"},{\"id\":3608,\"title\":\"Mats Hummels, Mario G\u00f6tze und J\u00fcrgen Klopp mit ihren Auszeichnungen\",\"url\":\"https:\/\/www.event-fotos.net\/Wordpress\/wp-content\/uploads\/2023\/06\/32-10.jpg\",\"link\":\"https:\/\/www.event-fotos.net\/Wordpress\/?attachment_id=3608\",\"alt\":\"\",\"description\":\"\",\"caption\":\"\",\"mime\":\"image\/jpeg\",\"type\":\"image\",\"width\":800,\"height\":518,\"sizes\":{\"thumbnail\":{\"height\":150,\"width\":150,\"url\":\"https:\/\/www.event-fotos.net\/Wordpress\/wp-content\/uploads\/2023\/06\/32-10-150x150.jpg\",\"orientation\":\"landscape\"},\"medium\":{\"height\":194,\"width\":300,\"url\":\"https:\/\/www.event-fotos.net\/Wordpress\/wp-content\/uploads\/2023\/06\/32-10-300x194.jpg\",\"orientation\":\"landscape\"},\"full\":{\"url\":\"https:\/\/www.event-fotos.net\/Wordpress\/wp-content\/uploads\/2023\/06\/32-10.jpg\",\"height\":518,\"width\":800,\"orientation\":\"landscape\"}},\"imageMeta\":{\"aperture\":\"5\",\"credit\":\"\",\"camera\":\"Canon EOS 40D\",\"caption\":\"\",\"created_timestamp\":\"1309704923\",\"copyright\":\"\",\"focal_length\":\"140\",\"iso\":\"400\",\"shutter_speed\":\"0.0025\",\"title\":\"\",\"orientation\":\"1\",\"keywords\":[]},\"meta\":false,\"postlink\":\"https:\/\/www.event-fotos.net\/Wordpress\/?attachment_id=3608\"},{\"id\":3609,\"title\":\"Sky Moderator Hansi K\u00fcpper im Interview mit J\u00fcrgen Klopp\",\"url\":\"https:\/\/www.event-fotos.net\/Wordpress\/wp-content\/uploads\/2023\/06\/33-9.jpg\",\"link\":\"https:\/\/www.event-fotos.net\/Wordpress\/?attachment_id=3609\",\"alt\":\"\",\"description\":\"\",\"caption\":\"\",\"mime\":\"image\/jpeg\",\"type\":\"image\",\"width\":800,\"height\":511,\"sizes\":{\"thumbnail\":{\"height\":150,\"width\":150,\"url\":\"https:\/\/www.event-fotos.net\/Wordpress\/wp-content\/uploads\/2023\/06\/33-9-150x150.jpg\",\"orientation\":\"landscape\"},\"medium\":{\"height\":192,\"width\":300,\"url\":\"https:\/\/www.event-fotos.net\/Wordpress\/wp-content\/uploads\/2023\/06\/33-9-300x192.jpg\",\"orientation\":\"landscape\"},\"full\":{\"url\":\"https:\/\/www.event-fotos.net\/Wordpress\/wp-content\/uploads\/2023\/06\/33-9.jpg\",\"height\":511,\"width\":800,\"orientation\":\"landscape\"}},\"imageMeta\":{\"aperture\":\"4.5\",\"credit\":\"\",\"camera\":\"Canon EOS 40D\",\"caption\":\"\",\"created_timestamp\":\"1309704372\",\"copyright\":\"\",\"focal_length\":\"120\",\"iso\":\"400\",\"shutter_speed\":\"0.002\",\"title\":\"\",\"orientation\":\"1\",\"keywords\":[]},\"meta\":false,\"postlink\":\"https:\/\/www.event-fotos.net\/Wordpress\/?attachment_id=3609\"},{\"id\":3610,\"title\":\"Roman Weidenfeller beim Tauziehen\",\"url\":\"https:\/\/www.event-fotos.net\/Wordpress\/wp-content\/uploads\/2023\/06\/34-10.jpg\",\"link\":\"https:\/\/www.event-fotos.net\/Wordpress\/?attachment_id=3610\",\"alt\":\"\",\"description\":\"\",\"caption\":\"\",\"mime\":\"image\/jpeg\",\"type\":\"image\",\"width\":503,\"height\":800,\"sizes\":{\"thumbnail\":{\"height\":150,\"width\":150,\"url\":\"https:\/\/www.event-fotos.net\/Wordpress\/wp-content\/uploads\/2023\/06\/34-10-150x150.jpg\",\"orientation\":\"landscape\"},\"medium\":{\"height\":300,\"width\":189,\"url\":\"https:\/\/www.event-fotos.net\/Wordpress\/wp-content\/uploads\/2023\/06\/34-10-189x300.jpg\",\"orientation\":\"portrait\"},\"full\":{\"url\":\"https:\/\/www.event-fotos.net\/Wordpress\/wp-content\/uploads\/2023\/06\/34-10.jpg\",\"height\":800,\"width\":503,\"orientation\":\"portrait\"}},\"imageMeta\":{\"aperture\":\"5\",\"credit\":\"\",\"camera\":\"Canon EOS 40D\",\"caption\":\"\",\"created_timestamp\":\"1309705586\",\"copyright\":\"\",\"focal_length\":\"33\",\"iso\":\"400\",\"shutter_speed\":\"0.0025\",\"title\":\"\",\"orientation\":\"1\",\"keywords\":[]},\"meta\":false,\"postlink\":\"https:\/\/www.event-fotos.net\/Wordpress\/?attachment_id=3610\"},{\"id\":3611,\"title\":\"Kevin Gro\u00dfkreutz beim Tauziehen\",\"url\":\"https:\/\/www.event-fotos.net\/Wordpress\/wp-content\/uploads\/2023\/06\/35-10.jpg\",\"link\":\"https:\/\/www.event-fotos.net\/Wordpress\/?attachment_id=3611\",\"alt\":\"\",\"description\":\"\",\"caption\":\"\",\"mime\":\"image\/jpeg\",\"type\":\"image\",\"width\":504,\"height\":800,\"sizes\":{\"thumbnail\":{\"height\":150,\"width\":150,\"url\":\"https:\/\/www.event-fotos.net\/Wordpress\/wp-content\/uploads\/2023\/06\/35-10-150x150.jpg\",\"orientation\":\"landscape\"},\"medium\":{\"height\":300,\"width\":189,\"url\":\"https:\/\/www.event-fotos.net\/Wordpress\/wp-content\/uploads\/2023\/06\/35-10-189x300.jpg\",\"orientation\":\"portrait\"},\"full\":{\"url\":\"https:\/\/www.event-fotos.net\/Wordpress\/wp-content\/uploads\/2023\/06\/35-10.jpg\",\"height\":800,\"width\":504,\"orientation\":\"portrait\"}},\"imageMeta\":{\"aperture\":\"5.6\",\"credit\":\"\",\"camera\":\"Canon EOS 40D\",\"caption\":\"\",\"created_timestamp\":\"1309705588\",\"copyright\":\"\",\"focal_length\":\"26\",\"iso\":\"400\",\"shutter_speed\":\"0.0025\",\"title\":\"\",\"orientation\":\"1\",\"keywords\":[]},\"meta\":false,\"postlink\":\"https:\/\/www.event-fotos.net\/Wordpress\/?attachment_id=3611\"},{\"id\":3612,\"title\":\"Wasserrutschen Duell zwischen Spielern und Fans\",\"url\":\"https:\/\/www.event-fotos.net\/Wordpress\/wp-content\/uploads\/2023\/06\/36-10.jpg\",\"link\":\"https:\/\/www.event-fotos.net\/Wordpress\/?attachment_id=3612\",\"alt\":\"\",\"description\":\"\",\"caption\":\"\",\"mime\":\"image\/jpeg\",\"type\":\"image\",\"width\":523,\"height\":800,\"sizes\":{\"thumbnail\":{\"height\":150,\"width\":150,\"url\":\"https:\/\/www.event-fotos.net\/Wordpress\/wp-content\/uploads\/2023\/06\/36-10-150x150.jpg\",\"orientation\":\"landscape\"},\"medium\":{\"height\":300,\"width\":196,\"url\":\"https:\/\/www.event-fotos.net\/Wordpress\/wp-content\/uploads\/2023\/06\/36-10-196x300.jpg\",\"orientation\":\"portrait\"},\"full\":{\"url\":\"https:\/\/www.event-fotos.net\/Wordpress\/wp-content\/uploads\/2023\/06\/36-10.jpg\",\"height\":800,\"width\":523,\"orientation\":\"portrait\"}},\"imageMeta\":{\"aperture\":\"7.1\",\"credit\":\"\",\"camera\":\"Canon EOS 40D\",\"caption\":\"\",\"created_timestamp\":\"1309705336\",\"copyright\":\"\",\"focal_length\":\"28\",\"iso\":\"400\",\"shutter_speed\":\"0.0025\",\"title\":\"\",\"orientation\":\"1\",\"keywords\":[]},\"meta\":false,\"postlink\":\"https:\/\/www.event-fotos.net\/Wordpress\/?attachment_id=3612\"},{\"id\":3613,\"title\":\"In dieser Kugel liegen P.Owomoyela und F.Santana\",\"url\":\"https:\/\/www.event-fotos.net\/Wordpress\/wp-content\/uploads\/2023\/06\/37-9.jpg\",\"link\":\"https:\/\/www.event-fotos.net\/Wordpress\/?attachment_id=3613\",\"alt\":\"\",\"description\":\"\",\"caption\":\"\",\"mime\":\"image\/jpeg\",\"type\":\"image\",\"width\":800,\"height\":533,\"sizes\":{\"thumbnail\":{\"height\":150,\"width\":150,\"url\":\"https:\/\/www.event-fotos.net\/Wordpress\/wp-content\/uploads\/2023\/06\/37-9-150x150.jpg\",\"orientation\":\"landscape\"},\"medium\":{\"height\":200,\"width\":300,\"url\":\"https:\/\/www.event-fotos.net\/Wordpress\/wp-content\/uploads\/2023\/06\/37-9-300x200.jpg\",\"orientation\":\"landscape\"},\"full\":{\"url\":\"https:\/\/www.event-fotos.net\/Wordpress\/wp-content\/uploads\/2023\/06\/37-9.jpg\",\"height\":533,\"width\":800,\"orientation\":\"landscape\"}},\"imageMeta\":{\"aperture\":\"6.3\",\"credit\":\"\",\"camera\":\"Canon EOS 40D\",\"caption\":\"\",\"created_timestamp\":\"1309705841\",\"copyright\":\"\",\"focal_length\":\"17\",\"iso\":\"400\",\"shutter_speed\":\"0.0025\",\"title\":\"\",\"orientation\":\"1\",\"keywords\":[]},\"meta\":false,\"postlink\":\"https:\/\/www.event-fotos.net\/Wordpress\/?attachment_id=3613\"},{\"id\":3614,\"title\":\"Duell Spieler vs. Fans\",\"url\":\"https:\/\/www.event-fotos.net\/Wordpress\/wp-content\/uploads\/2023\/06\/38-9.jpg\",\"link\":\"https:\/\/www.event-fotos.net\/Wordpress\/?attachment_id=3614\",\"alt\":\"\",\"description\":\"\",\"caption\":\"\",\"mime\":\"image\/jpeg\",\"type\":\"image\",\"width\":800,\"height\":523,\"sizes\":{\"thumbnail\":{\"height\":150,\"width\":150,\"url\":\"https:\/\/www.event-fotos.net\/Wordpress\/wp-content\/uploads\/2023\/06\/38-9-150x150.jpg\",\"orientation\":\"landscape\"},\"medium\":{\"height\":196,\"width\":300,\"url\":\"https:\/\/www.event-fotos.net\/Wordpress\/wp-content\/uploads\/2023\/06\/38-9-300x196.jpg\",\"orientation\":\"landscape\"},\"full\":{\"url\":\"https:\/\/www.event-fotos.net\/Wordpress\/wp-content\/uploads\/2023\/06\/38-9.jpg\",\"height\":523,\"width\":800,\"orientation\":\"landscape\"}},\"imageMeta\":{\"aperture\":\"5\",\"credit\":\"\",\"camera\":\"Canon EOS 40D\",\"caption\":\"\",\"created_timestamp\":\"1309706276\",\"copyright\":\"\",\"focal_length\":\"20\",\"iso\":\"400\",\"shutter_speed\":\"0.0025\",\"title\":\"\",\"orientation\":\"1\",\"keywords\":[]},\"meta\":false,\"postlink\":\"https:\/\/www.event-fotos.net\/Wordpress\/?attachment_id=3614\"},{\"id\":3615,\"title\":\"P.Owomoyela und F.Santana werden \\u0022rumgekugelt\\u0022\",\"url\":\"https:\/\/www.event-fotos.net\/Wordpress\/wp-content\/uploads\/2023\/06\/39-9.jpg\",\"link\":\"https:\/\/www.event-fotos.net\/Wordpress\/?attachment_id=3615\",\"alt\":\"\",\"description\":\"\",\"caption\":\"\",\"mime\":\"image\/jpeg\",\"type\":\"image\",\"width\":800,\"height\":492,\"sizes\":{\"thumbnail\":{\"height\":150,\"width\":150,\"url\":\"https:\/\/www.event-fotos.net\/Wordpress\/wp-content\/uploads\/2023\/06\/39-9-150x150.jpg\",\"orientation\":\"landscape\"},\"medium\":{\"height\":185,\"width\":300,\"url\":\"https:\/\/www.event-fotos.net\/Wordpress\/wp-content\/uploads\/2023\/06\/39-9-300x185.jpg\",\"orientation\":\"landscape\"},\"full\":{\"url\":\"https:\/\/www.event-fotos.net\/Wordpress\/wp-content\/uploads\/2023\/06\/39-9.jpg\",\"height\":492,\"width\":800,\"orientation\":\"landscape\"}},\"imageMeta\":{\"aperture\":\"7.1\",\"credit\":\"\",\"camera\":\"Canon EOS 40D\",\"caption\":\"\",\"created_timestamp\":\"1309706307\",\"copyright\":\"\",\"focal_length\":\"17\",\"iso\":\"400\",\"shutter_speed\":\"0.0025\",\"title\":\"\",\"orientation\":\"1\",\"keywords\":[]},\"meta\":false,\"postlink\":\"https:\/\/www.event-fotos.net\/Wordpress\/?attachment_id=3615\"},{\"id\":3616,\"title\":\"Hansi K\u00fcpper im Luftkisenboot\",\"url\":\"https:\/\/www.event-fotos.net\/Wordpress\/wp-content\/uploads\/2023\/06\/40-9.jpg\",\"link\":\"https:\/\/www.event-fotos.net\/Wordpress\/?attachment_id=3616\",\"alt\":\"\",\"description\":\"\",\"caption\":\"\",\"mime\":\"image\/jpeg\",\"type\":\"image\",\"width\":800,\"height\":522,\"sizes\":{\"thumbnail\":{\"height\":150,\"width\":150,\"url\":\"https:\/\/www.event-fotos.net\/Wordpress\/wp-content\/uploads\/2023\/06\/40-9-150x150.jpg\",\"orientation\":\"landscape\"},\"medium\":{\"height\":196,\"width\":300,\"url\":\"https:\/\/www.event-fotos.net\/Wordpress\/wp-content\/uploads\/2023\/06\/40-9-300x196.jpg\",\"orientation\":\"landscape\"},\"full\":{\"url\":\"https:\/\/www.event-fotos.net\/Wordpress\/wp-content\/uploads\/2023\/06\/40-9.jpg\",\"height\":522,\"width\":800,\"orientation\":\"landscape\"}},\"imageMeta\":{\"aperture\":\"5.6\",\"credit\":\"\",\"camera\":\"Canon EOS 40D\",\"caption\":\"\",\"created_timestamp\":\"1309706189\",\"copyright\":\"\",\"focal_length\":\"17\",\"iso\":\"400\",\"shutter_speed\":\"0.0025\",\"title\":\"\",\"orientation\":\"1\",\"keywords\":[]},\"meta\":false,\"postlink\":\"https:\/\/www.event-fotos.net\/Wordpress\/?attachment_id=3616\"},{\"id\":3617,\"title\":\"Stadionsprecher und BVB-Ikone Norbert Dickel\",\"url\":\"https:\/\/www.event-fotos.net\/Wordpress\/wp-content\/uploads\/2023\/06\/41-9.jpg\",\"link\":\"https:\/\/www.event-fotos.net\/Wordpress\/?attachment_id=3617\",\"alt\":\"\",\"description\":\"\",\"caption\":\"\",\"mime\":\"image\/jpeg\",\"type\":\"image\",\"width\":553,\"height\":800,\"sizes\":{\"thumbnail\":{\"height\":150,\"width\":150,\"url\":\"https:\/\/www.event-fotos.net\/Wordpress\/wp-content\/uploads\/2023\/06\/41-9-150x150.jpg\",\"orientation\":\"landscape\"},\"medium\":{\"height\":300,\"width\":207,\"url\":\"https:\/\/www.event-fotos.net\/Wordpress\/wp-content\/uploads\/2023\/06\/41-9-207x300.jpg\",\"orientation\":\"portrait\"},\"full\":{\"url\":\"https:\/\/www.event-fotos.net\/Wordpress\/wp-content\/uploads\/2023\/06\/41-9.jpg\",\"height\":800,\"width\":553,\"orientation\":\"portrait\"}},\"imageMeta\":{\"aperture\":\"5.6\",\"credit\":\"\",\"camera\":\"Canon EOS 40D\",\"caption\":\"\",\"created_timestamp\":\"1309704803\",\"copyright\":\"\",\"focal_length\":\"300\",\"iso\":\"400\",\"shutter_speed\":\"0.002\",\"title\":\"\",\"orientation\":\"1\",\"keywords\":[]},\"meta\":false,\"postlink\":\"https:\/\/www.event-fotos.net\/Wordpress\/?attachment_id=3617\"},{\"id\":3618,\"title\":\"Sky-Moderator Hansi K\u00fcpper\",\"url\":\"https:\/\/www.event-fotos.net\/Wordpress\/wp-content\/uploads\/2023\/06\/42-8.jpg\",\"link\":\"https:\/\/www.event-fotos.net\/Wordpress\/?attachment_id=3618\",\"alt\":\"\",\"description\":\"\",\"caption\":\"\",\"mime\":\"image\/jpeg\",\"type\":\"image\",\"width\":530,\"height\":800,\"sizes\":{\"thumbnail\":{\"height\":150,\"width\":150,\"url\":\"https:\/\/www.event-fotos.net\/Wordpress\/wp-content\/uploads\/2023\/06\/42-8-150x150.jpg\",\"orientation\":\"landscape\"},\"medium\":{\"height\":300,\"width\":199,\"url\":\"https:\/\/www.event-fotos.net\/Wordpress\/wp-content\/uploads\/2023\/06\/42-8-199x300.jpg\",\"orientation\":\"portrait\"},\"full\":{\"url\":\"https:\/\/www.event-fotos.net\/Wordpress\/wp-content\/uploads\/2023\/06\/42-8.jpg\",\"height\":800,\"width\":530,\"orientation\":\"portrait\"}},\"imageMeta\":{\"aperture\":\"7.1\",\"credit\":\"\",\"camera\":\"Canon EOS 40D\",\"caption\":\"\",\"created_timestamp\":\"1309701138\",\"copyright\":\"\",\"focal_length\":\"30\",\"iso\":\"400\",\"shutter_speed\":\"0.004\",\"title\":\"\",\"orientation\":\"1\",\"keywords\":[]},\"meta\":false,\"postlink\":\"https:\/\/www.event-fotos.net\/Wordpress\/?attachment_id=3618\"},{\"id\":3619,\"title\":\"Ex-Spieler und jetziger Manager Michael \\u0022Susi\\u0022 Zorc\",\"url\":\"https:\/\/www.event-fotos.net\/Wordpress\/wp-content\/uploads\/2023\/06\/43-8.jpg\",\"link\":\"https:\/\/www.event-fotos.net\/Wordpress\/?attachment_id=3619\",\"alt\":\"\",\"description\":\"\",\"caption\":\"\",\"mime\":\"image\/jpeg\",\"type\":\"image\",\"width\":504,\"height\":800,\"sizes\":{\"thumbnail\":{\"height\":150,\"width\":150,\"url\":\"https:\/\/www.event-fotos.net\/Wordpress\/wp-content\/uploads\/2023\/06\/43-8-150x150.jpg\",\"orientation\":\"landscape\"},\"medium\":{\"height\":300,\"width\":189,\"url\":\"https:\/\/www.event-fotos.net\/Wordpress\/wp-content\/uploads\/2023\/06\/43-8-189x300.jpg\",\"orientation\":\"portrait\"},\"full\":{\"url\":\"https:\/\/www.event-fotos.net\/Wordpress\/wp-content\/uploads\/2023\/06\/43-8.jpg\",\"height\":800,\"width\":504,\"orientation\":\"portrait\"}},\"imageMeta\":{\"aperture\":\"7.1\",\"credit\":\"\",\"camera\":\"Canon EOS 40D\",\"caption\":\"\",\"created_timestamp\":\"1309706382\",\"copyright\":\"\",\"focal_length\":\"30\",\"iso\":\"400\",\"shutter_speed\":\"0.004\",\"title\":\"\",\"orientation\":\"1\",\"keywords\":[]},\"meta\":false,\"postlink\":\"https:\/\/www.event-fotos.net\/Wordpress\/?attachment_id=3619\"},{\"id\":3620,\"title\":\"S\u00e4nger Ayman - \\u0022mein Stern\\u0022\",\"url\":\"https:\/\/www.event-fotos.net\/Wordpress\/wp-content\/uploads\/2023\/06\/44-8.jpg\",\"link\":\"https:\/\/www.event-fotos.net\/Wordpress\/?attachment_id=3620\",\"alt\":\"\",\"description\":\"\",\"caption\":\"\",\"mime\":\"image\/jpeg\",\"type\":\"image\",\"width\":552,\"height\":800,\"sizes\":{\"thumbnail\":{\"height\":150,\"width\":150,\"url\":\"https:\/\/www.event-fotos.net\/Wordpress\/wp-content\/uploads\/2023\/06\/44-8-150x150.jpg\",\"orientation\":\"landscape\"},\"medium\":{\"height\":300,\"width\":207,\"url\":\"https:\/\/www.event-fotos.net\/Wordpress\/wp-content\/uploads\/2023\/06\/44-8-207x300.jpg\",\"orientation\":\"portrait\"},\"full\":{\"url\":\"https:\/\/www.event-fotos.net\/Wordpress\/wp-content\/uploads\/2023\/06\/44-8.jpg\",\"height\":800,\"width\":552,\"orientation\":\"portrait\"}},\"imageMeta\":{\"aperture\":\"5.6\",\"credit\":\"\",\"camera\":\"Canon EOS 40D\",\"caption\":\"\",\"created_timestamp\":\"1309707418\",\"copyright\":\"\",\"focal_length\":\"85\",\"iso\":\"400\",\"shutter_speed\":\"0.0025\",\"title\":\"\",\"orientation\":\"1\",\"keywords\":[]},\"meta\":false,\"postlink\":\"https:\/\/www.event-fotos.net\/Wordpress\/?attachment_id=3620\"},{\"id\":3621,\"title\":\"Kult-Comedian Matze Knop\",\"url\":\"https:\/\/www.event-fotos.net\/Wordpress\/wp-content\/uploads\/2023\/06\/45-8.jpg\",\"link\":\"https:\/\/www.event-fotos.net\/Wordpress\/?attachment_id=3621\",\"alt\":\"\",\"description\":\"\",\"caption\":\"\",\"mime\":\"image\/jpeg\",\"type\":\"image\",\"width\":496,\"height\":800,\"sizes\":{\"thumbnail\":{\"height\":150,\"width\":150,\"url\":\"https:\/\/www.event-fotos.net\/Wordpress\/wp-content\/uploads\/2023\/06\/45-8-150x150.jpg\",\"orientation\":\"landscape\"},\"medium\":{\"height\":300,\"width\":186,\"url\":\"https:\/\/www.event-fotos.net\/Wordpress\/wp-content\/uploads\/2023\/06\/45-8-186x300.jpg\",\"orientation\":\"portrait\"},\"full\":{\"url\":\"https:\/\/www.event-fotos.net\/Wordpress\/wp-content\/uploads\/2023\/06\/45-8.jpg\",\"height\":800,\"width\":496,\"orientation\":\"portrait\"}},\"imageMeta\":{\"aperture\":\"9\",\"credit\":\"\",\"camera\":\"Canon EOS 40D\",\"caption\":\"\",\"created_timestamp\":\"1309707564\",\"copyright\":\"\",\"focal_length\":\"26\",\"iso\":\"400\",\"shutter_speed\":\"0.004\",\"title\":\"\",\"orientation\":\"1\",\"keywords\":[]},\"meta\":false,\"postlink\":\"https:\/\/www.event-fotos.net\/Wordpress\/?attachment_id=3621\"},{\"id\":3622,\"title\":\"Ex-Spieler und \\u0022kleiner Bruder\\u0022 Michael Rummenigge\",\"url\":\"https:\/\/www.event-fotos.net\/Wordpress\/wp-content\/uploads\/2023\/06\/46-8.jpg\",\"link\":\"https:\/\/www.event-fotos.net\/Wordpress\/?attachment_id=3622\",\"alt\":\"\",\"description\":\"\",\"caption\":\"\",\"mime\":\"image\/jpeg\",\"type\":\"image\",\"width\":495,\"height\":800,\"sizes\":{\"thumbnail\":{\"height\":150,\"width\":150,\"url\":\"https:\/\/www.event-fotos.net\/Wordpress\/wp-content\/uploads\/2023\/06\/46-8-150x150.jpg\",\"orientation\":\"landscape\"},\"medium\":{\"height\":300,\"width\":186,\"url\":\"https:\/\/www.event-fotos.net\/Wordpress\/wp-content\/uploads\/2023\/06\/46-8-186x300.jpg\",\"orientation\":\"portrait\"},\"full\":{\"url\":\"https:\/\/www.event-fotos.net\/Wordpress\/wp-content\/uploads\/2023\/06\/46-8.jpg\",\"height\":800,\"width\":495,\"orientation\":\"portrait\"}},\"imageMeta\":{\"aperture\":\"7.1\",\"credit\":\"\",\"camera\":\"Canon EOS 40D\",\"caption\":\"\",\"created_timestamp\":\"1309707643\",\"copyright\":\"\",\"focal_length\":\"30\",\"iso\":\"400\",\"shutter_speed\":\"0.004\",\"title\":\"\",\"orientation\":\"1\",\"keywords\":[]},\"meta\":false,\"postlink\":\"https:\/\/www.event-fotos.net\/Wordpress\/?attachment_id=3622\"}],\"itemsMetaDataCollection\":[],\"sliderSocialShareEnabled\":false,\"sliderItemDownload\":false,\"pageControllerThumbsRows\":11}<\/script><script>(function(){if(window.PGC_SGB && window.PGC_SGB.searcher){window.PGC_SGB.searcher.initBlocks()}})()<\/script><\/div>","protected":false},"featured_media":0,"comment_status":"closed","ping_status":"closed","template":"","pgc_simply_category":[],"class_list":["post-3576","pgc_simply_gallery","type-pgc_simply_gallery","status-publish","hentry"],"_links":{"self":[{"href":"https:\/\/www.event-fotos.net\/Wordpress\/wp-json\/wp\/v2\/pgc_simply_gallery\/3576","targetHints":{"allow":["GET"]}}],"collection":[{"href":"https:\/\/www.event-fotos.net\/Wordpress\/wp-json\/wp\/v2\/pgc_simply_gallery"}],"about":[{"href":"https:\/\/www.event-fotos.net\/Wordpress\/wp-json\/wp\/v2\/types\/pgc_simply_gallery"}],"replies":[{"embeddable":true,"href":"https:\/\/www.event-fotos.net\/Wordpress\/wp-json\/wp\/v2\/comments?post=3576"}],"wp:attachment":[{"href":"https:\/\/www.event-fotos.net\/Wordpress\/wp-json\/wp\/v2\/media?parent=3576"}],"wp:term":[{"taxonomy":"pgc_simply_category","embeddable":true,"href":"https:\/\/www.event-fotos.net\/Wordpress\/wp-json\/wp\/v2\/pgc_simply_category?post=3576"}],"curies":[{"name":"wp","href":"https:\/\/api.w.org\/{rel}","templated":true}]}}