{"id":4724,"date":"2023-07-30T19:05:14","date_gmt":"2023-07-30T17:05:14","guid":{"rendered":"https:\/\/www.event-fotos.net\/Wordpress\/?post_type=pgc_simply_gallery&#038;p=4724"},"modified":"2023-07-30T19:06:07","modified_gmt":"2023-07-30T17:06:07","slug":"kinotour-tuerkisch-fuer-anfaenger-goettingen-2012","status":"publish","type":"pgc_simply_gallery","link":"https:\/\/www.event-fotos.net\/Wordpress\/pgc_simply_gallery\/kinotour-tuerkisch-fuer-anfaenger-goettingen-2012","title":{"rendered":"Kinotour &#8222;T\u00fcrkisch f\u00fcr Anf\u00e4nger&#8220;, G\u00f6ttingen (2012)"},"content":{"rendered":"<div class=\"pgc-sgb-cb wp-block-pgcsimplygalleryblock-viewer \" data-gallery-id=\"6c366646\"><div class=\"sgb-preloader\" id=\"pr_6c366646\">\n\t<div class=\"sgb-square\" style=\"background:#d4d4d4\"><\/div>\n\t<div class=\"sgb-square\" style=\"background:#d4d4d4\"><\/div>\n\t<div class=\"sgb-square\" style=\"background:#d4d4d4\"><\/div>\n\t<div class=\"sgb-square\" style=\"background:#d4d4d4\"><\/div><\/div><div class=\"simply-gallery-amp pgc_sgb_slider \"><noscript><div class=\"sgb-gallery\"><div class=\"sgb-item\"><a href=\"https:\/\/www.event-fotos.net\/Wordpress\/?attachment_id=4725\" target=\"_blank\"><img decoding=\"async\" alt=\"\" width=\"300\" height=\"191\" loading=\"lazy\" src=\"https:\/\/www.event-fotos.net\/Wordpress\/wp-content\/uploads\/2023\/07\/01-20-300x191.jpg\" srcset=\"https:\/\/www.event-fotos.net\/Wordpress\/wp-content\/uploads\/2023\/07\/01-20-300x191.jpg 300w,https:\/\/www.event-fotos.net\/Wordpress\/wp-content\/uploads\/2023\/07\/01-20.jpg 800w\" sizes=\"auto, 250px\"\/><\/a><\/div><div class=\"sgb-item\"><a href=\"https:\/\/www.event-fotos.net\/Wordpress\/?attachment_id=4726\" target=\"_blank\"><img decoding=\"async\" alt=\"\" width=\"197\" height=\"300\" loading=\"lazy\" src=\"https:\/\/www.event-fotos.net\/Wordpress\/wp-content\/uploads\/2023\/07\/02-18-197x300.jpg\" srcset=\"https:\/\/www.event-fotos.net\/Wordpress\/wp-content\/uploads\/2023\/07\/02-18-197x300.jpg 197w,https:\/\/www.event-fotos.net\/Wordpress\/wp-content\/uploads\/2023\/07\/02-18.jpg 526w\" sizes=\"auto, 250px\"\/><\/a><\/div><div class=\"sgb-item\"><a href=\"https:\/\/www.event-fotos.net\/Wordpress\/?attachment_id=4727\" target=\"_blank\"><img decoding=\"async\" alt=\"\" width=\"300\" height=\"189\" loading=\"lazy\" src=\"https:\/\/www.event-fotos.net\/Wordpress\/wp-content\/uploads\/2023\/07\/03-18-300x189.jpg\" srcset=\"https:\/\/www.event-fotos.net\/Wordpress\/wp-content\/uploads\/2023\/07\/03-18-300x189.jpg 300w,https:\/\/www.event-fotos.net\/Wordpress\/wp-content\/uploads\/2023\/07\/03-18.jpg 800w\" sizes=\"auto, 250px\"\/><\/a><\/div><div class=\"sgb-item\"><a href=\"https:\/\/www.event-fotos.net\/Wordpress\/?attachment_id=4728\" target=\"_blank\"><img decoding=\"async\" alt=\"\" width=\"300\" height=\"198\" loading=\"lazy\" src=\"https:\/\/www.event-fotos.net\/Wordpress\/wp-content\/uploads\/2023\/07\/05-18-300x198.jpg\" srcset=\"https:\/\/www.event-fotos.net\/Wordpress\/wp-content\/uploads\/2023\/07\/05-18-300x198.jpg 300w,https:\/\/www.event-fotos.net\/Wordpress\/wp-content\/uploads\/2023\/07\/05-18.jpg 800w\" sizes=\"auto, 250px\"\/><\/a><\/div><div class=\"sgb-item\"><a href=\"https:\/\/www.event-fotos.net\/Wordpress\/?attachment_id=4729\" target=\"_blank\"><img decoding=\"async\" alt=\"\" width=\"300\" height=\"206\" loading=\"lazy\" src=\"https:\/\/www.event-fotos.net\/Wordpress\/wp-content\/uploads\/2023\/07\/06-18-300x206.jpg\" srcset=\"https:\/\/www.event-fotos.net\/Wordpress\/wp-content\/uploads\/2023\/07\/06-18-300x206.jpg 300w,https:\/\/www.event-fotos.net\/Wordpress\/wp-content\/uploads\/2023\/07\/06-18.jpg 800w\" sizes=\"auto, 250px\"\/><\/a><\/div><div class=\"sgb-item\"><a href=\"https:\/\/www.event-fotos.net\/Wordpress\/?attachment_id=4730\" target=\"_blank\"><img decoding=\"async\" alt=\"\" width=\"300\" height=\"194\" loading=\"lazy\" src=\"https:\/\/www.event-fotos.net\/Wordpress\/wp-content\/uploads\/2023\/07\/07-18-300x194.jpg\" srcset=\"https:\/\/www.event-fotos.net\/Wordpress\/wp-content\/uploads\/2023\/07\/07-18-300x194.jpg 300w,https:\/\/www.event-fotos.net\/Wordpress\/wp-content\/uploads\/2023\/07\/07-18.jpg 800w\" sizes=\"auto, 250px\"\/><\/a><\/div><div class=\"sgb-item\"><a href=\"https:\/\/www.event-fotos.net\/Wordpress\/?attachment_id=4731\" target=\"_blank\"><img decoding=\"async\" alt=\"\" width=\"300\" height=\"197\" loading=\"lazy\" src=\"https:\/\/www.event-fotos.net\/Wordpress\/wp-content\/uploads\/2023\/07\/08-18-300x197.jpg\" srcset=\"https:\/\/www.event-fotos.net\/Wordpress\/wp-content\/uploads\/2023\/07\/08-18-300x197.jpg 300w,https:\/\/www.event-fotos.net\/Wordpress\/wp-content\/uploads\/2023\/07\/08-18.jpg 800w\" sizes=\"auto, 250px\"\/><\/a><\/div><div class=\"sgb-item\"><a href=\"https:\/\/www.event-fotos.net\/Wordpress\/?attachment_id=4732\" target=\"_blank\"><img decoding=\"async\" alt=\"\" width=\"300\" height=\"200\" loading=\"lazy\" src=\"https:\/\/www.event-fotos.net\/Wordpress\/wp-content\/uploads\/2023\/07\/09-18-300x200.jpg\" srcset=\"https:\/\/www.event-fotos.net\/Wordpress\/wp-content\/uploads\/2023\/07\/09-18-300x200.jpg 300w,https:\/\/www.event-fotos.net\/Wordpress\/wp-content\/uploads\/2023\/07\/09-18.jpg 800w\" sizes=\"auto, 250px\"\/><\/a><\/div><div class=\"sgb-item\"><a href=\"https:\/\/www.event-fotos.net\/Wordpress\/?attachment_id=4733\" target=\"_blank\"><img decoding=\"async\" alt=\"\" width=\"300\" height=\"200\" loading=\"lazy\" src=\"https:\/\/www.event-fotos.net\/Wordpress\/wp-content\/uploads\/2023\/07\/10-19-300x200.jpg\" srcset=\"https:\/\/www.event-fotos.net\/Wordpress\/wp-content\/uploads\/2023\/07\/10-19-300x200.jpg 300w,https:\/\/www.event-fotos.net\/Wordpress\/wp-content\/uploads\/2023\/07\/10-19.jpg 800w\" sizes=\"auto, 250px\"\/><\/a><\/div><div class=\"sgb-item\"><a href=\"https:\/\/www.event-fotos.net\/Wordpress\/?attachment_id=4734\" target=\"_blank\"><img decoding=\"async\" alt=\"\" width=\"300\" height=\"198\" loading=\"lazy\" src=\"https:\/\/www.event-fotos.net\/Wordpress\/wp-content\/uploads\/2023\/07\/11-18-300x198.jpg\" srcset=\"https:\/\/www.event-fotos.net\/Wordpress\/wp-content\/uploads\/2023\/07\/11-18-300x198.jpg 300w,https:\/\/www.event-fotos.net\/Wordpress\/wp-content\/uploads\/2023\/07\/11-18.jpg 800w\" sizes=\"auto, 250px\"\/><\/a><\/div><div class=\"sgb-item\"><a href=\"https:\/\/www.event-fotos.net\/Wordpress\/?attachment_id=4735\" target=\"_blank\"><img decoding=\"async\" alt=\"\" width=\"300\" height=\"192\" loading=\"lazy\" src=\"https:\/\/www.event-fotos.net\/Wordpress\/wp-content\/uploads\/2023\/07\/12-18-300x192.jpg\" srcset=\"https:\/\/www.event-fotos.net\/Wordpress\/wp-content\/uploads\/2023\/07\/12-18-300x192.jpg 300w,https:\/\/www.event-fotos.net\/Wordpress\/wp-content\/uploads\/2023\/07\/12-18.jpg 800w\" sizes=\"auto, 250px\"\/><\/a><\/div><div class=\"sgb-item\"><a href=\"https:\/\/www.event-fotos.net\/Wordpress\/?attachment_id=4736\" target=\"_blank\"><img decoding=\"async\" alt=\"\" width=\"192\" height=\"300\" loading=\"lazy\" src=\"https:\/\/www.event-fotos.net\/Wordpress\/wp-content\/uploads\/2023\/07\/13-18-192x300.jpg\" srcset=\"https:\/\/www.event-fotos.net\/Wordpress\/wp-content\/uploads\/2023\/07\/13-18-192x300.jpg 192w,https:\/\/www.event-fotos.net\/Wordpress\/wp-content\/uploads\/2023\/07\/13-18.jpg 512w\" sizes=\"auto, 250px\"\/><\/a><\/div><div class=\"sgb-item\"><a href=\"https:\/\/www.event-fotos.net\/Wordpress\/?attachment_id=4737\" target=\"_blank\"><img decoding=\"async\" alt=\"\" width=\"198\" height=\"300\" loading=\"lazy\" src=\"https:\/\/www.event-fotos.net\/Wordpress\/wp-content\/uploads\/2023\/07\/14-18-198x300.jpg\" srcset=\"https:\/\/www.event-fotos.net\/Wordpress\/wp-content\/uploads\/2023\/07\/14-18-198x300.jpg 198w,https:\/\/www.event-fotos.net\/Wordpress\/wp-content\/uploads\/2023\/07\/14-18.jpg 529w\" sizes=\"auto, 250px\"\/><\/a><\/div><div class=\"sgb-item\"><a href=\"https:\/\/www.event-fotos.net\/Wordpress\/?attachment_id=4738\" target=\"_blank\"><img decoding=\"async\" alt=\"\" width=\"300\" height=\"194\" loading=\"lazy\" src=\"https:\/\/www.event-fotos.net\/Wordpress\/wp-content\/uploads\/2023\/07\/15-18-300x194.jpg\" srcset=\"https:\/\/www.event-fotos.net\/Wordpress\/wp-content\/uploads\/2023\/07\/15-18-300x194.jpg 300w,https:\/\/www.event-fotos.net\/Wordpress\/wp-content\/uploads\/2023\/07\/15-18.jpg 800w\" sizes=\"auto, 250px\"\/><\/a><\/div><div class=\"sgb-item\"><a href=\"https:\/\/www.event-fotos.net\/Wordpress\/?attachment_id=4739\" target=\"_blank\"><img decoding=\"async\" alt=\"\" width=\"300\" height=\"193\" loading=\"lazy\" src=\"https:\/\/www.event-fotos.net\/Wordpress\/wp-content\/uploads\/2023\/07\/16-17-300x193.jpg\" srcset=\"https:\/\/www.event-fotos.net\/Wordpress\/wp-content\/uploads\/2023\/07\/16-17-300x193.jpg 300w,https:\/\/www.event-fotos.net\/Wordpress\/wp-content\/uploads\/2023\/07\/16-17.jpg 800w\" sizes=\"auto, 250px\"\/><\/a><\/div><div class=\"sgb-item\"><a href=\"https:\/\/www.event-fotos.net\/Wordpress\/?attachment_id=4740\" target=\"_blank\"><img decoding=\"async\" alt=\"\" width=\"300\" height=\"197\" loading=\"lazy\" src=\"https:\/\/www.event-fotos.net\/Wordpress\/wp-content\/uploads\/2023\/07\/17-17-300x197.jpg\" srcset=\"https:\/\/www.event-fotos.net\/Wordpress\/wp-content\/uploads\/2023\/07\/17-17-300x197.jpg 300w,https:\/\/www.event-fotos.net\/Wordpress\/wp-content\/uploads\/2023\/07\/17-17.jpg 800w\" sizes=\"auto, 250px\"\/><\/a><\/div><div class=\"sgb-item\"><a href=\"https:\/\/www.event-fotos.net\/Wordpress\/?attachment_id=4741\" target=\"_blank\"><img decoding=\"async\" alt=\"\" width=\"196\" height=\"300\" loading=\"lazy\" src=\"https:\/\/www.event-fotos.net\/Wordpress\/wp-content\/uploads\/2023\/07\/18-17-196x300.jpg\" srcset=\"https:\/\/www.event-fotos.net\/Wordpress\/wp-content\/uploads\/2023\/07\/18-17-196x300.jpg 196w,https:\/\/www.event-fotos.net\/Wordpress\/wp-content\/uploads\/2023\/07\/18-17.jpg 502w\" sizes=\"auto, 250px\"\/><\/a><\/div><div class=\"sgb-item\"><a href=\"https:\/\/www.event-fotos.net\/Wordpress\/?attachment_id=4742\" target=\"_blank\"><img decoding=\"async\" alt=\"\" width=\"300\" height=\"200\" loading=\"lazy\" src=\"https:\/\/www.event-fotos.net\/Wordpress\/wp-content\/uploads\/2023\/07\/19-18-300x200.jpg\" srcset=\"https:\/\/www.event-fotos.net\/Wordpress\/wp-content\/uploads\/2023\/07\/19-18-300x200.jpg 300w,https:\/\/www.event-fotos.net\/Wordpress\/wp-content\/uploads\/2023\/07\/19-18.jpg 800w\" sizes=\"auto, 250px\"\/><\/a><\/div><\/div><\/noscript><\/div><script type=\"application\/json\" class=\"sgb-data\">{\"galleryType\":\"pgc_sgb_viewer\",\"galleryId\":\"6c366646\",\"images\":[{\"id\":4725,\"title\":\"Das Cinemaxx Kino in G\u00f6ttingen\",\"url\":\"https:\/\/www.event-fotos.net\/Wordpress\/wp-content\/uploads\/2023\/07\/01-20.jpg\",\"link\":\"https:\/\/www.event-fotos.net\/Wordpress\/?attachment_id=4725\",\"alt\":\"\",\"description\":\"\",\"caption\":\"\",\"mime\":\"image\/jpeg\",\"type\":\"image\",\"width\":800,\"height\":508,\"sizes\":{\"thumbnail\":{\"height\":150,\"width\":150,\"url\":\"https:\/\/www.event-fotos.net\/Wordpress\/wp-content\/uploads\/2023\/07\/01-20-150x150.jpg\",\"orientation\":\"landscape\"},\"medium\":{\"height\":191,\"width\":300,\"url\":\"https:\/\/www.event-fotos.net\/Wordpress\/wp-content\/uploads\/2023\/07\/01-20-300x191.jpg\",\"orientation\":\"landscape\"},\"full\":{\"url\":\"https:\/\/www.event-fotos.net\/Wordpress\/wp-content\/uploads\/2023\/07\/01-20.jpg\",\"height\":508,\"width\":800,\"orientation\":\"landscape\"}},\"imageMeta\":{\"aperture\":\"4\",\"credit\":\"\",\"camera\":\"Canon EOS 40D\",\"caption\":\"\",\"created_timestamp\":\"1331575944\",\"copyright\":\"\",\"focal_length\":\"17\",\"iso\":\"800\",\"shutter_speed\":\"0.04\",\"title\":\"\",\"orientation\":\"1\",\"keywords\":[]},\"meta\":false,\"postlink\":\"https:\/\/www.event-fotos.net\/Wordpress\/?attachment_id=4725\"},{\"id\":4726,\"title\":\"Die Fotowand, vor der die Darsteller sich pr\u00e4sentieren\",\"url\":\"https:\/\/www.event-fotos.net\/Wordpress\/wp-content\/uploads\/2023\/07\/02-18.jpg\",\"link\":\"https:\/\/www.event-fotos.net\/Wordpress\/?attachment_id=4726\",\"alt\":\"\",\"description\":\"\",\"caption\":\"\",\"mime\":\"image\/jpeg\",\"type\":\"image\",\"width\":526,\"height\":800,\"sizes\":{\"thumbnail\":{\"height\":150,\"width\":150,\"url\":\"https:\/\/www.event-fotos.net\/Wordpress\/wp-content\/uploads\/2023\/07\/02-18-150x150.jpg\",\"orientation\":\"landscape\"},\"medium\":{\"height\":300,\"width\":197,\"url\":\"https:\/\/www.event-fotos.net\/Wordpress\/wp-content\/uploads\/2023\/07\/02-18-197x300.jpg\",\"orientation\":\"portrait\"},\"full\":{\"url\":\"https:\/\/www.event-fotos.net\/Wordpress\/wp-content\/uploads\/2023\/07\/02-18.jpg\",\"height\":800,\"width\":526,\"orientation\":\"portrait\"}},\"imageMeta\":{\"aperture\":\"4\",\"credit\":\"\",\"camera\":\"Canon EOS 40D\",\"caption\":\"\",\"created_timestamp\":\"1331577230\",\"copyright\":\"\",\"focal_length\":\"17\",\"iso\":\"500\",\"shutter_speed\":\"0.016666666666667\",\"title\":\"\",\"orientation\":\"1\",\"keywords\":[]},\"meta\":false,\"postlink\":\"https:\/\/www.event-fotos.net\/Wordpress\/?attachment_id=4726\"},{\"id\":4727,\"title\":\"Die Meute wartet auf die Darsteller des Films\",\"url\":\"https:\/\/www.event-fotos.net\/Wordpress\/wp-content\/uploads\/2023\/07\/03-18.jpg\",\"link\":\"https:\/\/www.event-fotos.net\/Wordpress\/?attachment_id=4727\",\"alt\":\"\",\"description\":\"\",\"caption\":\"\",\"mime\":\"image\/jpeg\",\"type\":\"image\",\"width\":800,\"height\":505,\"sizes\":{\"thumbnail\":{\"height\":150,\"width\":150,\"url\":\"https:\/\/www.event-fotos.net\/Wordpress\/wp-content\/uploads\/2023\/07\/03-18-150x150.jpg\",\"orientation\":\"landscape\"},\"medium\":{\"height\":189,\"width\":300,\"url\":\"https:\/\/www.event-fotos.net\/Wordpress\/wp-content\/uploads\/2023\/07\/03-18-300x189.jpg\",\"orientation\":\"landscape\"},\"full\":{\"url\":\"https:\/\/www.event-fotos.net\/Wordpress\/wp-content\/uploads\/2023\/07\/03-18.jpg\",\"height\":505,\"width\":800,\"orientation\":\"landscape\"}},\"imageMeta\":{\"aperture\":\"4\",\"credit\":\"\",\"camera\":\"Canon EOS 40D\",\"caption\":\"\",\"created_timestamp\":\"1331577288\",\"copyright\":\"\",\"focal_length\":\"17\",\"iso\":\"500\",\"shutter_speed\":\"0.125\",\"title\":\"\",\"orientation\":\"1\",\"keywords\":[]},\"meta\":false,\"postlink\":\"https:\/\/www.event-fotos.net\/Wordpress\/?attachment_id=4727\"},{\"id\":4728,\"title\":\"Regisseur Bora Dagtekin und Hauptdarsteller Elyas M\u00b4Barek\",\"url\":\"https:\/\/www.event-fotos.net\/Wordpress\/wp-content\/uploads\/2023\/07\/05-18.jpg\",\"link\":\"https:\/\/www.event-fotos.net\/Wordpress\/?attachment_id=4728\",\"alt\":\"\",\"description\":\"\",\"caption\":\"\",\"mime\":\"image\/jpeg\",\"type\":\"image\",\"width\":800,\"height\":528,\"sizes\":{\"thumbnail\":{\"height\":150,\"width\":150,\"url\":\"https:\/\/www.event-fotos.net\/Wordpress\/wp-content\/uploads\/2023\/07\/05-18-150x150.jpg\",\"orientation\":\"landscape\"},\"medium\":{\"height\":198,\"width\":300,\"url\":\"https:\/\/www.event-fotos.net\/Wordpress\/wp-content\/uploads\/2023\/07\/05-18-300x198.jpg\",\"orientation\":\"landscape\"},\"full\":{\"url\":\"https:\/\/www.event-fotos.net\/Wordpress\/wp-content\/uploads\/2023\/07\/05-18.jpg\",\"height\":528,\"width\":800,\"orientation\":\"landscape\"}},\"imageMeta\":{\"aperture\":\"5\",\"credit\":\"\",\"camera\":\"Canon EOS 40D\",\"caption\":\"\",\"created_timestamp\":\"1331578891\",\"copyright\":\"\",\"focal_length\":\"35\",\"iso\":\"400\",\"shutter_speed\":\"0.016666666666667\",\"title\":\"\",\"orientation\":\"1\",\"keywords\":[]},\"meta\":false,\"postlink\":\"https:\/\/www.event-fotos.net\/Wordpress\/?attachment_id=4728\"},{\"id\":4729,\"title\":\"Elyas M\u00b4Barek spielt den Cem\",\"url\":\"https:\/\/www.event-fotos.net\/Wordpress\/wp-content\/uploads\/2023\/07\/06-18.jpg\",\"link\":\"https:\/\/www.event-fotos.net\/Wordpress\/?attachment_id=4729\",\"alt\":\"\",\"description\":\"\",\"caption\":\"\",\"mime\":\"image\/jpeg\",\"type\":\"image\",\"width\":800,\"height\":550,\"sizes\":{\"thumbnail\":{\"height\":150,\"width\":150,\"url\":\"https:\/\/www.event-fotos.net\/Wordpress\/wp-content\/uploads\/2023\/07\/06-18-150x150.jpg\",\"orientation\":\"landscape\"},\"medium\":{\"height\":206,\"width\":300,\"url\":\"https:\/\/www.event-fotos.net\/Wordpress\/wp-content\/uploads\/2023\/07\/06-18-300x206.jpg\",\"orientation\":\"landscape\"},\"full\":{\"url\":\"https:\/\/www.event-fotos.net\/Wordpress\/wp-content\/uploads\/2023\/07\/06-18.jpg\",\"height\":550,\"width\":800,\"orientation\":\"landscape\"}},\"imageMeta\":{\"aperture\":\"5.6\",\"credit\":\"\",\"camera\":\"Canon EOS 40D\",\"caption\":\"\",\"created_timestamp\":\"1331578913\",\"copyright\":\"\",\"focal_length\":\"47\",\"iso\":\"400\",\"shutter_speed\":\"0.016666666666667\",\"title\":\"\",\"orientation\":\"1\",\"keywords\":[]},\"meta\":false,\"postlink\":\"https:\/\/www.event-fotos.net\/Wordpress\/?attachment_id=4729\"},{\"id\":4730,\"title\":\"Regisseur Bora Dagtekin\",\"url\":\"https:\/\/www.event-fotos.net\/Wordpress\/wp-content\/uploads\/2023\/07\/07-18.jpg\",\"link\":\"https:\/\/www.event-fotos.net\/Wordpress\/?attachment_id=4730\",\"alt\":\"\",\"description\":\"\",\"caption\":\"\",\"mime\":\"image\/jpeg\",\"type\":\"image\",\"width\":800,\"height\":518,\"sizes\":{\"thumbnail\":{\"height\":150,\"width\":150,\"url\":\"https:\/\/www.event-fotos.net\/Wordpress\/wp-content\/uploads\/2023\/07\/07-18-150x150.jpg\",\"orientation\":\"landscape\"},\"medium\":{\"height\":194,\"width\":300,\"url\":\"https:\/\/www.event-fotos.net\/Wordpress\/wp-content\/uploads\/2023\/07\/07-18-300x194.jpg\",\"orientation\":\"landscape\"},\"full\":{\"url\":\"https:\/\/www.event-fotos.net\/Wordpress\/wp-content\/uploads\/2023\/07\/07-18.jpg\",\"height\":518,\"width\":800,\"orientation\":\"landscape\"}},\"imageMeta\":{\"aperture\":\"5.6\",\"credit\":\"\",\"camera\":\"Canon EOS 40D\",\"caption\":\"\",\"created_timestamp\":\"1331579445\",\"copyright\":\"\",\"focal_length\":\"47\",\"iso\":\"400\",\"shutter_speed\":\"0.016666666666667\",\"title\":\"\",\"orientation\":\"1\",\"keywords\":[]},\"meta\":false,\"postlink\":\"https:\/\/www.event-fotos.net\/Wordpress\/?attachment_id=4730\"},{\"id\":4731,\"title\":\"M\u00b4Barek mit Fans\",\"url\":\"https:\/\/www.event-fotos.net\/Wordpress\/wp-content\/uploads\/2023\/07\/08-18.jpg\",\"link\":\"https:\/\/www.event-fotos.net\/Wordpress\/?attachment_id=4731\",\"alt\":\"\",\"description\":\"\",\"caption\":\"\",\"mime\":\"image\/jpeg\",\"type\":\"image\",\"width\":800,\"height\":525,\"sizes\":{\"thumbnail\":{\"height\":150,\"width\":150,\"url\":\"https:\/\/www.event-fotos.net\/Wordpress\/wp-content\/uploads\/2023\/07\/08-18-150x150.jpg\",\"orientation\":\"landscape\"},\"medium\":{\"height\":197,\"width\":300,\"url\":\"https:\/\/www.event-fotos.net\/Wordpress\/wp-content\/uploads\/2023\/07\/08-18-300x197.jpg\",\"orientation\":\"landscape\"},\"full\":{\"url\":\"https:\/\/www.event-fotos.net\/Wordpress\/wp-content\/uploads\/2023\/07\/08-18.jpg\",\"height\":525,\"width\":800,\"orientation\":\"landscape\"}},\"imageMeta\":{\"aperture\":\"4.5\",\"credit\":\"\",\"camera\":\"Canon EOS 40D\",\"caption\":\"\",\"created_timestamp\":\"1331579029\",\"copyright\":\"\",\"focal_length\":\"30\",\"iso\":\"400\",\"shutter_speed\":\"0.016666666666667\",\"title\":\"\",\"orientation\":\"1\",\"keywords\":[]},\"meta\":false,\"postlink\":\"https:\/\/www.event-fotos.net\/Wordpress\/?attachment_id=4731\"},{\"id\":4732,\"title\":\"F\u00fcr jeden gabs Autogramme\",\"url\":\"https:\/\/www.event-fotos.net\/Wordpress\/wp-content\/uploads\/2023\/07\/09-18.jpg\",\"link\":\"https:\/\/www.event-fotos.net\/Wordpress\/?attachment_id=4732\",\"alt\":\"\",\"description\":\"\",\"caption\":\"\",\"mime\":\"image\/jpeg\",\"type\":\"image\",\"width\":800,\"height\":533,\"sizes\":{\"thumbnail\":{\"height\":150,\"width\":150,\"url\":\"https:\/\/www.event-fotos.net\/Wordpress\/wp-content\/uploads\/2023\/07\/09-18-150x150.jpg\",\"orientation\":\"landscape\"},\"medium\":{\"height\":200,\"width\":300,\"url\":\"https:\/\/www.event-fotos.net\/Wordpress\/wp-content\/uploads\/2023\/07\/09-18-300x200.jpg\",\"orientation\":\"landscape\"},\"full\":{\"url\":\"https:\/\/www.event-fotos.net\/Wordpress\/wp-content\/uploads\/2023\/07\/09-18.jpg\",\"height\":533,\"width\":800,\"orientation\":\"landscape\"}},\"imageMeta\":{\"aperture\":\"4\",\"credit\":\"\",\"camera\":\"Canon EOS 40D\",\"caption\":\"\",\"created_timestamp\":\"1331579903\",\"copyright\":\"\",\"focal_length\":\"17\",\"iso\":\"400\",\"shutter_speed\":\"0.016666666666667\",\"title\":\"\",\"orientation\":\"1\",\"keywords\":[]},\"meta\":false,\"postlink\":\"https:\/\/www.event-fotos.net\/Wordpress\/?attachment_id=4732\"},{\"id\":4733,\"title\":\"M\u00b4Barek beim signieren seiner Autogramme\",\"url\":\"https:\/\/www.event-fotos.net\/Wordpress\/wp-content\/uploads\/2023\/07\/10-19.jpg\",\"link\":\"https:\/\/www.event-fotos.net\/Wordpress\/?attachment_id=4733\",\"alt\":\"\",\"description\":\"\",\"caption\":\"\",\"mime\":\"image\/jpeg\",\"type\":\"image\",\"width\":800,\"height\":533,\"sizes\":{\"thumbnail\":{\"height\":150,\"width\":150,\"url\":\"https:\/\/www.event-fotos.net\/Wordpress\/wp-content\/uploads\/2023\/07\/10-19-150x150.jpg\",\"orientation\":\"landscape\"},\"medium\":{\"height\":200,\"width\":300,\"url\":\"https:\/\/www.event-fotos.net\/Wordpress\/wp-content\/uploads\/2023\/07\/10-19-300x200.jpg\",\"orientation\":\"landscape\"},\"full\":{\"url\":\"https:\/\/www.event-fotos.net\/Wordpress\/wp-content\/uploads\/2023\/07\/10-19.jpg\",\"height\":533,\"width\":800,\"orientation\":\"landscape\"}},\"imageMeta\":{\"aperture\":\"5.6\",\"credit\":\"\",\"camera\":\"Canon EOS 40D\",\"caption\":\"\",\"created_timestamp\":\"1331579513\",\"copyright\":\"\",\"focal_length\":\"56\",\"iso\":\"400\",\"shutter_speed\":\"0.016666666666667\",\"title\":\"\",\"orientation\":\"1\",\"keywords\":[]},\"meta\":false,\"postlink\":\"https:\/\/www.event-fotos.net\/Wordpress\/?attachment_id=4733\"},{\"id\":4734,\"title\":\"Gl\u00fcckliche Besucherin mit Autogramm von Elyas M\u00b4Barek\",\"url\":\"https:\/\/www.event-fotos.net\/Wordpress\/wp-content\/uploads\/2023\/07\/11-18.jpg\",\"link\":\"https:\/\/www.event-fotos.net\/Wordpress\/?attachment_id=4734\",\"alt\":\"\",\"description\":\"\",\"caption\":\"\",\"mime\":\"image\/jpeg\",\"type\":\"image\",\"width\":800,\"height\":528,\"sizes\":{\"thumbnail\":{\"height\":150,\"width\":150,\"url\":\"https:\/\/www.event-fotos.net\/Wordpress\/wp-content\/uploads\/2023\/07\/11-18-150x150.jpg\",\"orientation\":\"landscape\"},\"medium\":{\"height\":198,\"width\":300,\"url\":\"https:\/\/www.event-fotos.net\/Wordpress\/wp-content\/uploads\/2023\/07\/11-18-300x198.jpg\",\"orientation\":\"landscape\"},\"full\":{\"url\":\"https:\/\/www.event-fotos.net\/Wordpress\/wp-content\/uploads\/2023\/07\/11-18.jpg\",\"height\":528,\"width\":800,\"orientation\":\"landscape\"}},\"imageMeta\":{\"aperture\":\"4\",\"credit\":\"\",\"camera\":\"Canon EOS 40D\",\"caption\":\"\",\"created_timestamp\":\"1331579827\",\"copyright\":\"\",\"focal_length\":\"22\",\"iso\":\"400\",\"shutter_speed\":\"0.016666666666667\",\"title\":\"\",\"orientation\":\"1\",\"keywords\":[]},\"meta\":false,\"postlink\":\"https:\/\/www.event-fotos.net\/Wordpress\/?attachment_id=4734\"},{\"id\":4735,\"title\":\"Foto mit und f\u00fcr die Fans\",\"url\":\"https:\/\/www.event-fotos.net\/Wordpress\/wp-content\/uploads\/2023\/07\/12-18.jpg\",\"link\":\"https:\/\/www.event-fotos.net\/Wordpress\/?attachment_id=4735\",\"alt\":\"\",\"description\":\"\",\"caption\":\"\",\"mime\":\"image\/jpeg\",\"type\":\"image\",\"width\":800,\"height\":512,\"sizes\":{\"thumbnail\":{\"height\":150,\"width\":150,\"url\":\"https:\/\/www.event-fotos.net\/Wordpress\/wp-content\/uploads\/2023\/07\/12-18-150x150.jpg\",\"orientation\":\"landscape\"},\"medium\":{\"height\":192,\"width\":300,\"url\":\"https:\/\/www.event-fotos.net\/Wordpress\/wp-content\/uploads\/2023\/07\/12-18-300x192.jpg\",\"orientation\":\"landscape\"},\"full\":{\"url\":\"https:\/\/www.event-fotos.net\/Wordpress\/wp-content\/uploads\/2023\/07\/12-18.jpg\",\"height\":512,\"width\":800,\"orientation\":\"landscape\"}},\"imageMeta\":{\"aperture\":\"4\",\"credit\":\"\",\"camera\":\"Canon EOS 40D\",\"caption\":\"\",\"created_timestamp\":\"1331580071\",\"copyright\":\"\",\"focal_length\":\"17\",\"iso\":\"400\",\"shutter_speed\":\"0.016666666666667\",\"title\":\"\",\"orientation\":\"1\",\"keywords\":[]},\"meta\":false,\"postlink\":\"https:\/\/www.event-fotos.net\/Wordpress\/?attachment_id=4735\"},{\"id\":4736,\"title\":\"Der Promoter von Constantin Film sagt die G\u00e4ste an\",\"url\":\"https:\/\/www.event-fotos.net\/Wordpress\/wp-content\/uploads\/2023\/07\/13-18.jpg\",\"link\":\"https:\/\/www.event-fotos.net\/Wordpress\/?attachment_id=4736\",\"alt\":\"\",\"description\":\"\",\"caption\":\"\",\"mime\":\"image\/jpeg\",\"type\":\"image\",\"width\":512,\"height\":800,\"sizes\":{\"thumbnail\":{\"height\":150,\"width\":150,\"url\":\"https:\/\/www.event-fotos.net\/Wordpress\/wp-content\/uploads\/2023\/07\/13-18-150x150.jpg\",\"orientation\":\"landscape\"},\"medium\":{\"height\":300,\"width\":192,\"url\":\"https:\/\/www.event-fotos.net\/Wordpress\/wp-content\/uploads\/2023\/07\/13-18-192x300.jpg\",\"orientation\":\"portrait\"},\"full\":{\"url\":\"https:\/\/www.event-fotos.net\/Wordpress\/wp-content\/uploads\/2023\/07\/13-18.jpg\",\"height\":800,\"width\":512,\"orientation\":\"portrait\"}},\"imageMeta\":{\"aperture\":\"5\",\"credit\":\"\",\"camera\":\"Canon EOS 40D\",\"caption\":\"\",\"created_timestamp\":\"1331581331\",\"copyright\":\"\",\"focal_length\":\"38\",\"iso\":\"640\",\"shutter_speed\":\"0.016666666666667\",\"title\":\"\",\"orientation\":\"1\",\"keywords\":[]},\"meta\":false,\"postlink\":\"https:\/\/www.event-fotos.net\/Wordpress\/?attachment_id=4736\"},{\"id\":4737,\"title\":\"Bora Dagtekin sagt ein paar Worte zum Film\",\"url\":\"https:\/\/www.event-fotos.net\/Wordpress\/wp-content\/uploads\/2023\/07\/14-18.jpg\",\"link\":\"https:\/\/www.event-fotos.net\/Wordpress\/?attachment_id=4737\",\"alt\":\"\",\"description\":\"\",\"caption\":\"\",\"mime\":\"image\/jpeg\",\"type\":\"image\",\"width\":529,\"height\":800,\"sizes\":{\"thumbnail\":{\"height\":150,\"width\":150,\"url\":\"https:\/\/www.event-fotos.net\/Wordpress\/wp-content\/uploads\/2023\/07\/14-18-150x150.jpg\",\"orientation\":\"landscape\"},\"medium\":{\"height\":300,\"width\":198,\"url\":\"https:\/\/www.event-fotos.net\/Wordpress\/wp-content\/uploads\/2023\/07\/14-18-198x300.jpg\",\"orientation\":\"portrait\"},\"full\":{\"url\":\"https:\/\/www.event-fotos.net\/Wordpress\/wp-content\/uploads\/2023\/07\/14-18.jpg\",\"height\":800,\"width\":529,\"orientation\":\"portrait\"}},\"imageMeta\":{\"aperture\":\"4.5\",\"credit\":\"\",\"camera\":\"Canon EOS 40D\",\"caption\":\"\",\"created_timestamp\":\"1331581389\",\"copyright\":\"\",\"focal_length\":\"26\",\"iso\":\"640\",\"shutter_speed\":\"0.016666666666667\",\"title\":\"\",\"orientation\":\"1\",\"keywords\":[]},\"meta\":false,\"postlink\":\"https:\/\/www.event-fotos.net\/Wordpress\/?attachment_id=4737\"},{\"id\":4738,\"title\":\"Elyas M\u00b4Barek beantwortet Fragen aus dem Kinosaal\",\"url\":\"https:\/\/www.event-fotos.net\/Wordpress\/wp-content\/uploads\/2023\/07\/15-18.jpg\",\"link\":\"https:\/\/www.event-fotos.net\/Wordpress\/?attachment_id=4738\",\"alt\":\"\",\"description\":\"\",\"caption\":\"\",\"mime\":\"image\/jpeg\",\"type\":\"image\",\"width\":800,\"height\":518,\"sizes\":{\"thumbnail\":{\"height\":150,\"width\":150,\"url\":\"https:\/\/www.event-fotos.net\/Wordpress\/wp-content\/uploads\/2023\/07\/15-18-150x150.jpg\",\"orientation\":\"landscape\"},\"medium\":{\"height\":194,\"width\":300,\"url\":\"https:\/\/www.event-fotos.net\/Wordpress\/wp-content\/uploads\/2023\/07\/15-18-300x194.jpg\",\"orientation\":\"landscape\"},\"full\":{\"url\":\"https:\/\/www.event-fotos.net\/Wordpress\/wp-content\/uploads\/2023\/07\/15-18.jpg\",\"height\":518,\"width\":800,\"orientation\":\"landscape\"}},\"imageMeta\":{\"aperture\":\"5.6\",\"credit\":\"\",\"camera\":\"Canon EOS 40D\",\"caption\":\"\",\"created_timestamp\":\"1331581447\",\"copyright\":\"\",\"focal_length\":\"85\",\"iso\":\"640\",\"shutter_speed\":\"0.016666666666667\",\"title\":\"\",\"orientation\":\"1\",\"keywords\":[]},\"meta\":false,\"postlink\":\"https:\/\/www.event-fotos.net\/Wordpress\/?attachment_id=4738\"},{\"id\":4739,\"title\":\"M\u00b4Barek - Star zum Anfassen\",\"url\":\"https:\/\/www.event-fotos.net\/Wordpress\/wp-content\/uploads\/2023\/07\/16-17.jpg\",\"link\":\"https:\/\/www.event-fotos.net\/Wordpress\/?attachment_id=4739\",\"alt\":\"\",\"description\":\"\",\"caption\":\"\",\"mime\":\"image\/jpeg\",\"type\":\"image\",\"width\":800,\"height\":514,\"sizes\":{\"thumbnail\":{\"height\":150,\"width\":150,\"url\":\"https:\/\/www.event-fotos.net\/Wordpress\/wp-content\/uploads\/2023\/07\/16-17-150x150.jpg\",\"orientation\":\"landscape\"},\"medium\":{\"height\":193,\"width\":300,\"url\":\"https:\/\/www.event-fotos.net\/Wordpress\/wp-content\/uploads\/2023\/07\/16-17-300x193.jpg\",\"orientation\":\"landscape\"},\"full\":{\"url\":\"https:\/\/www.event-fotos.net\/Wordpress\/wp-content\/uploads\/2023\/07\/16-17.jpg\",\"height\":514,\"width\":800,\"orientation\":\"landscape\"}},\"imageMeta\":{\"aperture\":\"4.5\",\"credit\":\"\",\"camera\":\"Canon EOS 40D\",\"caption\":\"\",\"created_timestamp\":\"1331581491\",\"copyright\":\"\",\"focal_length\":\"28\",\"iso\":\"640\",\"shutter_speed\":\"0.016666666666667\",\"title\":\"\",\"orientation\":\"1\",\"keywords\":[]},\"meta\":false,\"postlink\":\"https:\/\/www.event-fotos.net\/Wordpress\/?attachment_id=4739\"},{\"id\":4740,\"title\":\"M\u00b4Barek lief zu den Besuchern, um deren Fragen zu beantworten\",\"url\":\"https:\/\/www.event-fotos.net\/Wordpress\/wp-content\/uploads\/2023\/07\/17-17.jpg\",\"link\":\"https:\/\/www.event-fotos.net\/Wordpress\/?attachment_id=4740\",\"alt\":\"\",\"description\":\"\",\"caption\":\"\",\"mime\":\"image\/jpeg\",\"type\":\"image\",\"width\":800,\"height\":525,\"sizes\":{\"thumbnail\":{\"height\":150,\"width\":150,\"url\":\"https:\/\/www.event-fotos.net\/Wordpress\/wp-content\/uploads\/2023\/07\/17-17-150x150.jpg\",\"orientation\":\"landscape\"},\"medium\":{\"height\":197,\"width\":300,\"url\":\"https:\/\/www.event-fotos.net\/Wordpress\/wp-content\/uploads\/2023\/07\/17-17-300x197.jpg\",\"orientation\":\"landscape\"},\"full\":{\"url\":\"https:\/\/www.event-fotos.net\/Wordpress\/wp-content\/uploads\/2023\/07\/17-17.jpg\",\"height\":525,\"width\":800,\"orientation\":\"landscape\"}},\"imageMeta\":{\"aperture\":\"4.5\",\"credit\":\"\",\"camera\":\"Canon EOS 40D\",\"caption\":\"\",\"created_timestamp\":\"1331581671\",\"copyright\":\"\",\"focal_length\":\"28\",\"iso\":\"640\",\"shutter_speed\":\"0.016666666666667\",\"title\":\"\",\"orientation\":\"1\",\"keywords\":[]},\"meta\":false,\"postlink\":\"https:\/\/www.event-fotos.net\/Wordpress\/?attachment_id=4740\"},{\"id\":4741,\"title\":\"Er setzte sich sogar zu den Fans\",\"url\":\"https:\/\/www.event-fotos.net\/Wordpress\/wp-content\/uploads\/2023\/07\/18-17.jpg\",\"link\":\"https:\/\/www.event-fotos.net\/Wordpress\/?attachment_id=4741\",\"alt\":\"\",\"description\":\"\",\"caption\":\"\",\"mime\":\"image\/jpeg\",\"type\":\"image\",\"width\":502,\"height\":767,\"sizes\":{\"thumbnail\":{\"height\":150,\"width\":150,\"url\":\"https:\/\/www.event-fotos.net\/Wordpress\/wp-content\/uploads\/2023\/07\/18-17-150x150.jpg\",\"orientation\":\"landscape\"},\"medium\":{\"height\":300,\"width\":196,\"url\":\"https:\/\/www.event-fotos.net\/Wordpress\/wp-content\/uploads\/2023\/07\/18-17-196x300.jpg\",\"orientation\":\"portrait\"},\"full\":{\"url\":\"https:\/\/www.event-fotos.net\/Wordpress\/wp-content\/uploads\/2023\/07\/18-17.jpg\",\"height\":767,\"width\":502,\"orientation\":\"portrait\"}},\"imageMeta\":{\"aperture\":\"5.6\",\"credit\":\"\",\"camera\":\"Canon EOS 40D\",\"caption\":\"\",\"created_timestamp\":\"1331581914\",\"copyright\":\"\",\"focal_length\":\"72\",\"iso\":\"640\",\"shutter_speed\":\"0.016666666666667\",\"title\":\"\",\"orientation\":\"1\",\"keywords\":[]},\"meta\":false,\"postlink\":\"https:\/\/www.event-fotos.net\/Wordpress\/?attachment_id=4741\"},{\"id\":4742,\"title\":\"Verabschiedung zur n\u00e4chsten Station\",\"url\":\"https:\/\/www.event-fotos.net\/Wordpress\/wp-content\/uploads\/2023\/07\/19-18.jpg\",\"link\":\"https:\/\/www.event-fotos.net\/Wordpress\/?attachment_id=4742\",\"alt\":\"\",\"description\":\"\",\"caption\":\"\",\"mime\":\"image\/jpeg\",\"type\":\"image\",\"width\":800,\"height\":533,\"sizes\":{\"thumbnail\":{\"height\":150,\"width\":150,\"url\":\"https:\/\/www.event-fotos.net\/Wordpress\/wp-content\/uploads\/2023\/07\/19-18-150x150.jpg\",\"orientation\":\"landscape\"},\"medium\":{\"height\":200,\"width\":300,\"url\":\"https:\/\/www.event-fotos.net\/Wordpress\/wp-content\/uploads\/2023\/07\/19-18-300x200.jpg\",\"orientation\":\"landscape\"},\"full\":{\"url\":\"https:\/\/www.event-fotos.net\/Wordpress\/wp-content\/uploads\/2023\/07\/19-18.jpg\",\"height\":533,\"width\":800,\"orientation\":\"landscape\"}},\"imageMeta\":{\"aperture\":\"5.6\",\"credit\":\"\",\"camera\":\"Canon EOS 40D\",\"caption\":\"\",\"created_timestamp\":\"1331581509\",\"copyright\":\"\",\"focal_length\":\"73\",\"iso\":\"640\",\"shutter_speed\":\"0.016666666666667\",\"title\":\"\",\"orientation\":\"1\",\"keywords\":[]},\"meta\":false,\"postlink\":\"https:\/\/www.event-fotos.net\/Wordpress\/?attachment_id=4742\"}],\"itemsMetaDataCollection\":[],\"sliderSocialShareEnabled\":false,\"sliderItemDownload\":false,\"pageControllerThumbsRows\":11,\"shareFacebook\":false,\"shareTwitter\":false,\"sharePinterest\":false}<\/script><script>(function(){if(window.PGC_SGB && window.PGC_SGB.searcher){window.PGC_SGB.searcher.initBlocks()}})()<\/script><\/div>","protected":false},"featured_media":0,"comment_status":"closed","ping_status":"closed","template":"","pgc_simply_category":[],"class_list":["post-4724","pgc_simply_gallery","type-pgc_simply_gallery","status-publish","hentry"],"_links":{"self":[{"href":"https:\/\/www.event-fotos.net\/Wordpress\/wp-json\/wp\/v2\/pgc_simply_gallery\/4724","targetHints":{"allow":["GET"]}}],"collection":[{"href":"https:\/\/www.event-fotos.net\/Wordpress\/wp-json\/wp\/v2\/pgc_simply_gallery"}],"about":[{"href":"https:\/\/www.event-fotos.net\/Wordpress\/wp-json\/wp\/v2\/types\/pgc_simply_gallery"}],"replies":[{"embeddable":true,"href":"https:\/\/www.event-fotos.net\/Wordpress\/wp-json\/wp\/v2\/comments?post=4724"}],"wp:attachment":[{"href":"https:\/\/www.event-fotos.net\/Wordpress\/wp-json\/wp\/v2\/media?parent=4724"}],"wp:term":[{"taxonomy":"pgc_simply_category","embeddable":true,"href":"https:\/\/www.event-fotos.net\/Wordpress\/wp-json\/wp\/v2\/pgc_simply_category?post=4724"}],"curies":[{"name":"wp","href":"https:\/\/api.w.org\/{rel}","templated":true}]}}