{"id":5819,"date":"2023-10-30T21:42:24","date_gmt":"2023-10-30T20:42:24","guid":{"rendered":"https:\/\/www.event-fotos.net\/Wordpress\/?post_type=pgc_simply_gallery&#038;p=5819"},"modified":"2023-10-30T22:34:21","modified_gmt":"2023-10-30T21:34:21","slug":"sightseeing-salzburger-land-a-2023","status":"publish","type":"pgc_simply_gallery","link":"https:\/\/www.event-fotos.net\/Wordpress\/pgc_simply_gallery\/sightseeing-salzburger-land-a-2023","title":{"rendered":"Sightseeing Salzburger Land (A), (2023)"},"content":{"rendered":"<div class=\"pgc-sgb-cb wp-block-pgcsimplygalleryblock-viewer \" data-gallery-id=\"42714539\"><div class=\"sgb-preloader\" id=\"pr_42714539\">\n\t<div class=\"sgb-square\" style=\"background:#d4d4d4\"><\/div>\n\t<div class=\"sgb-square\" style=\"background:#d4d4d4\"><\/div>\n\t<div class=\"sgb-square\" style=\"background:#d4d4d4\"><\/div>\n\t<div class=\"sgb-square\" style=\"background:#d4d4d4\"><\/div><\/div><div class=\"simply-gallery-amp pgc_sgb_slider \"><noscript><div class=\"sgb-gallery\"><div class=\"sgb-item\"><a href=\"https:\/\/www.event-fotos.net\/Wordpress\/pgc_simply_gallery\/sightseeing-salzburger-land-a-2023\/01-65\" target=\"_blank\"><img decoding=\"async\" alt=\"\" width=\"300\" height=\"197\" loading=\"lazy\" src=\"https:\/\/www.event-fotos.net\/Wordpress\/wp-content\/uploads\/2023\/10\/01-7-300x197.jpg\" srcset=\"https:\/\/www.event-fotos.net\/Wordpress\/wp-content\/uploads\/2023\/10\/01-7-300x197.jpg 300w,https:\/\/www.event-fotos.net\/Wordpress\/wp-content\/uploads\/2023\/10\/01-7.jpg 800w\" sizes=\"auto, 250px\"\/><\/a><\/div><div class=\"sgb-item\"><a href=\"https:\/\/www.event-fotos.net\/Wordpress\/pgc_simply_gallery\/sightseeing-salzburger-land-a-2023\/02-61\" target=\"_blank\"><img decoding=\"async\" alt=\"\" width=\"300\" height=\"197\" loading=\"lazy\" src=\"https:\/\/www.event-fotos.net\/Wordpress\/wp-content\/uploads\/2023\/10\/02-7-300x197.jpg\" srcset=\"https:\/\/www.event-fotos.net\/Wordpress\/wp-content\/uploads\/2023\/10\/02-7-300x197.jpg 300w,https:\/\/www.event-fotos.net\/Wordpress\/wp-content\/uploads\/2023\/10\/02-7.jpg 800w\" sizes=\"auto, 250px\"\/><\/a><\/div><div class=\"sgb-item\"><a href=\"https:\/\/www.event-fotos.net\/Wordpress\/pgc_simply_gallery\/sightseeing-salzburger-land-a-2023\/03-67\" target=\"_blank\"><img decoding=\"async\" alt=\"\" width=\"300\" height=\"200\" loading=\"lazy\" src=\"https:\/\/www.event-fotos.net\/Wordpress\/wp-content\/uploads\/2023\/10\/03-7-300x200.jpg\" srcset=\"https:\/\/www.event-fotos.net\/Wordpress\/wp-content\/uploads\/2023\/10\/03-7-300x200.jpg 300w,https:\/\/www.event-fotos.net\/Wordpress\/wp-content\/uploads\/2023\/10\/03-7.jpg 800w\" sizes=\"auto, 250px\"\/><\/a><\/div><div class=\"sgb-item\"><a href=\"https:\/\/www.event-fotos.net\/Wordpress\/pgc_simply_gallery\/sightseeing-salzburger-land-a-2023\/04-63\" target=\"_blank\"><img decoding=\"async\" alt=\"\" width=\"300\" height=\"200\" loading=\"lazy\" src=\"https:\/\/www.event-fotos.net\/Wordpress\/wp-content\/uploads\/2023\/10\/04-7-300x200.jpg\" srcset=\"https:\/\/www.event-fotos.net\/Wordpress\/wp-content\/uploads\/2023\/10\/04-7-300x200.jpg 300w,https:\/\/www.event-fotos.net\/Wordpress\/wp-content\/uploads\/2023\/10\/04-7.jpg 800w\" sizes=\"auto, 250px\"\/><\/a><\/div><div class=\"sgb-item\"><a href=\"https:\/\/www.event-fotos.net\/Wordpress\/pgc_simply_gallery\/sightseeing-salzburger-land-a-2023\/05-65\" target=\"_blank\"><img decoding=\"async\" alt=\"\" width=\"189\" height=\"300\" loading=\"lazy\" src=\"https:\/\/www.event-fotos.net\/Wordpress\/wp-content\/uploads\/2023\/10\/05-7-189x300.jpg\" srcset=\"https:\/\/www.event-fotos.net\/Wordpress\/wp-content\/uploads\/2023\/10\/05-7-189x300.jpg 189w,https:\/\/www.event-fotos.net\/Wordpress\/wp-content\/uploads\/2023\/10\/05-7.jpg 505w\" sizes=\"auto, 250px\"\/><\/a><\/div><div class=\"sgb-item\"><a href=\"https:\/\/www.event-fotos.net\/Wordpress\/pgc_simply_gallery\/sightseeing-salzburger-land-a-2023\/06-64\" target=\"_blank\"><img decoding=\"async\" alt=\"\" width=\"195\" height=\"300\" loading=\"lazy\" src=\"https:\/\/www.event-fotos.net\/Wordpress\/wp-content\/uploads\/2023\/10\/06-7-195x300.jpg\" srcset=\"https:\/\/www.event-fotos.net\/Wordpress\/wp-content\/uploads\/2023\/10\/06-7-195x300.jpg 195w,https:\/\/www.event-fotos.net\/Wordpress\/wp-content\/uploads\/2023\/10\/06-7.jpg 521w\" sizes=\"auto, 250px\"\/><\/a><\/div><div class=\"sgb-item\"><a href=\"https:\/\/www.event-fotos.net\/Wordpress\/pgc_simply_gallery\/sightseeing-salzburger-land-a-2023\/07-69\" target=\"_blank\"><img decoding=\"async\" alt=\"\" width=\"300\" height=\"225\" loading=\"lazy\" src=\"https:\/\/www.event-fotos.net\/Wordpress\/wp-content\/uploads\/2023\/10\/07-7-300x225.jpg\" srcset=\"https:\/\/www.event-fotos.net\/Wordpress\/wp-content\/uploads\/2023\/10\/07-7-300x225.jpg 300w,https:\/\/www.event-fotos.net\/Wordpress\/wp-content\/uploads\/2023\/10\/07-7.jpg 800w\" sizes=\"auto, 250px\"\/><\/a><\/div><div class=\"sgb-item\"><a href=\"https:\/\/www.event-fotos.net\/Wordpress\/pgc_simply_gallery\/sightseeing-salzburger-land-a-2023\/08-63\" target=\"_blank\"><img decoding=\"async\" alt=\"\" width=\"300\" height=\"225\" loading=\"lazy\" src=\"https:\/\/www.event-fotos.net\/Wordpress\/wp-content\/uploads\/2023\/10\/08-7-300x225.jpg\" srcset=\"https:\/\/www.event-fotos.net\/Wordpress\/wp-content\/uploads\/2023\/10\/08-7-300x225.jpg 300w,https:\/\/www.event-fotos.net\/Wordpress\/wp-content\/uploads\/2023\/10\/08-7.jpg 800w\" sizes=\"auto, 250px\"\/><\/a><\/div><div class=\"sgb-item\"><a href=\"https:\/\/www.event-fotos.net\/Wordpress\/pgc_simply_gallery\/sightseeing-salzburger-land-a-2023\/09-64\" target=\"_blank\"><img decoding=\"async\" alt=\"\" width=\"207\" height=\"300\" loading=\"lazy\" src=\"https:\/\/www.event-fotos.net\/Wordpress\/wp-content\/uploads\/2023\/10\/09-7-207x300.jpg\" srcset=\"https:\/\/www.event-fotos.net\/Wordpress\/wp-content\/uploads\/2023\/10\/09-7-207x300.jpg 207w,https:\/\/www.event-fotos.net\/Wordpress\/wp-content\/uploads\/2023\/10\/09-7.jpg 552w\" sizes=\"auto, 250px\"\/><\/a><\/div><div class=\"sgb-item\"><a href=\"https:\/\/www.event-fotos.net\/Wordpress\/pgc_simply_gallery\/sightseeing-salzburger-land-a-2023\/10-65\" target=\"_blank\"><img decoding=\"async\" alt=\"\" width=\"300\" height=\"200\" loading=\"lazy\" src=\"https:\/\/www.event-fotos.net\/Wordpress\/wp-content\/uploads\/2023\/10\/10-7-300x200.jpg\" srcset=\"https:\/\/www.event-fotos.net\/Wordpress\/wp-content\/uploads\/2023\/10\/10-7-300x200.jpg 300w,https:\/\/www.event-fotos.net\/Wordpress\/wp-content\/uploads\/2023\/10\/10-7.jpg 800w\" sizes=\"auto, 250px\"\/><\/a><\/div><div class=\"sgb-item\"><a href=\"https:\/\/www.event-fotos.net\/Wordpress\/pgc_simply_gallery\/sightseeing-salzburger-land-a-2023\/11-66\" target=\"_blank\"><img decoding=\"async\" alt=\"\" width=\"300\" height=\"200\" loading=\"lazy\" src=\"https:\/\/www.event-fotos.net\/Wordpress\/wp-content\/uploads\/2023\/10\/11-7-300x200.jpg\" srcset=\"https:\/\/www.event-fotos.net\/Wordpress\/wp-content\/uploads\/2023\/10\/11-7-300x200.jpg 300w,https:\/\/www.event-fotos.net\/Wordpress\/wp-content\/uploads\/2023\/10\/11-7.jpg 800w\" sizes=\"auto, 250px\"\/><\/a><\/div><div class=\"sgb-item\"><a href=\"https:\/\/www.event-fotos.net\/Wordpress\/pgc_simply_gallery\/sightseeing-salzburger-land-a-2023\/12-63\" target=\"_blank\"><img decoding=\"async\" alt=\"\" width=\"300\" height=\"200\" loading=\"lazy\" src=\"https:\/\/www.event-fotos.net\/Wordpress\/wp-content\/uploads\/2023\/10\/12-7-300x200.jpg\" srcset=\"https:\/\/www.event-fotos.net\/Wordpress\/wp-content\/uploads\/2023\/10\/12-7-300x200.jpg 300w,https:\/\/www.event-fotos.net\/Wordpress\/wp-content\/uploads\/2023\/10\/12-7.jpg 800w\" sizes=\"auto, 250px\"\/><\/a><\/div><div class=\"sgb-item\"><a href=\"https:\/\/www.event-fotos.net\/Wordpress\/pgc_simply_gallery\/sightseeing-salzburger-land-a-2023\/13-63\" target=\"_blank\"><img decoding=\"async\" alt=\"\" width=\"300\" height=\"200\" loading=\"lazy\" src=\"https:\/\/www.event-fotos.net\/Wordpress\/wp-content\/uploads\/2023\/10\/13-7-300x200.jpg\" srcset=\"https:\/\/www.event-fotos.net\/Wordpress\/wp-content\/uploads\/2023\/10\/13-7-300x200.jpg 300w,https:\/\/www.event-fotos.net\/Wordpress\/wp-content\/uploads\/2023\/10\/13-7.jpg 800w\" sizes=\"auto, 250px\"\/><\/a><\/div><div class=\"sgb-item\"><a href=\"https:\/\/www.event-fotos.net\/Wordpress\/pgc_simply_gallery\/sightseeing-salzburger-land-a-2023\/14-61\" target=\"_blank\"><img decoding=\"async\" alt=\"\" width=\"300\" height=\"200\" loading=\"lazy\" src=\"https:\/\/www.event-fotos.net\/Wordpress\/wp-content\/uploads\/2023\/10\/14-7-300x200.jpg\" srcset=\"https:\/\/www.event-fotos.net\/Wordpress\/wp-content\/uploads\/2023\/10\/14-7-300x200.jpg 300w,https:\/\/www.event-fotos.net\/Wordpress\/wp-content\/uploads\/2023\/10\/14-7.jpg 800w\" sizes=\"auto, 250px\"\/><\/a><\/div><div class=\"sgb-item\"><a href=\"https:\/\/www.event-fotos.net\/Wordpress\/pgc_simply_gallery\/sightseeing-salzburger-land-a-2023\/15-66\" target=\"_blank\"><img decoding=\"async\" alt=\"\" width=\"200\" height=\"300\" loading=\"lazy\" src=\"https:\/\/www.event-fotos.net\/Wordpress\/wp-content\/uploads\/2023\/10\/15-7-200x300.jpg\" srcset=\"https:\/\/www.event-fotos.net\/Wordpress\/wp-content\/uploads\/2023\/10\/15-7-200x300.jpg 200w,https:\/\/www.event-fotos.net\/Wordpress\/wp-content\/uploads\/2023\/10\/15-7.jpg 533w\" sizes=\"auto, 250px\"\/><\/a><\/div><div class=\"sgb-item\"><a href=\"https:\/\/www.event-fotos.net\/Wordpress\/pgc_simply_gallery\/sightseeing-salzburger-land-a-2023\/16-61\" target=\"_blank\"><img decoding=\"async\" alt=\"\" width=\"300\" height=\"198\" loading=\"lazy\" src=\"https:\/\/www.event-fotos.net\/Wordpress\/wp-content\/uploads\/2023\/10\/16-7-300x198.jpg\" srcset=\"https:\/\/www.event-fotos.net\/Wordpress\/wp-content\/uploads\/2023\/10\/16-7-300x198.jpg 300w,https:\/\/www.event-fotos.net\/Wordpress\/wp-content\/uploads\/2023\/10\/16-7.jpg 800w\" sizes=\"auto, 250px\"\/><\/a><\/div><div class=\"sgb-item\"><a href=\"https:\/\/www.event-fotos.net\/Wordpress\/pgc_simply_gallery\/sightseeing-salzburger-land-a-2023\/17-60\" target=\"_blank\"><img decoding=\"async\" alt=\"\" width=\"300\" height=\"200\" loading=\"lazy\" src=\"https:\/\/www.event-fotos.net\/Wordpress\/wp-content\/uploads\/2023\/10\/17-7-300x200.jpg\" srcset=\"https:\/\/www.event-fotos.net\/Wordpress\/wp-content\/uploads\/2023\/10\/17-7-300x200.jpg 300w,https:\/\/www.event-fotos.net\/Wordpress\/wp-content\/uploads\/2023\/10\/17-7.jpg 800w\" sizes=\"auto, 250px\"\/><\/a><\/div><div class=\"sgb-item\"><a href=\"https:\/\/www.event-fotos.net\/Wordpress\/pgc_simply_gallery\/sightseeing-salzburger-land-a-2023\/18-59\" target=\"_blank\"><img decoding=\"async\" alt=\"\" width=\"204\" height=\"300\" loading=\"lazy\" src=\"https:\/\/www.event-fotos.net\/Wordpress\/wp-content\/uploads\/2023\/10\/18-7-204x300.jpg\" srcset=\"https:\/\/www.event-fotos.net\/Wordpress\/wp-content\/uploads\/2023\/10\/18-7-204x300.jpg 204w,https:\/\/www.event-fotos.net\/Wordpress\/wp-content\/uploads\/2023\/10\/18-7.jpg 544w\" sizes=\"auto, 250px\"\/><\/a><\/div><div class=\"sgb-item\"><a href=\"https:\/\/www.event-fotos.net\/Wordpress\/pgc_simply_gallery\/sightseeing-salzburger-land-a-2023\/19-60\" target=\"_blank\"><img decoding=\"async\" alt=\"\" width=\"201\" height=\"300\" loading=\"lazy\" src=\"https:\/\/www.event-fotos.net\/Wordpress\/wp-content\/uploads\/2023\/10\/19-7-201x300.jpg\" srcset=\"https:\/\/www.event-fotos.net\/Wordpress\/wp-content\/uploads\/2023\/10\/19-7-201x300.jpg 201w,https:\/\/www.event-fotos.net\/Wordpress\/wp-content\/uploads\/2023\/10\/19-7.jpg 537w\" sizes=\"auto, 250px\"\/><\/a><\/div><div class=\"sgb-item\"><a href=\"https:\/\/www.event-fotos.net\/Wordpress\/pgc_simply_gallery\/sightseeing-salzburger-land-a-2023\/20-57\" target=\"_blank\"><img decoding=\"async\" alt=\"\" width=\"300\" height=\"200\" loading=\"lazy\" src=\"https:\/\/www.event-fotos.net\/Wordpress\/wp-content\/uploads\/2023\/10\/20-7-300x200.jpg\" srcset=\"https:\/\/www.event-fotos.net\/Wordpress\/wp-content\/uploads\/2023\/10\/20-7-300x200.jpg 300w,https:\/\/www.event-fotos.net\/Wordpress\/wp-content\/uploads\/2023\/10\/20-7.jpg 800w\" sizes=\"auto, 250px\"\/><\/a><\/div><div class=\"sgb-item\"><a href=\"https:\/\/www.event-fotos.net\/Wordpress\/pgc_simply_gallery\/sightseeing-salzburger-land-a-2023\/21-53\" target=\"_blank\"><img decoding=\"async\" alt=\"\" width=\"200\" height=\"300\" loading=\"lazy\" src=\"https:\/\/www.event-fotos.net\/Wordpress\/wp-content\/uploads\/2023\/10\/21-7-200x300.jpg\" srcset=\"https:\/\/www.event-fotos.net\/Wordpress\/wp-content\/uploads\/2023\/10\/21-7-200x300.jpg 200w,https:\/\/www.event-fotos.net\/Wordpress\/wp-content\/uploads\/2023\/10\/21-7.jpg 533w\" sizes=\"auto, 250px\"\/><\/a><\/div><div class=\"sgb-item\"><a href=\"https:\/\/www.event-fotos.net\/Wordpress\/pgc_simply_gallery\/sightseeing-salzburger-land-a-2023\/22-52\" target=\"_blank\"><img decoding=\"async\" alt=\"\" width=\"204\" height=\"300\" loading=\"lazy\" src=\"https:\/\/www.event-fotos.net\/Wordpress\/wp-content\/uploads\/2023\/10\/22-6-204x300.jpg\" srcset=\"https:\/\/www.event-fotos.net\/Wordpress\/wp-content\/uploads\/2023\/10\/22-6-204x300.jpg 204w,https:\/\/www.event-fotos.net\/Wordpress\/wp-content\/uploads\/2023\/10\/22-6.jpg 545w\" sizes=\"auto, 250px\"\/><\/a><\/div><div class=\"sgb-item\"><a href=\"https:\/\/www.event-fotos.net\/Wordpress\/pgc_simply_gallery\/sightseeing-salzburger-land-a-2023\/23-49\" target=\"_blank\"><img decoding=\"async\" alt=\"\" width=\"193\" height=\"300\" loading=\"lazy\" src=\"https:\/\/www.event-fotos.net\/Wordpress\/wp-content\/uploads\/2023\/10\/23-6-193x300.jpg\" srcset=\"https:\/\/www.event-fotos.net\/Wordpress\/wp-content\/uploads\/2023\/10\/23-6-193x300.jpg 193w,https:\/\/www.event-fotos.net\/Wordpress\/wp-content\/uploads\/2023\/10\/23-6.jpg 514w\" sizes=\"auto, 250px\"\/><\/a><\/div><div class=\"sgb-item\"><a href=\"https:\/\/www.event-fotos.net\/Wordpress\/pgc_simply_gallery\/sightseeing-salzburger-land-a-2023\/24-47\" target=\"_blank\"><img decoding=\"async\" alt=\"\" width=\"300\" height=\"200\" loading=\"lazy\" src=\"https:\/\/www.event-fotos.net\/Wordpress\/wp-content\/uploads\/2023\/10\/24-6-300x200.jpg\" srcset=\"https:\/\/www.event-fotos.net\/Wordpress\/wp-content\/uploads\/2023\/10\/24-6-300x200.jpg 300w,https:\/\/www.event-fotos.net\/Wordpress\/wp-content\/uploads\/2023\/10\/24-6.jpg 800w\" sizes=\"auto, 250px\"\/><\/a><\/div><div class=\"sgb-item\"><a href=\"https:\/\/www.event-fotos.net\/Wordpress\/pgc_simply_gallery\/sightseeing-salzburger-land-a-2023\/25-45\" target=\"_blank\"><img decoding=\"async\" alt=\"\" width=\"300\" height=\"213\" loading=\"lazy\" src=\"https:\/\/www.event-fotos.net\/Wordpress\/wp-content\/uploads\/2023\/10\/25-4-300x213.jpg\" srcset=\"https:\/\/www.event-fotos.net\/Wordpress\/wp-content\/uploads\/2023\/10\/25-4-300x213.jpg 300w,https:\/\/www.event-fotos.net\/Wordpress\/wp-content\/uploads\/2023\/10\/25-4.jpg 800w\" sizes=\"auto, 250px\"\/><\/a><\/div><div class=\"sgb-item\"><a href=\"https:\/\/www.event-fotos.net\/Wordpress\/pgc_simply_gallery\/sightseeing-salzburger-land-a-2023\/26-41\" target=\"_blank\"><img decoding=\"async\" alt=\"\" width=\"213\" height=\"300\" loading=\"lazy\" src=\"https:\/\/www.event-fotos.net\/Wordpress\/wp-content\/uploads\/2023\/10\/26-4-213x300.jpg\" srcset=\"https:\/\/www.event-fotos.net\/Wordpress\/wp-content\/uploads\/2023\/10\/26-4-213x300.jpg 213w,https:\/\/www.event-fotos.net\/Wordpress\/wp-content\/uploads\/2023\/10\/26-4.jpg 567w\" sizes=\"auto, 250px\"\/><\/a><\/div><div class=\"sgb-item\"><a href=\"https:\/\/www.event-fotos.net\/Wordpress\/pgc_simply_gallery\/sightseeing-salzburger-land-a-2023\/27-41\" target=\"_blank\"><img decoding=\"async\" alt=\"\" width=\"200\" height=\"300\" loading=\"lazy\" src=\"https:\/\/www.event-fotos.net\/Wordpress\/wp-content\/uploads\/2023\/10\/27-1-200x300.jpg\" srcset=\"https:\/\/www.event-fotos.net\/Wordpress\/wp-content\/uploads\/2023\/10\/27-1-200x300.jpg 200w,https:\/\/www.event-fotos.net\/Wordpress\/wp-content\/uploads\/2023\/10\/27-1.jpg 533w\" sizes=\"auto, 250px\"\/><\/a><\/div><div class=\"sgb-item\"><a href=\"https:\/\/www.event-fotos.net\/Wordpress\/pgc_simply_gallery\/sightseeing-salzburger-land-a-2023\/28-37\" target=\"_blank\"><img decoding=\"async\" alt=\"\" width=\"200\" height=\"300\" loading=\"lazy\" src=\"https:\/\/www.event-fotos.net\/Wordpress\/wp-content\/uploads\/2023\/10\/28-2-200x300.jpg\" srcset=\"https:\/\/www.event-fotos.net\/Wordpress\/wp-content\/uploads\/2023\/10\/28-2-200x300.jpg 200w,https:\/\/www.event-fotos.net\/Wordpress\/wp-content\/uploads\/2023\/10\/28-2.jpg 533w\" sizes=\"auto, 250px\"\/><\/a><\/div><div class=\"sgb-item\"><a href=\"https:\/\/www.event-fotos.net\/Wordpress\/pgc_simply_gallery\/sightseeing-salzburger-land-a-2023\/29-37\" target=\"_blank\"><img decoding=\"async\" alt=\"\" width=\"200\" height=\"300\" loading=\"lazy\" src=\"https:\/\/www.event-fotos.net\/Wordpress\/wp-content\/uploads\/2023\/10\/29-2-200x300.jpg\" srcset=\"https:\/\/www.event-fotos.net\/Wordpress\/wp-content\/uploads\/2023\/10\/29-2-200x300.jpg 200w,https:\/\/www.event-fotos.net\/Wordpress\/wp-content\/uploads\/2023\/10\/29-2.jpg 533w\" sizes=\"auto, 250px\"\/><\/a><\/div><div class=\"sgb-item\"><a href=\"https:\/\/www.event-fotos.net\/Wordpress\/pgc_simply_gallery\/sightseeing-salzburger-land-a-2023\/30-35\" target=\"_blank\"><img decoding=\"async\" alt=\"\" width=\"300\" height=\"200\" loading=\"lazy\" src=\"https:\/\/www.event-fotos.net\/Wordpress\/wp-content\/uploads\/2023\/10\/30-2-300x200.jpg\" srcset=\"https:\/\/www.event-fotos.net\/Wordpress\/wp-content\/uploads\/2023\/10\/30-2-300x200.jpg 300w,https:\/\/www.event-fotos.net\/Wordpress\/wp-content\/uploads\/2023\/10\/30-2.jpg 800w\" sizes=\"auto, 250px\"\/><\/a><\/div><div class=\"sgb-item\"><a href=\"https:\/\/www.event-fotos.net\/Wordpress\/pgc_simply_gallery\/sightseeing-salzburger-land-a-2023\/31-33\" target=\"_blank\"><img decoding=\"async\" alt=\"\" width=\"300\" height=\"200\" loading=\"lazy\" src=\"https:\/\/www.event-fotos.net\/Wordpress\/wp-content\/uploads\/2023\/10\/31-2-300x200.jpg\" srcset=\"https:\/\/www.event-fotos.net\/Wordpress\/wp-content\/uploads\/2023\/10\/31-2-300x200.jpg 300w,https:\/\/www.event-fotos.net\/Wordpress\/wp-content\/uploads\/2023\/10\/31-2.jpg 800w\" sizes=\"auto, 250px\"\/><\/a><\/div><div class=\"sgb-item\"><a href=\"https:\/\/www.event-fotos.net\/Wordpress\/pgc_simply_gallery\/sightseeing-salzburger-land-a-2023\/32-33\" target=\"_blank\"><img decoding=\"async\" alt=\"\" width=\"200\" height=\"300\" loading=\"lazy\" src=\"https:\/\/www.event-fotos.net\/Wordpress\/wp-content\/uploads\/2023\/10\/32-3-200x300.jpg\" srcset=\"https:\/\/www.event-fotos.net\/Wordpress\/wp-content\/uploads\/2023\/10\/32-3-200x300.jpg 200w,https:\/\/www.event-fotos.net\/Wordpress\/wp-content\/uploads\/2023\/10\/32-3.jpg 533w\" sizes=\"auto, 250px\"\/><\/a><\/div><div class=\"sgb-item\"><a href=\"https:\/\/www.event-fotos.net\/Wordpress\/pgc_simply_gallery\/sightseeing-salzburger-land-a-2023\/33-33\" target=\"_blank\"><img decoding=\"async\" alt=\"\" width=\"300\" height=\"200\" loading=\"lazy\" src=\"https:\/\/www.event-fotos.net\/Wordpress\/wp-content\/uploads\/2023\/10\/33-3-300x200.jpg\" srcset=\"https:\/\/www.event-fotos.net\/Wordpress\/wp-content\/uploads\/2023\/10\/33-3-300x200.jpg 300w,https:\/\/www.event-fotos.net\/Wordpress\/wp-content\/uploads\/2023\/10\/33-3.jpg 800w\" sizes=\"auto, 250px\"\/><\/a><\/div><div class=\"sgb-item\"><a href=\"https:\/\/www.event-fotos.net\/Wordpress\/pgc_simply_gallery\/sightseeing-salzburger-land-a-2023\/34-30\" target=\"_blank\"><img decoding=\"async\" alt=\"\" width=\"300\" height=\"200\" loading=\"lazy\" src=\"https:\/\/www.event-fotos.net\/Wordpress\/wp-content\/uploads\/2023\/10\/34-2-300x200.jpg\" srcset=\"https:\/\/www.event-fotos.net\/Wordpress\/wp-content\/uploads\/2023\/10\/34-2-300x200.jpg 300w,https:\/\/www.event-fotos.net\/Wordpress\/wp-content\/uploads\/2023\/10\/34-2.jpg 800w\" sizes=\"auto, 250px\"\/><\/a><\/div><div class=\"sgb-item\"><a href=\"https:\/\/www.event-fotos.net\/Wordpress\/pgc_simply_gallery\/sightseeing-salzburger-land-a-2023\/35-31\" target=\"_blank\"><img decoding=\"async\" alt=\"\" width=\"225\" height=\"300\" loading=\"lazy\" src=\"https:\/\/www.event-fotos.net\/Wordpress\/wp-content\/uploads\/2023\/10\/35-2-225x300.jpg\" srcset=\"https:\/\/www.event-fotos.net\/Wordpress\/wp-content\/uploads\/2023\/10\/35-2-225x300.jpg 225w,https:\/\/www.event-fotos.net\/Wordpress\/wp-content\/uploads\/2023\/10\/35-2.jpg 600w\" sizes=\"auto, 250px\"\/><\/a><\/div><div class=\"sgb-item\"><a href=\"https:\/\/www.event-fotos.net\/Wordpress\/pgc_simply_gallery\/sightseeing-salzburger-land-a-2023\/36-31\" target=\"_blank\"><img decoding=\"async\" alt=\"\" width=\"225\" height=\"300\" loading=\"lazy\" src=\"https:\/\/www.event-fotos.net\/Wordpress\/wp-content\/uploads\/2023\/10\/36-2-225x300.jpg\" srcset=\"https:\/\/www.event-fotos.net\/Wordpress\/wp-content\/uploads\/2023\/10\/36-2-225x300.jpg 225w,https:\/\/www.event-fotos.net\/Wordpress\/wp-content\/uploads\/2023\/10\/36-2.jpg 600w\" sizes=\"auto, 250px\"\/><\/a><\/div><div class=\"sgb-item\"><a href=\"https:\/\/www.event-fotos.net\/Wordpress\/pgc_simply_gallery\/sightseeing-salzburger-land-a-2023\/37-28\" target=\"_blank\"><img decoding=\"async\" alt=\"\" width=\"300\" height=\"200\" loading=\"lazy\" src=\"https:\/\/www.event-fotos.net\/Wordpress\/wp-content\/uploads\/2023\/10\/37-2-300x200.jpg\" srcset=\"https:\/\/www.event-fotos.net\/Wordpress\/wp-content\/uploads\/2023\/10\/37-2-300x200.jpg 300w,https:\/\/www.event-fotos.net\/Wordpress\/wp-content\/uploads\/2023\/10\/37-2.jpg 800w\" sizes=\"auto, 250px\"\/><\/a><\/div><div class=\"sgb-item\"><a href=\"https:\/\/www.event-fotos.net\/Wordpress\/pgc_simply_gallery\/sightseeing-salzburger-land-a-2023\/38-29\" target=\"_blank\"><img decoding=\"async\" alt=\"\" width=\"300\" height=\"200\" loading=\"lazy\" src=\"https:\/\/www.event-fotos.net\/Wordpress\/wp-content\/uploads\/2023\/10\/38-2-300x200.jpg\" srcset=\"https:\/\/www.event-fotos.net\/Wordpress\/wp-content\/uploads\/2023\/10\/38-2-300x200.jpg 300w,https:\/\/www.event-fotos.net\/Wordpress\/wp-content\/uploads\/2023\/10\/38-2.jpg 800w\" sizes=\"auto, 250px\"\/><\/a><\/div><div class=\"sgb-item\"><a href=\"https:\/\/www.event-fotos.net\/Wordpress\/pgc_simply_gallery\/sightseeing-salzburger-land-a-2023\/39-29\" target=\"_blank\"><img decoding=\"async\" alt=\"\" width=\"200\" height=\"300\" loading=\"lazy\" src=\"https:\/\/www.event-fotos.net\/Wordpress\/wp-content\/uploads\/2023\/10\/39-2-200x300.jpg\" srcset=\"https:\/\/www.event-fotos.net\/Wordpress\/wp-content\/uploads\/2023\/10\/39-2-200x300.jpg 200w,https:\/\/www.event-fotos.net\/Wordpress\/wp-content\/uploads\/2023\/10\/39-2.jpg 533w\" sizes=\"auto, 250px\"\/><\/a><\/div><div class=\"sgb-item\"><a href=\"https:\/\/www.event-fotos.net\/Wordpress\/pgc_simply_gallery\/sightseeing-salzburger-land-a-2023\/40-26\" target=\"_blank\"><img decoding=\"async\" alt=\"\" width=\"300\" height=\"218\" loading=\"lazy\" src=\"https:\/\/www.event-fotos.net\/Wordpress\/wp-content\/uploads\/2023\/10\/40-2-300x218.jpg\" srcset=\"https:\/\/www.event-fotos.net\/Wordpress\/wp-content\/uploads\/2023\/10\/40-2-300x218.jpg 300w,https:\/\/www.event-fotos.net\/Wordpress\/wp-content\/uploads\/2023\/10\/40-2.jpg 800w\" sizes=\"auto, 250px\"\/><\/a><\/div><div class=\"sgb-item\"><a href=\"https:\/\/www.event-fotos.net\/Wordpress\/pgc_simply_gallery\/sightseeing-salzburger-land-a-2023\/41-27\" target=\"_blank\"><img decoding=\"async\" alt=\"\" width=\"174\" height=\"300\" loading=\"lazy\" src=\"https:\/\/www.event-fotos.net\/Wordpress\/wp-content\/uploads\/2023\/10\/41-2-174x300.jpg\" srcset=\"https:\/\/www.event-fotos.net\/Wordpress\/wp-content\/uploads\/2023\/10\/41-2-174x300.jpg 174w,https:\/\/www.event-fotos.net\/Wordpress\/wp-content\/uploads\/2023\/10\/41-2.jpg 465w\" sizes=\"auto, 250px\"\/><\/a><\/div><div class=\"sgb-item\"><a href=\"https:\/\/www.event-fotos.net\/Wordpress\/pgc_simply_gallery\/sightseeing-salzburger-land-a-2023\/42-25\" target=\"_blank\"><img decoding=\"async\" alt=\"\" width=\"225\" height=\"300\" loading=\"lazy\" src=\"https:\/\/www.event-fotos.net\/Wordpress\/wp-content\/uploads\/2023\/10\/42-2-225x300.jpg\" srcset=\"https:\/\/www.event-fotos.net\/Wordpress\/wp-content\/uploads\/2023\/10\/42-2-225x300.jpg 225w,https:\/\/www.event-fotos.net\/Wordpress\/wp-content\/uploads\/2023\/10\/42-2.jpg 600w\" sizes=\"auto, 250px\"\/><\/a><\/div><div class=\"sgb-item\"><a href=\"https:\/\/www.event-fotos.net\/Wordpress\/pgc_simply_gallery\/sightseeing-salzburger-land-a-2023\/43-24\" target=\"_blank\"><img decoding=\"async\" alt=\"\" width=\"300\" height=\"200\" loading=\"lazy\" src=\"https:\/\/www.event-fotos.net\/Wordpress\/wp-content\/uploads\/2023\/10\/43-2-300x200.jpg\" srcset=\"https:\/\/www.event-fotos.net\/Wordpress\/wp-content\/uploads\/2023\/10\/43-2-300x200.jpg 300w,https:\/\/www.event-fotos.net\/Wordpress\/wp-content\/uploads\/2023\/10\/43-2.jpg 800w\" sizes=\"auto, 250px\"\/><\/a><\/div><div class=\"sgb-item\"><a href=\"https:\/\/www.event-fotos.net\/Wordpress\/pgc_simply_gallery\/sightseeing-salzburger-land-a-2023\/44-23\" target=\"_blank\"><img decoding=\"async\" alt=\"\" width=\"300\" height=\"210\" loading=\"lazy\" src=\"https:\/\/www.event-fotos.net\/Wordpress\/wp-content\/uploads\/2023\/10\/44-2-300x210.jpg\" srcset=\"https:\/\/www.event-fotos.net\/Wordpress\/wp-content\/uploads\/2023\/10\/44-2-300x210.jpg 300w,https:\/\/www.event-fotos.net\/Wordpress\/wp-content\/uploads\/2023\/10\/44-2.jpg 800w\" sizes=\"auto, 250px\"\/><\/a><\/div><div class=\"sgb-item\"><a href=\"https:\/\/www.event-fotos.net\/Wordpress\/pgc_simply_gallery\/sightseeing-salzburger-land-a-2023\/45-23\" target=\"_blank\"><img decoding=\"async\" alt=\"\" width=\"300\" height=\"200\" loading=\"lazy\" src=\"https:\/\/www.event-fotos.net\/Wordpress\/wp-content\/uploads\/2023\/10\/45-2-300x200.jpg\" srcset=\"https:\/\/www.event-fotos.net\/Wordpress\/wp-content\/uploads\/2023\/10\/45-2-300x200.jpg 300w,https:\/\/www.event-fotos.net\/Wordpress\/wp-content\/uploads\/2023\/10\/45-2.jpg 800w\" sizes=\"auto, 250px\"\/><\/a><\/div><div class=\"sgb-item\"><a href=\"https:\/\/www.event-fotos.net\/Wordpress\/pgc_simply_gallery\/sightseeing-salzburger-land-a-2023\/46-22\" target=\"_blank\"><img decoding=\"async\" alt=\"\" width=\"300\" height=\"196\" loading=\"lazy\" src=\"https:\/\/www.event-fotos.net\/Wordpress\/wp-content\/uploads\/2023\/10\/46-2-300x196.jpg\" srcset=\"https:\/\/www.event-fotos.net\/Wordpress\/wp-content\/uploads\/2023\/10\/46-2-300x196.jpg 300w,https:\/\/www.event-fotos.net\/Wordpress\/wp-content\/uploads\/2023\/10\/46-2.jpg 800w\" sizes=\"auto, 250px\"\/><\/a><\/div><div class=\"sgb-item\"><a href=\"https:\/\/www.event-fotos.net\/Wordpress\/pgc_simply_gallery\/sightseeing-salzburger-land-a-2023\/47-21\" target=\"_blank\"><img decoding=\"async\" alt=\"\" width=\"300\" height=\"202\" loading=\"lazy\" src=\"https:\/\/www.event-fotos.net\/Wordpress\/wp-content\/uploads\/2023\/10\/47-2-300x202.jpg\" srcset=\"https:\/\/www.event-fotos.net\/Wordpress\/wp-content\/uploads\/2023\/10\/47-2-300x202.jpg 300w,https:\/\/www.event-fotos.net\/Wordpress\/wp-content\/uploads\/2023\/10\/47-2.jpg 800w\" sizes=\"auto, 250px\"\/><\/a><\/div><div class=\"sgb-item\"><a href=\"https:\/\/www.event-fotos.net\/Wordpress\/pgc_simply_gallery\/sightseeing-salzburger-land-a-2023\/48-21\" target=\"_blank\"><img decoding=\"async\" alt=\"\" width=\"300\" height=\"217\" loading=\"lazy\" src=\"https:\/\/www.event-fotos.net\/Wordpress\/wp-content\/uploads\/2023\/10\/48-2-300x217.jpg\" srcset=\"https:\/\/www.event-fotos.net\/Wordpress\/wp-content\/uploads\/2023\/10\/48-2-300x217.jpg 300w,https:\/\/www.event-fotos.net\/Wordpress\/wp-content\/uploads\/2023\/10\/48-2.jpg 800w\" sizes=\"auto, 250px\"\/><\/a><\/div><div class=\"sgb-item\"><a href=\"https:\/\/www.event-fotos.net\/Wordpress\/pgc_simply_gallery\/sightseeing-salzburger-land-a-2023\/49-19\" target=\"_blank\"><img decoding=\"async\" alt=\"\" width=\"200\" height=\"300\" loading=\"lazy\" src=\"https:\/\/www.event-fotos.net\/Wordpress\/wp-content\/uploads\/2023\/10\/49-1-200x300.jpg\" srcset=\"https:\/\/www.event-fotos.net\/Wordpress\/wp-content\/uploads\/2023\/10\/49-1-200x300.jpg 200w,https:\/\/www.event-fotos.net\/Wordpress\/wp-content\/uploads\/2023\/10\/49-1.jpg 533w\" sizes=\"auto, 250px\"\/><\/a><\/div><div class=\"sgb-item\"><a href=\"https:\/\/www.event-fotos.net\/Wordpress\/pgc_simply_gallery\/sightseeing-salzburger-land-a-2023\/50-18\" target=\"_blank\"><img decoding=\"async\" alt=\"\" width=\"300\" height=\"203\" loading=\"lazy\" src=\"https:\/\/www.event-fotos.net\/Wordpress\/wp-content\/uploads\/2023\/10\/50-1-300x203.jpg\" srcset=\"https:\/\/www.event-fotos.net\/Wordpress\/wp-content\/uploads\/2023\/10\/50-1-300x203.jpg 300w,https:\/\/www.event-fotos.net\/Wordpress\/wp-content\/uploads\/2023\/10\/50-1.jpg 800w\" sizes=\"auto, 250px\"\/><\/a><\/div><div class=\"sgb-item\"><a href=\"https:\/\/www.event-fotos.net\/Wordpress\/pgc_simply_gallery\/sightseeing-salzburger-land-a-2023\/51-16\" target=\"_blank\"><img decoding=\"async\" alt=\"\" width=\"225\" height=\"300\" loading=\"lazy\" src=\"https:\/\/www.event-fotos.net\/Wordpress\/wp-content\/uploads\/2023\/10\/51-1-225x300.jpg\" srcset=\"https:\/\/www.event-fotos.net\/Wordpress\/wp-content\/uploads\/2023\/10\/51-1-225x300.jpg 225w,https:\/\/www.event-fotos.net\/Wordpress\/wp-content\/uploads\/2023\/10\/51-1.jpg 600w\" sizes=\"auto, 250px\"\/><\/a><\/div><div class=\"sgb-item\"><a href=\"https:\/\/www.event-fotos.net\/Wordpress\/pgc_simply_gallery\/sightseeing-salzburger-land-a-2023\/52-14\" target=\"_blank\"><img decoding=\"async\" alt=\"\" width=\"300\" height=\"211\" loading=\"lazy\" src=\"https:\/\/www.event-fotos.net\/Wordpress\/wp-content\/uploads\/2023\/10\/52-1-300x211.jpg\" srcset=\"https:\/\/www.event-fotos.net\/Wordpress\/wp-content\/uploads\/2023\/10\/52-1-300x211.jpg 300w,https:\/\/www.event-fotos.net\/Wordpress\/wp-content\/uploads\/2023\/10\/52-1.jpg 800w\" sizes=\"auto, 250px\"\/><\/a><\/div><div class=\"sgb-item\"><a href=\"https:\/\/www.event-fotos.net\/Wordpress\/pgc_simply_gallery\/sightseeing-salzburger-land-a-2023\/53-13\" target=\"_blank\"><img decoding=\"async\" alt=\"\" width=\"300\" height=\"217\" loading=\"lazy\" src=\"https:\/\/www.event-fotos.net\/Wordpress\/wp-content\/uploads\/2023\/10\/53-1-300x217.jpg\" srcset=\"https:\/\/www.event-fotos.net\/Wordpress\/wp-content\/uploads\/2023\/10\/53-1-300x217.jpg 300w,https:\/\/www.event-fotos.net\/Wordpress\/wp-content\/uploads\/2023\/10\/53-1.jpg 800w\" sizes=\"auto, 250px\"\/><\/a><\/div><div class=\"sgb-item\"><a href=\"https:\/\/www.event-fotos.net\/Wordpress\/pgc_simply_gallery\/sightseeing-salzburger-land-a-2023\/54-14\" target=\"_blank\"><img decoding=\"async\" alt=\"\" width=\"300\" height=\"198\" loading=\"lazy\" src=\"https:\/\/www.event-fotos.net\/Wordpress\/wp-content\/uploads\/2023\/10\/54-1-300x198.jpg\" srcset=\"https:\/\/www.event-fotos.net\/Wordpress\/wp-content\/uploads\/2023\/10\/54-1-300x198.jpg 300w,https:\/\/www.event-fotos.net\/Wordpress\/wp-content\/uploads\/2023\/10\/54-1.jpg 800w\" sizes=\"auto, 250px\"\/><\/a><\/div><div class=\"sgb-item\"><a href=\"https:\/\/www.event-fotos.net\/Wordpress\/pgc_simply_gallery\/sightseeing-salzburger-land-a-2023\/55-12\" target=\"_blank\"><img decoding=\"async\" alt=\"\" width=\"300\" height=\"212\" loading=\"lazy\" src=\"https:\/\/www.event-fotos.net\/Wordpress\/wp-content\/uploads\/2023\/10\/55-1-300x212.jpg\" srcset=\"https:\/\/www.event-fotos.net\/Wordpress\/wp-content\/uploads\/2023\/10\/55-1-300x212.jpg 300w,https:\/\/www.event-fotos.net\/Wordpress\/wp-content\/uploads\/2023\/10\/55-1.jpg 800w\" sizes=\"auto, 250px\"\/><\/a><\/div><div class=\"sgb-item\"><a href=\"https:\/\/www.event-fotos.net\/Wordpress\/pgc_simply_gallery\/sightseeing-salzburger-land-a-2023\/56-14\" target=\"_blank\"><img decoding=\"async\" alt=\"\" width=\"300\" height=\"225\" loading=\"lazy\" src=\"https:\/\/www.event-fotos.net\/Wordpress\/wp-content\/uploads\/2023\/10\/56-1-300x225.jpg\" srcset=\"https:\/\/www.event-fotos.net\/Wordpress\/wp-content\/uploads\/2023\/10\/56-1-300x225.jpg 300w,https:\/\/www.event-fotos.net\/Wordpress\/wp-content\/uploads\/2023\/10\/56-1.jpg 800w\" sizes=\"auto, 250px\"\/><\/a><\/div><div class=\"sgb-item\"><a href=\"https:\/\/www.event-fotos.net\/Wordpress\/pgc_simply_gallery\/sightseeing-salzburger-land-a-2023\/57-13\" target=\"_blank\"><img decoding=\"async\" alt=\"\" width=\"300\" height=\"200\" loading=\"lazy\" src=\"https:\/\/www.event-fotos.net\/Wordpress\/wp-content\/uploads\/2023\/10\/57-1-300x200.jpg\" srcset=\"https:\/\/www.event-fotos.net\/Wordpress\/wp-content\/uploads\/2023\/10\/57-1-300x200.jpg 300w,https:\/\/www.event-fotos.net\/Wordpress\/wp-content\/uploads\/2023\/10\/57-1.jpg 800w\" sizes=\"auto, 250px\"\/><\/a><\/div><div class=\"sgb-item\"><a href=\"https:\/\/www.event-fotos.net\/Wordpress\/pgc_simply_gallery\/sightseeing-salzburger-land-a-2023\/58-12\" target=\"_blank\"><img decoding=\"async\" alt=\"\" width=\"300\" height=\"208\" loading=\"lazy\" src=\"https:\/\/www.event-fotos.net\/Wordpress\/wp-content\/uploads\/2023\/10\/58-1-300x208.jpg\" srcset=\"https:\/\/www.event-fotos.net\/Wordpress\/wp-content\/uploads\/2023\/10\/58-1-300x208.jpg 300w,https:\/\/www.event-fotos.net\/Wordpress\/wp-content\/uploads\/2023\/10\/58-1.jpg 800w\" sizes=\"auto, 250px\"\/><\/a><\/div><div class=\"sgb-item\"><a href=\"https:\/\/www.event-fotos.net\/Wordpress\/pgc_simply_gallery\/sightseeing-salzburger-land-a-2023\/59-12\" target=\"_blank\"><img decoding=\"async\" alt=\"\" width=\"300\" height=\"213\" loading=\"lazy\" src=\"https:\/\/www.event-fotos.net\/Wordpress\/wp-content\/uploads\/2023\/10\/59-1-300x213.jpg\" srcset=\"https:\/\/www.event-fotos.net\/Wordpress\/wp-content\/uploads\/2023\/10\/59-1-300x213.jpg 300w,https:\/\/www.event-fotos.net\/Wordpress\/wp-content\/uploads\/2023\/10\/59-1.jpg 800w\" sizes=\"auto, 250px\"\/><\/a><\/div><div class=\"sgb-item\"><a href=\"https:\/\/www.event-fotos.net\/Wordpress\/pgc_simply_gallery\/sightseeing-salzburger-land-a-2023\/60-10\" target=\"_blank\"><img decoding=\"async\" alt=\"\" width=\"300\" height=\"200\" loading=\"lazy\" src=\"https:\/\/www.event-fotos.net\/Wordpress\/wp-content\/uploads\/2023\/10\/60-1-300x200.jpg\" srcset=\"https:\/\/www.event-fotos.net\/Wordpress\/wp-content\/uploads\/2023\/10\/60-1-300x200.jpg 300w,https:\/\/www.event-fotos.net\/Wordpress\/wp-content\/uploads\/2023\/10\/60-1.jpg 800w\" sizes=\"auto, 250px\"\/><\/a><\/div><div class=\"sgb-item\"><a href=\"https:\/\/www.event-fotos.net\/Wordpress\/pgc_simply_gallery\/sightseeing-salzburger-land-a-2023\/61-10\" target=\"_blank\"><img decoding=\"async\" alt=\"\" width=\"300\" height=\"200\" loading=\"lazy\" src=\"https:\/\/www.event-fotos.net\/Wordpress\/wp-content\/uploads\/2023\/10\/61-1-300x200.jpg\" srcset=\"https:\/\/www.event-fotos.net\/Wordpress\/wp-content\/uploads\/2023\/10\/61-1-300x200.jpg 300w,https:\/\/www.event-fotos.net\/Wordpress\/wp-content\/uploads\/2023\/10\/61-1.jpg 800w\" sizes=\"auto, 250px\"\/><\/a><\/div><div class=\"sgb-item\"><a href=\"https:\/\/www.event-fotos.net\/Wordpress\/pgc_simply_gallery\/sightseeing-salzburger-land-a-2023\/62-10\" target=\"_blank\"><img decoding=\"async\" alt=\"\" width=\"300\" height=\"200\" loading=\"lazy\" src=\"https:\/\/www.event-fotos.net\/Wordpress\/wp-content\/uploads\/2023\/10\/62-1-300x200.jpg\" srcset=\"https:\/\/www.event-fotos.net\/Wordpress\/wp-content\/uploads\/2023\/10\/62-1-300x200.jpg 300w,https:\/\/www.event-fotos.net\/Wordpress\/wp-content\/uploads\/2023\/10\/62-1.jpg 800w\" sizes=\"auto, 250px\"\/><\/a><\/div><div class=\"sgb-item\"><a href=\"https:\/\/www.event-fotos.net\/Wordpress\/pgc_simply_gallery\/sightseeing-salzburger-land-a-2023\/63-10\" target=\"_blank\"><img decoding=\"async\" alt=\"\" width=\"300\" height=\"196\" loading=\"lazy\" src=\"https:\/\/www.event-fotos.net\/Wordpress\/wp-content\/uploads\/2023\/10\/63-1-300x196.jpg\" srcset=\"https:\/\/www.event-fotos.net\/Wordpress\/wp-content\/uploads\/2023\/10\/63-1-300x196.jpg 300w,https:\/\/www.event-fotos.net\/Wordpress\/wp-content\/uploads\/2023\/10\/63-1.jpg 800w\" sizes=\"auto, 250px\"\/><\/a><\/div><div class=\"sgb-item\"><a href=\"https:\/\/www.event-fotos.net\/Wordpress\/pgc_simply_gallery\/sightseeing-salzburger-land-a-2023\/64-10\" target=\"_blank\"><img decoding=\"async\" alt=\"\" width=\"300\" height=\"191\" loading=\"lazy\" src=\"https:\/\/www.event-fotos.net\/Wordpress\/wp-content\/uploads\/2023\/10\/64-1-300x191.jpg\" srcset=\"https:\/\/www.event-fotos.net\/Wordpress\/wp-content\/uploads\/2023\/10\/64-1-300x191.jpg 300w,https:\/\/www.event-fotos.net\/Wordpress\/wp-content\/uploads\/2023\/10\/64-1.jpg 800w\" sizes=\"auto, 250px\"\/><\/a><\/div><div class=\"sgb-item\"><a href=\"https:\/\/www.event-fotos.net\/Wordpress\/pgc_simply_gallery\/sightseeing-salzburger-land-a-2023\/65-8\" target=\"_blank\"><img decoding=\"async\" alt=\"\" width=\"300\" height=\"200\" loading=\"lazy\" src=\"https:\/\/www.event-fotos.net\/Wordpress\/wp-content\/uploads\/2023\/10\/65-1-300x200.jpg\" srcset=\"https:\/\/www.event-fotos.net\/Wordpress\/wp-content\/uploads\/2023\/10\/65-1-300x200.jpg 300w,https:\/\/www.event-fotos.net\/Wordpress\/wp-content\/uploads\/2023\/10\/65-1.jpg 800w\" sizes=\"auto, 250px\"\/><\/a><\/div><div class=\"sgb-item\"><a href=\"https:\/\/www.event-fotos.net\/Wordpress\/pgc_simply_gallery\/sightseeing-salzburger-land-a-2023\/66-8\" target=\"_blank\"><img decoding=\"async\" alt=\"\" width=\"300\" height=\"200\" loading=\"lazy\" src=\"https:\/\/www.event-fotos.net\/Wordpress\/wp-content\/uploads\/2023\/10\/66-1-300x200.jpg\" srcset=\"https:\/\/www.event-fotos.net\/Wordpress\/wp-content\/uploads\/2023\/10\/66-1-300x200.jpg 300w,https:\/\/www.event-fotos.net\/Wordpress\/wp-content\/uploads\/2023\/10\/66-1.jpg 800w\" sizes=\"auto, 250px\"\/><\/a><\/div><div class=\"sgb-item\"><a href=\"https:\/\/www.event-fotos.net\/Wordpress\/pgc_simply_gallery\/sightseeing-salzburger-land-a-2023\/67-8\" target=\"_blank\"><img decoding=\"async\" alt=\"\" width=\"300\" height=\"188\" loading=\"lazy\" src=\"https:\/\/www.event-fotos.net\/Wordpress\/wp-content\/uploads\/2023\/10\/67-1-300x188.jpg\" srcset=\"https:\/\/www.event-fotos.net\/Wordpress\/wp-content\/uploads\/2023\/10\/67-1-300x188.jpg 300w,https:\/\/www.event-fotos.net\/Wordpress\/wp-content\/uploads\/2023\/10\/67-1.jpg 800w\" sizes=\"auto, 250px\"\/><\/a><\/div><div class=\"sgb-item\"><a href=\"https:\/\/www.event-fotos.net\/Wordpress\/pgc_simply_gallery\/sightseeing-salzburger-land-a-2023\/68-8\" target=\"_blank\"><img decoding=\"async\" alt=\"\" width=\"300\" height=\"196\" loading=\"lazy\" src=\"https:\/\/www.event-fotos.net\/Wordpress\/wp-content\/uploads\/2023\/10\/68-1-300x196.jpg\" srcset=\"https:\/\/www.event-fotos.net\/Wordpress\/wp-content\/uploads\/2023\/10\/68-1-300x196.jpg 300w,https:\/\/www.event-fotos.net\/Wordpress\/wp-content\/uploads\/2023\/10\/68-1.jpg 800w\" sizes=\"auto, 250px\"\/><\/a><\/div><\/div><\/noscript><\/div><script type=\"application\/json\" class=\"sgb-data\">{\"galleryType\":\"pgc_sgb_viewer\",\"galleryId\":\"42714539\",\"images\":[{\"id\":5838,\"title\":\"Salzburg von der Festung aus\",\"url\":\"https:\/\/www.event-fotos.net\/Wordpress\/wp-content\/uploads\/2023\/10\/01-7.jpg\",\"link\":\"https:\/\/www.event-fotos.net\/Wordpress\/pgc_simply_gallery\/sightseeing-salzburger-land-a-2023\/01-65\",\"alt\":\"\",\"description\":\"\",\"caption\":\"\",\"mime\":\"image\/jpeg\",\"type\":\"image\",\"width\":800,\"height\":525,\"sizes\":{\"thumbnail\":{\"height\":150,\"width\":150,\"url\":\"https:\/\/www.event-fotos.net\/Wordpress\/wp-content\/uploads\/2023\/10\/01-7-150x150.jpg\",\"orientation\":\"landscape\"},\"medium\":{\"height\":197,\"width\":300,\"url\":\"https:\/\/www.event-fotos.net\/Wordpress\/wp-content\/uploads\/2023\/10\/01-7-300x197.jpg\",\"orientation\":\"landscape\"},\"full\":{\"url\":\"https:\/\/www.event-fotos.net\/Wordpress\/wp-content\/uploads\/2023\/10\/01-7.jpg\",\"height\":525,\"width\":800,\"orientation\":\"landscape\"}},\"imageMeta\":{\"aperture\":\"2\",\"credit\":\"\",\"camera\":\"SM-G770F\",\"caption\":\"\",\"created_timestamp\":\"1697202143\",\"copyright\":\"\",\"focal_length\":\"4.6\",\"iso\":\"50\",\"shutter_speed\":\"0.00055126791620728\",\"title\":\"\",\"orientation\":\"1\",\"keywords\":[]},\"meta\":false,\"postlink\":\"https:\/\/www.event-fotos.net\/Wordpress\/pgc_simply_gallery\/sightseeing-salzburger-land-a-2023\/01-65\"},{\"id\":5839,\"title\":\"Salzburg vom M\u00f6nchsberg\",\"url\":\"https:\/\/www.event-fotos.net\/Wordpress\/wp-content\/uploads\/2023\/10\/02-7.jpg\",\"link\":\"https:\/\/www.event-fotos.net\/Wordpress\/pgc_simply_gallery\/sightseeing-salzburger-land-a-2023\/02-61\",\"alt\":\"\",\"description\":\"\",\"caption\":\"\",\"mime\":\"image\/jpeg\",\"type\":\"image\",\"width\":800,\"height\":526,\"sizes\":{\"thumbnail\":{\"height\":150,\"width\":150,\"url\":\"https:\/\/www.event-fotos.net\/Wordpress\/wp-content\/uploads\/2023\/10\/02-7-150x150.jpg\",\"orientation\":\"landscape\"},\"medium\":{\"height\":197,\"width\":300,\"url\":\"https:\/\/www.event-fotos.net\/Wordpress\/wp-content\/uploads\/2023\/10\/02-7-300x197.jpg\",\"orientation\":\"landscape\"},\"full\":{\"url\":\"https:\/\/www.event-fotos.net\/Wordpress\/wp-content\/uploads\/2023\/10\/02-7.jpg\",\"height\":526,\"width\":800,\"orientation\":\"landscape\"}},\"imageMeta\":{\"aperture\":\"8\",\"credit\":\"\",\"camera\":\"Canon EOS M50m2\",\"caption\":\"\",\"created_timestamp\":\"1697124941\",\"copyright\":\"\",\"focal_length\":\"38\",\"iso\":\"100\",\"shutter_speed\":\"0.008\",\"title\":\"\",\"orientation\":\"1\",\"keywords\":[]},\"meta\":false,\"postlink\":\"https:\/\/www.event-fotos.net\/Wordpress\/pgc_simply_gallery\/sightseeing-salzburger-land-a-2023\/02-61\"},{\"id\":5840,\"title\":\"Auf der anderen Seite der Salzach\",\"url\":\"https:\/\/www.event-fotos.net\/Wordpress\/wp-content\/uploads\/2023\/10\/03-7.jpg\",\"link\":\"https:\/\/www.event-fotos.net\/Wordpress\/pgc_simply_gallery\/sightseeing-salzburger-land-a-2023\/03-67\",\"alt\":\"\",\"description\":\"\",\"caption\":\"\",\"mime\":\"image\/jpeg\",\"type\":\"image\",\"width\":800,\"height\":533,\"sizes\":{\"thumbnail\":{\"height\":150,\"width\":150,\"url\":\"https:\/\/www.event-fotos.net\/Wordpress\/wp-content\/uploads\/2023\/10\/03-7-150x150.jpg\",\"orientation\":\"landscape\"},\"medium\":{\"height\":200,\"width\":300,\"url\":\"https:\/\/www.event-fotos.net\/Wordpress\/wp-content\/uploads\/2023\/10\/03-7-300x200.jpg\",\"orientation\":\"landscape\"},\"full\":{\"url\":\"https:\/\/www.event-fotos.net\/Wordpress\/wp-content\/uploads\/2023\/10\/03-7.jpg\",\"height\":533,\"width\":800,\"orientation\":\"landscape\"}},\"imageMeta\":{\"aperture\":\"3.5\",\"credit\":\"\",\"camera\":\"Canon EOS M50m2\",\"caption\":\"\",\"created_timestamp\":\"1697125019\",\"copyright\":\"\",\"focal_length\":\"15\",\"iso\":\"100\",\"shutter_speed\":\"0.0008\",\"title\":\"\",\"orientation\":\"1\",\"keywords\":[]},\"meta\":false,\"postlink\":\"https:\/\/www.event-fotos.net\/Wordpress\/pgc_simply_gallery\/sightseeing-salzburger-land-a-2023\/03-67\"},{\"id\":5841,\"title\":\"Franziskanerkirche Salzburg\",\"url\":\"https:\/\/www.event-fotos.net\/Wordpress\/wp-content\/uploads\/2023\/10\/04-7.jpg\",\"link\":\"https:\/\/www.event-fotos.net\/Wordpress\/pgc_simply_gallery\/sightseeing-salzburger-land-a-2023\/04-63\",\"alt\":\"\",\"description\":\"\",\"caption\":\"\",\"mime\":\"image\/jpeg\",\"type\":\"image\",\"width\":800,\"height\":533,\"sizes\":{\"thumbnail\":{\"height\":150,\"width\":150,\"url\":\"https:\/\/www.event-fotos.net\/Wordpress\/wp-content\/uploads\/2023\/10\/04-7-150x150.jpg\",\"orientation\":\"landscape\"},\"medium\":{\"height\":200,\"width\":300,\"url\":\"https:\/\/www.event-fotos.net\/Wordpress\/wp-content\/uploads\/2023\/10\/04-7-300x200.jpg\",\"orientation\":\"landscape\"},\"full\":{\"url\":\"https:\/\/www.event-fotos.net\/Wordpress\/wp-content\/uploads\/2023\/10\/04-7.jpg\",\"height\":533,\"width\":800,\"orientation\":\"landscape\"}},\"imageMeta\":{\"aperture\":\"11\",\"credit\":\"\",\"camera\":\"Canon EOS M50m2\",\"caption\":\"\",\"created_timestamp\":\"1697205604\",\"copyright\":\"\",\"focal_length\":\"40\",\"iso\":\"100\",\"shutter_speed\":\"0.005\",\"title\":\"\",\"orientation\":\"1\",\"keywords\":[]},\"meta\":false,\"postlink\":\"https:\/\/www.event-fotos.net\/Wordpress\/pgc_simply_gallery\/sightseeing-salzburger-land-a-2023\/04-63\"},{\"id\":5842,\"title\":\"Sphaera - Kunstwerk von Stephan Balkenhol\",\"url\":\"https:\/\/www.event-fotos.net\/Wordpress\/wp-content\/uploads\/2023\/10\/05-7.jpg\",\"link\":\"https:\/\/www.event-fotos.net\/Wordpress\/pgc_simply_gallery\/sightseeing-salzburger-land-a-2023\/05-65\",\"alt\":\"\",\"description\":\"\",\"caption\":\"\",\"mime\":\"image\/jpeg\",\"type\":\"image\",\"width\":505,\"height\":800,\"sizes\":{\"thumbnail\":{\"height\":150,\"width\":150,\"url\":\"https:\/\/www.event-fotos.net\/Wordpress\/wp-content\/uploads\/2023\/10\/05-7-150x150.jpg\",\"orientation\":\"landscape\"},\"medium\":{\"height\":300,\"width\":189,\"url\":\"https:\/\/www.event-fotos.net\/Wordpress\/wp-content\/uploads\/2023\/10\/05-7-189x300.jpg\",\"orientation\":\"portrait\"},\"full\":{\"url\":\"https:\/\/www.event-fotos.net\/Wordpress\/wp-content\/uploads\/2023\/10\/05-7.jpg\",\"height\":800,\"width\":505,\"orientation\":\"portrait\"}},\"imageMeta\":{\"aperture\":\"5.6\",\"credit\":\"\",\"camera\":\"Canon EOS M50m2\",\"caption\":\"\",\"created_timestamp\":\"1697128529\",\"copyright\":\"\",\"focal_length\":\"23\",\"iso\":\"100\",\"shutter_speed\":\"0.01\",\"title\":\"\",\"orientation\":\"1\",\"keywords\":[]},\"meta\":false,\"postlink\":\"https:\/\/www.event-fotos.net\/Wordpress\/pgc_simply_gallery\/sightseeing-salzburger-land-a-2023\/05-65\"},{\"id\":5843,\"title\":\"Papagenobrunnen Salzburg\",\"url\":\"https:\/\/www.event-fotos.net\/Wordpress\/wp-content\/uploads\/2023\/10\/06-7.jpg\",\"link\":\"https:\/\/www.event-fotos.net\/Wordpress\/pgc_simply_gallery\/sightseeing-salzburger-land-a-2023\/06-64\",\"alt\":\"\",\"description\":\"\",\"caption\":\"\",\"mime\":\"image\/jpeg\",\"type\":\"image\",\"width\":521,\"height\":800,\"sizes\":{\"thumbnail\":{\"height\":150,\"width\":150,\"url\":\"https:\/\/www.event-fotos.net\/Wordpress\/wp-content\/uploads\/2023\/10\/06-7-150x150.jpg\",\"orientation\":\"landscape\"},\"medium\":{\"height\":300,\"width\":195,\"url\":\"https:\/\/www.event-fotos.net\/Wordpress\/wp-content\/uploads\/2023\/10\/06-7-195x300.jpg\",\"orientation\":\"portrait\"},\"full\":{\"url\":\"https:\/\/www.event-fotos.net\/Wordpress\/wp-content\/uploads\/2023\/10\/06-7.jpg\",\"height\":800,\"width\":521,\"orientation\":\"portrait\"}},\"imageMeta\":{\"aperture\":\"4.5\",\"credit\":\"\",\"camera\":\"Canon EOS M50m2\",\"caption\":\"\",\"created_timestamp\":\"1697129191\",\"copyright\":\"\",\"focal_length\":\"24\",\"iso\":\"250\",\"shutter_speed\":\"0.0125\",\"title\":\"\",\"orientation\":\"1\",\"keywords\":[]},\"meta\":false,\"postlink\":\"https:\/\/www.event-fotos.net\/Wordpress\/pgc_simply_gallery\/sightseeing-salzburger-land-a-2023\/06-64\"},{\"id\":5844,\"title\":\"Residenzbrunnen vor dem Salzburger Glockenspielturm\",\"url\":\"https:\/\/www.event-fotos.net\/Wordpress\/wp-content\/uploads\/2023\/10\/07-7.jpg\",\"link\":\"https:\/\/www.event-fotos.net\/Wordpress\/pgc_simply_gallery\/sightseeing-salzburger-land-a-2023\/07-69\",\"alt\":\"\",\"description\":\"\",\"caption\":\"\",\"mime\":\"image\/jpeg\",\"type\":\"image\",\"width\":800,\"height\":600,\"sizes\":{\"thumbnail\":{\"height\":150,\"width\":150,\"url\":\"https:\/\/www.event-fotos.net\/Wordpress\/wp-content\/uploads\/2023\/10\/07-7-150x150.jpg\",\"orientation\":\"landscape\"},\"medium\":{\"height\":225,\"width\":300,\"url\":\"https:\/\/www.event-fotos.net\/Wordpress\/wp-content\/uploads\/2023\/10\/07-7-300x225.jpg\",\"orientation\":\"landscape\"},\"full\":{\"url\":\"https:\/\/www.event-fotos.net\/Wordpress\/wp-content\/uploads\/2023\/10\/07-7.jpg\",\"height\":600,\"width\":800,\"orientation\":\"landscape\"}},\"imageMeta\":{\"aperture\":\"4\",\"credit\":\"\",\"camera\":\"Canon EOS M50m2\",\"caption\":\"\",\"created_timestamp\":\"1697129004\",\"copyright\":\"\",\"focal_length\":\"15\",\"iso\":\"100\",\"shutter_speed\":\"0.0125\",\"title\":\"\",\"orientation\":\"1\",\"keywords\":[]},\"meta\":false,\"postlink\":\"https:\/\/www.event-fotos.net\/Wordpress\/pgc_simply_gallery\/sightseeing-salzburger-land-a-2023\/07-69\"},{\"id\":5845,\"title\":\"Domportal Salzburg mit Mariens\u00e4ule\",\"url\":\"https:\/\/www.event-fotos.net\/Wordpress\/wp-content\/uploads\/2023\/10\/08-7.jpg\",\"link\":\"https:\/\/www.event-fotos.net\/Wordpress\/pgc_simply_gallery\/sightseeing-salzburger-land-a-2023\/08-63\",\"alt\":\"\",\"description\":\"\",\"caption\":\"\",\"mime\":\"image\/jpeg\",\"type\":\"image\",\"width\":800,\"height\":600,\"sizes\":{\"thumbnail\":{\"height\":150,\"width\":150,\"url\":\"https:\/\/www.event-fotos.net\/Wordpress\/wp-content\/uploads\/2023\/10\/08-7-150x150.jpg\",\"orientation\":\"landscape\"},\"medium\":{\"height\":225,\"width\":300,\"url\":\"https:\/\/www.event-fotos.net\/Wordpress\/wp-content\/uploads\/2023\/10\/08-7-300x225.jpg\",\"orientation\":\"landscape\"},\"full\":{\"url\":\"https:\/\/www.event-fotos.net\/Wordpress\/wp-content\/uploads\/2023\/10\/08-7.jpg\",\"height\":600,\"width\":800,\"orientation\":\"landscape\"}},\"imageMeta\":{\"aperture\":\"2\",\"credit\":\"\",\"camera\":\"SM-G770F\",\"caption\":\"\",\"created_timestamp\":\"1697207369\",\"copyright\":\"\",\"focal_length\":\"4.6\",\"iso\":\"50\",\"shutter_speed\":\"0.00067796610169492\",\"title\":\"\",\"orientation\":\"1\",\"keywords\":[]},\"meta\":false,\"postlink\":\"https:\/\/www.event-fotos.net\/Wordpress\/pgc_simply_gallery\/sightseeing-salzburger-land-a-2023\/08-63\"},{\"id\":5846,\"title\":\"Hintere Seite von Mozarts Geburtshaus\",\"url\":\"https:\/\/www.event-fotos.net\/Wordpress\/wp-content\/uploads\/2023\/10\/09-7.jpg\",\"link\":\"https:\/\/www.event-fotos.net\/Wordpress\/pgc_simply_gallery\/sightseeing-salzburger-land-a-2023\/09-64\",\"alt\":\"\",\"description\":\"\",\"caption\":\"\",\"mime\":\"image\/jpeg\",\"type\":\"image\",\"width\":552,\"height\":800,\"sizes\":{\"thumbnail\":{\"height\":150,\"width\":150,\"url\":\"https:\/\/www.event-fotos.net\/Wordpress\/wp-content\/uploads\/2023\/10\/09-7-150x150.jpg\",\"orientation\":\"landscape\"},\"medium\":{\"height\":300,\"width\":207,\"url\":\"https:\/\/www.event-fotos.net\/Wordpress\/wp-content\/uploads\/2023\/10\/09-7-207x300.jpg\",\"orientation\":\"portrait\"},\"full\":{\"url\":\"https:\/\/www.event-fotos.net\/Wordpress\/wp-content\/uploads\/2023\/10\/09-7.jpg\",\"height\":800,\"width\":552,\"orientation\":\"portrait\"}},\"imageMeta\":{\"aperture\":\"2\",\"credit\":\"\",\"camera\":\"SM-G770F\",\"caption\":\"\",\"created_timestamp\":\"1697212974\",\"copyright\":\"\",\"focal_length\":\"4.6\",\"iso\":\"50\",\"shutter_speed\":\"0.0035460992907801\",\"title\":\"\",\"orientation\":\"1\",\"keywords\":[]},\"meta\":false,\"postlink\":\"https:\/\/www.event-fotos.net\/Wordpress\/pgc_simply_gallery\/sightseeing-salzburger-land-a-2023\/09-64\"},{\"id\":5847,\"title\":\"Salzburg vom M\u00f6nchsberg\",\"url\":\"https:\/\/www.event-fotos.net\/Wordpress\/wp-content\/uploads\/2023\/10\/10-7.jpg\",\"link\":\"https:\/\/www.event-fotos.net\/Wordpress\/pgc_simply_gallery\/sightseeing-salzburger-land-a-2023\/10-65\",\"alt\":\"\",\"description\":\"\",\"caption\":\"\",\"mime\":\"image\/jpeg\",\"type\":\"image\",\"width\":800,\"height\":533,\"sizes\":{\"thumbnail\":{\"height\":150,\"width\":150,\"url\":\"https:\/\/www.event-fotos.net\/Wordpress\/wp-content\/uploads\/2023\/10\/10-7-150x150.jpg\",\"orientation\":\"landscape\"},\"medium\":{\"height\":200,\"width\":300,\"url\":\"https:\/\/www.event-fotos.net\/Wordpress\/wp-content\/uploads\/2023\/10\/10-7-300x200.jpg\",\"orientation\":\"landscape\"},\"full\":{\"url\":\"https:\/\/www.event-fotos.net\/Wordpress\/wp-content\/uploads\/2023\/10\/10-7.jpg\",\"height\":533,\"width\":800,\"orientation\":\"landscape\"}},\"imageMeta\":{\"aperture\":\"7.1\",\"credit\":\"\",\"camera\":\"Canon EOS M50m2\",\"caption\":\"\",\"created_timestamp\":\"1697124948\",\"copyright\":\"\",\"focal_length\":\"21\",\"iso\":\"100\",\"shutter_speed\":\"0.005\",\"title\":\"\",\"orientation\":\"1\",\"keywords\":[]},\"meta\":false,\"postlink\":\"https:\/\/www.event-fotos.net\/Wordpress\/pgc_simply_gallery\/sightseeing-salzburger-land-a-2023\/10-65\"},{\"id\":5848,\"title\":\"Festung Hohensalzburg\",\"url\":\"https:\/\/www.event-fotos.net\/Wordpress\/wp-content\/uploads\/2023\/10\/11-7.jpg\",\"link\":\"https:\/\/www.event-fotos.net\/Wordpress\/pgc_simply_gallery\/sightseeing-salzburger-land-a-2023\/11-66\",\"alt\":\"\",\"description\":\"\",\"caption\":\"\",\"mime\":\"image\/jpeg\",\"type\":\"image\",\"width\":800,\"height\":533,\"sizes\":{\"thumbnail\":{\"height\":150,\"width\":150,\"url\":\"https:\/\/www.event-fotos.net\/Wordpress\/wp-content\/uploads\/2023\/10\/11-7-150x150.jpg\",\"orientation\":\"landscape\"},\"medium\":{\"height\":200,\"width\":300,\"url\":\"https:\/\/www.event-fotos.net\/Wordpress\/wp-content\/uploads\/2023\/10\/11-7-300x200.jpg\",\"orientation\":\"landscape\"},\"full\":{\"url\":\"https:\/\/www.event-fotos.net\/Wordpress\/wp-content\/uploads\/2023\/10\/11-7.jpg\",\"height\":533,\"width\":800,\"orientation\":\"landscape\"}},\"imageMeta\":{\"aperture\":\"9\",\"credit\":\"\",\"camera\":\"Canon EOS M50m2\",\"caption\":\"\",\"created_timestamp\":\"1697124969\",\"copyright\":\"\",\"focal_length\":\"45\",\"iso\":\"100\",\"shutter_speed\":\"0.00625\",\"title\":\"\",\"orientation\":\"1\",\"keywords\":[]},\"meta\":false,\"postlink\":\"https:\/\/www.event-fotos.net\/Wordpress\/pgc_simply_gallery\/sightseeing-salzburger-land-a-2023\/11-66\"},{\"id\":5849,\"title\":\"Festung Hohensalzburg\",\"url\":\"https:\/\/www.event-fotos.net\/Wordpress\/wp-content\/uploads\/2023\/10\/12-7.jpg\",\"link\":\"https:\/\/www.event-fotos.net\/Wordpress\/pgc_simply_gallery\/sightseeing-salzburger-land-a-2023\/12-63\",\"alt\":\"\",\"description\":\"\",\"caption\":\"\",\"mime\":\"image\/jpeg\",\"type\":\"image\",\"width\":800,\"height\":533,\"sizes\":{\"thumbnail\":{\"height\":150,\"width\":150,\"url\":\"https:\/\/www.event-fotos.net\/Wordpress\/wp-content\/uploads\/2023\/10\/12-7-150x150.jpg\",\"orientation\":\"landscape\"},\"medium\":{\"height\":200,\"width\":300,\"url\":\"https:\/\/www.event-fotos.net\/Wordpress\/wp-content\/uploads\/2023\/10\/12-7-300x200.jpg\",\"orientation\":\"landscape\"},\"full\":{\"url\":\"https:\/\/www.event-fotos.net\/Wordpress\/wp-content\/uploads\/2023\/10\/12-7.jpg\",\"height\":533,\"width\":800,\"orientation\":\"landscape\"}},\"imageMeta\":{\"aperture\":\"10\",\"credit\":\"\",\"camera\":\"Canon EOS M50m2\",\"caption\":\"\",\"created_timestamp\":\"1697205329\",\"copyright\":\"\",\"focal_length\":\"15\",\"iso\":\"100\",\"shutter_speed\":\"0.0015625\",\"title\":\"\",\"orientation\":\"1\",\"keywords\":[]},\"meta\":false,\"postlink\":\"https:\/\/www.event-fotos.net\/Wordpress\/pgc_simply_gallery\/sightseeing-salzburger-land-a-2023\/12-63\"},{\"id\":5850,\"title\":\"Dom zu Salzburg\",\"url\":\"https:\/\/www.event-fotos.net\/Wordpress\/wp-content\/uploads\/2023\/10\/13-7.jpg\",\"link\":\"https:\/\/www.event-fotos.net\/Wordpress\/pgc_simply_gallery\/sightseeing-salzburger-land-a-2023\/13-63\",\"alt\":\"\",\"description\":\"\",\"caption\":\"\",\"mime\":\"image\/jpeg\",\"type\":\"image\",\"width\":800,\"height\":533,\"sizes\":{\"thumbnail\":{\"height\":150,\"width\":150,\"url\":\"https:\/\/www.event-fotos.net\/Wordpress\/wp-content\/uploads\/2023\/10\/13-7-150x150.jpg\",\"orientation\":\"landscape\"},\"medium\":{\"height\":200,\"width\":300,\"url\":\"https:\/\/www.event-fotos.net\/Wordpress\/wp-content\/uploads\/2023\/10\/13-7-300x200.jpg\",\"orientation\":\"landscape\"},\"full\":{\"url\":\"https:\/\/www.event-fotos.net\/Wordpress\/wp-content\/uploads\/2023\/10\/13-7.jpg\",\"height\":533,\"width\":800,\"orientation\":\"landscape\"}},\"imageMeta\":{\"aperture\":\"9\",\"credit\":\"\",\"camera\":\"Canon EOS M50m2\",\"caption\":\"\",\"created_timestamp\":\"1697204647\",\"copyright\":\"\",\"focal_length\":\"15\",\"iso\":\"100\",\"shutter_speed\":\"0.0025\",\"title\":\"\",\"orientation\":\"1\",\"keywords\":[]},\"meta\":false,\"postlink\":\"https:\/\/www.event-fotos.net\/Wordpress\/pgc_simply_gallery\/sightseeing-salzburger-land-a-2023\/13-63\"},{\"id\":5851,\"title\":\"Schloss Hellbrunn\",\"url\":\"https:\/\/www.event-fotos.net\/Wordpress\/wp-content\/uploads\/2023\/10\/14-7.jpg\",\"link\":\"https:\/\/www.event-fotos.net\/Wordpress\/pgc_simply_gallery\/sightseeing-salzburger-land-a-2023\/14-61\",\"alt\":\"\",\"description\":\"\",\"caption\":\"\",\"mime\":\"image\/jpeg\",\"type\":\"image\",\"width\":800,\"height\":533,\"sizes\":{\"thumbnail\":{\"height\":150,\"width\":150,\"url\":\"https:\/\/www.event-fotos.net\/Wordpress\/wp-content\/uploads\/2023\/10\/14-7-150x150.jpg\",\"orientation\":\"landscape\"},\"medium\":{\"height\":200,\"width\":300,\"url\":\"https:\/\/www.event-fotos.net\/Wordpress\/wp-content\/uploads\/2023\/10\/14-7-300x200.jpg\",\"orientation\":\"landscape\"},\"full\":{\"url\":\"https:\/\/www.event-fotos.net\/Wordpress\/wp-content\/uploads\/2023\/10\/14-7.jpg\",\"height\":533,\"width\":800,\"orientation\":\"landscape\"}},\"imageMeta\":{\"aperture\":\"7.1\",\"credit\":\"\",\"camera\":\"Canon EOS M50m2\",\"caption\":\"\",\"created_timestamp\":\"1697119433\",\"copyright\":\"\",\"focal_length\":\"15\",\"iso\":\"100\",\"shutter_speed\":\"0.003125\",\"title\":\"\",\"orientation\":\"1\",\"keywords\":[]},\"meta\":false,\"postlink\":\"https:\/\/www.event-fotos.net\/Wordpress\/pgc_simply_gallery\/sightseeing-salzburger-land-a-2023\/14-61\"},{\"id\":5852,\"title\":\"Schloss Hellbrunn\",\"url\":\"https:\/\/www.event-fotos.net\/Wordpress\/wp-content\/uploads\/2023\/10\/15-7.jpg\",\"link\":\"https:\/\/www.event-fotos.net\/Wordpress\/pgc_simply_gallery\/sightseeing-salzburger-land-a-2023\/15-66\",\"alt\":\"\",\"description\":\"\",\"caption\":\"\",\"mime\":\"image\/jpeg\",\"type\":\"image\",\"width\":533,\"height\":800,\"sizes\":{\"thumbnail\":{\"height\":150,\"width\":150,\"url\":\"https:\/\/www.event-fotos.net\/Wordpress\/wp-content\/uploads\/2023\/10\/15-7-150x150.jpg\",\"orientation\":\"landscape\"},\"medium\":{\"height\":300,\"width\":200,\"url\":\"https:\/\/www.event-fotos.net\/Wordpress\/wp-content\/uploads\/2023\/10\/15-7-200x300.jpg\",\"orientation\":\"portrait\"},\"full\":{\"url\":\"https:\/\/www.event-fotos.net\/Wordpress\/wp-content\/uploads\/2023\/10\/15-7.jpg\",\"height\":800,\"width\":533,\"orientation\":\"portrait\"}},\"imageMeta\":{\"aperture\":\"9\",\"credit\":\"\",\"camera\":\"Canon EOS M50m2\",\"caption\":\"\",\"created_timestamp\":\"1697119753\",\"copyright\":\"\",\"focal_length\":\"21\",\"iso\":\"100\",\"shutter_speed\":\"0.003125\",\"title\":\"\",\"orientation\":\"1\",\"keywords\":[]},\"meta\":false,\"postlink\":\"https:\/\/www.event-fotos.net\/Wordpress\/pgc_simply_gallery\/sightseeing-salzburger-land-a-2023\/15-66\"},{\"id\":5853,\"title\":\"Garten Schloss Hellbrunn\",\"url\":\"https:\/\/www.event-fotos.net\/Wordpress\/wp-content\/uploads\/2023\/10\/16-7.jpg\",\"link\":\"https:\/\/www.event-fotos.net\/Wordpress\/pgc_simply_gallery\/sightseeing-salzburger-land-a-2023\/16-61\",\"alt\":\"\",\"description\":\"\",\"caption\":\"\",\"mime\":\"image\/jpeg\",\"type\":\"image\",\"width\":800,\"height\":528,\"sizes\":{\"thumbnail\":{\"height\":150,\"width\":150,\"url\":\"https:\/\/www.event-fotos.net\/Wordpress\/wp-content\/uploads\/2023\/10\/16-7-150x150.jpg\",\"orientation\":\"landscape\"},\"medium\":{\"height\":198,\"width\":300,\"url\":\"https:\/\/www.event-fotos.net\/Wordpress\/wp-content\/uploads\/2023\/10\/16-7-300x198.jpg\",\"orientation\":\"landscape\"},\"full\":{\"url\":\"https:\/\/www.event-fotos.net\/Wordpress\/wp-content\/uploads\/2023\/10\/16-7.jpg\",\"height\":528,\"width\":800,\"orientation\":\"landscape\"}},\"imageMeta\":{\"aperture\":\"9\",\"credit\":\"\",\"camera\":\"Canon EOS M50m2\",\"caption\":\"\",\"created_timestamp\":\"1697119736\",\"copyright\":\"\",\"focal_length\":\"36\",\"iso\":\"100\",\"shutter_speed\":\"0.005\",\"title\":\"\",\"orientation\":\"1\",\"keywords\":[]},\"meta\":false,\"postlink\":\"https:\/\/www.event-fotos.net\/Wordpress\/pgc_simply_gallery\/sightseeing-salzburger-land-a-2023\/16-61\"},{\"id\":5854,\"title\":\"Garten Schloss Hellbrunn\",\"url\":\"https:\/\/www.event-fotos.net\/Wordpress\/wp-content\/uploads\/2023\/10\/17-7.jpg\",\"link\":\"https:\/\/www.event-fotos.net\/Wordpress\/pgc_simply_gallery\/sightseeing-salzburger-land-a-2023\/17-60\",\"alt\":\"\",\"description\":\"\",\"caption\":\"\",\"mime\":\"image\/jpeg\",\"type\":\"image\",\"width\":800,\"height\":533,\"sizes\":{\"thumbnail\":{\"height\":150,\"width\":150,\"url\":\"https:\/\/www.event-fotos.net\/Wordpress\/wp-content\/uploads\/2023\/10\/17-7-150x150.jpg\",\"orientation\":\"landscape\"},\"medium\":{\"height\":200,\"width\":300,\"url\":\"https:\/\/www.event-fotos.net\/Wordpress\/wp-content\/uploads\/2023\/10\/17-7-300x200.jpg\",\"orientation\":\"landscape\"},\"full\":{\"url\":\"https:\/\/www.event-fotos.net\/Wordpress\/wp-content\/uploads\/2023\/10\/17-7.jpg\",\"height\":533,\"width\":800,\"orientation\":\"landscape\"}},\"imageMeta\":{\"aperture\":\"5\",\"credit\":\"\",\"camera\":\"Canon EOS M50m2\",\"caption\":\"\",\"created_timestamp\":\"1697119795\",\"copyright\":\"\",\"focal_length\":\"16\",\"iso\":\"100\",\"shutter_speed\":\"0.008\",\"title\":\"\",\"orientation\":\"1\",\"keywords\":[]},\"meta\":false,\"postlink\":\"https:\/\/www.event-fotos.net\/Wordpress\/pgc_simply_gallery\/sightseeing-salzburger-land-a-2023\/17-60\"},{\"id\":5855,\"title\":\"Garten Schloss Hellbrunn\",\"url\":\"https:\/\/www.event-fotos.net\/Wordpress\/wp-content\/uploads\/2023\/10\/18-7.jpg\",\"link\":\"https:\/\/www.event-fotos.net\/Wordpress\/pgc_simply_gallery\/sightseeing-salzburger-land-a-2023\/18-59\",\"alt\":\"\",\"description\":\"\",\"caption\":\"\",\"mime\":\"image\/jpeg\",\"type\":\"image\",\"width\":544,\"height\":800,\"sizes\":{\"thumbnail\":{\"height\":150,\"width\":150,\"url\":\"https:\/\/www.event-fotos.net\/Wordpress\/wp-content\/uploads\/2023\/10\/18-7-150x150.jpg\",\"orientation\":\"landscape\"},\"medium\":{\"height\":300,\"width\":204,\"url\":\"https:\/\/www.event-fotos.net\/Wordpress\/wp-content\/uploads\/2023\/10\/18-7-204x300.jpg\",\"orientation\":\"portrait\"},\"full\":{\"url\":\"https:\/\/www.event-fotos.net\/Wordpress\/wp-content\/uploads\/2023\/10\/18-7.jpg\",\"height\":800,\"width\":544,\"orientation\":\"portrait\"}},\"imageMeta\":{\"aperture\":\"9\",\"credit\":\"\",\"camera\":\"Canon EOS M50m2\",\"caption\":\"\",\"created_timestamp\":\"1697119870\",\"copyright\":\"\",\"focal_length\":\"45\",\"iso\":\"100\",\"shutter_speed\":\"0.00625\",\"title\":\"\",\"orientation\":\"1\",\"keywords\":[]},\"meta\":false,\"postlink\":\"https:\/\/www.event-fotos.net\/Wordpress\/pgc_simply_gallery\/sightseeing-salzburger-land-a-2023\/18-59\"},{\"id\":5856,\"title\":\"Garten Schloss Hellbrunn\",\"url\":\"https:\/\/www.event-fotos.net\/Wordpress\/wp-content\/uploads\/2023\/10\/19-7.jpg\",\"link\":\"https:\/\/www.event-fotos.net\/Wordpress\/pgc_simply_gallery\/sightseeing-salzburger-land-a-2023\/19-60\",\"alt\":\"\",\"description\":\"\",\"caption\":\"\",\"mime\":\"image\/jpeg\",\"type\":\"image\",\"width\":537,\"height\":800,\"sizes\":{\"thumbnail\":{\"height\":150,\"width\":150,\"url\":\"https:\/\/www.event-fotos.net\/Wordpress\/wp-content\/uploads\/2023\/10\/19-7-150x150.jpg\",\"orientation\":\"landscape\"},\"medium\":{\"height\":300,\"width\":201,\"url\":\"https:\/\/www.event-fotos.net\/Wordpress\/wp-content\/uploads\/2023\/10\/19-7-201x300.jpg\",\"orientation\":\"portrait\"},\"full\":{\"url\":\"https:\/\/www.event-fotos.net\/Wordpress\/wp-content\/uploads\/2023\/10\/19-7.jpg\",\"height\":800,\"width\":537,\"orientation\":\"portrait\"}},\"imageMeta\":{\"aperture\":\"11\",\"credit\":\"\",\"camera\":\"Canon EOS M50m2\",\"caption\":\"\",\"created_timestamp\":\"1697120389\",\"copyright\":\"\",\"focal_length\":\"45\",\"iso\":\"100\",\"shutter_speed\":\"0.004\",\"title\":\"\",\"orientation\":\"1\",\"keywords\":[]},\"meta\":false,\"postlink\":\"https:\/\/www.event-fotos.net\/Wordpress\/pgc_simply_gallery\/sightseeing-salzburger-land-a-2023\/19-60\"},{\"id\":5857,\"title\":\"Hallst\u00e4tter See\",\"url\":\"https:\/\/www.event-fotos.net\/Wordpress\/wp-content\/uploads\/2023\/10\/20-7.jpg\",\"link\":\"https:\/\/www.event-fotos.net\/Wordpress\/pgc_simply_gallery\/sightseeing-salzburger-land-a-2023\/20-57\",\"alt\":\"\",\"description\":\"\",\"caption\":\"\",\"mime\":\"image\/jpeg\",\"type\":\"image\",\"width\":800,\"height\":533,\"sizes\":{\"thumbnail\":{\"height\":150,\"width\":150,\"url\":\"https:\/\/www.event-fotos.net\/Wordpress\/wp-content\/uploads\/2023\/10\/20-7-150x150.jpg\",\"orientation\":\"landscape\"},\"medium\":{\"height\":200,\"width\":300,\"url\":\"https:\/\/www.event-fotos.net\/Wordpress\/wp-content\/uploads\/2023\/10\/20-7-300x200.jpg\",\"orientation\":\"landscape\"},\"full\":{\"url\":\"https:\/\/www.event-fotos.net\/Wordpress\/wp-content\/uploads\/2023\/10\/20-7.jpg\",\"height\":533,\"width\":800,\"orientation\":\"landscape\"}},\"imageMeta\":{\"aperture\":\"8\",\"credit\":\"\",\"camera\":\"Canon EOS M50m2\",\"caption\":\"\",\"created_timestamp\":\"1697106415\",\"copyright\":\"\",\"focal_length\":\"29\",\"iso\":\"100\",\"shutter_speed\":\"0.005\",\"title\":\"\",\"orientation\":\"1\",\"keywords\":[]},\"meta\":false,\"postlink\":\"https:\/\/www.event-fotos.net\/Wordpress\/pgc_simply_gallery\/sightseeing-salzburger-land-a-2023\/20-57\"},{\"id\":5858,\"title\":\"Hallstatt\",\"url\":\"https:\/\/www.event-fotos.net\/Wordpress\/wp-content\/uploads\/2023\/10\/21-7.jpg\",\"link\":\"https:\/\/www.event-fotos.net\/Wordpress\/pgc_simply_gallery\/sightseeing-salzburger-land-a-2023\/21-53\",\"alt\":\"\",\"description\":\"\",\"caption\":\"\",\"mime\":\"image\/jpeg\",\"type\":\"image\",\"width\":533,\"height\":800,\"sizes\":{\"thumbnail\":{\"height\":150,\"width\":150,\"url\":\"https:\/\/www.event-fotos.net\/Wordpress\/wp-content\/uploads\/2023\/10\/21-7-150x150.jpg\",\"orientation\":\"landscape\"},\"medium\":{\"height\":300,\"width\":200,\"url\":\"https:\/\/www.event-fotos.net\/Wordpress\/wp-content\/uploads\/2023\/10\/21-7-200x300.jpg\",\"orientation\":\"portrait\"},\"full\":{\"url\":\"https:\/\/www.event-fotos.net\/Wordpress\/wp-content\/uploads\/2023\/10\/21-7.jpg\",\"height\":800,\"width\":533,\"orientation\":\"portrait\"}},\"imageMeta\":{\"aperture\":\"7.1\",\"credit\":\"\",\"camera\":\"Canon EOS M50m2\",\"caption\":\"\",\"created_timestamp\":\"1697107964\",\"copyright\":\"\",\"focal_length\":\"19\",\"iso\":\"100\",\"shutter_speed\":\"0.004\",\"title\":\"\",\"orientation\":\"1\",\"keywords\":[]},\"meta\":false,\"postlink\":\"https:\/\/www.event-fotos.net\/Wordpress\/pgc_simply_gallery\/sightseeing-salzburger-land-a-2023\/21-53\"},{\"id\":5859,\"title\":\"Hallstatt\",\"url\":\"https:\/\/www.event-fotos.net\/Wordpress\/wp-content\/uploads\/2023\/10\/22-6.jpg\",\"link\":\"https:\/\/www.event-fotos.net\/Wordpress\/pgc_simply_gallery\/sightseeing-salzburger-land-a-2023\/22-52\",\"alt\":\"\",\"description\":\"\",\"caption\":\"\",\"mime\":\"image\/jpeg\",\"type\":\"image\",\"width\":545,\"height\":800,\"sizes\":{\"thumbnail\":{\"height\":150,\"width\":150,\"url\":\"https:\/\/www.event-fotos.net\/Wordpress\/wp-content\/uploads\/2023\/10\/22-6-150x150.jpg\",\"orientation\":\"landscape\"},\"medium\":{\"height\":300,\"width\":204,\"url\":\"https:\/\/www.event-fotos.net\/Wordpress\/wp-content\/uploads\/2023\/10\/22-6-204x300.jpg\",\"orientation\":\"portrait\"},\"full\":{\"url\":\"https:\/\/www.event-fotos.net\/Wordpress\/wp-content\/uploads\/2023\/10\/22-6.jpg\",\"height\":800,\"width\":545,\"orientation\":\"portrait\"}},\"imageMeta\":{\"aperture\":\"8\",\"credit\":\"\",\"camera\":\"Canon EOS M50m2\",\"caption\":\"\",\"created_timestamp\":\"1697108147\",\"copyright\":\"\",\"focal_length\":\"40\",\"iso\":\"100\",\"shutter_speed\":\"0.008\",\"title\":\"\",\"orientation\":\"1\",\"keywords\":[]},\"meta\":false,\"postlink\":\"https:\/\/www.event-fotos.net\/Wordpress\/pgc_simply_gallery\/sightseeing-salzburger-land-a-2023\/22-52\"},{\"id\":5860,\"title\":\"Pfarrkirche Hallstatt\",\"url\":\"https:\/\/www.event-fotos.net\/Wordpress\/wp-content\/uploads\/2023\/10\/23-6.jpg\",\"link\":\"https:\/\/www.event-fotos.net\/Wordpress\/pgc_simply_gallery\/sightseeing-salzburger-land-a-2023\/23-49\",\"alt\":\"\",\"description\":\"\",\"caption\":\"\",\"mime\":\"image\/jpeg\",\"type\":\"image\",\"width\":514,\"height\":800,\"sizes\":{\"thumbnail\":{\"height\":150,\"width\":150,\"url\":\"https:\/\/www.event-fotos.net\/Wordpress\/wp-content\/uploads\/2023\/10\/23-6-150x150.jpg\",\"orientation\":\"landscape\"},\"medium\":{\"height\":300,\"width\":193,\"url\":\"https:\/\/www.event-fotos.net\/Wordpress\/wp-content\/uploads\/2023\/10\/23-6-193x300.jpg\",\"orientation\":\"portrait\"},\"full\":{\"url\":\"https:\/\/www.event-fotos.net\/Wordpress\/wp-content\/uploads\/2023\/10\/23-6.jpg\",\"height\":800,\"width\":514,\"orientation\":\"portrait\"}},\"imageMeta\":{\"aperture\":\"10\",\"credit\":\"\",\"camera\":\"Canon EOS M50m2\",\"caption\":\"\",\"created_timestamp\":\"1697108283\",\"copyright\":\"\",\"focal_length\":\"28\",\"iso\":\"100\",\"shutter_speed\":\"0.003125\",\"title\":\"\",\"orientation\":\"1\",\"keywords\":[]},\"meta\":false,\"postlink\":\"https:\/\/www.event-fotos.net\/Wordpress\/pgc_simply_gallery\/sightseeing-salzburger-land-a-2023\/23-49\"},{\"id\":5861,\"title\":\"Salzkontor Hallstatt\",\"url\":\"https:\/\/www.event-fotos.net\/Wordpress\/wp-content\/uploads\/2023\/10\/24-6.jpg\",\"link\":\"https:\/\/www.event-fotos.net\/Wordpress\/pgc_simply_gallery\/sightseeing-salzburger-land-a-2023\/24-47\",\"alt\":\"\",\"description\":\"\",\"caption\":\"\",\"mime\":\"image\/jpeg\",\"type\":\"image\",\"width\":800,\"height\":533,\"sizes\":{\"thumbnail\":{\"height\":150,\"width\":150,\"url\":\"https:\/\/www.event-fotos.net\/Wordpress\/wp-content\/uploads\/2023\/10\/24-6-150x150.jpg\",\"orientation\":\"landscape\"},\"medium\":{\"height\":200,\"width\":300,\"url\":\"https:\/\/www.event-fotos.net\/Wordpress\/wp-content\/uploads\/2023\/10\/24-6-300x200.jpg\",\"orientation\":\"landscape\"},\"full\":{\"url\":\"https:\/\/www.event-fotos.net\/Wordpress\/wp-content\/uploads\/2023\/10\/24-6.jpg\",\"height\":533,\"width\":800,\"orientation\":\"landscape\"}},\"imageMeta\":{\"aperture\":\"10\",\"credit\":\"\",\"camera\":\"Canon EOS M50m2\",\"caption\":\"\",\"created_timestamp\":\"1697108085\",\"copyright\":\"\",\"focal_length\":\"17\",\"iso\":\"100\",\"shutter_speed\":\"0.002\",\"title\":\"\",\"orientation\":\"1\",\"keywords\":[]},\"meta\":false,\"postlink\":\"https:\/\/www.event-fotos.net\/Wordpress\/pgc_simply_gallery\/sightseeing-salzburger-land-a-2023\/24-47\"},{\"id\":5862,\"title\":\"Hallstatt (Ober\u00f6sterreich) - j\u00e4hrlich von Millionen Asiaten besucht. Eine 1:1 Kopie wurde in China nachgebaut!\",\"url\":\"https:\/\/www.event-fotos.net\/Wordpress\/wp-content\/uploads\/2023\/10\/25-4.jpg\",\"link\":\"https:\/\/www.event-fotos.net\/Wordpress\/pgc_simply_gallery\/sightseeing-salzburger-land-a-2023\/25-45\",\"alt\":\"\",\"description\":\"\",\"caption\":\"\",\"mime\":\"image\/jpeg\",\"type\":\"image\",\"width\":800,\"height\":568,\"sizes\":{\"thumbnail\":{\"height\":150,\"width\":150,\"url\":\"https:\/\/www.event-fotos.net\/Wordpress\/wp-content\/uploads\/2023\/10\/25-4-150x150.jpg\",\"orientation\":\"landscape\"},\"medium\":{\"height\":213,\"width\":300,\"url\":\"https:\/\/www.event-fotos.net\/Wordpress\/wp-content\/uploads\/2023\/10\/25-4-300x213.jpg\",\"orientation\":\"landscape\"},\"full\":{\"url\":\"https:\/\/www.event-fotos.net\/Wordpress\/wp-content\/uploads\/2023\/10\/25-4.jpg\",\"height\":568,\"width\":800,\"orientation\":\"landscape\"}},\"imageMeta\":{\"aperture\":\"2\",\"credit\":\"\",\"camera\":\"SM-G770F\",\"caption\":\"\",\"created_timestamp\":\"1697105262\",\"copyright\":\"\",\"focal_length\":\"4.6\",\"iso\":\"50\",\"shutter_speed\":\"0.00070871722182849\",\"title\":\"\",\"orientation\":\"1\",\"keywords\":[]},\"meta\":false,\"postlink\":\"https:\/\/www.event-fotos.net\/Wordpress\/pgc_simply_gallery\/sightseeing-salzburger-land-a-2023\/25-45\"},{\"id\":5863,\"title\":\"Salzbergbahn Hallstatt\",\"url\":\"https:\/\/www.event-fotos.net\/Wordpress\/wp-content\/uploads\/2023\/10\/26-4.jpg\",\"link\":\"https:\/\/www.event-fotos.net\/Wordpress\/pgc_simply_gallery\/sightseeing-salzburger-land-a-2023\/26-41\",\"alt\":\"\",\"description\":\"\",\"caption\":\"\",\"mime\":\"image\/jpeg\",\"type\":\"image\",\"width\":567,\"height\":800,\"sizes\":{\"thumbnail\":{\"height\":150,\"width\":150,\"url\":\"https:\/\/www.event-fotos.net\/Wordpress\/wp-content\/uploads\/2023\/10\/26-4-150x150.jpg\",\"orientation\":\"landscape\"},\"medium\":{\"height\":300,\"width\":213,\"url\":\"https:\/\/www.event-fotos.net\/Wordpress\/wp-content\/uploads\/2023\/10\/26-4-213x300.jpg\",\"orientation\":\"portrait\"},\"full\":{\"url\":\"https:\/\/www.event-fotos.net\/Wordpress\/wp-content\/uploads\/2023\/10\/26-4.jpg\",\"height\":800,\"width\":567,\"orientation\":\"portrait\"}},\"imageMeta\":{\"aperture\":\"8\",\"credit\":\"\",\"camera\":\"Canon EOS M50m2\",\"caption\":\"\",\"created_timestamp\":\"1697107291\",\"copyright\":\"\",\"focal_length\":\"45\",\"iso\":\"100\",\"shutter_speed\":\"0.008\",\"title\":\"\",\"orientation\":\"1\",\"keywords\":[]},\"meta\":false,\"postlink\":\"https:\/\/www.event-fotos.net\/Wordpress\/pgc_simply_gallery\/sightseeing-salzburger-land-a-2023\/26-41\"},{\"id\":5864,\"title\":\"Salzbergbahn Hallstatt\",\"url\":\"https:\/\/www.event-fotos.net\/Wordpress\/wp-content\/uploads\/2023\/10\/27-1.jpg\",\"link\":\"https:\/\/www.event-fotos.net\/Wordpress\/pgc_simply_gallery\/sightseeing-salzburger-land-a-2023\/27-41\",\"alt\":\"\",\"description\":\"\",\"caption\":\"\",\"mime\":\"image\/jpeg\",\"type\":\"image\",\"width\":533,\"height\":800,\"sizes\":{\"thumbnail\":{\"height\":150,\"width\":150,\"url\":\"https:\/\/www.event-fotos.net\/Wordpress\/wp-content\/uploads\/2023\/10\/27-1-150x150.jpg\",\"orientation\":\"landscape\"},\"medium\":{\"height\":300,\"width\":200,\"url\":\"https:\/\/www.event-fotos.net\/Wordpress\/wp-content\/uploads\/2023\/10\/27-1-200x300.jpg\",\"orientation\":\"portrait\"},\"full\":{\"url\":\"https:\/\/www.event-fotos.net\/Wordpress\/wp-content\/uploads\/2023\/10\/27-1.jpg\",\"height\":800,\"width\":533,\"orientation\":\"portrait\"}},\"imageMeta\":{\"aperture\":\"5.6\",\"credit\":\"\",\"camera\":\"Canon EOS M50m2\",\"caption\":\"\",\"created_timestamp\":\"1697111149\",\"copyright\":\"\",\"focal_length\":\"20\",\"iso\":\"100\",\"shutter_speed\":\"0.00625\",\"title\":\"\",\"orientation\":\"1\",\"keywords\":[]},\"meta\":false,\"postlink\":\"https:\/\/www.event-fotos.net\/Wordpress\/pgc_simply_gallery\/sightseeing-salzburger-land-a-2023\/27-41\"},{\"id\":5865,\"title\":\"Salzbergbahn Hallstatt\",\"url\":\"https:\/\/www.event-fotos.net\/Wordpress\/wp-content\/uploads\/2023\/10\/28-2.jpg\",\"link\":\"https:\/\/www.event-fotos.net\/Wordpress\/pgc_simply_gallery\/sightseeing-salzburger-land-a-2023\/28-37\",\"alt\":\"\",\"description\":\"\",\"caption\":\"\",\"mime\":\"image\/jpeg\",\"type\":\"image\",\"width\":533,\"height\":800,\"sizes\":{\"thumbnail\":{\"height\":150,\"width\":150,\"url\":\"https:\/\/www.event-fotos.net\/Wordpress\/wp-content\/uploads\/2023\/10\/28-2-150x150.jpg\",\"orientation\":\"landscape\"},\"medium\":{\"height\":300,\"width\":200,\"url\":\"https:\/\/www.event-fotos.net\/Wordpress\/wp-content\/uploads\/2023\/10\/28-2-200x300.jpg\",\"orientation\":\"portrait\"},\"full\":{\"url\":\"https:\/\/www.event-fotos.net\/Wordpress\/wp-content\/uploads\/2023\/10\/28-2.jpg\",\"height\":800,\"width\":533,\"orientation\":\"portrait\"}},\"imageMeta\":{\"aperture\":\"10\",\"credit\":\"\",\"camera\":\"Canon EOS M50m2\",\"caption\":\"\",\"created_timestamp\":\"1697111187\",\"copyright\":\"\",\"focal_length\":\"25\",\"iso\":\"100\",\"shutter_speed\":\"0.0025\",\"title\":\"\",\"orientation\":\"1\",\"keywords\":[]},\"meta\":false,\"postlink\":\"https:\/\/www.event-fotos.net\/Wordpress\/pgc_simply_gallery\/sightseeing-salzburger-land-a-2023\/28-37\"},{\"id\":5866,\"title\":\"Welterbeblick auf den Hallsta\u00e4tter See\",\"url\":\"https:\/\/www.event-fotos.net\/Wordpress\/wp-content\/uploads\/2023\/10\/29-2.jpg\",\"link\":\"https:\/\/www.event-fotos.net\/Wordpress\/pgc_simply_gallery\/sightseeing-salzburger-land-a-2023\/29-37\",\"alt\":\"\",\"description\":\"\",\"caption\":\"\",\"mime\":\"image\/jpeg\",\"type\":\"image\",\"width\":533,\"height\":800,\"sizes\":{\"thumbnail\":{\"height\":150,\"width\":150,\"url\":\"https:\/\/www.event-fotos.net\/Wordpress\/wp-content\/uploads\/2023\/10\/29-2-150x150.jpg\",\"orientation\":\"landscape\"},\"medium\":{\"height\":300,\"width\":200,\"url\":\"https:\/\/www.event-fotos.net\/Wordpress\/wp-content\/uploads\/2023\/10\/29-2-200x300.jpg\",\"orientation\":\"portrait\"},\"full\":{\"url\":\"https:\/\/www.event-fotos.net\/Wordpress\/wp-content\/uploads\/2023\/10\/29-2.jpg\",\"height\":800,\"width\":533,\"orientation\":\"portrait\"}},\"imageMeta\":{\"aperture\":\"8\",\"credit\":\"\",\"camera\":\"Canon EOS M50m2\",\"caption\":\"\",\"created_timestamp\":\"1697111611\",\"copyright\":\"\",\"focal_length\":\"19\",\"iso\":\"100\",\"shutter_speed\":\"0.004\",\"title\":\"\",\"orientation\":\"1\",\"keywords\":[]},\"meta\":false,\"postlink\":\"https:\/\/www.event-fotos.net\/Wordpress\/pgc_simply_gallery\/sightseeing-salzburger-land-a-2023\/29-37\"},{\"id\":5867,\"title\":\"Hallst\u00e4tter See\",\"url\":\"https:\/\/www.event-fotos.net\/Wordpress\/wp-content\/uploads\/2023\/10\/30-2.jpg\",\"link\":\"https:\/\/www.event-fotos.net\/Wordpress\/pgc_simply_gallery\/sightseeing-salzburger-land-a-2023\/30-35\",\"alt\":\"\",\"description\":\"\",\"caption\":\"\",\"mime\":\"image\/jpeg\",\"type\":\"image\",\"width\":800,\"height\":533,\"sizes\":{\"thumbnail\":{\"height\":150,\"width\":150,\"url\":\"https:\/\/www.event-fotos.net\/Wordpress\/wp-content\/uploads\/2023\/10\/30-2-150x150.jpg\",\"orientation\":\"landscape\"},\"medium\":{\"height\":200,\"width\":300,\"url\":\"https:\/\/www.event-fotos.net\/Wordpress\/wp-content\/uploads\/2023\/10\/30-2-300x200.jpg\",\"orientation\":\"landscape\"},\"full\":{\"url\":\"https:\/\/www.event-fotos.net\/Wordpress\/wp-content\/uploads\/2023\/10\/30-2.jpg\",\"height\":533,\"width\":800,\"orientation\":\"landscape\"}},\"imageMeta\":{\"aperture\":\"7.1\",\"credit\":\"\",\"camera\":\"Canon EOS M50m2\",\"caption\":\"\",\"created_timestamp\":\"1697108541\",\"copyright\":\"\",\"focal_length\":\"27\",\"iso\":\"100\",\"shutter_speed\":\"0.008\",\"title\":\"\",\"orientation\":\"1\",\"keywords\":[]},\"meta\":false,\"postlink\":\"https:\/\/www.event-fotos.net\/Wordpress\/pgc_simply_gallery\/sightseeing-salzburger-land-a-2023\/30-35\"},{\"id\":5868,\"title\":\"Hallst\u00e4tter See mit Blick aufs Dachsteingebirge\",\"url\":\"https:\/\/www.event-fotos.net\/Wordpress\/wp-content\/uploads\/2023\/10\/31-2.jpg\",\"link\":\"https:\/\/www.event-fotos.net\/Wordpress\/pgc_simply_gallery\/sightseeing-salzburger-land-a-2023\/31-33\",\"alt\":\"\",\"description\":\"\",\"caption\":\"\",\"mime\":\"image\/jpeg\",\"type\":\"image\",\"width\":800,\"height\":533,\"sizes\":{\"thumbnail\":{\"height\":150,\"width\":150,\"url\":\"https:\/\/www.event-fotos.net\/Wordpress\/wp-content\/uploads\/2023\/10\/31-2-150x150.jpg\",\"orientation\":\"landscape\"},\"medium\":{\"height\":200,\"width\":300,\"url\":\"https:\/\/www.event-fotos.net\/Wordpress\/wp-content\/uploads\/2023\/10\/31-2-300x200.jpg\",\"orientation\":\"landscape\"},\"full\":{\"url\":\"https:\/\/www.event-fotos.net\/Wordpress\/wp-content\/uploads\/2023\/10\/31-2.jpg\",\"height\":533,\"width\":800,\"orientation\":\"landscape\"}},\"imageMeta\":{\"aperture\":\"7.1\",\"credit\":\"\",\"camera\":\"Canon EOS M50m2\",\"caption\":\"\",\"created_timestamp\":\"1697111486\",\"copyright\":\"\",\"focal_length\":\"15\",\"iso\":\"100\",\"shutter_speed\":\"0.004\",\"title\":\"\",\"orientation\":\"1\",\"keywords\":[]},\"meta\":false,\"postlink\":\"https:\/\/www.event-fotos.net\/Wordpress\/pgc_simply_gallery\/sightseeing-salzburger-land-a-2023\/31-33\"},{\"id\":5869,\"title\":\"Hallst\u00e4tter See\",\"url\":\"https:\/\/www.event-fotos.net\/Wordpress\/wp-content\/uploads\/2023\/10\/32-3.jpg\",\"link\":\"https:\/\/www.event-fotos.net\/Wordpress\/pgc_simply_gallery\/sightseeing-salzburger-land-a-2023\/32-33\",\"alt\":\"\",\"description\":\"\",\"caption\":\"\",\"mime\":\"image\/jpeg\",\"type\":\"image\",\"width\":533,\"height\":800,\"sizes\":{\"thumbnail\":{\"height\":150,\"width\":150,\"url\":\"https:\/\/www.event-fotos.net\/Wordpress\/wp-content\/uploads\/2023\/10\/32-3-150x150.jpg\",\"orientation\":\"landscape\"},\"medium\":{\"height\":300,\"width\":200,\"url\":\"https:\/\/www.event-fotos.net\/Wordpress\/wp-content\/uploads\/2023\/10\/32-3-200x300.jpg\",\"orientation\":\"portrait\"},\"full\":{\"url\":\"https:\/\/www.event-fotos.net\/Wordpress\/wp-content\/uploads\/2023\/10\/32-3.jpg\",\"height\":800,\"width\":533,\"orientation\":\"portrait\"}},\"imageMeta\":{\"aperture\":\"7.1\",\"credit\":\"\",\"camera\":\"Canon EOS M50m2\",\"caption\":\"\",\"created_timestamp\":\"1697111720\",\"copyright\":\"\",\"focal_length\":\"15\",\"iso\":\"100\",\"shutter_speed\":\"0.004\",\"title\":\"\",\"orientation\":\"1\",\"keywords\":[]},\"meta\":false,\"postlink\":\"https:\/\/www.event-fotos.net\/Wordpress\/pgc_simply_gallery\/sightseeing-salzburger-land-a-2023\/32-33\"},{\"id\":5870,\"title\":\"Boot auf dem Hallst\u00e4tter See\",\"url\":\"https:\/\/www.event-fotos.net\/Wordpress\/wp-content\/uploads\/2023\/10\/33-3.jpg\",\"link\":\"https:\/\/www.event-fotos.net\/Wordpress\/pgc_simply_gallery\/sightseeing-salzburger-land-a-2023\/33-33\",\"alt\":\"\",\"description\":\"\",\"caption\":\"\",\"mime\":\"image\/jpeg\",\"type\":\"image\",\"width\":800,\"height\":533,\"sizes\":{\"thumbnail\":{\"height\":150,\"width\":150,\"url\":\"https:\/\/www.event-fotos.net\/Wordpress\/wp-content\/uploads\/2023\/10\/33-3-150x150.jpg\",\"orientation\":\"landscape\"},\"medium\":{\"height\":200,\"width\":300,\"url\":\"https:\/\/www.event-fotos.net\/Wordpress\/wp-content\/uploads\/2023\/10\/33-3-300x200.jpg\",\"orientation\":\"landscape\"},\"full\":{\"url\":\"https:\/\/www.event-fotos.net\/Wordpress\/wp-content\/uploads\/2023\/10\/33-3.jpg\",\"height\":533,\"width\":800,\"orientation\":\"landscape\"}},\"imageMeta\":{\"aperture\":\"9\",\"credit\":\"\",\"camera\":\"Canon EOS M50m2\",\"caption\":\"\",\"created_timestamp\":\"1697108636\",\"copyright\":\"\",\"focal_length\":\"32\",\"iso\":\"100\",\"shutter_speed\":\"0.005\",\"title\":\"\",\"orientation\":\"1\",\"keywords\":[]},\"meta\":false,\"postlink\":\"https:\/\/www.event-fotos.net\/Wordpress\/pgc_simply_gallery\/sightseeing-salzburger-land-a-2023\/33-33\"},{\"id\":5871,\"title\":\"Tunnel zum Kehlsteinhaus (Obersalzberg)\",\"url\":\"https:\/\/www.event-fotos.net\/Wordpress\/wp-content\/uploads\/2023\/10\/34-2.jpg\",\"link\":\"https:\/\/www.event-fotos.net\/Wordpress\/pgc_simply_gallery\/sightseeing-salzburger-land-a-2023\/34-30\",\"alt\":\"\",\"description\":\"\",\"caption\":\"\",\"mime\":\"image\/jpeg\",\"type\":\"image\",\"width\":800,\"height\":533,\"sizes\":{\"thumbnail\":{\"height\":150,\"width\":150,\"url\":\"https:\/\/www.event-fotos.net\/Wordpress\/wp-content\/uploads\/2023\/10\/34-2-150x150.jpg\",\"orientation\":\"landscape\"},\"medium\":{\"height\":200,\"width\":300,\"url\":\"https:\/\/www.event-fotos.net\/Wordpress\/wp-content\/uploads\/2023\/10\/34-2-300x200.jpg\",\"orientation\":\"landscape\"},\"full\":{\"url\":\"https:\/\/www.event-fotos.net\/Wordpress\/wp-content\/uploads\/2023\/10\/34-2.jpg\",\"height\":533,\"width\":800,\"orientation\":\"landscape\"}},\"imageMeta\":{\"aperture\":\"3.5\",\"credit\":\"\",\"camera\":\"Canon EOS M50m2\",\"caption\":\"\",\"created_timestamp\":\"1697193781\",\"copyright\":\"\",\"focal_length\":\"15\",\"iso\":\"100\",\"shutter_speed\":\"0.0125\",\"title\":\"\",\"orientation\":\"1\",\"keywords\":[]},\"meta\":false,\"postlink\":\"https:\/\/www.event-fotos.net\/Wordpress\/pgc_simply_gallery\/sightseeing-salzburger-land-a-2023\/34-30\"},{\"id\":5872,\"title\":\"Tunnel zum Kehlsteinhaus (Berchtesgaden)\",\"url\":\"https:\/\/www.event-fotos.net\/Wordpress\/wp-content\/uploads\/2023\/10\/35-2.jpg\",\"link\":\"https:\/\/www.event-fotos.net\/Wordpress\/pgc_simply_gallery\/sightseeing-salzburger-land-a-2023\/35-31\",\"alt\":\"\",\"description\":\"\",\"caption\":\"\",\"mime\":\"image\/jpeg\",\"type\":\"image\",\"width\":600,\"height\":800,\"sizes\":{\"thumbnail\":{\"height\":150,\"width\":150,\"url\":\"https:\/\/www.event-fotos.net\/Wordpress\/wp-content\/uploads\/2023\/10\/35-2-150x150.jpg\",\"orientation\":\"landscape\"},\"medium\":{\"height\":300,\"width\":225,\"url\":\"https:\/\/www.event-fotos.net\/Wordpress\/wp-content\/uploads\/2023\/10\/35-2-225x300.jpg\",\"orientation\":\"portrait\"},\"full\":{\"url\":\"https:\/\/www.event-fotos.net\/Wordpress\/wp-content\/uploads\/2023\/10\/35-2.jpg\",\"height\":800,\"width\":600,\"orientation\":\"portrait\"}},\"imageMeta\":{\"aperture\":\"2\",\"credit\":\"\",\"camera\":\"SM-G770F\",\"caption\":\"\",\"created_timestamp\":\"1653480671\",\"copyright\":\"\",\"focal_length\":\"4.6\",\"iso\":\"500\",\"shutter_speed\":\"0.04\",\"title\":\"\",\"orientation\":\"1\",\"keywords\":[]},\"meta\":false,\"postlink\":\"https:\/\/www.event-fotos.net\/Wordpress\/pgc_simply_gallery\/sightseeing-salzburger-land-a-2023\/35-31\"},{\"id\":5873,\"title\":\"Blick auf Hitlers Kehlsteinhaus\",\"url\":\"https:\/\/www.event-fotos.net\/Wordpress\/wp-content\/uploads\/2023\/10\/36-2.jpg\",\"link\":\"https:\/\/www.event-fotos.net\/Wordpress\/pgc_simply_gallery\/sightseeing-salzburger-land-a-2023\/36-31\",\"alt\":\"\",\"description\":\"\",\"caption\":\"\",\"mime\":\"image\/jpeg\",\"type\":\"image\",\"width\":600,\"height\":800,\"sizes\":{\"thumbnail\":{\"height\":150,\"width\":150,\"url\":\"https:\/\/www.event-fotos.net\/Wordpress\/wp-content\/uploads\/2023\/10\/36-2-150x150.jpg\",\"orientation\":\"landscape\"},\"medium\":{\"height\":300,\"width\":225,\"url\":\"https:\/\/www.event-fotos.net\/Wordpress\/wp-content\/uploads\/2023\/10\/36-2-225x300.jpg\",\"orientation\":\"portrait\"},\"full\":{\"url\":\"https:\/\/www.event-fotos.net\/Wordpress\/wp-content\/uploads\/2023\/10\/36-2.jpg\",\"height\":800,\"width\":600,\"orientation\":\"portrait\"}},\"imageMeta\":{\"aperture\":\"8\",\"credit\":\"\",\"camera\":\"Canon EOS M50m2\",\"caption\":\"\",\"created_timestamp\":\"1697192679\",\"copyright\":\"\",\"focal_length\":\"15\",\"iso\":\"100\",\"shutter_speed\":\"0.003125\",\"title\":\"\",\"orientation\":\"1\",\"keywords\":[]},\"meta\":false,\"postlink\":\"https:\/\/www.event-fotos.net\/Wordpress\/pgc_simply_gallery\/sightseeing-salzburger-land-a-2023\/36-31\"},{\"id\":5874,\"title\":\"Kehlsteinhaus Berchtesgaden\",\"url\":\"https:\/\/www.event-fotos.net\/Wordpress\/wp-content\/uploads\/2023\/10\/37-2.jpg\",\"link\":\"https:\/\/www.event-fotos.net\/Wordpress\/pgc_simply_gallery\/sightseeing-salzburger-land-a-2023\/37-28\",\"alt\":\"\",\"description\":\"\",\"caption\":\"\",\"mime\":\"image\/jpeg\",\"type\":\"image\",\"width\":800,\"height\":533,\"sizes\":{\"thumbnail\":{\"height\":150,\"width\":150,\"url\":\"https:\/\/www.event-fotos.net\/Wordpress\/wp-content\/uploads\/2023\/10\/37-2-150x150.jpg\",\"orientation\":\"landscape\"},\"medium\":{\"height\":200,\"width\":300,\"url\":\"https:\/\/www.event-fotos.net\/Wordpress\/wp-content\/uploads\/2023\/10\/37-2-300x200.jpg\",\"orientation\":\"landscape\"},\"full\":{\"url\":\"https:\/\/www.event-fotos.net\/Wordpress\/wp-content\/uploads\/2023\/10\/37-2.jpg\",\"height\":533,\"width\":800,\"orientation\":\"landscape\"}},\"imageMeta\":{\"aperture\":\"2\",\"credit\":\"\",\"camera\":\"SM-G770F\",\"caption\":\"\",\"created_timestamp\":\"1697196115\",\"copyright\":\"\",\"focal_length\":\"4.6\",\"iso\":\"50\",\"shutter_speed\":\"0.00063856960408685\",\"title\":\"\",\"orientation\":\"1\",\"keywords\":[]},\"meta\":false,\"postlink\":\"https:\/\/www.event-fotos.net\/Wordpress\/pgc_simply_gallery\/sightseeing-salzburger-land-a-2023\/37-28\"},{\"id\":5875,\"title\":\"Hitlers Bergquartier \\u0022Kehlsteinhaus\\u0022\",\"url\":\"https:\/\/www.event-fotos.net\/Wordpress\/wp-content\/uploads\/2023\/10\/38-2.jpg\",\"link\":\"https:\/\/www.event-fotos.net\/Wordpress\/pgc_simply_gallery\/sightseeing-salzburger-land-a-2023\/38-29\",\"alt\":\"\",\"description\":\"\",\"caption\":\"\",\"mime\":\"image\/jpeg\",\"type\":\"image\",\"width\":800,\"height\":533,\"sizes\":{\"thumbnail\":{\"height\":150,\"width\":150,\"url\":\"https:\/\/www.event-fotos.net\/Wordpress\/wp-content\/uploads\/2023\/10\/38-2-150x150.jpg\",\"orientation\":\"landscape\"},\"medium\":{\"height\":200,\"width\":300,\"url\":\"https:\/\/www.event-fotos.net\/Wordpress\/wp-content\/uploads\/2023\/10\/38-2-300x200.jpg\",\"orientation\":\"landscape\"},\"full\":{\"url\":\"https:\/\/www.event-fotos.net\/Wordpress\/wp-content\/uploads\/2023\/10\/38-2.jpg\",\"height\":533,\"width\":800,\"orientation\":\"landscape\"}},\"imageMeta\":{\"aperture\":\"11\",\"credit\":\"\",\"camera\":\"Canon EOS M50m2\",\"caption\":\"\",\"created_timestamp\":\"1697192858\",\"copyright\":\"\",\"focal_length\":\"45\",\"iso\":\"100\",\"shutter_speed\":\"0.004\",\"title\":\"\",\"orientation\":\"1\",\"keywords\":[]},\"meta\":false,\"postlink\":\"https:\/\/www.event-fotos.net\/Wordpress\/pgc_simply_gallery\/sightseeing-salzburger-land-a-2023\/38-29\"},{\"id\":5876,\"title\":\"1934 lie\u00df Hitler das Kehlsteinhaus erbauen\",\"url\":\"https:\/\/www.event-fotos.net\/Wordpress\/wp-content\/uploads\/2023\/10\/39-2.jpg\",\"link\":\"https:\/\/www.event-fotos.net\/Wordpress\/pgc_simply_gallery\/sightseeing-salzburger-land-a-2023\/39-29\",\"alt\":\"\",\"description\":\"\",\"caption\":\"\",\"mime\":\"image\/jpeg\",\"type\":\"image\",\"width\":533,\"height\":800,\"sizes\":{\"thumbnail\":{\"height\":150,\"width\":150,\"url\":\"https:\/\/www.event-fotos.net\/Wordpress\/wp-content\/uploads\/2023\/10\/39-2-150x150.jpg\",\"orientation\":\"landscape\"},\"medium\":{\"height\":300,\"width\":200,\"url\":\"https:\/\/www.event-fotos.net\/Wordpress\/wp-content\/uploads\/2023\/10\/39-2-200x300.jpg\",\"orientation\":\"portrait\"},\"full\":{\"url\":\"https:\/\/www.event-fotos.net\/Wordpress\/wp-content\/uploads\/2023\/10\/39-2.jpg\",\"height\":800,\"width\":533,\"orientation\":\"portrait\"}},\"imageMeta\":{\"aperture\":\"2\",\"credit\":\"\",\"camera\":\"SM-G770F\",\"caption\":\"\",\"created_timestamp\":\"1653490015\",\"copyright\":\"\",\"focal_length\":\"4.6\",\"iso\":\"50\",\"shutter_speed\":\"0.0061349693251534\",\"title\":\"\",\"orientation\":\"1\",\"keywords\":[]},\"meta\":false,\"postlink\":\"https:\/\/www.event-fotos.net\/Wordpress\/pgc_simply_gallery\/sightseeing-salzburger-land-a-2023\/39-29\"},{\"id\":5877,\"title\":\"Der Kamin aus Marmor - ein Geschenk Mussolinis an Hitler\",\"url\":\"https:\/\/www.event-fotos.net\/Wordpress\/wp-content\/uploads\/2023\/10\/40-2.jpg\",\"link\":\"https:\/\/www.event-fotos.net\/Wordpress\/pgc_simply_gallery\/sightseeing-salzburger-land-a-2023\/40-26\",\"alt\":\"\",\"description\":\"\",\"caption\":\"\",\"mime\":\"image\/jpeg\",\"type\":\"image\",\"width\":800,\"height\":582,\"sizes\":{\"thumbnail\":{\"height\":150,\"width\":150,\"url\":\"https:\/\/www.event-fotos.net\/Wordpress\/wp-content\/uploads\/2023\/10\/40-2-150x150.jpg\",\"orientation\":\"landscape\"},\"medium\":{\"height\":218,\"width\":300,\"url\":\"https:\/\/www.event-fotos.net\/Wordpress\/wp-content\/uploads\/2023\/10\/40-2-300x218.jpg\",\"orientation\":\"landscape\"},\"full\":{\"url\":\"https:\/\/www.event-fotos.net\/Wordpress\/wp-content\/uploads\/2023\/10\/40-2.jpg\",\"height\":582,\"width\":800,\"orientation\":\"landscape\"}},\"imageMeta\":{\"aperture\":\"2\",\"credit\":\"\",\"camera\":\"SM-G770F\",\"caption\":\"\",\"created_timestamp\":\"1653490656\",\"copyright\":\"\",\"focal_length\":\"4.6\",\"iso\":\"250\",\"shutter_speed\":\"0.03030303030303\",\"title\":\"\",\"orientation\":\"1\",\"keywords\":[]},\"meta\":false,\"postlink\":\"https:\/\/www.event-fotos.net\/Wordpress\/pgc_simply_gallery\/sightseeing-salzburger-land-a-2023\/40-26\"},{\"id\":5878,\"title\":\"Hier sa\u00df Hitler 1939...\",\"url\":\"https:\/\/www.event-fotos.net\/Wordpress\/wp-content\/uploads\/2023\/10\/41-2.jpg\",\"link\":\"https:\/\/www.event-fotos.net\/Wordpress\/pgc_simply_gallery\/sightseeing-salzburger-land-a-2023\/41-27\",\"alt\":\"\",\"description\":\"\",\"caption\":\"\",\"mime\":\"image\/jpeg\",\"type\":\"image\",\"width\":465,\"height\":800,\"sizes\":{\"thumbnail\":{\"height\":150,\"width\":150,\"url\":\"https:\/\/www.event-fotos.net\/Wordpress\/wp-content\/uploads\/2023\/10\/41-2-150x150.jpg\",\"orientation\":\"landscape\"},\"medium\":{\"height\":300,\"width\":174,\"url\":\"https:\/\/www.event-fotos.net\/Wordpress\/wp-content\/uploads\/2023\/10\/41-2-174x300.jpg\",\"orientation\":\"portrait\"},\"full\":{\"url\":\"https:\/\/www.event-fotos.net\/Wordpress\/wp-content\/uploads\/2023\/10\/41-2.jpg\",\"height\":800,\"width\":465,\"orientation\":\"portrait\"}},\"imageMeta\":{\"aperture\":\"2\",\"credit\":\"\",\"camera\":\"SM-G770F\",\"caption\":\"\",\"created_timestamp\":\"1653490484\",\"copyright\":\"\",\"focal_length\":\"4.6\",\"iso\":\"100\",\"shutter_speed\":\"0.01\",\"title\":\"\",\"orientation\":\"1\",\"keywords\":[]},\"meta\":false,\"postlink\":\"https:\/\/www.event-fotos.net\/Wordpress\/pgc_simply_gallery\/sightseeing-salzburger-land-a-2023\/41-27\"},{\"id\":5879,\"title\":\"...die gleiche Stelle heute\",\"url\":\"https:\/\/www.event-fotos.net\/Wordpress\/wp-content\/uploads\/2023\/10\/42-2.jpg\",\"link\":\"https:\/\/www.event-fotos.net\/Wordpress\/pgc_simply_gallery\/sightseeing-salzburger-land-a-2023\/42-25\",\"alt\":\"\",\"description\":\"\",\"caption\":\"\",\"mime\":\"image\/jpeg\",\"type\":\"image\",\"width\":600,\"height\":800,\"sizes\":{\"thumbnail\":{\"height\":150,\"width\":150,\"url\":\"https:\/\/www.event-fotos.net\/Wordpress\/wp-content\/uploads\/2023\/10\/42-2-150x150.jpg\",\"orientation\":\"landscape\"},\"medium\":{\"height\":300,\"width\":225,\"url\":\"https:\/\/www.event-fotos.net\/Wordpress\/wp-content\/uploads\/2023\/10\/42-2-225x300.jpg\",\"orientation\":\"portrait\"},\"full\":{\"url\":\"https:\/\/www.event-fotos.net\/Wordpress\/wp-content\/uploads\/2023\/10\/42-2.jpg\",\"height\":800,\"width\":600,\"orientation\":\"portrait\"}},\"imageMeta\":{\"aperture\":\"2\",\"credit\":\"\",\"camera\":\"SM-G770F\",\"caption\":\"\",\"created_timestamp\":\"1653490507\",\"copyright\":\"\",\"focal_length\":\"4.6\",\"iso\":\"64\",\"shutter_speed\":\"0.01\",\"title\":\"\",\"orientation\":\"1\",\"keywords\":[]},\"meta\":false,\"postlink\":\"https:\/\/www.event-fotos.net\/Wordpress\/pgc_simply_gallery\/sightseeing-salzburger-land-a-2023\/42-25\"},{\"id\":5880,\"title\":\"Blick vom Kehlsteinhaus Richting Salzburg\",\"url\":\"https:\/\/www.event-fotos.net\/Wordpress\/wp-content\/uploads\/2023\/10\/43-2.jpg\",\"link\":\"https:\/\/www.event-fotos.net\/Wordpress\/pgc_simply_gallery\/sightseeing-salzburger-land-a-2023\/43-24\",\"alt\":\"\",\"description\":\"\",\"caption\":\"\",\"mime\":\"image\/jpeg\",\"type\":\"image\",\"width\":800,\"height\":533,\"sizes\":{\"thumbnail\":{\"height\":150,\"width\":150,\"url\":\"https:\/\/www.event-fotos.net\/Wordpress\/wp-content\/uploads\/2023\/10\/43-2-150x150.jpg\",\"orientation\":\"landscape\"},\"medium\":{\"height\":200,\"width\":300,\"url\":\"https:\/\/www.event-fotos.net\/Wordpress\/wp-content\/uploads\/2023\/10\/43-2-300x200.jpg\",\"orientation\":\"landscape\"},\"full\":{\"url\":\"https:\/\/www.event-fotos.net\/Wordpress\/wp-content\/uploads\/2023\/10\/43-2.jpg\",\"height\":533,\"width\":800,\"orientation\":\"landscape\"}},\"imageMeta\":{\"aperture\":\"9\",\"credit\":\"\",\"camera\":\"Canon EOS M50m2\",\"caption\":\"\",\"created_timestamp\":\"1697190993\",\"copyright\":\"\",\"focal_length\":\"35\",\"iso\":\"100\",\"shutter_speed\":\"0.005\",\"title\":\"\",\"orientation\":\"1\",\"keywords\":[]},\"meta\":false,\"postlink\":\"https:\/\/www.event-fotos.net\/Wordpress\/pgc_simply_gallery\/sightseeing-salzburger-land-a-2023\/43-24\"},{\"id\":5881,\"title\":\"Im Hintergrund ist die Festung Hohensalzburg zu erkennen\",\"url\":\"https:\/\/www.event-fotos.net\/Wordpress\/wp-content\/uploads\/2023\/10\/44-2.jpg\",\"link\":\"https:\/\/www.event-fotos.net\/Wordpress\/pgc_simply_gallery\/sightseeing-salzburger-land-a-2023\/44-23\",\"alt\":\"\",\"description\":\"\",\"caption\":\"\",\"mime\":\"image\/jpeg\",\"type\":\"image\",\"width\":800,\"height\":559,\"sizes\":{\"thumbnail\":{\"height\":150,\"width\":150,\"url\":\"https:\/\/www.event-fotos.net\/Wordpress\/wp-content\/uploads\/2023\/10\/44-2-150x150.jpg\",\"orientation\":\"landscape\"},\"medium\":{\"height\":210,\"width\":300,\"url\":\"https:\/\/www.event-fotos.net\/Wordpress\/wp-content\/uploads\/2023\/10\/44-2-300x210.jpg\",\"orientation\":\"landscape\"},\"full\":{\"url\":\"https:\/\/www.event-fotos.net\/Wordpress\/wp-content\/uploads\/2023\/10\/44-2.jpg\",\"height\":559,\"width\":800,\"orientation\":\"landscape\"}},\"imageMeta\":{\"aperture\":\"7.1\",\"credit\":\"\",\"camera\":\"Canon EOS M50m2\",\"caption\":\"\",\"created_timestamp\":\"1697191033\",\"copyright\":\"\",\"focal_length\":\"127\",\"iso\":\"100\",\"shutter_speed\":\"0.0025\",\"title\":\"\",\"orientation\":\"1\",\"keywords\":[]},\"meta\":false,\"postlink\":\"https:\/\/www.event-fotos.net\/Wordpress\/pgc_simply_gallery\/sightseeing-salzburger-land-a-2023\/44-23\"},{\"id\":5882,\"title\":\"Blick auf den Schellenberg\",\"url\":\"https:\/\/www.event-fotos.net\/Wordpress\/wp-content\/uploads\/2023\/10\/45-2.jpg\",\"link\":\"https:\/\/www.event-fotos.net\/Wordpress\/pgc_simply_gallery\/sightseeing-salzburger-land-a-2023\/45-23\",\"alt\":\"\",\"description\":\"\",\"caption\":\"\",\"mime\":\"image\/jpeg\",\"type\":\"image\",\"width\":800,\"height\":533,\"sizes\":{\"thumbnail\":{\"height\":150,\"width\":150,\"url\":\"https:\/\/www.event-fotos.net\/Wordpress\/wp-content\/uploads\/2023\/10\/45-2-150x150.jpg\",\"orientation\":\"landscape\"},\"medium\":{\"height\":200,\"width\":300,\"url\":\"https:\/\/www.event-fotos.net\/Wordpress\/wp-content\/uploads\/2023\/10\/45-2-300x200.jpg\",\"orientation\":\"landscape\"},\"full\":{\"url\":\"https:\/\/www.event-fotos.net\/Wordpress\/wp-content\/uploads\/2023\/10\/45-2.jpg\",\"height\":533,\"width\":800,\"orientation\":\"landscape\"}},\"imageMeta\":{\"aperture\":\"7.1\",\"credit\":\"\",\"camera\":\"Canon EOS M50m2\",\"caption\":\"\",\"created_timestamp\":\"1697191089\",\"copyright\":\"\",\"focal_length\":\"15\",\"iso\":\"100\",\"shutter_speed\":\"0.003125\",\"title\":\"\",\"orientation\":\"1\",\"keywords\":[]},\"meta\":false,\"postlink\":\"https:\/\/www.event-fotos.net\/Wordpress\/pgc_simply_gallery\/sightseeing-salzburger-land-a-2023\/45-23\"},{\"id\":5883,\"title\":\"Steinkunst auf dem Obersalzberg\",\"url\":\"https:\/\/www.event-fotos.net\/Wordpress\/wp-content\/uploads\/2023\/10\/46-2.jpg\",\"link\":\"https:\/\/www.event-fotos.net\/Wordpress\/pgc_simply_gallery\/sightseeing-salzburger-land-a-2023\/46-22\",\"alt\":\"\",\"description\":\"\",\"caption\":\"\",\"mime\":\"image\/jpeg\",\"type\":\"image\",\"width\":800,\"height\":523,\"sizes\":{\"thumbnail\":{\"height\":150,\"width\":150,\"url\":\"https:\/\/www.event-fotos.net\/Wordpress\/wp-content\/uploads\/2023\/10\/46-2-150x150.jpg\",\"orientation\":\"landscape\"},\"medium\":{\"height\":196,\"width\":300,\"url\":\"https:\/\/www.event-fotos.net\/Wordpress\/wp-content\/uploads\/2023\/10\/46-2-300x196.jpg\",\"orientation\":\"landscape\"},\"full\":{\"url\":\"https:\/\/www.event-fotos.net\/Wordpress\/wp-content\/uploads\/2023\/10\/46-2.jpg\",\"height\":523,\"width\":800,\"orientation\":\"landscape\"}},\"imageMeta\":{\"aperture\":\"9\",\"credit\":\"\",\"camera\":\"Canon EOS M50m2\",\"caption\":\"\",\"created_timestamp\":\"1697191256\",\"copyright\":\"\",\"focal_length\":\"23\",\"iso\":\"100\",\"shutter_speed\":\"0.003125\",\"title\":\"\",\"orientation\":\"1\",\"keywords\":[]},\"meta\":false,\"postlink\":\"https:\/\/www.event-fotos.net\/Wordpress\/pgc_simply_gallery\/sightseeing-salzburger-land-a-2023\/46-22\"},{\"id\":5884,\"title\":\"Richtung Salzburg im \\u0022Steinrahmen\\u0022\",\"url\":\"https:\/\/www.event-fotos.net\/Wordpress\/wp-content\/uploads\/2023\/10\/47-2.jpg\",\"link\":\"https:\/\/www.event-fotos.net\/Wordpress\/pgc_simply_gallery\/sightseeing-salzburger-land-a-2023\/47-21\",\"alt\":\"\",\"description\":\"\",\"caption\":\"\",\"mime\":\"image\/jpeg\",\"type\":\"image\",\"width\":800,\"height\":538,\"sizes\":{\"thumbnail\":{\"height\":150,\"width\":150,\"url\":\"https:\/\/www.event-fotos.net\/Wordpress\/wp-content\/uploads\/2023\/10\/47-2-150x150.jpg\",\"orientation\":\"landscape\"},\"medium\":{\"height\":202,\"width\":300,\"url\":\"https:\/\/www.event-fotos.net\/Wordpress\/wp-content\/uploads\/2023\/10\/47-2-300x202.jpg\",\"orientation\":\"landscape\"},\"full\":{\"url\":\"https:\/\/www.event-fotos.net\/Wordpress\/wp-content\/uploads\/2023\/10\/47-2.jpg\",\"height\":538,\"width\":800,\"orientation\":\"landscape\"}},\"imageMeta\":{\"aperture\":\"8\",\"credit\":\"\",\"camera\":\"Canon EOS M50m2\",\"caption\":\"\",\"created_timestamp\":\"1697192409\",\"copyright\":\"\",\"focal_length\":\"28\",\"iso\":\"100\",\"shutter_speed\":\"0.005\",\"title\":\"\",\"orientation\":\"1\",\"keywords\":[]},\"meta\":false,\"postlink\":\"https:\/\/www.event-fotos.net\/Wordpress\/pgc_simply_gallery\/sightseeing-salzburger-land-a-2023\/47-21\"},{\"id\":5885,\"title\":\"Blick auf den K\u00f6nigssee und das Watzmannmassiv\",\"url\":\"https:\/\/www.event-fotos.net\/Wordpress\/wp-content\/uploads\/2023\/10\/48-2.jpg\",\"link\":\"https:\/\/www.event-fotos.net\/Wordpress\/pgc_simply_gallery\/sightseeing-salzburger-land-a-2023\/48-21\",\"alt\":\"\",\"description\":\"\",\"caption\":\"\",\"mime\":\"image\/jpeg\",\"type\":\"image\",\"width\":800,\"height\":579,\"sizes\":{\"thumbnail\":{\"height\":150,\"width\":150,\"url\":\"https:\/\/www.event-fotos.net\/Wordpress\/wp-content\/uploads\/2023\/10\/48-2-150x150.jpg\",\"orientation\":\"landscape\"},\"medium\":{\"height\":217,\"width\":300,\"url\":\"https:\/\/www.event-fotos.net\/Wordpress\/wp-content\/uploads\/2023\/10\/48-2-300x217.jpg\",\"orientation\":\"landscape\"},\"full\":{\"url\":\"https:\/\/www.event-fotos.net\/Wordpress\/wp-content\/uploads\/2023\/10\/48-2.jpg\",\"height\":579,\"width\":800,\"orientation\":\"landscape\"}},\"imageMeta\":{\"aperture\":\"6.3\",\"credit\":\"\",\"camera\":\"Canon EOS M50m2\",\"caption\":\"\",\"created_timestamp\":\"1697193118\",\"copyright\":\"\",\"focal_length\":\"15\",\"iso\":\"100\",\"shutter_speed\":\"0.005\",\"title\":\"\",\"orientation\":\"1\",\"keywords\":[]},\"meta\":false,\"postlink\":\"https:\/\/www.event-fotos.net\/Wordpress\/pgc_simply_gallery\/sightseeing-salzburger-land-a-2023\/48-21\"},{\"id\":5886,\"title\":\"Gipfelkreuz Kehlstein\",\"url\":\"https:\/\/www.event-fotos.net\/Wordpress\/wp-content\/uploads\/2023\/10\/49-1.jpg\",\"link\":\"https:\/\/www.event-fotos.net\/Wordpress\/pgc_simply_gallery\/sightseeing-salzburger-land-a-2023\/49-19\",\"alt\":\"\",\"description\":\"\",\"caption\":\"\",\"mime\":\"image\/jpeg\",\"type\":\"image\",\"width\":533,\"height\":800,\"sizes\":{\"thumbnail\":{\"height\":150,\"width\":150,\"url\":\"https:\/\/www.event-fotos.net\/Wordpress\/wp-content\/uploads\/2023\/10\/49-1-150x150.jpg\",\"orientation\":\"landscape\"},\"medium\":{\"height\":300,\"width\":200,\"url\":\"https:\/\/www.event-fotos.net\/Wordpress\/wp-content\/uploads\/2023\/10\/49-1-200x300.jpg\",\"orientation\":\"portrait\"},\"full\":{\"url\":\"https:\/\/www.event-fotos.net\/Wordpress\/wp-content\/uploads\/2023\/10\/49-1.jpg\",\"height\":800,\"width\":533,\"orientation\":\"portrait\"}},\"imageMeta\":{\"aperture\":\"8\",\"credit\":\"\",\"camera\":\"Canon EOS M50m2\",\"caption\":\"\",\"created_timestamp\":\"1697191405\",\"copyright\":\"\",\"focal_length\":\"20\",\"iso\":\"100\",\"shutter_speed\":\"0.004\",\"title\":\"\",\"orientation\":\"1\",\"keywords\":[]},\"meta\":false,\"postlink\":\"https:\/\/www.event-fotos.net\/Wordpress\/pgc_simply_gallery\/sightseeing-salzburger-land-a-2023\/49-19\"},{\"id\":5887,\"title\":\"Gondel-Talstation Kaprun (zum Kitzsteinhorn)\",\"url\":\"https:\/\/www.event-fotos.net\/Wordpress\/wp-content\/uploads\/2023\/10\/50-1.jpg\",\"link\":\"https:\/\/www.event-fotos.net\/Wordpress\/pgc_simply_gallery\/sightseeing-salzburger-land-a-2023\/50-18\",\"alt\":\"\",\"description\":\"\",\"caption\":\"\",\"mime\":\"image\/jpeg\",\"type\":\"image\",\"width\":800,\"height\":541,\"sizes\":{\"thumbnail\":{\"height\":150,\"width\":150,\"url\":\"https:\/\/www.event-fotos.net\/Wordpress\/wp-content\/uploads\/2023\/10\/50-1-150x150.jpg\",\"orientation\":\"landscape\"},\"medium\":{\"height\":203,\"width\":300,\"url\":\"https:\/\/www.event-fotos.net\/Wordpress\/wp-content\/uploads\/2023\/10\/50-1-300x203.jpg\",\"orientation\":\"landscape\"},\"full\":{\"url\":\"https:\/\/www.event-fotos.net\/Wordpress\/wp-content\/uploads\/2023\/10\/50-1.jpg\",\"height\":541,\"width\":800,\"orientation\":\"landscape\"}},\"imageMeta\":{\"aperture\":\"2\",\"credit\":\"\",\"camera\":\"SM-G770F\",\"caption\":\"\",\"created_timestamp\":\"1697022333\",\"copyright\":\"\",\"focal_length\":\"4.6\",\"iso\":\"50\",\"shutter_speed\":\"0.0035971223021583\",\"title\":\"\",\"orientation\":\"1\",\"keywords\":[]},\"meta\":false,\"postlink\":\"https:\/\/www.event-fotos.net\/Wordpress\/pgc_simply_gallery\/sightseeing-salzburger-land-a-2023\/50-18\"},{\"id\":5888,\"title\":\"Seilbahn zum Kitzsteinhorn\",\"url\":\"https:\/\/www.event-fotos.net\/Wordpress\/wp-content\/uploads\/2023\/10\/51-1.jpg\",\"link\":\"https:\/\/www.event-fotos.net\/Wordpress\/pgc_simply_gallery\/sightseeing-salzburger-land-a-2023\/51-16\",\"alt\":\"\",\"description\":\"\",\"caption\":\"\",\"mime\":\"image\/jpeg\",\"type\":\"image\",\"width\":600,\"height\":800,\"sizes\":{\"thumbnail\":{\"height\":150,\"width\":150,\"url\":\"https:\/\/www.event-fotos.net\/Wordpress\/wp-content\/uploads\/2023\/10\/51-1-150x150.jpg\",\"orientation\":\"landscape\"},\"medium\":{\"height\":300,\"width\":225,\"url\":\"https:\/\/www.event-fotos.net\/Wordpress\/wp-content\/uploads\/2023\/10\/51-1-225x300.jpg\",\"orientation\":\"portrait\"},\"full\":{\"url\":\"https:\/\/www.event-fotos.net\/Wordpress\/wp-content\/uploads\/2023\/10\/51-1.jpg\",\"height\":800,\"width\":600,\"orientation\":\"portrait\"}},\"imageMeta\":{\"aperture\":\"9\",\"credit\":\"\",\"camera\":\"Canon EOS M50m2\",\"caption\":\"\",\"created_timestamp\":\"1697027172\",\"copyright\":\"\",\"focal_length\":\"26\",\"iso\":\"100\",\"shutter_speed\":\"0.004\",\"title\":\"\",\"orientation\":\"1\",\"keywords\":[]},\"meta\":false,\"postlink\":\"https:\/\/www.event-fotos.net\/Wordpress\/pgc_simply_gallery\/sightseeing-salzburger-land-a-2023\/51-16\"},{\"id\":5889,\"title\":\"Blick \u00fcber die \u00d6sterreichischen Berge\",\"url\":\"https:\/\/www.event-fotos.net\/Wordpress\/wp-content\/uploads\/2023\/10\/52-1.jpg\",\"link\":\"https:\/\/www.event-fotos.net\/Wordpress\/pgc_simply_gallery\/sightseeing-salzburger-land-a-2023\/52-14\",\"alt\":\"\",\"description\":\"\",\"caption\":\"\",\"mime\":\"image\/jpeg\",\"type\":\"image\",\"width\":800,\"height\":563,\"sizes\":{\"thumbnail\":{\"height\":150,\"width\":150,\"url\":\"https:\/\/www.event-fotos.net\/Wordpress\/wp-content\/uploads\/2023\/10\/52-1-150x150.jpg\",\"orientation\":\"landscape\"},\"medium\":{\"height\":211,\"width\":300,\"url\":\"https:\/\/www.event-fotos.net\/Wordpress\/wp-content\/uploads\/2023\/10\/52-1-300x211.jpg\",\"orientation\":\"landscape\"},\"full\":{\"url\":\"https:\/\/www.event-fotos.net\/Wordpress\/wp-content\/uploads\/2023\/10\/52-1.jpg\",\"height\":563,\"width\":800,\"orientation\":\"landscape\"}},\"imageMeta\":{\"aperture\":\"2\",\"credit\":\"\",\"camera\":\"SM-G770F\",\"caption\":\"\",\"created_timestamp\":\"1697030413\",\"copyright\":\"\",\"focal_length\":\"4.6\",\"iso\":\"50\",\"shutter_speed\":\"0.00051203277009729\",\"title\":\"\",\"orientation\":\"1\",\"keywords\":[]},\"meta\":false,\"postlink\":\"https:\/\/www.event-fotos.net\/Wordpress\/pgc_simply_gallery\/sightseeing-salzburger-land-a-2023\/52-14\"},{\"id\":5890,\"title\":\"Gondelbahn zum Kitzsteinhorn\",\"url\":\"https:\/\/www.event-fotos.net\/Wordpress\/wp-content\/uploads\/2023\/10\/53-1.jpg\",\"link\":\"https:\/\/www.event-fotos.net\/Wordpress\/pgc_simply_gallery\/sightseeing-salzburger-land-a-2023\/53-13\",\"alt\":\"\",\"description\":\"\",\"caption\":\"\",\"mime\":\"image\/jpeg\",\"type\":\"image\",\"width\":800,\"height\":579,\"sizes\":{\"thumbnail\":{\"height\":150,\"width\":150,\"url\":\"https:\/\/www.event-fotos.net\/Wordpress\/wp-content\/uploads\/2023\/10\/53-1-150x150.jpg\",\"orientation\":\"landscape\"},\"medium\":{\"height\":217,\"width\":300,\"url\":\"https:\/\/www.event-fotos.net\/Wordpress\/wp-content\/uploads\/2023\/10\/53-1-300x217.jpg\",\"orientation\":\"landscape\"},\"full\":{\"url\":\"https:\/\/www.event-fotos.net\/Wordpress\/wp-content\/uploads\/2023\/10\/53-1.jpg\",\"height\":579,\"width\":800,\"orientation\":\"landscape\"}},\"imageMeta\":{\"aperture\":\"2\",\"credit\":\"\",\"camera\":\"SM-G770F\",\"caption\":\"\",\"created_timestamp\":\"1697024671\",\"copyright\":\"\",\"focal_length\":\"4.6\",\"iso\":\"50\",\"shutter_speed\":\"0.00070871722182849\",\"title\":\"\",\"orientation\":\"1\",\"keywords\":[]},\"meta\":false,\"postlink\":\"https:\/\/www.event-fotos.net\/Wordpress\/pgc_simply_gallery\/sightseeing-salzburger-land-a-2023\/53-13\"},{\"id\":5891,\"title\":\"(noch vorhandener) Gletscher am Kitzsteinhorn\",\"url\":\"https:\/\/www.event-fotos.net\/Wordpress\/wp-content\/uploads\/2023\/10\/54-1.jpg\",\"link\":\"https:\/\/www.event-fotos.net\/Wordpress\/pgc_simply_gallery\/sightseeing-salzburger-land-a-2023\/54-14\",\"alt\":\"\",\"description\":\"\",\"caption\":\"\",\"mime\":\"image\/jpeg\",\"type\":\"image\",\"width\":800,\"height\":527,\"sizes\":{\"thumbnail\":{\"height\":150,\"width\":150,\"url\":\"https:\/\/www.event-fotos.net\/Wordpress\/wp-content\/uploads\/2023\/10\/54-1-150x150.jpg\",\"orientation\":\"landscape\"},\"medium\":{\"height\":198,\"width\":300,\"url\":\"https:\/\/www.event-fotos.net\/Wordpress\/wp-content\/uploads\/2023\/10\/54-1-300x198.jpg\",\"orientation\":\"landscape\"},\"full\":{\"url\":\"https:\/\/www.event-fotos.net\/Wordpress\/wp-content\/uploads\/2023\/10\/54-1.jpg\",\"height\":527,\"width\":800,\"orientation\":\"landscape\"}},\"imageMeta\":{\"aperture\":\"8\",\"credit\":\"\",\"camera\":\"Canon EOS M50m2\",\"caption\":\"\",\"created_timestamp\":\"1697029057\",\"copyright\":\"\",\"focal_length\":\"15\",\"iso\":\"100\",\"shutter_speed\":\"0.0025\",\"title\":\"\",\"orientation\":\"1\",\"keywords\":[]},\"meta\":false,\"postlink\":\"https:\/\/www.event-fotos.net\/Wordpress\/pgc_simply_gallery\/sightseeing-salzburger-land-a-2023\/54-14\"},{\"id\":5892,\"title\":\"Top of Salzburg (Gipfelwelt 3000)\",\"url\":\"https:\/\/www.event-fotos.net\/Wordpress\/wp-content\/uploads\/2023\/10\/55-1.jpg\",\"link\":\"https:\/\/www.event-fotos.net\/Wordpress\/pgc_simply_gallery\/sightseeing-salzburger-land-a-2023\/55-12\",\"alt\":\"\",\"description\":\"\",\"caption\":\"\",\"mime\":\"image\/jpeg\",\"type\":\"image\",\"width\":800,\"height\":564,\"sizes\":{\"thumbnail\":{\"height\":150,\"width\":150,\"url\":\"https:\/\/www.event-fotos.net\/Wordpress\/wp-content\/uploads\/2023\/10\/55-1-150x150.jpg\",\"orientation\":\"landscape\"},\"medium\":{\"height\":212,\"width\":300,\"url\":\"https:\/\/www.event-fotos.net\/Wordpress\/wp-content\/uploads\/2023\/10\/55-1-300x212.jpg\",\"orientation\":\"landscape\"},\"full\":{\"url\":\"https:\/\/www.event-fotos.net\/Wordpress\/wp-content\/uploads\/2023\/10\/55-1.jpg\",\"height\":564,\"width\":800,\"orientation\":\"landscape\"}},\"imageMeta\":{\"aperture\":\"2\",\"credit\":\"\",\"camera\":\"SM-G770F\",\"caption\":\"\",\"created_timestamp\":\"1697033568\",\"copyright\":\"\",\"focal_length\":\"4.6\",\"iso\":\"50\",\"shutter_speed\":\"0.00079744816586922\",\"title\":\"\",\"orientation\":\"1\",\"keywords\":[]},\"meta\":false,\"postlink\":\"https:\/\/www.event-fotos.net\/Wordpress\/pgc_simply_gallery\/sightseeing-salzburger-land-a-2023\/55-12\"},{\"id\":5893,\"title\":\"Im Hintergrund der Gro\u00dfvenediger (wei\u00dfe Spitze)\",\"url\":\"https:\/\/www.event-fotos.net\/Wordpress\/wp-content\/uploads\/2023\/10\/56-1.jpg\",\"link\":\"https:\/\/www.event-fotos.net\/Wordpress\/pgc_simply_gallery\/sightseeing-salzburger-land-a-2023\/56-14\",\"alt\":\"\",\"description\":\"\",\"caption\":\"\",\"mime\":\"image\/jpeg\",\"type\":\"image\",\"width\":800,\"height\":600,\"sizes\":{\"thumbnail\":{\"height\":150,\"width\":150,\"url\":\"https:\/\/www.event-fotos.net\/Wordpress\/wp-content\/uploads\/2023\/10\/56-1-150x150.jpg\",\"orientation\":\"landscape\"},\"medium\":{\"height\":225,\"width\":300,\"url\":\"https:\/\/www.event-fotos.net\/Wordpress\/wp-content\/uploads\/2023\/10\/56-1-300x225.jpg\",\"orientation\":\"landscape\"},\"full\":{\"url\":\"https:\/\/www.event-fotos.net\/Wordpress\/wp-content\/uploads\/2023\/10\/56-1.jpg\",\"height\":600,\"width\":800,\"orientation\":\"landscape\"}},\"imageMeta\":{\"aperture\":\"2\",\"credit\":\"\",\"camera\":\"SM-G770F\",\"caption\":\"\",\"created_timestamp\":\"1697026541\",\"copyright\":\"\",\"focal_length\":\"4.6\",\"iso\":\"50\",\"shutter_speed\":\"0.00051203277009729\",\"title\":\"\",\"orientation\":\"1\",\"keywords\":[]},\"meta\":false,\"postlink\":\"https:\/\/www.event-fotos.net\/Wordpress\/pgc_simply_gallery\/sightseeing-salzburger-land-a-2023\/56-14\"},{\"id\":5894,\"title\":\"Gletscher am Kitzsteinhorn\",\"url\":\"https:\/\/www.event-fotos.net\/Wordpress\/wp-content\/uploads\/2023\/10\/57-1.jpg\",\"link\":\"https:\/\/www.event-fotos.net\/Wordpress\/pgc_simply_gallery\/sightseeing-salzburger-land-a-2023\/57-13\",\"alt\":\"\",\"description\":\"\",\"caption\":\"\",\"mime\":\"image\/jpeg\",\"type\":\"image\",\"width\":800,\"height\":532,\"sizes\":{\"thumbnail\":{\"height\":150,\"width\":150,\"url\":\"https:\/\/www.event-fotos.net\/Wordpress\/wp-content\/uploads\/2023\/10\/57-1-150x150.jpg\",\"orientation\":\"landscape\"},\"medium\":{\"height\":200,\"width\":300,\"url\":\"https:\/\/www.event-fotos.net\/Wordpress\/wp-content\/uploads\/2023\/10\/57-1-300x200.jpg\",\"orientation\":\"landscape\"},\"full\":{\"url\":\"https:\/\/www.event-fotos.net\/Wordpress\/wp-content\/uploads\/2023\/10\/57-1.jpg\",\"height\":532,\"width\":800,\"orientation\":\"landscape\"}},\"imageMeta\":{\"aperture\":\"9\",\"credit\":\"\",\"camera\":\"Canon EOS M50m2\",\"caption\":\"\",\"created_timestamp\":\"1697029908\",\"copyright\":\"\",\"focal_length\":\"15\",\"iso\":\"100\",\"shutter_speed\":\"0.0025\",\"title\":\"\",\"orientation\":\"1\",\"keywords\":[]},\"meta\":false,\"postlink\":\"https:\/\/www.event-fotos.net\/Wordpress\/pgc_simply_gallery\/sightseeing-salzburger-land-a-2023\/57-13\"},{\"id\":5895,\"title\":\"Der Gro\u00dfvenediger (wei\u00df) (3567 m)\",\"url\":\"https:\/\/www.event-fotos.net\/Wordpress\/wp-content\/uploads\/2023\/10\/58-1.jpg\",\"link\":\"https:\/\/www.event-fotos.net\/Wordpress\/pgc_simply_gallery\/sightseeing-salzburger-land-a-2023\/58-12\",\"alt\":\"\",\"description\":\"\",\"caption\":\"\",\"mime\":\"image\/jpeg\",\"type\":\"image\",\"width\":800,\"height\":554,\"sizes\":{\"thumbnail\":{\"height\":150,\"width\":150,\"url\":\"https:\/\/www.event-fotos.net\/Wordpress\/wp-content\/uploads\/2023\/10\/58-1-150x150.jpg\",\"orientation\":\"landscape\"},\"medium\":{\"height\":208,\"width\":300,\"url\":\"https:\/\/www.event-fotos.net\/Wordpress\/wp-content\/uploads\/2023\/10\/58-1-300x208.jpg\",\"orientation\":\"landscape\"},\"full\":{\"url\":\"https:\/\/www.event-fotos.net\/Wordpress\/wp-content\/uploads\/2023\/10\/58-1.jpg\",\"height\":554,\"width\":800,\"orientation\":\"landscape\"}},\"imageMeta\":{\"aperture\":\"2\",\"credit\":\"\",\"camera\":\"SM-G770F\",\"caption\":\"\",\"created_timestamp\":\"1697033745\",\"copyright\":\"\",\"focal_length\":\"4.6\",\"iso\":\"50\",\"shutter_speed\":\"0.00043516100957354\",\"title\":\"\",\"orientation\":\"1\",\"keywords\":[]},\"meta\":false,\"postlink\":\"https:\/\/www.event-fotos.net\/Wordpress\/pgc_simply_gallery\/sightseeing-salzburger-land-a-2023\/58-12\"},{\"id\":5896,\"title\":\"In der Mitte (Hintergrund) der Gro\u00dfglockner (3798 m)\",\"url\":\"https:\/\/www.event-fotos.net\/Wordpress\/wp-content\/uploads\/2023\/10\/59-1.jpg\",\"link\":\"https:\/\/www.event-fotos.net\/Wordpress\/pgc_simply_gallery\/sightseeing-salzburger-land-a-2023\/59-12\",\"alt\":\"\",\"description\":\"\",\"caption\":\"\",\"mime\":\"image\/jpeg\",\"type\":\"image\",\"width\":800,\"height\":568,\"sizes\":{\"thumbnail\":{\"height\":150,\"width\":150,\"url\":\"https:\/\/www.event-fotos.net\/Wordpress\/wp-content\/uploads\/2023\/10\/59-1-150x150.jpg\",\"orientation\":\"landscape\"},\"medium\":{\"height\":213,\"width\":300,\"url\":\"https:\/\/www.event-fotos.net\/Wordpress\/wp-content\/uploads\/2023\/10\/59-1-300x213.jpg\",\"orientation\":\"landscape\"},\"full\":{\"url\":\"https:\/\/www.event-fotos.net\/Wordpress\/wp-content\/uploads\/2023\/10\/59-1.jpg\",\"height\":568,\"width\":800,\"orientation\":\"landscape\"}},\"imageMeta\":{\"aperture\":\"2\",\"credit\":\"\",\"camera\":\"SM-G770F\",\"caption\":\"\",\"created_timestamp\":\"1697034695\",\"copyright\":\"\",\"focal_length\":\"4.6\",\"iso\":\"50\",\"shutter_speed\":\"0.00040420371867421\",\"title\":\"\",\"orientation\":\"1\",\"keywords\":[]},\"meta\":false,\"postlink\":\"https:\/\/www.event-fotos.net\/Wordpress\/pgc_simply_gallery\/sightseeing-salzburger-land-a-2023\/59-12\"},{\"id\":5897,\"title\":\"Gipfel des Kitzsteinhorns\",\"url\":\"https:\/\/www.event-fotos.net\/Wordpress\/wp-content\/uploads\/2023\/10\/60-1.jpg\",\"link\":\"https:\/\/www.event-fotos.net\/Wordpress\/pgc_simply_gallery\/sightseeing-salzburger-land-a-2023\/60-10\",\"alt\":\"\",\"description\":\"\",\"caption\":\"\",\"mime\":\"image\/jpeg\",\"type\":\"image\",\"width\":800,\"height\":533,\"sizes\":{\"thumbnail\":{\"height\":150,\"width\":150,\"url\":\"https:\/\/www.event-fotos.net\/Wordpress\/wp-content\/uploads\/2023\/10\/60-1-150x150.jpg\",\"orientation\":\"landscape\"},\"medium\":{\"height\":200,\"width\":300,\"url\":\"https:\/\/www.event-fotos.net\/Wordpress\/wp-content\/uploads\/2023\/10\/60-1-300x200.jpg\",\"orientation\":\"landscape\"},\"full\":{\"url\":\"https:\/\/www.event-fotos.net\/Wordpress\/wp-content\/uploads\/2023\/10\/60-1.jpg\",\"height\":533,\"width\":800,\"orientation\":\"landscape\"}},\"imageMeta\":{\"aperture\":\"9\",\"credit\":\"\",\"camera\":\"Canon EOS M50m2\",\"caption\":\"\",\"created_timestamp\":\"1697031294\",\"copyright\":\"\",\"focal_length\":\"15\",\"iso\":\"100\",\"shutter_speed\":\"0.0025\",\"title\":\"\",\"orientation\":\"1\",\"keywords\":[]},\"meta\":false,\"postlink\":\"https:\/\/www.event-fotos.net\/Wordpress\/pgc_simply_gallery\/sightseeing-salzburger-land-a-2023\/60-10\"},{\"id\":5898,\"title\":\"Gro\u00dfglockner - h\u00f6chster Berg \u00d6sterreichs\",\"url\":\"https:\/\/www.event-fotos.net\/Wordpress\/wp-content\/uploads\/2023\/10\/61-1.jpg\",\"link\":\"https:\/\/www.event-fotos.net\/Wordpress\/pgc_simply_gallery\/sightseeing-salzburger-land-a-2023\/61-10\",\"alt\":\"\",\"description\":\"\",\"caption\":\"\",\"mime\":\"image\/jpeg\",\"type\":\"image\",\"width\":800,\"height\":533,\"sizes\":{\"thumbnail\":{\"height\":150,\"width\":150,\"url\":\"https:\/\/www.event-fotos.net\/Wordpress\/wp-content\/uploads\/2023\/10\/61-1-150x150.jpg\",\"orientation\":\"landscape\"},\"medium\":{\"height\":200,\"width\":300,\"url\":\"https:\/\/www.event-fotos.net\/Wordpress\/wp-content\/uploads\/2023\/10\/61-1-300x200.jpg\",\"orientation\":\"landscape\"},\"full\":{\"url\":\"https:\/\/www.event-fotos.net\/Wordpress\/wp-content\/uploads\/2023\/10\/61-1.jpg\",\"height\":533,\"width\":800,\"orientation\":\"landscape\"}},\"imageMeta\":{\"aperture\":\"13\",\"credit\":\"\",\"camera\":\"Canon EOS M50m2\",\"caption\":\"\",\"created_timestamp\":\"1697031102\",\"copyright\":\"\",\"focal_length\":\"45\",\"iso\":\"100\",\"shutter_speed\":\"0.003125\",\"title\":\"\",\"orientation\":\"1\",\"keywords\":[]},\"meta\":false,\"postlink\":\"https:\/\/www.event-fotos.net\/Wordpress\/pgc_simply_gallery\/sightseeing-salzburger-land-a-2023\/61-10\"},{\"id\":5899,\"title\":\"Moserboden\",\"url\":\"https:\/\/www.event-fotos.net\/Wordpress\/wp-content\/uploads\/2023\/10\/62-1.jpg\",\"link\":\"https:\/\/www.event-fotos.net\/Wordpress\/pgc_simply_gallery\/sightseeing-salzburger-land-a-2023\/62-10\",\"alt\":\"\",\"description\":\"\",\"caption\":\"\",\"mime\":\"image\/jpeg\",\"type\":\"image\",\"width\":800,\"height\":533,\"sizes\":{\"thumbnail\":{\"height\":150,\"width\":150,\"url\":\"https:\/\/www.event-fotos.net\/Wordpress\/wp-content\/uploads\/2023\/10\/62-1-150x150.jpg\",\"orientation\":\"landscape\"},\"medium\":{\"height\":200,\"width\":300,\"url\":\"https:\/\/www.event-fotos.net\/Wordpress\/wp-content\/uploads\/2023\/10\/62-1-300x200.jpg\",\"orientation\":\"landscape\"},\"full\":{\"url\":\"https:\/\/www.event-fotos.net\/Wordpress\/wp-content\/uploads\/2023\/10\/62-1.jpg\",\"height\":533,\"width\":800,\"orientation\":\"landscape\"}},\"imageMeta\":{\"aperture\":\"9\",\"credit\":\"\",\"camera\":\"Canon EOS M50m2\",\"caption\":\"\",\"created_timestamp\":\"1697027534\",\"copyright\":\"\",\"focal_length\":\"45\",\"iso\":\"100\",\"shutter_speed\":\"0.00625\",\"title\":\"\",\"orientation\":\"1\",\"keywords\":[]},\"meta\":false,\"postlink\":\"https:\/\/www.event-fotos.net\/Wordpress\/pgc_simply_gallery\/sightseeing-salzburger-land-a-2023\/62-10\"},{\"id\":5900,\"title\":\"Seilbahngondel am Kitzsteinhorn\",\"url\":\"https:\/\/www.event-fotos.net\/Wordpress\/wp-content\/uploads\/2023\/10\/63-1.jpg\",\"link\":\"https:\/\/www.event-fotos.net\/Wordpress\/pgc_simply_gallery\/sightseeing-salzburger-land-a-2023\/63-10\",\"alt\":\"\",\"description\":\"\",\"caption\":\"\",\"mime\":\"image\/jpeg\",\"type\":\"image\",\"width\":800,\"height\":522,\"sizes\":{\"thumbnail\":{\"height\":150,\"width\":150,\"url\":\"https:\/\/www.event-fotos.net\/Wordpress\/wp-content\/uploads\/2023\/10\/63-1-150x150.jpg\",\"orientation\":\"landscape\"},\"medium\":{\"height\":196,\"width\":300,\"url\":\"https:\/\/www.event-fotos.net\/Wordpress\/wp-content\/uploads\/2023\/10\/63-1-300x196.jpg\",\"orientation\":\"landscape\"},\"full\":{\"url\":\"https:\/\/www.event-fotos.net\/Wordpress\/wp-content\/uploads\/2023\/10\/63-1.jpg\",\"height\":522,\"width\":800,\"orientation\":\"landscape\"}},\"imageMeta\":{\"aperture\":\"6.3\",\"credit\":\"\",\"camera\":\"Canon EOS M50m2\",\"caption\":\"\",\"created_timestamp\":\"1697034458\",\"copyright\":\"\",\"focal_length\":\"42\",\"iso\":\"100\",\"shutter_speed\":\"0.01\",\"title\":\"\",\"orientation\":\"1\",\"keywords\":[]},\"meta\":false,\"postlink\":\"https:\/\/www.event-fotos.net\/Wordpress\/pgc_simply_gallery\/sightseeing-salzburger-land-a-2023\/63-10\"},{\"id\":5901,\"title\":\"Blick auf Zell am See\",\"url\":\"https:\/\/www.event-fotos.net\/Wordpress\/wp-content\/uploads\/2023\/10\/64-1.jpg\",\"link\":\"https:\/\/www.event-fotos.net\/Wordpress\/pgc_simply_gallery\/sightseeing-salzburger-land-a-2023\/64-10\",\"alt\":\"\",\"description\":\"\",\"caption\":\"\",\"mime\":\"image\/jpeg\",\"type\":\"image\",\"width\":800,\"height\":510,\"sizes\":{\"thumbnail\":{\"height\":150,\"width\":150,\"url\":\"https:\/\/www.event-fotos.net\/Wordpress\/wp-content\/uploads\/2023\/10\/64-1-150x150.jpg\",\"orientation\":\"landscape\"},\"medium\":{\"height\":191,\"width\":300,\"url\":\"https:\/\/www.event-fotos.net\/Wordpress\/wp-content\/uploads\/2023\/10\/64-1-300x191.jpg\",\"orientation\":\"landscape\"},\"full\":{\"url\":\"https:\/\/www.event-fotos.net\/Wordpress\/wp-content\/uploads\/2023\/10\/64-1.jpg\",\"height\":510,\"width\":800,\"orientation\":\"landscape\"}},\"imageMeta\":{\"aperture\":\"11\",\"credit\":\"\",\"camera\":\"Canon EOS M50m2\",\"caption\":\"\",\"created_timestamp\":\"1697032955\",\"copyright\":\"\",\"focal_length\":\"45\",\"iso\":\"100\",\"shutter_speed\":\"0.004\",\"title\":\"\",\"orientation\":\"1\",\"keywords\":[]},\"meta\":false,\"postlink\":\"https:\/\/www.event-fotos.net\/Wordpress\/pgc_simply_gallery\/sightseeing-salzburger-land-a-2023\/64-10\"},{\"id\":5902,\"title\":\"am Kitzsteinhorn\",\"url\":\"https:\/\/www.event-fotos.net\/Wordpress\/wp-content\/uploads\/2023\/10\/65-1.jpg\",\"link\":\"https:\/\/www.event-fotos.net\/Wordpress\/pgc_simply_gallery\/sightseeing-salzburger-land-a-2023\/65-8\",\"alt\":\"\",\"description\":\"\",\"caption\":\"\",\"mime\":\"image\/jpeg\",\"type\":\"image\",\"width\":800,\"height\":533,\"sizes\":{\"thumbnail\":{\"height\":150,\"width\":150,\"url\":\"https:\/\/www.event-fotos.net\/Wordpress\/wp-content\/uploads\/2023\/10\/65-1-150x150.jpg\",\"orientation\":\"landscape\"},\"medium\":{\"height\":200,\"width\":300,\"url\":\"https:\/\/www.event-fotos.net\/Wordpress\/wp-content\/uploads\/2023\/10\/65-1-300x200.jpg\",\"orientation\":\"landscape\"},\"full\":{\"url\":\"https:\/\/www.event-fotos.net\/Wordpress\/wp-content\/uploads\/2023\/10\/65-1.jpg\",\"height\":533,\"width\":800,\"orientation\":\"landscape\"}},\"imageMeta\":{\"aperture\":\"7.1\",\"credit\":\"\",\"camera\":\"Canon EOS M50m2\",\"caption\":\"\",\"created_timestamp\":\"1697033811\",\"copyright\":\"\",\"focal_length\":\"22\",\"iso\":\"100\",\"shutter_speed\":\"0.005\",\"title\":\"\",\"orientation\":\"1\",\"keywords\":[]},\"meta\":false,\"postlink\":\"https:\/\/www.event-fotos.net\/Wordpress\/pgc_simply_gallery\/sightseeing-salzburger-land-a-2023\/65-8\"},{\"id\":5903,\"title\":\"Sessellift mit Stausee am Kitzsteinhorn\",\"url\":\"https:\/\/www.event-fotos.net\/Wordpress\/wp-content\/uploads\/2023\/10\/66-1.jpg\",\"link\":\"https:\/\/www.event-fotos.net\/Wordpress\/pgc_simply_gallery\/sightseeing-salzburger-land-a-2023\/66-8\",\"alt\":\"\",\"description\":\"\",\"caption\":\"\",\"mime\":\"image\/jpeg\",\"type\":\"image\",\"width\":800,\"height\":533,\"sizes\":{\"thumbnail\":{\"height\":150,\"width\":150,\"url\":\"https:\/\/www.event-fotos.net\/Wordpress\/wp-content\/uploads\/2023\/10\/66-1-150x150.jpg\",\"orientation\":\"landscape\"},\"medium\":{\"height\":200,\"width\":300,\"url\":\"https:\/\/www.event-fotos.net\/Wordpress\/wp-content\/uploads\/2023\/10\/66-1-300x200.jpg\",\"orientation\":\"landscape\"},\"full\":{\"url\":\"https:\/\/www.event-fotos.net\/Wordpress\/wp-content\/uploads\/2023\/10\/66-1.jpg\",\"height\":533,\"width\":800,\"orientation\":\"landscape\"}},\"imageMeta\":{\"aperture\":\"9\",\"credit\":\"\",\"camera\":\"Canon EOS M50m2\",\"caption\":\"\",\"created_timestamp\":\"1697033995\",\"copyright\":\"\",\"focal_length\":\"45\",\"iso\":\"100\",\"shutter_speed\":\"0.00625\",\"title\":\"\",\"orientation\":\"1\",\"keywords\":[]},\"meta\":false,\"postlink\":\"https:\/\/www.event-fotos.net\/Wordpress\/pgc_simply_gallery\/sightseeing-salzburger-land-a-2023\/66-8\"},{\"id\":5904,\"title\":\"Salzburg by night\",\"url\":\"https:\/\/www.event-fotos.net\/Wordpress\/wp-content\/uploads\/2023\/10\/67-1.jpg\",\"link\":\"https:\/\/www.event-fotos.net\/Wordpress\/pgc_simply_gallery\/sightseeing-salzburger-land-a-2023\/67-8\",\"alt\":\"\",\"description\":\"\",\"caption\":\"\",\"mime\":\"image\/jpeg\",\"type\":\"image\",\"width\":800,\"height\":500,\"sizes\":{\"thumbnail\":{\"height\":150,\"width\":150,\"url\":\"https:\/\/www.event-fotos.net\/Wordpress\/wp-content\/uploads\/2023\/10\/67-1-150x150.jpg\",\"orientation\":\"landscape\"},\"medium\":{\"height\":188,\"width\":300,\"url\":\"https:\/\/www.event-fotos.net\/Wordpress\/wp-content\/uploads\/2023\/10\/67-1-300x188.jpg\",\"orientation\":\"landscape\"},\"full\":{\"url\":\"https:\/\/www.event-fotos.net\/Wordpress\/wp-content\/uploads\/2023\/10\/67-1.jpg\",\"height\":500,\"width\":800,\"orientation\":\"landscape\"}},\"imageMeta\":{\"aperture\":\"2\",\"credit\":\"\",\"camera\":\"SM-G770F\",\"caption\":\"\",\"created_timestamp\":\"1697221278\",\"copyright\":\"\",\"focal_length\":\"4.6\",\"iso\":\"2500\",\"shutter_speed\":\"0.25\",\"title\":\"\",\"orientation\":\"1\",\"keywords\":[]},\"meta\":false,\"postlink\":\"https:\/\/www.event-fotos.net\/Wordpress\/pgc_simply_gallery\/sightseeing-salzburger-land-a-2023\/67-8\"},{\"id\":5905,\"title\":\"Salzburg by night\",\"url\":\"https:\/\/www.event-fotos.net\/Wordpress\/wp-content\/uploads\/2023\/10\/68-1.jpg\",\"link\":\"https:\/\/www.event-fotos.net\/Wordpress\/pgc_simply_gallery\/sightseeing-salzburger-land-a-2023\/68-8\",\"alt\":\"\",\"description\":\"\",\"caption\":\"\",\"mime\":\"image\/jpeg\",\"type\":\"image\",\"width\":800,\"height\":523,\"sizes\":{\"thumbnail\":{\"height\":150,\"width\":150,\"url\":\"https:\/\/www.event-fotos.net\/Wordpress\/wp-content\/uploads\/2023\/10\/68-1-150x150.jpg\",\"orientation\":\"landscape\"},\"medium\":{\"height\":196,\"width\":300,\"url\":\"https:\/\/www.event-fotos.net\/Wordpress\/wp-content\/uploads\/2023\/10\/68-1-300x196.jpg\",\"orientation\":\"landscape\"},\"full\":{\"url\":\"https:\/\/www.event-fotos.net\/Wordpress\/wp-content\/uploads\/2023\/10\/68-1.jpg\",\"height\":523,\"width\":800,\"orientation\":\"landscape\"}},\"imageMeta\":{\"aperture\":\"2\",\"credit\":\"\",\"camera\":\"SM-G770F\",\"caption\":\"\",\"created_timestamp\":\"1697227451\",\"copyright\":\"\",\"focal_length\":\"4.6\",\"iso\":\"2500\",\"shutter_speed\":\"0.11111111111111\",\"title\":\"\",\"orientation\":\"1\",\"keywords\":[]},\"meta\":false,\"postlink\":\"https:\/\/www.event-fotos.net\/Wordpress\/pgc_simply_gallery\/sightseeing-salzburger-land-a-2023\/68-8\"}],\"itemsMetaDataCollection\":[],\"sliderSocialShareEnabled\":false,\"sliderItemDownload\":false,\"pageControllerThumbsRows\":12,\"shareFacebook\":false,\"shareTwitter\":false,\"sharePinterest\":false,\"shareCopyLink\":false}<\/script><script>(function(){if(window.PGC_SGB && window.PGC_SGB.searcher){window.PGC_SGB.searcher.initBlocks()}})()<\/script><\/div>","protected":false},"featured_media":0,"comment_status":"closed","ping_status":"closed","template":"","pgc_simply_category":[],"class_list":["post-5819","pgc_simply_gallery","type-pgc_simply_gallery","status-publish","hentry"],"_links":{"self":[{"href":"https:\/\/www.event-fotos.net\/Wordpress\/wp-json\/wp\/v2\/pgc_simply_gallery\/5819","targetHints":{"allow":["GET"]}}],"collection":[{"href":"https:\/\/www.event-fotos.net\/Wordpress\/wp-json\/wp\/v2\/pgc_simply_gallery"}],"about":[{"href":"https:\/\/www.event-fotos.net\/Wordpress\/wp-json\/wp\/v2\/types\/pgc_simply_gallery"}],"replies":[{"embeddable":true,"href":"https:\/\/www.event-fotos.net\/Wordpress\/wp-json\/wp\/v2\/comments?post=5819"}],"wp:attachment":[{"href":"https:\/\/www.event-fotos.net\/Wordpress\/wp-json\/wp\/v2\/media?parent=5819"}],"wp:term":[{"taxonomy":"pgc_simply_category","embeddable":true,"href":"https:\/\/www.event-fotos.net\/Wordpress\/wp-json\/wp\/v2\/pgc_simply_category?post=5819"}],"curies":[{"name":"wp","href":"https:\/\/api.w.org\/{rel}","templated":true}]}}